{"id":27685,"date":"2021-10-29T14:14:01","date_gmt":"2021-10-29T12:14:01","guid":{"rendered":"https:\/\/galler.de\/home-2\/produits\/systemes-de-stockage-complementaires\/mezzanine-de-stockage-standard\/composants-accessoires-individuels\/"},"modified":"2023-11-17T10:46:49","modified_gmt":"2023-11-17T09:46:49","slug":"composants-accessoires-individuels","status":"publish","type":"page","link":"https:\/\/galler.de\/fr\/home-2\/produits\/systemes-de-stockage-complementaires\/mezzanine-de-stockage-standard\/composants-accessoires-individuels\/","title":{"rendered":"Composants, accessoires individuels"},"content":{"rendered":"<section  class='av_textblock_section av-2urdy8-8acf30db88194a537367070674053708 '   itemscope=\"itemscope\" itemtype=\"https:\/\/schema.org\/CreativeWork\" ><div class='avia_textblock'  itemprop=\"text\" ><div class=\"breadcrumb breadcrumbs avia-breadcrumbs\"><div class=\"breadcrumb-trail\" ><span class=\"trail-before\"><span class=\"breadcrumb-title\">You are here:<\/span><\/span> <span  itemscope=\"itemscope\" itemtype=\"https:\/\/schema.org\/BreadcrumbList\" ><span  itemscope=\"itemscope\" itemtype=\"https:\/\/schema.org\/ListItem\" itemprop=\"itemListElement\" ><a itemprop=\"url\" href=\"https:\/\/galler.de\/fr\/\" title=\"Galler\" rel=\"home\" class=\"trail-begin\"><span itemprop=\"name\">Home<\/span><\/a><span itemprop=\"position\" class=\"hidden\">1<\/span><\/span><\/span><\/div><\/div>\n<\/div><\/section>\n\n<style type=\"text\/css\" data-created_by=\"avia_inline_auto\" id=\"style-css-av-ksizm7bd-efcbc82d5e1fb4f929dce74c8a9646d8\">\n#top .av-special-heading.av-ksizm7bd-efcbc82d5e1fb4f929dce74c8a9646d8{\nmargin:0 0 24px 0;\npadding-bottom:10px;\n}\nbody .av-special-heading.av-ksizm7bd-efcbc82d5e1fb4f929dce74c8a9646d8 .av-special-heading-tag .heading-char{\nfont-size:25px;\n}\n.av-special-heading.av-ksizm7bd-efcbc82d5e1fb4f929dce74c8a9646d8 .av-subheading{\nfont-size:15px;\n}\n<\/style>\n<div  class='av-special-heading av-ksizm7bd-efcbc82d5e1fb4f929dce74c8a9646d8 av-special-heading-h1 blockquote modern-quote'><div class='av-subheading av-subheading_above'><p>Mezzanine de stockage<\/p>\n<\/div><h1 class='av-special-heading-tag '  itemprop=\"headline\"  >Composants, accessoires individuels<\/h1><div class=\"special-heading-border\"><div class=\"special-heading-inner-border\"><\/div><\/div><\/div>\n\n<style type=\"text\/css\" data-created_by=\"avia_inline_auto\" id=\"style-css-av-kvl0lq70-d86c54aa90a52c5342911f4694adf02c\">\n#top .av-special-heading.av-kvl0lq70-d86c54aa90a52c5342911f4694adf02c{\nmargin:28px 0 0 0;\npadding-bottom:10px;\n}\nbody .av-special-heading.av-kvl0lq70-d86c54aa90a52c5342911f4694adf02c .av-special-heading-tag .heading-char{\nfont-size:25px;\n}\n.av-special-heading.av-kvl0lq70-d86c54aa90a52c5342911f4694adf02c .av-subheading{\nfont-size:15px;\n}\n<\/style>\n<div  class='av-special-heading av-kvl0lq70-d86c54aa90a52c5342911f4694adf02c av-special-heading-h3 blockquote modern-quote'><h3 class='av-special-heading-tag '  itemprop=\"headline\"  >De la simple mezzanine de stockage au grand projet \u00e0 plusieurs \u00e9tages<\/h3><div class=\"special-heading-border\"><div class=\"special-heading-inner-border\"><\/div><\/div><\/div>\n<section  class='av_textblock_section av-kvl0l73h-ed72b31b68a5bc177ff8f69f4250cf39 '   itemscope=\"itemscope\" itemtype=\"https:\/\/schema.org\/CreativeWork\" ><div class='avia_textblock'  itemprop=\"text\" ><ul>\n<li>Espacement entre les montants entre 3 et 12 m au choix<\/li>\n<li>Capacit\u00e9 de charge entre 250 et 2 000 kg\/m\u00b2<\/li>\n<\/ul>\n<\/div><\/section>\n\n<style type=\"text\/css\" data-created_by=\"avia_inline_auto\" id=\"style-css-av-2thcw2-9cf09593626b4fe6103d3339850cad82\">\n#top .hr.hr-invisible.av-2thcw2-9cf09593626b4fe6103d3339850cad82{\nheight:50px;\n}\n<\/style>\n<div  class='hr av-2thcw2-9cf09593626b4fe6103d3339850cad82 hr-invisible'><span class='hr-inner '><span class=\"hr-inner-style\"><\/span><\/span><\/div>\n\n<style type=\"text\/css\" data-created_by=\"avia_inline_auto\" id=\"style-css-av-fttcrm-a7cc0aa5406b84b72991373a47390172\">\n.flex_column.av-fttcrm-a7cc0aa5406b84b72991373a47390172{\nborder-radius:0px 0px 0px 0px;\npadding:0px 0px 0px 0px;\n}\n<\/style>\n<div  class='flex_column av-fttcrm-a7cc0aa5406b84b72991373a47390172 av_two_third first flex_column_div av-zero-column-padding  '     ><style type=\"text\/css\" data-created_by=\"avia_inline_auto\" id=\"style-css-av-ktedzta4-9020c25470e2fd34c6d339aacf88a393\">\n.avia-image-container.av-ktedzta4-9020c25470e2fd34c6d339aacf88a393 img.avia_image{\nbox-shadow:none;\n}\n.avia-image-container.av-ktedzta4-9020c25470e2fd34c6d339aacf88a393 .av-image-caption-overlay-center{\ncolor:#ffffff;\n}\n<\/style>\n<div  class='avia-image-container av-ktedzta4-9020c25470e2fd34c6d339aacf88a393 av-styling- av-img-linked avia-align-center'   itemprop=\"image\" itemscope=\"itemscope\" itemtype=\"https:\/\/schema.org\/ImageObject\" ><div class=\"avia-image-container-inner\"><div class=\"avia-image-overlay-wrap\"><a href=\"https:\/\/galler.de\/wp-content\/uploads\/2021\/09\/lagerbuehnen-20.jpg\" data-srcset=\"https:\/\/galler.de\/wp-content\/uploads\/2021\/09\/lagerbuehnen-20.jpg 1030w, https:\/\/galler.de\/wp-content\/uploads\/2021\/09\/lagerbuehnen-20-300x200.jpg 300w, https:\/\/galler.de\/wp-content\/uploads\/2021\/09\/lagerbuehnen-20-768x512.jpg 768w, https:\/\/galler.de\/wp-content\/uploads\/2021\/09\/lagerbuehnen-20-705x470.jpg 705w\" data-sizes=\"(max-width: 1030px) 100vw, 1030px\" class='avia_image '  ><img decoding=\"async\" fetchpriority=\"high\" class='wp-image-6068 avia-img-lazy-loading-not-6068 avia_image ' src=\"https:\/\/galler.de\/wp-content\/uploads\/2021\/09\/lagerbuehnen-20.jpg\" alt='' title=''  height=\"686\" width=\"1030\"  itemprop=\"thumbnailUrl\" srcset=\"https:\/\/galler.de\/wp-content\/uploads\/2021\/09\/lagerbuehnen-20.jpg 1030w, https:\/\/galler.de\/wp-content\/uploads\/2021\/09\/lagerbuehnen-20-300x200.jpg 300w, https:\/\/galler.de\/wp-content\/uploads\/2021\/09\/lagerbuehnen-20-768x512.jpg 768w, https:\/\/galler.de\/wp-content\/uploads\/2021\/09\/lagerbuehnen-20-705x470.jpg 705w\" sizes=\"(max-width: 1030px) 100vw, 1030px\" \/><\/a><\/div><\/div><\/div><\/div>\n\n<style type=\"text\/css\" data-created_by=\"avia_inline_auto\" id=\"style-css-av-e3f4ki-49833ae9341d956a0c31cc6c8725234d\">\n.flex_column.av-e3f4ki-49833ae9341d956a0c31cc6c8725234d{\nborder-radius:0px 0px 0px 0px;\npadding:0px 0px 0px 0px;\n}\n<\/style>\n<div  class='flex_column av-e3f4ki-49833ae9341d956a0c31cc6c8725234d av_one_third flex_column_div av-zero-column-padding  '     ><section  class='av_textblock_section av-ktee252g-29211ff0292d7b5eb9db9bfa27afa048 '   itemscope=\"itemscope\" itemtype=\"https:\/\/schema.org\/CreativeWork\" ><div class='avia_textblock'  itemprop=\"text\" ><ol>\n<li><a href=\"#AnchorPalettenschleuse\">Barri\u00e8re \u00e0 palettes<\/a><\/li>\n<li><a href=\"#AnchorPalettenuebergabestation\">Poste de transfert de palettes<\/a><\/li>\n<li><a href=\"#AnchorBodenbelag\">Rev\u00eatement de sol panneau d\u2019agglom\u00e9r\u00e9<\/a><\/li>\n<li><a href=\"#AnchorBodenbelag\">Rev\u00eatement de sol caillebotis<\/a><\/li>\n<li><a href=\"#AnchorGelaender\">Rambarde<\/a><\/li>\n<li><a href=\"#AnchorTreppen\">Escalier<\/a><\/li>\n<li>Support de grande envergure<\/li>\n<\/ol>\n<\/div><\/section><\/div>\n\n<style type=\"text\/css\" data-created_by=\"avia_inline_auto\" id=\"style-css-av-l0ryfo0u-98cf7a30fd9c5ad8d3f1fe4feaf965c9\">\n#top .hr.hr-invisible.av-l0ryfo0u-98cf7a30fd9c5ad8d3f1fe4feaf965c9{\nheight:50px;\n}\n<\/style>\n<div  class='hr av-l0ryfo0u-98cf7a30fd9c5ad8d3f1fe4feaf965c9 hr-invisible'><span class='hr-inner '><span class=\"hr-inner-style\"><\/span><\/span><\/div>\n\n<style type=\"text\/css\" data-created_by=\"avia_inline_auto\" id=\"style-css-av-ktee3vpo-2c0e0dd86c170cfd2b6554462345cd47\">\n#top .av-special-heading.av-ktee3vpo-2c0e0dd86c170cfd2b6554462345cd47{\nmargin:28px 0 0 0;\npadding-bottom:10px;\ncolor:#000000;\n}\nbody .av-special-heading.av-ktee3vpo-2c0e0dd86c170cfd2b6554462345cd47 .av-special-heading-tag .heading-char{\nfont-size:25px;\n}\n.av-special-heading.av-ktee3vpo-2c0e0dd86c170cfd2b6554462345cd47 .special-heading-inner-border{\nborder-color:#000000;\n}\n.av-special-heading.av-ktee3vpo-2c0e0dd86c170cfd2b6554462345cd47 .av-subheading{\nfont-size:15px;\n}\n<\/style>\n<div  id=\"AnchorBodenbelag\"  class='av-special-heading av-ktee3vpo-2c0e0dd86c170cfd2b6554462345cd47 av-special-heading-h3 custom-color-heading blockquote modern-quote'><h3 class='av-special-heading-tag '  itemprop=\"headline\"  >Rev\u00eatement de sol<\/h3><div class=\"special-heading-border\"><div class=\"special-heading-inner-border\"><\/div><\/div><\/div>\n<section  class='av_textblock_section av-ktee4zim-f168340abda02cef1284a14ff4969048 '   itemscope=\"itemscope\" itemtype=\"https:\/\/schema.org\/CreativeWork\" ><div class='avia_textblock'  itemprop=\"text\" ><ul>\n<li>Le rev\u00eatement de sol par d\u00e9faut est un panneau d\u2019agglom\u00e9r\u00e9 brut\/brut (ponc\u00e9 nature des deux c\u00f4t\u00e9s).<\/li>\n<li>Une face inf\u00e9rieure de sol blanche am\u00e9liore l\u2019\u00e9clairage sous la mezzanine.<\/li>\n<li>Pos\u00e9 \u00e0 rainure et languette, le sol est silencieux et sans vibrations.<\/li>\n<li>Un rev\u00eatement de sol en panneaux d\u2019agglom\u00e9r\u00e9 donne une surface de roulement et de travail agr\u00e9able, lisse et propre.<\/li>\n<li>Le rev\u00eatement de sol par d\u00e9faut est B2 (ignifuge), B1 (difficilement inflammable) est possible.<\/li>\n<li>Un rev\u00eatement antid\u00e9rapant \u00e0 r\u00e9sistance \u00e0 l\u2019usure et \u00e0 duret\u00e9 de surface \u00e9lev\u00e9es convient particuli\u00e8rement pour l\u2019utilisation d\u2019\u00e9quipements de levage \u00e9lectriques sur la mezzanine.<\/li>\n<li>L\u2019imperm\u00e9abilit\u00e9 \u00e0 l\u2019eau est obtenue par l\u2019imperm\u00e9abilisation des jonctions de la version antid\u00e9rapage.<\/li>\n<li>Un sol en t\u00f4les ondul\u00e9es permet de tr\u00e8s grandes contraintes.<\/li>\n<li>Les sols en caillebotis galvanis\u00e9s peuvent \u00e9galement servir d\u2019extracteur de fum\u00e9e sur de grandes mezzanines et sont utilis\u00e9s comme mezzanines de manutention ou de maintenance.<\/li>\n<\/ul>\n<\/div><\/section>\n\n<style type=\"text\/css\" data-created_by=\"avia_inline_auto\" id=\"style-css-av-by9zpu-184a20555bb21c21dae772090f48003e\">\n.flex_column.av-by9zpu-184a20555bb21c21dae772090f48003e{\nborder-radius:0px 0px 0px 0px;\npadding:0px 0px 0px 0px;\n}\n<\/style>\n<div  class='flex_column av-by9zpu-184a20555bb21c21dae772090f48003e av_one_third first flex_column_div av-zero-column-padding  '     ><p>\n<style type=\"text\/css\" data-created_by=\"avia_inline_auto\" id=\"style-css-av-kteea4iy-35a2f9cd6f1a87978a90e21401c61946\">\n.avia-image-container.av-kteea4iy-35a2f9cd6f1a87978a90e21401c61946 img.avia_image{\nbox-shadow:none;\n}\n.avia-image-container.av-kteea4iy-35a2f9cd6f1a87978a90e21401c61946 .av-image-caption-overlay-center{\ncolor:#ffffff;\n}\n<\/style>\n<div  class='avia-image-container av-kteea4iy-35a2f9cd6f1a87978a90e21401c61946 av-styling- av-img-linked avia-align-center  img-border'   itemprop=\"image\" itemscope=\"itemscope\" itemtype=\"https:\/\/schema.org\/ImageObject\" ><div class=\"avia-image-container-inner\"><div class=\"avia-image-overlay-wrap\"><a href=\"https:\/\/galler.de\/wp-content\/uploads\/2021\/09\/lagerbuehnen-21.jpg\" data-srcset=\"https:\/\/galler.de\/wp-content\/uploads\/2021\/09\/lagerbuehnen-21.jpg 1030w, https:\/\/galler.de\/wp-content\/uploads\/2021\/09\/lagerbuehnen-21-300x200.jpg 300w, https:\/\/galler.de\/wp-content\/uploads\/2021\/09\/lagerbuehnen-21-768x512.jpg 768w, https:\/\/galler.de\/wp-content\/uploads\/2021\/09\/lagerbuehnen-21-705x470.jpg 705w\" data-sizes=\"(max-width: 1030px) 100vw, 1030px\" class='avia_image '  ><img decoding=\"async\" fetchpriority=\"high\" class='wp-image-6078 avia-img-lazy-loading-not-6078 avia_image ' src=\"https:\/\/galler.de\/wp-content\/uploads\/2021\/09\/lagerbuehnen-21.jpg\" alt='' title=''  height=\"686\" width=\"1030\"  itemprop=\"thumbnailUrl\" srcset=\"https:\/\/galler.de\/wp-content\/uploads\/2021\/09\/lagerbuehnen-21.jpg 1030w, https:\/\/galler.de\/wp-content\/uploads\/2021\/09\/lagerbuehnen-21-300x200.jpg 300w, https:\/\/galler.de\/wp-content\/uploads\/2021\/09\/lagerbuehnen-21-768x512.jpg 768w, https:\/\/galler.de\/wp-content\/uploads\/2021\/09\/lagerbuehnen-21-705x470.jpg 705w\" sizes=\"(max-width: 1030px) 100vw, 1030px\" \/><\/a><\/div><\/div><\/div><br \/>\n\n<style type=\"text\/css\" data-created_by=\"avia_inline_auto\" id=\"style-css-av-kteec2np-9dc9e7d4fb3de7d179e462c35cf17812\">\n#top .av_textblock_section.av-kteec2np-9dc9e7d4fb3de7d179e462c35cf17812 .avia_textblock{\nfont-size:14px;\n}\n<\/style>\n<section  class='av_textblock_section av-kteec2np-9dc9e7d4fb3de7d179e462c35cf17812 '   itemscope=\"itemscope\" itemtype=\"https:\/\/schema.org\/CreativeWork\" ><div class='avia_textblock'  itemprop=\"text\" ><p>Par d\u00e9faut : panneau d\u2019agglom\u00e9r\u00e9<br \/>\nFaces sup\u00e9rieure et inf\u00e9rieure ponc\u00e9es nature<\/p>\n<\/div><\/section><\/p><\/div>\n\n<style type=\"text\/css\" data-created_by=\"avia_inline_auto\" id=\"style-css-av-a5lvzm-52c31e3c53216be95efb45195ebdcb15\">\n.flex_column.av-a5lvzm-52c31e3c53216be95efb45195ebdcb15{\nborder-radius:0px 0px 0px 0px;\npadding:0px 0px 0px 0px;\n}\n<\/style>\n<div  class='flex_column av-a5lvzm-52c31e3c53216be95efb45195ebdcb15 av_one_third flex_column_div av-zero-column-padding  '     ><p>\n<style type=\"text\/css\" data-created_by=\"avia_inline_auto\" id=\"style-css-av-kteedomx-98ce0577e3579f7c48c0c89ca8a7544a\">\n.avia-image-container.av-kteedomx-98ce0577e3579f7c48c0c89ca8a7544a img.avia_image{\nbox-shadow:none;\n}\n.avia-image-container.av-kteedomx-98ce0577e3579f7c48c0c89ca8a7544a .av-image-caption-overlay-center{\ncolor:#ffffff;\n}\n<\/style>\n<div  class='avia-image-container av-kteedomx-98ce0577e3579f7c48c0c89ca8a7544a av-styling- av-img-linked avia-align-center  img-border'   itemprop=\"image\" itemscope=\"itemscope\" itemtype=\"https:\/\/schema.org\/ImageObject\" ><div class=\"avia-image-container-inner\"><div class=\"avia-image-overlay-wrap\"><a href=\"https:\/\/galler.de\/wp-content\/uploads\/2021\/09\/lagerbuehnen-22.jpg\" data-srcset=\"https:\/\/galler.de\/wp-content\/uploads\/2021\/09\/lagerbuehnen-22.jpg 1030w, https:\/\/galler.de\/wp-content\/uploads\/2021\/09\/lagerbuehnen-22-300x200.jpg 300w, https:\/\/galler.de\/wp-content\/uploads\/2021\/09\/lagerbuehnen-22-768x512.jpg 768w, https:\/\/galler.de\/wp-content\/uploads\/2021\/09\/lagerbuehnen-22-705x470.jpg 705w\" data-sizes=\"(max-width: 1030px) 100vw, 1030px\" class='avia_image '  ><img decoding=\"async\" fetchpriority=\"high\" class='wp-image-6094 avia-img-lazy-loading-not-6094 avia_image ' src=\"https:\/\/galler.de\/wp-content\/uploads\/2021\/09\/lagerbuehnen-22.jpg\" alt='' title=''  height=\"686\" width=\"1030\"  itemprop=\"thumbnailUrl\" srcset=\"https:\/\/galler.de\/wp-content\/uploads\/2021\/09\/lagerbuehnen-22.jpg 1030w, https:\/\/galler.de\/wp-content\/uploads\/2021\/09\/lagerbuehnen-22-300x200.jpg 300w, https:\/\/galler.de\/wp-content\/uploads\/2021\/09\/lagerbuehnen-22-768x512.jpg 768w, https:\/\/galler.de\/wp-content\/uploads\/2021\/09\/lagerbuehnen-22-705x470.jpg 705w\" sizes=\"(max-width: 1030px) 100vw, 1030px\" \/><\/a><\/div><\/div><\/div><br \/>\n\n<style type=\"text\/css\" data-created_by=\"avia_inline_auto\" id=\"style-css-av-kteeegan-57f4d66ea89eaac4d201804f14327d5e\">\n#top .av_textblock_section.av-kteeegan-57f4d66ea89eaac4d201804f14327d5e .avia_textblock{\nfont-size:14px;\n}\n<\/style>\n<section  class='av_textblock_section av-kteeegan-57f4d66ea89eaac4d201804f14327d5e '   itemscope=\"itemscope\" itemtype=\"https:\/\/schema.org\/CreativeWork\" ><div class='avia_textblock'  itemprop=\"text\" ><p>Panneau d\u2019agglom\u00e9r\u00e9 avec face sup\u00e9rieure ponc\u00e9e nature,<br \/>\nFace inf\u00e9rieure recouverte de blanc<\/p>\n<\/div><\/section><\/p><\/div>\n\n<style type=\"text\/css\" data-created_by=\"avia_inline_auto\" id=\"style-css-av-9j09v6-9cab74765c362485ebf4c07266a6b1ae\">\n.flex_column.av-9j09v6-9cab74765c362485ebf4c07266a6b1ae{\nborder-radius:0px 0px 0px 0px;\npadding:0px 0px 0px 0px;\n}\n<\/style>\n<div  class='flex_column av-9j09v6-9cab74765c362485ebf4c07266a6b1ae av_one_third flex_column_div av-zero-column-padding  '     ><p>\n<style type=\"text\/css\" data-created_by=\"avia_inline_auto\" id=\"style-css-av-kteeewei-5817dae1260e6ca9a356d29fe0efac77\">\n.avia-image-container.av-kteeewei-5817dae1260e6ca9a356d29fe0efac77 img.avia_image{\nbox-shadow:none;\n}\n.avia-image-container.av-kteeewei-5817dae1260e6ca9a356d29fe0efac77 .av-image-caption-overlay-center{\ncolor:#ffffff;\n}\n<\/style>\n<div  class='avia-image-container av-kteeewei-5817dae1260e6ca9a356d29fe0efac77 av-styling- av-img-linked avia-align-center  img-border'   itemprop=\"image\" itemscope=\"itemscope\" itemtype=\"https:\/\/schema.org\/ImageObject\" ><div class=\"avia-image-container-inner\"><div class=\"avia-image-overlay-wrap\"><a href=\"https:\/\/galler.de\/wp-content\/uploads\/2021\/09\/lagerbuehnen-23.jpg\" data-srcset=\"https:\/\/galler.de\/wp-content\/uploads\/2021\/09\/lagerbuehnen-23.jpg 1030w, https:\/\/galler.de\/wp-content\/uploads\/2021\/09\/lagerbuehnen-23-300x200.jpg 300w, https:\/\/galler.de\/wp-content\/uploads\/2021\/09\/lagerbuehnen-23-768x512.jpg 768w, https:\/\/galler.de\/wp-content\/uploads\/2021\/09\/lagerbuehnen-23-705x470.jpg 705w\" data-sizes=\"(max-width: 1030px) 100vw, 1030px\" class='avia_image '  ><img decoding=\"async\" fetchpriority=\"high\" class='wp-image-6099 avia-img-lazy-loading-not-6099 avia_image ' src=\"https:\/\/galler.de\/wp-content\/uploads\/2021\/09\/lagerbuehnen-23.jpg\" alt='' title=''  height=\"686\" width=\"1030\"  itemprop=\"thumbnailUrl\" srcset=\"https:\/\/galler.de\/wp-content\/uploads\/2021\/09\/lagerbuehnen-23.jpg 1030w, https:\/\/galler.de\/wp-content\/uploads\/2021\/09\/lagerbuehnen-23-300x200.jpg 300w, https:\/\/galler.de\/wp-content\/uploads\/2021\/09\/lagerbuehnen-23-768x512.jpg 768w, https:\/\/galler.de\/wp-content\/uploads\/2021\/09\/lagerbuehnen-23-705x470.jpg 705w\" sizes=\"(max-width: 1030px) 100vw, 1030px\" \/><\/a><\/div><\/div><\/div><br \/>\n\n<style type=\"text\/css\" data-created_by=\"avia_inline_auto\" id=\"style-css-av-kteeftnd-1892fc6cee82664dfd30849bea1c28b6\">\n#top .av_textblock_section.av-kteeftnd-1892fc6cee82664dfd30849bea1c28b6 .avia_textblock{\nfont-size:14px;\n}\n<\/style>\n<section  class='av_textblock_section av-kteeftnd-1892fc6cee82664dfd30849bea1c28b6 '   itemscope=\"itemscope\" itemtype=\"https:\/\/schema.org\/CreativeWork\" ><div class='avia_textblock'  itemprop=\"text\" ><p>Panneau d\u2019agglom\u00e9r\u00e9 avec rev\u00eatement antid\u00e9rapant,<br \/>\nFace inf\u00e9rieure recouverte de blanc<\/p>\n<\/div><\/section><\/p><\/div>\n\n<style type=\"text\/css\" data-created_by=\"avia_inline_auto\" id=\"style-css-av-6uvu8y-dbceae1688afe4cdc4844300a2e8c68b\">\n.flex_column.av-6uvu8y-dbceae1688afe4cdc4844300a2e8c68b{\nborder-radius:0px 0px 0px 0px;\npadding:0px 0px 0px 0px;\n}\n<\/style>\n<div  class='flex_column av-6uvu8y-dbceae1688afe4cdc4844300a2e8c68b av_one_half first flex_column_div av-zero-column-padding  '     ><p>\n<style type=\"text\/css\" data-created_by=\"avia_inline_auto\" id=\"style-css-av-kteetuso-df259e12138799b2fb3a6eeb6fea0006\">\n.avia-image-container.av-kteetuso-df259e12138799b2fb3a6eeb6fea0006 img.avia_image{\nbox-shadow:none;\n}\n.avia-image-container.av-kteetuso-df259e12138799b2fb3a6eeb6fea0006 .av-image-caption-overlay-center{\ncolor:#ffffff;\n}\n<\/style>\n<div  class='avia-image-container av-kteetuso-df259e12138799b2fb3a6eeb6fea0006 av-styling- av-img-linked avia-align-center'   itemprop=\"image\" itemscope=\"itemscope\" itemtype=\"https:\/\/schema.org\/ImageObject\" ><div class=\"avia-image-container-inner\"><div class=\"avia-image-overlay-wrap\"><a href=\"https:\/\/galler.de\/wp-content\/uploads\/2023\/11\/Individuelle_Buehnen_Einsatzspektrum_Spahnplatten_fr.jpg\" data-srcset=\"https:\/\/galler.de\/wp-content\/uploads\/2023\/11\/Individuelle_Buehnen_Einsatzspektrum_Spahnplatten_fr.jpg 800w, https:\/\/galler.de\/wp-content\/uploads\/2023\/11\/Individuelle_Buehnen_Einsatzspektrum_Spahnplatten_fr-300x169.jpg 300w, https:\/\/galler.de\/wp-content\/uploads\/2023\/11\/Individuelle_Buehnen_Einsatzspektrum_Spahnplatten_fr-768x432.jpg 768w, https:\/\/galler.de\/wp-content\/uploads\/2023\/11\/Individuelle_Buehnen_Einsatzspektrum_Spahnplatten_fr-705x397.jpg 705w\" data-sizes=\"(max-width: 800px) 100vw, 800px\" class='avia_image '  ><img decoding=\"async\" fetchpriority=\"high\" class='wp-image-27691 avia-img-lazy-loading-not-27691 avia_image ' src=\"https:\/\/galler.de\/wp-content\/uploads\/2023\/11\/Individuelle_Buehnen_Einsatzspektrum_Spahnplatten_fr.jpg\" alt='' title=''  height=\"450\" width=\"800\"  itemprop=\"thumbnailUrl\" srcset=\"https:\/\/galler.de\/wp-content\/uploads\/2023\/11\/Individuelle_Buehnen_Einsatzspektrum_Spahnplatten_fr.jpg 800w, https:\/\/galler.de\/wp-content\/uploads\/2023\/11\/Individuelle_Buehnen_Einsatzspektrum_Spahnplatten_fr-300x169.jpg 300w, https:\/\/galler.de\/wp-content\/uploads\/2023\/11\/Individuelle_Buehnen_Einsatzspektrum_Spahnplatten_fr-768x432.jpg 768w, https:\/\/galler.de\/wp-content\/uploads\/2023\/11\/Individuelle_Buehnen_Einsatzspektrum_Spahnplatten_fr-705x397.jpg 705w\" sizes=\"(max-width: 800px) 100vw, 800px\" \/><\/a><\/div><\/div><\/div><br \/>\n\n<style type=\"text\/css\" data-created_by=\"avia_inline_auto\" id=\"style-css-av-l0ry21z8-6fee3e7ba605a1fd01d4a2f4b5830ef1\">\n#top .av_textblock_section.av-l0ry21z8-6fee3e7ba605a1fd01d4a2f4b5830ef1 .avia_textblock{\nfont-size:14px;\n}\n<\/style>\n<section  class='av_textblock_section av-l0ry21z8-6fee3e7ba605a1fd01d4a2f4b5830ef1 '   itemscope=\"itemscope\" itemtype=\"https:\/\/schema.org\/CreativeWork\" ><div class='avia_textblock'  itemprop=\"text\" ><p>Gamme d\u2019utilisation de sols en panneaux d\u2019agglom\u00e9r\u00e9<\/p>\n<\/div><\/section><\/p><\/div>\n<style type=\"text\/css\" data-created_by=\"avia_inline_auto\" id=\"style-css-av-13072si-b87c0389dd34e56d72a0f2dc6959e193\">\n.flex_column.av-13072si-b87c0389dd34e56d72a0f2dc6959e193{\nborder-radius:0px 0px 0px 0px;\npadding:0px 0px 0px 0px;\n}\n<\/style>\n<div  class='flex_column av-13072si-b87c0389dd34e56d72a0f2dc6959e193 av_one_half flex_column_div av-zero-column-padding  '     ><p>\n<style type=\"text\/css\" data-created_by=\"avia_inline_auto\" id=\"style-css-av-ktjrpwwo-869cc02b340ec2970d75678e6711dfbc\">\n.avia-image-container.av-ktjrpwwo-869cc02b340ec2970d75678e6711dfbc img.avia_image{\nbox-shadow:none;\n}\n.avia-image-container.av-ktjrpwwo-869cc02b340ec2970d75678e6711dfbc .av-image-caption-overlay-center{\ncolor:#ffffff;\n}\n<\/style>\n<div  class='avia-image-container av-ktjrpwwo-869cc02b340ec2970d75678e6711dfbc av-styling- av-img-linked avia-align-center'   itemprop=\"image\" itemscope=\"itemscope\" itemtype=\"https:\/\/schema.org\/ImageObject\" ><div class=\"avia-image-container-inner\"><div class=\"avia-image-overlay-wrap\"><a href=\"https:\/\/galler.de\/wp-content\/uploads\/2023\/11\/Individuelle_Buehnen_Einsatzspektrum_Gitterrost_fr.jpg\" data-srcset=\"https:\/\/galler.de\/wp-content\/uploads\/2023\/11\/Individuelle_Buehnen_Einsatzspektrum_Gitterrost_fr.jpg 800w, https:\/\/galler.de\/wp-content\/uploads\/2023\/11\/Individuelle_Buehnen_Einsatzspektrum_Gitterrost_fr-300x169.jpg 300w, https:\/\/galler.de\/wp-content\/uploads\/2023\/11\/Individuelle_Buehnen_Einsatzspektrum_Gitterrost_fr-768x432.jpg 768w, https:\/\/galler.de\/wp-content\/uploads\/2023\/11\/Individuelle_Buehnen_Einsatzspektrum_Gitterrost_fr-705x397.jpg 705w\" data-sizes=\"(max-width: 800px) 100vw, 800px\" class='avia_image '  ><img decoding=\"async\" fetchpriority=\"high\" class='wp-image-27693 avia-img-lazy-loading-not-27693 avia_image ' src=\"https:\/\/galler.de\/wp-content\/uploads\/2023\/11\/Individuelle_Buehnen_Einsatzspektrum_Gitterrost_fr.jpg\" alt='' title=''  height=\"450\" width=\"800\"  itemprop=\"thumbnailUrl\" srcset=\"https:\/\/galler.de\/wp-content\/uploads\/2023\/11\/Individuelle_Buehnen_Einsatzspektrum_Gitterrost_fr.jpg 800w, https:\/\/galler.de\/wp-content\/uploads\/2023\/11\/Individuelle_Buehnen_Einsatzspektrum_Gitterrost_fr-300x169.jpg 300w, https:\/\/galler.de\/wp-content\/uploads\/2023\/11\/Individuelle_Buehnen_Einsatzspektrum_Gitterrost_fr-768x432.jpg 768w, https:\/\/galler.de\/wp-content\/uploads\/2023\/11\/Individuelle_Buehnen_Einsatzspektrum_Gitterrost_fr-705x397.jpg 705w\" sizes=\"(max-width: 800px) 100vw, 800px\" \/><\/a><\/div><\/div><\/div><br \/>\n\n<style type=\"text\/css\" data-created_by=\"avia_inline_auto\" id=\"style-css-av-l0ry2m0m-2f2160ae1bedf188577d94d38053fcc1\">\n#top .av_textblock_section.av-l0ry2m0m-2f2160ae1bedf188577d94d38053fcc1 .avia_textblock{\nfont-size:14px;\n}\n<\/style>\n<section  class='av_textblock_section av-l0ry2m0m-2f2160ae1bedf188577d94d38053fcc1 '   itemscope=\"itemscope\" itemtype=\"https:\/\/schema.org\/CreativeWork\" ><div class='avia_textblock'  itemprop=\"text\" ><p>Gamme d\u2019utilisation de sols en caillebotis<\/p>\n<\/div><\/section><\/p><\/div>\n<style type=\"text\/css\" data-created_by=\"avia_inline_auto\" id=\"style-css-av-5rsy3m-74fdf9119bf866fdcc012f2bb89f47bc\">\n.flex_column.av-5rsy3m-74fdf9119bf866fdcc012f2bb89f47bc{\nborder-radius:0px 0px 0px 0px;\npadding:0px 0px 0px 0px;\n}\n<\/style>\n<div  class='flex_column av-5rsy3m-74fdf9119bf866fdcc012f2bb89f47bc av_one_third first flex_column_div av-zero-column-padding  '     ><p>\n<style type=\"text\/css\" data-created_by=\"avia_inline_auto\" id=\"style-css-av-kteeuno9-9cd393293aa12e7cdd15e31f5c66f6fb\">\n.avia-image-container.av-kteeuno9-9cd393293aa12e7cdd15e31f5c66f6fb img.avia_image{\nbox-shadow:none;\n}\n.avia-image-container.av-kteeuno9-9cd393293aa12e7cdd15e31f5c66f6fb .av-image-caption-overlay-center{\ncolor:#ffffff;\n}\n<\/style>\n<div  class='avia-image-container av-kteeuno9-9cd393293aa12e7cdd15e31f5c66f6fb av-styling- av-img-linked avia-align-center  img-border'   itemprop=\"image\" itemscope=\"itemscope\" itemtype=\"https:\/\/schema.org\/ImageObject\" ><div class=\"avia-image-container-inner\"><div class=\"avia-image-overlay-wrap\"><a href=\"https:\/\/galler.de\/wp-content\/uploads\/2021\/09\/lagerbuehnen-24.jpg\" data-srcset=\"https:\/\/galler.de\/wp-content\/uploads\/2021\/09\/lagerbuehnen-24.jpg 845w, https:\/\/galler.de\/wp-content\/uploads\/2021\/09\/lagerbuehnen-24-300x300.jpg 300w, https:\/\/galler.de\/wp-content\/uploads\/2021\/09\/lagerbuehnen-24-80x80.jpg 80w, https:\/\/galler.de\/wp-content\/uploads\/2021\/09\/lagerbuehnen-24-768x768.jpg 768w, https:\/\/galler.de\/wp-content\/uploads\/2021\/09\/lagerbuehnen-24-36x36.jpg 36w, https:\/\/galler.de\/wp-content\/uploads\/2021\/09\/lagerbuehnen-24-180x180.jpg 180w, https:\/\/galler.de\/wp-content\/uploads\/2021\/09\/lagerbuehnen-24-705x705.jpg 705w\" data-sizes=\"(max-width: 845px) 100vw, 845px\" class='avia_image '  ><img decoding=\"async\" fetchpriority=\"high\" class='wp-image-6132 avia-img-lazy-loading-not-6132 avia_image ' src=\"https:\/\/galler.de\/wp-content\/uploads\/2021\/09\/lagerbuehnen-24.jpg\" alt='' title=''  height=\"845\" width=\"845\"  itemprop=\"thumbnailUrl\" srcset=\"https:\/\/galler.de\/wp-content\/uploads\/2021\/09\/lagerbuehnen-24.jpg 845w, https:\/\/galler.de\/wp-content\/uploads\/2021\/09\/lagerbuehnen-24-300x300.jpg 300w, https:\/\/galler.de\/wp-content\/uploads\/2021\/09\/lagerbuehnen-24-80x80.jpg 80w, https:\/\/galler.de\/wp-content\/uploads\/2021\/09\/lagerbuehnen-24-768x768.jpg 768w, https:\/\/galler.de\/wp-content\/uploads\/2021\/09\/lagerbuehnen-24-36x36.jpg 36w, https:\/\/galler.de\/wp-content\/uploads\/2021\/09\/lagerbuehnen-24-180x180.jpg 180w, https:\/\/galler.de\/wp-content\/uploads\/2021\/09\/lagerbuehnen-24-705x705.jpg 705w\" sizes=\"(max-width: 845px) 100vw, 845px\" \/><\/a><\/div><\/div><\/div><br \/>\n\n<style type=\"text\/css\" data-created_by=\"avia_inline_auto\" id=\"style-css-av-kteev4a7-11ba6c1d044ef02d033f5aae4f9791d8\">\n#top .av_textblock_section.av-kteev4a7-11ba6c1d044ef02d033f5aae4f9791d8 .avia_textblock{\nfont-size:14px;\n}\n<\/style>\n<section  class='av_textblock_section av-kteev4a7-11ba6c1d044ef02d033f5aae4f9791d8 '   itemscope=\"itemscope\" itemtype=\"https:\/\/schema.org\/CreativeWork\" ><div class='avia_textblock'  itemprop=\"text\" ><p>Caillebotis standard<\/p>\n<\/div><\/section><\/p><\/div><\/p>\n\n<style type=\"text\/css\" data-created_by=\"avia_inline_auto\" id=\"style-css-av-4noz2q-0b17f8d96ffe5c037aa16b2cc5d5f67b\">\n.flex_column.av-4noz2q-0b17f8d96ffe5c037aa16b2cc5d5f67b{\nborder-radius:0px 0px 0px 0px;\npadding:0px 0px 0px 0px;\n}\n<\/style>\n<div  class='flex_column av-4noz2q-0b17f8d96ffe5c037aa16b2cc5d5f67b av_one_third flex_column_div av-zero-column-padding  '     ><p>\n<style type=\"text\/css\" data-created_by=\"avia_inline_auto\" id=\"style-css-av-kteevqbu-bcb3b18559d2886641b288b686a377c7\">\n.avia-image-container.av-kteevqbu-bcb3b18559d2886641b288b686a377c7 img.avia_image{\nbox-shadow:none;\n}\n.avia-image-container.av-kteevqbu-bcb3b18559d2886641b288b686a377c7 .av-image-caption-overlay-center{\ncolor:#ffffff;\n}\n<\/style>\n<div  class='avia-image-container av-kteevqbu-bcb3b18559d2886641b288b686a377c7 av-styling- av-img-linked avia-align-center  img-border'   itemprop=\"image\" itemscope=\"itemscope\" itemtype=\"https:\/\/schema.org\/ImageObject\" ><div class=\"avia-image-container-inner\"><div class=\"avia-image-overlay-wrap\"><a href=\"https:\/\/galler.de\/wp-content\/uploads\/2021\/09\/lagerbuehnen-25.jpg\" data-srcset=\"https:\/\/galler.de\/wp-content\/uploads\/2021\/09\/lagerbuehnen-25.jpg 845w, https:\/\/galler.de\/wp-content\/uploads\/2021\/09\/lagerbuehnen-25-300x300.jpg 300w, https:\/\/galler.de\/wp-content\/uploads\/2021\/09\/lagerbuehnen-25-80x80.jpg 80w, https:\/\/galler.de\/wp-content\/uploads\/2021\/09\/lagerbuehnen-25-768x768.jpg 768w, https:\/\/galler.de\/wp-content\/uploads\/2021\/09\/lagerbuehnen-25-36x36.jpg 36w, https:\/\/galler.de\/wp-content\/uploads\/2021\/09\/lagerbuehnen-25-180x180.jpg 180w, https:\/\/galler.de\/wp-content\/uploads\/2021\/09\/lagerbuehnen-25-705x705.jpg 705w\" data-sizes=\"(max-width: 845px) 100vw, 845px\" class='avia_image '  ><img decoding=\"async\" fetchpriority=\"high\" class='wp-image-6139 avia-img-lazy-loading-not-6139 avia_image ' src=\"https:\/\/galler.de\/wp-content\/uploads\/2021\/09\/lagerbuehnen-25.jpg\" alt='' title=''  height=\"845\" width=\"845\"  itemprop=\"thumbnailUrl\" srcset=\"https:\/\/galler.de\/wp-content\/uploads\/2021\/09\/lagerbuehnen-25.jpg 845w, https:\/\/galler.de\/wp-content\/uploads\/2021\/09\/lagerbuehnen-25-300x300.jpg 300w, https:\/\/galler.de\/wp-content\/uploads\/2021\/09\/lagerbuehnen-25-80x80.jpg 80w, https:\/\/galler.de\/wp-content\/uploads\/2021\/09\/lagerbuehnen-25-768x768.jpg 768w, https:\/\/galler.de\/wp-content\/uploads\/2021\/09\/lagerbuehnen-25-36x36.jpg 36w, https:\/\/galler.de\/wp-content\/uploads\/2021\/09\/lagerbuehnen-25-180x180.jpg 180w, https:\/\/galler.de\/wp-content\/uploads\/2021\/09\/lagerbuehnen-25-705x705.jpg 705w\" sizes=\"(max-width: 845px) 100vw, 845px\" \/><\/a><\/div><\/div><\/div><br \/>\n\n<style type=\"text\/css\" data-created_by=\"avia_inline_auto\" id=\"style-css-av-kteevvhh-5479e1b1a410027dfd1a8de04de9f9e7\">\n#top .av_textblock_section.av-kteevvhh-5479e1b1a410027dfd1a8de04de9f9e7 .avia_textblock{\nfont-size:14px;\n}\n<\/style>\n<section  class='av_textblock_section av-kteevvhh-5479e1b1a410027dfd1a8de04de9f9e7 '   itemscope=\"itemscope\" itemtype=\"https:\/\/schema.org\/CreativeWork\" ><div class='avia_textblock'  itemprop=\"text\" ><p>Caillebotis de s\u00e9curit\u00e9<\/p>\n<\/div><\/section><\/p><\/div>\n\n<style type=\"text\/css\" data-created_by=\"avia_inline_auto\" id=\"style-css-av-9adv6-6a0b531d8fb6c1e976be433b026215d2\">\n.flex_column.av-9adv6-6a0b531d8fb6c1e976be433b026215d2{\nborder-radius:0px 0px 0px 0px;\npadding:0px 0px 0px 0px;\n}\n<\/style>\n<div  class='flex_column av-9adv6-6a0b531d8fb6c1e976be433b026215d2 av_one_third flex_column_div av-zero-column-padding  '     ><p>\n<style type=\"text\/css\" data-created_by=\"avia_inline_auto\" id=\"style-css-av-kteewc15-350962ec142a1afa68cb313a1d52121b\">\n.avia-image-container.av-kteewc15-350962ec142a1afa68cb313a1d52121b img.avia_image{\nbox-shadow:none;\n}\n.avia-image-container.av-kteewc15-350962ec142a1afa68cb313a1d52121b .av-image-caption-overlay-center{\ncolor:#ffffff;\n}\n<\/style>\n<div  class='avia-image-container av-kteewc15-350962ec142a1afa68cb313a1d52121b av-styling- av-img-linked avia-align-center  img-border'   itemprop=\"image\" itemscope=\"itemscope\" itemtype=\"https:\/\/schema.org\/ImageObject\" ><div class=\"avia-image-container-inner\"><div class=\"avia-image-overlay-wrap\"><a href=\"https:\/\/galler.de\/wp-content\/uploads\/2021\/09\/lagerbuehnen-26.jpg\" data-srcset=\"https:\/\/galler.de\/wp-content\/uploads\/2021\/09\/lagerbuehnen-26.jpg 845w, https:\/\/galler.de\/wp-content\/uploads\/2021\/09\/lagerbuehnen-26-300x300.jpg 300w, https:\/\/galler.de\/wp-content\/uploads\/2021\/09\/lagerbuehnen-26-80x80.jpg 80w, https:\/\/galler.de\/wp-content\/uploads\/2021\/09\/lagerbuehnen-26-768x768.jpg 768w, https:\/\/galler.de\/wp-content\/uploads\/2021\/09\/lagerbuehnen-26-36x36.jpg 36w, https:\/\/galler.de\/wp-content\/uploads\/2021\/09\/lagerbuehnen-26-180x180.jpg 180w, https:\/\/galler.de\/wp-content\/uploads\/2021\/09\/lagerbuehnen-26-705x705.jpg 705w\" data-sizes=\"(max-width: 845px) 100vw, 845px\" class='avia_image '  ><img decoding=\"async\" fetchpriority=\"high\" class='wp-image-6146 avia-img-lazy-loading-not-6146 avia_image ' src=\"https:\/\/galler.de\/wp-content\/uploads\/2021\/09\/lagerbuehnen-26.jpg\" alt='' title=''  height=\"845\" width=\"845\"  itemprop=\"thumbnailUrl\" srcset=\"https:\/\/galler.de\/wp-content\/uploads\/2021\/09\/lagerbuehnen-26.jpg 845w, https:\/\/galler.de\/wp-content\/uploads\/2021\/09\/lagerbuehnen-26-300x300.jpg 300w, https:\/\/galler.de\/wp-content\/uploads\/2021\/09\/lagerbuehnen-26-80x80.jpg 80w, https:\/\/galler.de\/wp-content\/uploads\/2021\/09\/lagerbuehnen-26-768x768.jpg 768w, https:\/\/galler.de\/wp-content\/uploads\/2021\/09\/lagerbuehnen-26-36x36.jpg 36w, https:\/\/galler.de\/wp-content\/uploads\/2021\/09\/lagerbuehnen-26-180x180.jpg 180w, https:\/\/galler.de\/wp-content\/uploads\/2021\/09\/lagerbuehnen-26-705x705.jpg 705w\" sizes=\"(max-width: 845px) 100vw, 845px\" \/><\/a><\/div><\/div><\/div><br \/>\n\n<style type=\"text\/css\" data-created_by=\"avia_inline_auto\" id=\"style-css-av-kteewqee-ac8de3cc689f9b710865828818db7fab\">\n#top .av_textblock_section.av-kteewqee-ac8de3cc689f9b710865828818db7fab .avia_textblock{\nfont-size:14px;\n}\n<\/style>\n<section  class='av_textblock_section av-kteewqee-ac8de3cc689f9b710865828818db7fab '   itemscope=\"itemscope\" itemtype=\"https:\/\/schema.org\/CreativeWork\" ><div class='avia_textblock'  itemprop=\"text\" ><p>Caillebotis \u00e0 mailles serr\u00e9es<\/p>\n<\/div><\/section><\/p><\/div>\n\n<style type=\"text\/css\" data-created_by=\"avia_inline_auto\" id=\"style-css-av-11nx1ci-70cfa0874911768ceaeb95008c707c8e\">\n.flex_column.av-11nx1ci-70cfa0874911768ceaeb95008c707c8e{\nborder-radius:0px 0px 0px 0px;\npadding:0px 0px 0px 0px;\n}\n<\/style>\n<div  class='flex_column av-11nx1ci-70cfa0874911768ceaeb95008c707c8e av_one_third first flex_column_div av-zero-column-padding  '     ><p>\n<style type=\"text\/css\" data-created_by=\"avia_inline_auto\" id=\"style-css-av-ktjsr707-bd74dc9f5c618ca95f04eb76baca2e8b\">\n.avia-image-container.av-ktjsr707-bd74dc9f5c618ca95f04eb76baca2e8b img.avia_image{\nbox-shadow:none;\n}\n.avia-image-container.av-ktjsr707-bd74dc9f5c618ca95f04eb76baca2e8b .av-image-caption-overlay-center{\ncolor:#ffffff;\n}\n<\/style>\n<div  class='avia-image-container av-ktjsr707-bd74dc9f5c618ca95f04eb76baca2e8b av-styling- av-img-linked avia-align-center  img-border'   itemprop=\"image\" itemscope=\"itemscope\" itemtype=\"https:\/\/schema.org\/ImageObject\" ><div class=\"avia-image-container-inner\"><div class=\"avia-image-overlay-wrap\"><a href=\"https:\/\/galler.de\/wp-content\/uploads\/2021\/09\/lagerbuehnen-29-1.jpg\" data-srcset=\"https:\/\/galler.de\/wp-content\/uploads\/2021\/09\/lagerbuehnen-29-1.jpg 1030w, https:\/\/galler.de\/wp-content\/uploads\/2021\/09\/lagerbuehnen-29-1-300x169.jpg 300w, https:\/\/galler.de\/wp-content\/uploads\/2021\/09\/lagerbuehnen-29-1-768x432.jpg 768w, https:\/\/galler.de\/wp-content\/uploads\/2021\/09\/lagerbuehnen-29-1-705x396.jpg 705w\" data-sizes=\"(max-width: 1030px) 100vw, 1030px\" class='avia_image '  ><img decoding=\"async\" fetchpriority=\"high\" class='wp-image-6508 avia-img-lazy-loading-not-6508 avia_image ' src=\"https:\/\/galler.de\/wp-content\/uploads\/2021\/09\/lagerbuehnen-29-1.jpg\" alt='' title=''  height=\"579\" width=\"1030\"  itemprop=\"thumbnailUrl\" srcset=\"https:\/\/galler.de\/wp-content\/uploads\/2021\/09\/lagerbuehnen-29-1.jpg 1030w, https:\/\/galler.de\/wp-content\/uploads\/2021\/09\/lagerbuehnen-29-1-300x169.jpg 300w, https:\/\/galler.de\/wp-content\/uploads\/2021\/09\/lagerbuehnen-29-1-768x432.jpg 768w, https:\/\/galler.de\/wp-content\/uploads\/2021\/09\/lagerbuehnen-29-1-705x396.jpg 705w\" sizes=\"(max-width: 1030px) 100vw, 1030px\" \/><\/a><\/div><\/div><\/div><br \/>\n\n<style type=\"text\/css\" data-created_by=\"avia_inline_auto\" id=\"style-css-av-l0ry3lbx-63d557a705783864f9d3080eda65ece3\">\n#top .av_textblock_section.av-l0ry3lbx-63d557a705783864f9d3080eda65ece3 .avia_textblock{\nfont-size:14px;\n}\n<\/style>\n<section  class='av_textblock_section av-l0ry3lbx-63d557a705783864f9d3080eda65ece3 '   itemscope=\"itemscope\" itemtype=\"https:\/\/schema.org\/CreativeWork\" ><div class='avia_textblock'  itemprop=\"text\" ><p>T\u00f4le de sol ondul\u00e9e<\/p>\n<\/div><\/section><\/p><\/div>\n\n<style type=\"text\/css\" data-created_by=\"avia_inline_auto\" id=\"style-css-av-ucjar6-a00a7c3411eafc2be1142bcbf409a3ff\">\n#top .hr.hr-invisible.av-ucjar6-a00a7c3411eafc2be1142bcbf409a3ff{\nheight:50px;\n}\n<\/style>\n<div  class='hr av-ucjar6-a00a7c3411eafc2be1142bcbf409a3ff hr-invisible'><span class='hr-inner '><span class=\"hr-inner-style\"><\/span><\/span><\/div>\n\n<style type=\"text\/css\" data-created_by=\"avia_inline_auto\" id=\"style-css-av-zoiy76-150f9959a3bf857d51acc6cb994b62f5\">\n.flex_column.av-zoiy76-150f9959a3bf857d51acc6cb994b62f5{\nborder-radius:0px 0px 0px 0px;\npadding:0px 0px 0px 0px;\n}\n<\/style>\n<div  class='flex_column av-zoiy76-150f9959a3bf857d51acc6cb994b62f5 av_one_half first flex_column_div av-zero-column-padding  '     ><p>\n<style type=\"text\/css\" data-created_by=\"avia_inline_auto\" id=\"style-css-av-ktjss045-24886abbc04359ee0706d080113f59a6\">\n.avia-image-container.av-ktjss045-24886abbc04359ee0706d080113f59a6 img.avia_image{\nbox-shadow:none;\n}\n.avia-image-container.av-ktjss045-24886abbc04359ee0706d080113f59a6 .av-image-caption-overlay-center{\ncolor:#ffffff;\n}\n<\/style>\n<div  class='avia-image-container av-ktjss045-24886abbc04359ee0706d080113f59a6 av-styling- av-img-linked avia-align-center  img-border'   itemprop=\"image\" itemscope=\"itemscope\" itemtype=\"https:\/\/schema.org\/ImageObject\" ><div class=\"avia-image-container-inner\"><div class=\"avia-image-overlay-wrap\"><a href=\"https:\/\/galler.de\/wp-content\/uploads\/2021\/11\/Produkte-Lagerbuehnen_image061.jpg\" data-srcset=\"https:\/\/galler.de\/wp-content\/uploads\/2021\/11\/Produkte-Lagerbuehnen_image061.jpg 1030w, https:\/\/galler.de\/wp-content\/uploads\/2021\/11\/Produkte-Lagerbuehnen_image061-300x200.jpg 300w, https:\/\/galler.de\/wp-content\/uploads\/2021\/11\/Produkte-Lagerbuehnen_image061-768x512.jpg 768w, https:\/\/galler.de\/wp-content\/uploads\/2021\/11\/Produkte-Lagerbuehnen_image061-705x470.jpg 705w\" data-sizes=\"(max-width: 1030px) 100vw, 1030px\" class='avia_image '  ><img decoding=\"async\" fetchpriority=\"high\" class='wp-image-9827 avia-img-lazy-loading-not-9827 avia_image ' src=\"https:\/\/galler.de\/wp-content\/uploads\/2021\/11\/Produkte-Lagerbuehnen_image061.jpg\" alt='' title=''  height=\"686\" width=\"1030\"  itemprop=\"thumbnailUrl\" srcset=\"https:\/\/galler.de\/wp-content\/uploads\/2021\/11\/Produkte-Lagerbuehnen_image061.jpg 1030w, https:\/\/galler.de\/wp-content\/uploads\/2021\/11\/Produkte-Lagerbuehnen_image061-300x200.jpg 300w, https:\/\/galler.de\/wp-content\/uploads\/2021\/11\/Produkte-Lagerbuehnen_image061-768x512.jpg 768w, https:\/\/galler.de\/wp-content\/uploads\/2021\/11\/Produkte-Lagerbuehnen_image061-705x470.jpg 705w\" sizes=\"(max-width: 1030px) 100vw, 1030px\" \/><\/a><\/div><\/div><\/div><br \/>\n\n<style type=\"text\/css\" data-created_by=\"avia_inline_auto\" id=\"style-css-av-l14v31cx-d8892f0fb33cb1be3a1ff8b76c4b11f5\">\n#top .av_textblock_section.av-l14v31cx-d8892f0fb33cb1be3a1ff8b76c4b11f5 .avia_textblock{\nfont-size:14px;\n}\n<\/style>\n<section  class='av_textblock_section av-l14v31cx-d8892f0fb33cb1be3a1ff8b76c4b11f5 '   itemscope=\"itemscope\" itemtype=\"https:\/\/schema.org\/CreativeWork\" ><div class='avia_textblock'  itemprop=\"text\" ><p>Les sols en m\u00e9tal fabriqu\u00e9s en acier galvanis\u00e9 offrent une capacit\u00e9 de charge \u00e9lev\u00e9e.<\/p>\n<\/div><\/section><\/p><\/div>\n\n<style type=\"text\/css\" data-created_by=\"avia_inline_auto\" id=\"style-css-av-yi111e-5d53f052a567499bcb91a85ccde4df03\">\n.flex_column.av-yi111e-5d53f052a567499bcb91a85ccde4df03{\nborder-radius:0px 0px 0px 0px;\npadding:0px 0px 0px 0px;\n}\n<\/style>\n<div  class='flex_column av-yi111e-5d53f052a567499bcb91a85ccde4df03 av_one_half flex_column_div av-zero-column-padding  '     ><p>\n<style type=\"text\/css\" data-created_by=\"avia_inline_auto\" id=\"style-css-av-wbvo6a-6890e84ac56b6c7062e0455d7cf16898\">\n.avia-image-container.av-wbvo6a-6890e84ac56b6c7062e0455d7cf16898 img.avia_image{\nbox-shadow:none;\n}\n.avia-image-container.av-wbvo6a-6890e84ac56b6c7062e0455d7cf16898 .av-image-caption-overlay-center{\ncolor:#ffffff;\n}\n<\/style>\n<div  class='avia-image-container av-wbvo6a-6890e84ac56b6c7062e0455d7cf16898 av-styling- av-img-linked avia-align-center  img-border'   itemprop=\"image\" itemscope=\"itemscope\" itemtype=\"https:\/\/schema.org\/ImageObject\" ><div class=\"avia-image-container-inner\"><div class=\"avia-image-overlay-wrap\"><a href=\"https:\/\/galler.de\/wp-content\/uploads\/2021\/11\/Produkte-Lagerbuehnen_image063.jpg\" data-srcset=\"https:\/\/galler.de\/wp-content\/uploads\/2021\/11\/Produkte-Lagerbuehnen_image063.jpg 1030w, https:\/\/galler.de\/wp-content\/uploads\/2021\/11\/Produkte-Lagerbuehnen_image063-300x200.jpg 300w, https:\/\/galler.de\/wp-content\/uploads\/2021\/11\/Produkte-Lagerbuehnen_image063-768x512.jpg 768w, https:\/\/galler.de\/wp-content\/uploads\/2021\/11\/Produkte-Lagerbuehnen_image063-705x470.jpg 705w\" data-sizes=\"(max-width: 1030px) 100vw, 1030px\" class='avia_image '  ><img decoding=\"async\" fetchpriority=\"high\" class='wp-image-9832 avia-img-lazy-loading-not-9832 avia_image ' src=\"https:\/\/galler.de\/wp-content\/uploads\/2021\/11\/Produkte-Lagerbuehnen_image063.jpg\" alt='' title=''  height=\"686\" width=\"1030\"  itemprop=\"thumbnailUrl\" srcset=\"https:\/\/galler.de\/wp-content\/uploads\/2021\/11\/Produkte-Lagerbuehnen_image063.jpg 1030w, https:\/\/galler.de\/wp-content\/uploads\/2021\/11\/Produkte-Lagerbuehnen_image063-300x200.jpg 300w, https:\/\/galler.de\/wp-content\/uploads\/2021\/11\/Produkte-Lagerbuehnen_image063-768x512.jpg 768w, https:\/\/galler.de\/wp-content\/uploads\/2021\/11\/Produkte-Lagerbuehnen_image063-705x470.jpg 705w\" sizes=\"(max-width: 1030px) 100vw, 1030px\" \/><\/a><\/div><\/div><\/div><br \/>\n\n<style type=\"text\/css\" data-created_by=\"avia_inline_auto\" id=\"style-css-av-l14v3n33-d6c4511f732a566d7c98d9c107cae1d4\">\n#top .av_textblock_section.av-l14v3n33-d6c4511f732a566d7c98d9c107cae1d4 .avia_textblock{\nfont-size:14px;\n}\n<\/style>\n<section  class='av_textblock_section av-l14v3n33-d6c4511f732a566d7c98d9c107cae1d4 '   itemscope=\"itemscope\" itemtype=\"https:\/\/schema.org\/CreativeWork\" ><div class='avia_textblock'  itemprop=\"text\" ><p>Les sols en caillebotis m\u00e9tallique permettent une visibilit\u00e9 vers le bas et l\u2019\u00e9coulement de l\u2019eau (p. ex. pour les sprinklers).<\/p>\n<\/div><\/section><\/p><\/div>\n\n<style type=\"text\/css\" data-created_by=\"avia_inline_auto\" id=\"style-css-av-2qrzww-0f52fc9fcc29dd5bf6357d81b1bd3ed1\">\n#top .hr.hr-invisible.av-2qrzww-0f52fc9fcc29dd5bf6357d81b1bd3ed1{\nheight:50px;\n}\n<\/style>\n<div  class='hr av-2qrzww-0f52fc9fcc29dd5bf6357d81b1bd3ed1 hr-invisible'><span class='hr-inner '><span class=\"hr-inner-style\"><\/span><\/span><\/div>\n\n<style type=\"text\/css\" data-created_by=\"avia_inline_auto\" id=\"style-css-av-t3huua-acbf991fb136cdd411a81ff790570de4\">\n.flex_column.av-t3huua-acbf991fb136cdd411a81ff790570de4{\nborder-radius:0px 0px 0px 0px;\npadding:0px 0px 0px 0px;\n}\n<\/style>\n<div  class='flex_column av-t3huua-acbf991fb136cdd411a81ff790570de4 av_two_third first flex_column_div av-zero-column-padding  '     ><p>\n<style type=\"text\/css\" data-created_by=\"avia_inline_auto\" id=\"style-css-av-ktjt1irh-f22cc68bdd71ddeb4d55d6b20ce23b55\">\n#top .av-special-heading.av-ktjt1irh-f22cc68bdd71ddeb4d55d6b20ce23b55{\nmargin:0 0 0 0;\npadding-bottom:10px;\ncolor:#000000;\n}\nbody .av-special-heading.av-ktjt1irh-f22cc68bdd71ddeb4d55d6b20ce23b55 .av-special-heading-tag .heading-char{\nfont-size:25px;\n}\n.av-special-heading.av-ktjt1irh-f22cc68bdd71ddeb4d55d6b20ce23b55 .special-heading-inner-border{\nborder-color:#000000;\n}\n.av-special-heading.av-ktjt1irh-f22cc68bdd71ddeb4d55d6b20ce23b55 .av-subheading{\nfont-size:15px;\n}\n<\/style>\n<div  id=\"AnchorGelaender\"  class='av-special-heading av-ktjt1irh-f22cc68bdd71ddeb4d55d6b20ce23b55 av-special-heading-h3 custom-color-heading blockquote modern-quote'><h3 class='av-special-heading-tag '  itemprop=\"headline\"  >Rambarde<\/h3><div class=\"special-heading-border\"><div class=\"special-heading-inner-border\"><\/div><\/div><\/div><br \/>\n<section  class='av_textblock_section av-ktjt37h2-c3c650315ef39eff30d23ffe91fbdba5 '   itemscope=\"itemscope\" itemtype=\"https:\/\/schema.org\/CreativeWork\" ><div class='avia_textblock'  itemprop=\"text\" ><p>La rambarde assure la s\u00e9curit\u00e9 n\u00e9cessaire. Les rambardes industrielles de GALLER sont faciles \u00e0 adapter gr\u00e2ce \u00e0 un syst\u00e8me d\u2019embo\u00eetement standardis\u00e9 et satisfont, bien entendu, aux r\u00e9glementations pertinentes de la technique de stockage.<br \/>\n<br class=\"avia-permanent-lb\"><\/p>\n<h3>Escalier<\/h3>\n<p>Les escaliers peuvent \u00eatre r\u00e9alis\u00e9s dans des variantes les plus diverses : en sens inverse, avec socles, de diff\u00e9rentes largeurs et hauteurs. Bien entendu, les escaliers satisfont aux r\u00e9glementations applicables dans le domaine d\u2019utilisation respectif.<\/p>\n<\/div><\/section><\/p><\/div>\n\n<style type=\"text\/css\" data-created_by=\"avia_inline_auto\" id=\"style-css-av-rsdeb6-4fe55561548cd7336d103f8b9e0d48a3\">\n.flex_column.av-rsdeb6-4fe55561548cd7336d103f8b9e0d48a3{\nborder-radius:0px 0px 0px 0px;\npadding:0px 0px 0px 0px;\n}\n<\/style>\n<div  class='flex_column av-rsdeb6-4fe55561548cd7336d103f8b9e0d48a3 av_one_third flex_column_div av-zero-column-padding  '     ><style type=\"text\/css\" data-created_by=\"avia_inline_auto\" id=\"style-css-av-ktjt9poc-766528ce1e05bf4df120022d740969be\">\n.avia-image-container.av-ktjt9poc-766528ce1e05bf4df120022d740969be img.avia_image{\nbox-shadow:none;\n}\n.avia-image-container.av-ktjt9poc-766528ce1e05bf4df120022d740969be .av-image-caption-overlay-center{\ncolor:#ffffff;\n}\n<\/style>\n<div  class='avia-image-container av-ktjt9poc-766528ce1e05bf4df120022d740969be av-styling- av-img-linked avia-align-center  img-border'   itemprop=\"image\" itemscope=\"itemscope\" itemtype=\"https:\/\/schema.org\/ImageObject\" ><div class=\"avia-image-container-inner\"><div class=\"avia-image-overlay-wrap\"><a href=\"https:\/\/galler.de\/wp-content\/uploads\/2022\/03\/lagerbuehnen-30_2.jpg\" data-srcset=\"https:\/\/galler.de\/wp-content\/uploads\/2022\/03\/lagerbuehnen-30_2.jpg 660w, https:\/\/galler.de\/wp-content\/uploads\/2022\/03\/lagerbuehnen-30_2-234x300.jpg 234w, https:\/\/galler.de\/wp-content\/uploads\/2022\/03\/lagerbuehnen-30_2-551x705.jpg 551w\" data-sizes=\"(max-width: 660px) 100vw, 660px\" class='avia_image '  ><img decoding=\"async\" fetchpriority=\"high\" class='wp-image-15468 avia-img-lazy-loading-not-15468 avia_image ' src=\"https:\/\/galler.de\/wp-content\/uploads\/2022\/03\/lagerbuehnen-30_2.jpg\" alt='' title=''  height=\"845\" width=\"660\"  itemprop=\"thumbnailUrl\" srcset=\"https:\/\/galler.de\/wp-content\/uploads\/2022\/03\/lagerbuehnen-30_2.jpg 660w, https:\/\/galler.de\/wp-content\/uploads\/2022\/03\/lagerbuehnen-30_2-234x300.jpg 234w, https:\/\/galler.de\/wp-content\/uploads\/2022\/03\/lagerbuehnen-30_2-551x705.jpg 551w\" sizes=\"(max-width: 660px) 100vw, 660px\" \/><\/a><\/div><\/div><\/div><\/div>\n\n<style type=\"text\/css\" data-created_by=\"avia_inline_auto\" id=\"style-css-av-67evow-c86be2f724d29953844fc60e72b40a08\">\n#top .hr.hr-invisible.av-67evow-c86be2f724d29953844fc60e72b40a08{\nheight:50px;\n}\n<\/style>\n<div  class='hr av-67evow-c86be2f724d29953844fc60e72b40a08 hr-invisible'><span class='hr-inner '><span class=\"hr-inner-style\"><\/span><\/span><\/div>\n\n<style type=\"text\/css\" data-created_by=\"avia_inline_auto\" id=\"style-css-av-m76taa-3f8914b43fa0f4cab7a26885e4359e77\">\n.flex_column.av-m76taa-3f8914b43fa0f4cab7a26885e4359e77{\nborder-radius:0px 0px 0px 0px;\npadding:0px 0px 0px 0px;\n}\n<\/style>\n<div  class='flex_column av-m76taa-3f8914b43fa0f4cab7a26885e4359e77 av_two_third first flex_column_div av-zero-column-padding  '     ><p>\n<style type=\"text\/css\" data-created_by=\"avia_inline_auto\" id=\"style-css-av-ktjticem-862a211aee446adc483240a5ee0ad127\">\n#top .av-special-heading.av-ktjticem-862a211aee446adc483240a5ee0ad127{\nmargin:0 0 0 0;\npadding-bottom:10px;\ncolor:#000000;\n}\nbody .av-special-heading.av-ktjticem-862a211aee446adc483240a5ee0ad127 .av-special-heading-tag .heading-char{\nfont-size:25px;\n}\n.av-special-heading.av-ktjticem-862a211aee446adc483240a5ee0ad127 .special-heading-inner-border{\nborder-color:#000000;\n}\n.av-special-heading.av-ktjticem-862a211aee446adc483240a5ee0ad127 .av-subheading{\nfont-size:15px;\n}\n<\/style>\n<div  id=\"AnchorPalettenuebergabestation\"  class='av-special-heading av-ktjticem-862a211aee446adc483240a5ee0ad127 av-special-heading-h3 custom-color-heading blockquote modern-quote'><h3 class='av-special-heading-tag '  itemprop=\"headline\"  >Poste de transfert de palettes<\/h3><div class=\"special-heading-border\"><div class=\"special-heading-inner-border\"><\/div><\/div><\/div><br \/>\n<section  class='av_textblock_section av-ktjtiu25-4354da0a46533899f69a365f68ced4e3 '   itemscope=\"itemscope\" itemtype=\"https:\/\/schema.org\/CreativeWork\" ><div class='avia_textblock'  itemprop=\"text\" ><p>Le poste de transfert de construction solide est fabriqu\u00e9 \u00e0 prix avantageux en diff\u00e9rentes tailles. Une cha\u00eene de d\u00e9limitation sert de protection antichute. Ce genre de postes de transfert de palettes est recommand\u00e9 par les associations professionnelles.<\/p>\n<\/div><\/section><\/p><\/div>\n\n<style type=\"text\/css\" data-created_by=\"avia_inline_auto\" id=\"style-css-av-ki0ivm-f190268138499dcbe3def76beca9c674\">\n.flex_column.av-ki0ivm-f190268138499dcbe3def76beca9c674{\nborder-radius:0px 0px 0px 0px;\npadding:0px 0px 0px 0px;\n}\n<\/style>\n<div  class='flex_column av-ki0ivm-f190268138499dcbe3def76beca9c674 av_one_third flex_column_div av-zero-column-padding  '     ><style type=\"text\/css\" data-created_by=\"avia_inline_auto\" id=\"style-css-av-ktjtl1e4-e8530e1262b1bf2fa8008fcef8ebdfde\">\n.avia-image-container.av-ktjtl1e4-e8530e1262b1bf2fa8008fcef8ebdfde img.avia_image{\nbox-shadow:none;\n}\n.avia-image-container.av-ktjtl1e4-e8530e1262b1bf2fa8008fcef8ebdfde .av-image-caption-overlay-center{\ncolor:#ffffff;\n}\n<\/style>\n<div  class='avia-image-container av-ktjtl1e4-e8530e1262b1bf2fa8008fcef8ebdfde av-styling- av-img-linked avia-align-center  img-border'   itemprop=\"image\" itemscope=\"itemscope\" itemtype=\"https:\/\/schema.org\/ImageObject\" ><div class=\"avia-image-container-inner\"><div class=\"avia-image-overlay-wrap\"><a href=\"https:\/\/galler.de\/wp-content\/uploads\/2021\/09\/lagerbuehnen-31.jpg\" data-srcset=\"https:\/\/galler.de\/wp-content\/uploads\/2021\/09\/lagerbuehnen-31.jpg 845w, https:\/\/galler.de\/wp-content\/uploads\/2021\/09\/lagerbuehnen-31-300x300.jpg 300w, https:\/\/galler.de\/wp-content\/uploads\/2021\/09\/lagerbuehnen-31-80x80.jpg 80w, https:\/\/galler.de\/wp-content\/uploads\/2021\/09\/lagerbuehnen-31-768x768.jpg 768w, https:\/\/galler.de\/wp-content\/uploads\/2021\/09\/lagerbuehnen-31-36x36.jpg 36w, https:\/\/galler.de\/wp-content\/uploads\/2021\/09\/lagerbuehnen-31-180x180.jpg 180w, https:\/\/galler.de\/wp-content\/uploads\/2021\/09\/lagerbuehnen-31-705x705.jpg 705w\" data-sizes=\"(max-width: 845px) 100vw, 845px\" class='avia_image '  ><img decoding=\"async\" fetchpriority=\"high\" class='wp-image-6539 avia-img-lazy-loading-not-6539 avia_image ' src=\"https:\/\/galler.de\/wp-content\/uploads\/2021\/09\/lagerbuehnen-31.jpg\" alt='' title=''  height=\"845\" width=\"845\"  itemprop=\"thumbnailUrl\" srcset=\"https:\/\/galler.de\/wp-content\/uploads\/2021\/09\/lagerbuehnen-31.jpg 845w, https:\/\/galler.de\/wp-content\/uploads\/2021\/09\/lagerbuehnen-31-300x300.jpg 300w, https:\/\/galler.de\/wp-content\/uploads\/2021\/09\/lagerbuehnen-31-80x80.jpg 80w, https:\/\/galler.de\/wp-content\/uploads\/2021\/09\/lagerbuehnen-31-768x768.jpg 768w, https:\/\/galler.de\/wp-content\/uploads\/2021\/09\/lagerbuehnen-31-36x36.jpg 36w, https:\/\/galler.de\/wp-content\/uploads\/2021\/09\/lagerbuehnen-31-180x180.jpg 180w, https:\/\/galler.de\/wp-content\/uploads\/2021\/09\/lagerbuehnen-31-705x705.jpg 705w\" sizes=\"(max-width: 845px) 100vw, 845px\" \/><\/a><\/div><\/div><\/div><\/div>\n\n<style type=\"text\/css\" data-created_by=\"avia_inline_auto\" id=\"style-css-av-4caoo0-5bd1af96cb8724bf6462c661fb7a637e\">\n#top .hr.hr-invisible.av-4caoo0-5bd1af96cb8724bf6462c661fb7a637e{\nheight:50px;\n}\n<\/style>\n<div  class='hr av-4caoo0-5bd1af96cb8724bf6462c661fb7a637e hr-invisible'><span class='hr-inner '><span class=\"hr-inner-style\"><\/span><\/span><\/div>\n\n<style type=\"text\/css\" data-created_by=\"avia_inline_auto\" id=\"style-css-av-imb3yq-9adb533e4de6a1987c6063297702a66e\">\n.flex_column.av-imb3yq-9adb533e4de6a1987c6063297702a66e{\nborder-radius:0px 0px 0px 0px;\npadding:0px 0px 0px 0px;\n}\n<\/style>\n<div  class='flex_column av-imb3yq-9adb533e4de6a1987c6063297702a66e av_two_third first flex_column_div av-zero-column-padding  '     ><p>\n<style type=\"text\/css\" data-created_by=\"avia_inline_auto\" id=\"style-css-av-ktju02vh-5b34c4ce2e6687a62d91c1d8bc9294c5\">\n#top .av-special-heading.av-ktju02vh-5b34c4ce2e6687a62d91c1d8bc9294c5{\nmargin:0 0 0 0;\npadding-bottom:10px;\ncolor:#000000;\n}\nbody .av-special-heading.av-ktju02vh-5b34c4ce2e6687a62d91c1d8bc9294c5 .av-special-heading-tag .heading-char{\nfont-size:25px;\n}\n.av-special-heading.av-ktju02vh-5b34c4ce2e6687a62d91c1d8bc9294c5 .special-heading-inner-border{\nborder-color:#000000;\n}\n.av-special-heading.av-ktju02vh-5b34c4ce2e6687a62d91c1d8bc9294c5 .av-subheading{\nfont-size:15px;\n}\n<\/style>\n<div  id=\"AnchorPalettenschleuse\"  class='av-special-heading av-ktju02vh-5b34c4ce2e6687a62d91c1d8bc9294c5 av-special-heading-h3 custom-color-heading blockquote modern-quote'><h3 class='av-special-heading-tag '  itemprop=\"headline\"  >Barri\u00e8re \u00e0 palettes <\/h3><div class=\"special-heading-border\"><div class=\"special-heading-inner-border\"><\/div><\/div><\/div><br \/>\n<section  class='av_textblock_section av-ktju1qaw-d8001f9cec6310e14862a4f76c0f98b5 '   itemscope=\"itemscope\" itemtype=\"https:\/\/schema.org\/CreativeWork\" ><div class='avia_textblock'  itemprop=\"text\" ><p>La barri\u00e8re \u00e0 palettes permet une protection antichute maximale sur les postes de transfert. Car la rambarde basculante est toujours ferm\u00e9e d\u2019un c\u00f4t\u00e9, quelle que soit la direction du transfert.<\/p>\n<\/div><\/section><\/p><\/div>\n\n<style type=\"text\/css\" data-created_by=\"avia_inline_auto\" id=\"style-css-av-i1xnn6-2b00276ddd8624ff94bebbe2902bf368\">\n.flex_column.av-i1xnn6-2b00276ddd8624ff94bebbe2902bf368{\nborder-radius:0px 0px 0px 0px;\npadding:0px 0px 0px 0px;\n}\n<\/style>\n<div  class='flex_column av-i1xnn6-2b00276ddd8624ff94bebbe2902bf368 av_one_third flex_column_div av-zero-column-padding  '     ><style type=\"text\/css\" data-created_by=\"avia_inline_auto\" id=\"style-css-av-ktjvc94m-534dd352d69d0e89a3561124816ca75d\">\n.avia-image-container.av-ktjvc94m-534dd352d69d0e89a3561124816ca75d img.avia_image{\nbox-shadow:none;\n}\n.avia-image-container.av-ktjvc94m-534dd352d69d0e89a3561124816ca75d .av-image-caption-overlay-center{\ncolor:#ffffff;\n}\n<\/style>\n<div  class='avia-image-container av-ktjvc94m-534dd352d69d0e89a3561124816ca75d av-styling- av-img-linked avia-align-center  img-border'   itemprop=\"image\" itemscope=\"itemscope\" itemtype=\"https:\/\/schema.org\/ImageObject\" ><div class=\"avia-image-container-inner\"><div class=\"avia-image-overlay-wrap\"><a href=\"https:\/\/galler.de\/wp-content\/uploads\/2021\/09\/lagerbuehnen-32.jpg\" data-srcset=\"https:\/\/galler.de\/wp-content\/uploads\/2021\/09\/lagerbuehnen-32.jpg 845w, https:\/\/galler.de\/wp-content\/uploads\/2021\/09\/lagerbuehnen-32-300x300.jpg 300w, https:\/\/galler.de\/wp-content\/uploads\/2021\/09\/lagerbuehnen-32-80x80.jpg 80w, https:\/\/galler.de\/wp-content\/uploads\/2021\/09\/lagerbuehnen-32-768x768.jpg 768w, https:\/\/galler.de\/wp-content\/uploads\/2021\/09\/lagerbuehnen-32-36x36.jpg 36w, https:\/\/galler.de\/wp-content\/uploads\/2021\/09\/lagerbuehnen-32-180x180.jpg 180w, https:\/\/galler.de\/wp-content\/uploads\/2021\/09\/lagerbuehnen-32-705x705.jpg 705w\" data-sizes=\"(max-width: 845px) 100vw, 845px\" class='avia_image '  ><img decoding=\"async\" fetchpriority=\"high\" class='wp-image-6546 avia-img-lazy-loading-not-6546 avia_image ' src=\"https:\/\/galler.de\/wp-content\/uploads\/2021\/09\/lagerbuehnen-32.jpg\" alt='' title=''  height=\"845\" width=\"845\"  itemprop=\"thumbnailUrl\" srcset=\"https:\/\/galler.de\/wp-content\/uploads\/2021\/09\/lagerbuehnen-32.jpg 845w, https:\/\/galler.de\/wp-content\/uploads\/2021\/09\/lagerbuehnen-32-300x300.jpg 300w, https:\/\/galler.de\/wp-content\/uploads\/2021\/09\/lagerbuehnen-32-80x80.jpg 80w, https:\/\/galler.de\/wp-content\/uploads\/2021\/09\/lagerbuehnen-32-768x768.jpg 768w, https:\/\/galler.de\/wp-content\/uploads\/2021\/09\/lagerbuehnen-32-36x36.jpg 36w, https:\/\/galler.de\/wp-content\/uploads\/2021\/09\/lagerbuehnen-32-180x180.jpg 180w, https:\/\/galler.de\/wp-content\/uploads\/2021\/09\/lagerbuehnen-32-705x705.jpg 705w\" sizes=\"(max-width: 845px) 100vw, 845px\" \/><\/a><\/div><\/div><\/div><\/div>\n\n<style type=\"text\/css\" data-created_by=\"avia_inline_auto\" id=\"style-css-av-1u1ssg-dd45047406ccb40c35fad1d02a5cf95f\">\n#top .hr.hr-invisible.av-1u1ssg-dd45047406ccb40c35fad1d02a5cf95f{\nheight:50px;\n}\n<\/style>\n<div  class='hr av-1u1ssg-dd45047406ccb40c35fad1d02a5cf95f hr-invisible'><span class='hr-inner '><span class=\"hr-inner-style\"><\/span><\/span><\/div>\n\n<style type=\"text\/css\" data-created_by=\"avia_inline_auto\" id=\"style-css-av-ktjvk932-ba3f1a516bb8cf68b0622ae1a91f63eb\">\n#top .av-special-heading.av-ktjvk932-ba3f1a516bb8cf68b0622ae1a91f63eb{\nmargin:28px 0 0 0;\npadding-bottom:10px;\ncolor:#000000;\n}\nbody .av-special-heading.av-ktjvk932-ba3f1a516bb8cf68b0622ae1a91f63eb .av-special-heading-tag .heading-char{\nfont-size:25px;\n}\n.av-special-heading.av-ktjvk932-ba3f1a516bb8cf68b0622ae1a91f63eb .special-heading-inner-border{\nborder-color:#000000;\n}\n.av-special-heading.av-ktjvk932-ba3f1a516bb8cf68b0622ae1a91f63eb .av-subheading{\nfont-size:15px;\n}\n<\/style>\n<div  class='av-special-heading av-ktjvk932-ba3f1a516bb8cf68b0622ae1a91f63eb av-special-heading-h3 custom-color-heading blockquote modern-quote'><h3 class='av-special-heading-tag '  itemprop=\"headline\"  >Porte coulissante<\/h3><div class=\"special-heading-border\"><div class=\"special-heading-inner-border\"><\/div><\/div><\/div>\n<section  class='av_textblock_section av-l0ry8xmx-7deff7914fd36212825395625bd67593 '   itemscope=\"itemscope\" itemtype=\"https:\/\/schema.org\/CreativeWork\" ><div class='avia_textblock'  itemprop=\"text\" ><p>Les portes coulissantes permettent une ouverture rapide et s\u00fbre de la rambarde sur un poste de transfert.<\/p>\n<\/div><\/section>\n\n<style type=\"text\/css\" data-created_by=\"avia_inline_auto\" id=\"style-css-av-l1oyzkc2-4087f9266b425281fbf32a0680003214\">\n.flex_column.av-l1oyzkc2-4087f9266b425281fbf32a0680003214{\nborder-radius:0px 0px 0px 0px;\npadding:0px 0px 0px 0px;\n}\n<\/style>\n<div  class='flex_column av-l1oyzkc2-4087f9266b425281fbf32a0680003214 av_one_third  galler-btn-col galler-btn-col_full-width first flex_column_div av-zero-column-padding  '     ><div  class='avia-button-wrap av-kvqk4oxi-b851065e822eb498a8c124c7131cc2f6-wrap avia-button-left  galler-btn-large'>\n<style type=\"text\/css\" data-created_by=\"avia_inline_auto\" id=\"style-css-av-kvqk4oxi-b851065e822eb498a8c124c7131cc2f6\">\n#top #wrap_all .avia-button.av-kvqk4oxi-b851065e822eb498a8c124c7131cc2f6{\nbackground-color:#0069b4;\nborder-color:#0069b4;\ncolor:#ffffff;\nborder-style:none;\nborder-radius:3px 3px 3px 3px;\nbox-shadow: 0px 0px 10px 0px #bbbbbb;\ntransition:all 0.4s ease-in-out;\n}\n#top #wrap_all .avia-button.av-kvqk4oxi-b851065e822eb498a8c124c7131cc2f6:hover{\nbackground-color:#004a7f;\ncolor:#ffffff;\ntransition:all 0.4s ease-in-out;\n}\n#top #wrap_all.avia-button.av-kvqk4oxi-b851065e822eb498a8c124c7131cc2f6:hover .avia_button_background{\nborder-radius:3px 3px 3px 3px;\n}\n#top #wrap_all .avia-button.av-kvqk4oxi-b851065e822eb498a8c124c7131cc2f6 .avia-svg-icon svg:first-child{\nfill:#ffffff;\nstroke:#ffffff;\n}\n#top #wrap_all .avia-button.av-kvqk4oxi-b851065e822eb498a8c124c7131cc2f6:hover .avia-svg-icon svg:first-child{\nfill:#ffffff;\nstroke:#ffffff;\n}\n<\/style>\n<a href='https:\/\/galler.de\/fr\/home-2\/produits\/systemes-de-stockage-complementaires\/mezzanine-de-stockage-standard\/'  class='avia-button av-kvqk4oxi-b851065e822eb498a8c124c7131cc2f6 av-link-btn avia-icon_select-yes-left-icon avia-size-large avia-position-left'   aria-label=\"Mezzanine de stockage\"><span class='avia_button_icon avia_button_icon_left avia-iconfont avia-font-entypo-fontello' data-av_icon='\ue832' data-av_iconfont='entypo-fontello' ><\/span><span class='avia_iconbox_title' >Mezzanine de stockage<\/span><\/a><\/div><\/div>\n","protected":false},"excerpt":{"rendered":"","protected":false},"author":5,"featured_media":0,"parent":27578,"menu_order":0,"comment_status":"closed","ping_status":"closed","template":"","meta":{"footnotes":""},"class_list":["post-27685","page","type-page","status-publish","hentry"],"yoast_head":"<!-- This site is optimized with the Yoast SEO plugin v27.5 - https:\/\/yoast.com\/product\/yoast-seo-wordpress\/ -->\n<title>Composants, accessoires individuels - Galler<\/title>\n<meta name=\"robots\" content=\"index, follow, max-snippet:-1, max-image-preview:large, max-video-preview:-1\" \/>\n<link rel=\"canonical\" href=\"https:\/\/galler.de\/fr\/home-2\/produits\/systemes-de-stockage-complementaires\/mezzanine-de-stockage-standard\/composants-accessoires-individuels\/\" \/>\n<meta property=\"og:locale\" content=\"fr_FR\" \/>\n<meta property=\"og:type\" content=\"article\" \/>\n<meta property=\"og:title\" content=\"Composants, accessoires individuels - Galler\" \/>\n<meta property=\"og:url\" content=\"https:\/\/galler.de\/fr\/home-2\/produits\/systemes-de-stockage-complementaires\/mezzanine-de-stockage-standard\/composants-accessoires-individuels\/\" \/>\n<meta property=\"og:site_name\" content=\"Galler\" \/>\n<meta property=\"article:modified_time\" content=\"2023-11-17T09:46:49+00:00\" \/>\n<meta name=\"twitter:card\" content=\"summary_large_image\" \/>\n<meta name=\"twitter:label1\" content=\"Dur\u00e9e de lecture estim\u00e9e\" \/>\n\t<meta name=\"twitter:data1\" content=\"49 minutes\" \/>\n<script type=\"application\/ld+json\" class=\"yoast-schema-graph\">{\"@context\":\"https:\\\/\\\/schema.org\",\"@graph\":[{\"@type\":\"WebPage\",\"@id\":\"https:\\\/\\\/galler.de\\\/fr\\\/home-2\\\/produits\\\/systemes-de-stockage-complementaires\\\/mezzanine-de-stockage-standard\\\/composants-accessoires-individuels\\\/\",\"url\":\"https:\\\/\\\/galler.de\\\/fr\\\/home-2\\\/produits\\\/systemes-de-stockage-complementaires\\\/mezzanine-de-stockage-standard\\\/composants-accessoires-individuels\\\/\",\"name\":\"Composants, accessoires individuels - Galler\",\"isPartOf\":{\"@id\":\"https:\\\/\\\/galler.de\\\/fr\\\/#website\"},\"datePublished\":\"2021-10-29T12:14:01+00:00\",\"dateModified\":\"2023-11-17T09:46:49+00:00\",\"breadcrumb\":{\"@id\":\"https:\\\/\\\/galler.de\\\/fr\\\/home-2\\\/produits\\\/systemes-de-stockage-complementaires\\\/mezzanine-de-stockage-standard\\\/composants-accessoires-individuels\\\/#breadcrumb\"},\"inLanguage\":\"fr-FR\",\"potentialAction\":[{\"@type\":\"ReadAction\",\"target\":[\"https:\\\/\\\/galler.de\\\/fr\\\/home-2\\\/produits\\\/systemes-de-stockage-complementaires\\\/mezzanine-de-stockage-standard\\\/composants-accessoires-individuels\\\/\"]}]},{\"@type\":\"BreadcrumbList\",\"@id\":\"https:\\\/\\\/galler.de\\\/fr\\\/home-2\\\/produits\\\/systemes-de-stockage-complementaires\\\/mezzanine-de-stockage-standard\\\/composants-accessoires-individuels\\\/#breadcrumb\",\"itemListElement\":[{\"@type\":\"ListItem\",\"position\":1,\"name\":\"Startseite\",\"item\":\"https:\\\/\\\/galler.de\\\/fr\\\/\"},{\"@type\":\"ListItem\",\"position\":2,\"name\":\"Home\",\"item\":\"https:\\\/\\\/galler.de\\\/fr\\\/\"},{\"@type\":\"ListItem\",\"position\":3,\"name\":\"Produits\",\"item\":\"https:\\\/\\\/galler.de\\\/fr\\\/home-2\\\/produits\\\/\"},{\"@type\":\"ListItem\",\"position\":4,\"name\":\"Syst\u00e8mes de stockage compl\u00e9mentaires\",\"item\":\"https:\\\/\\\/galler.de\\\/fr\\\/home-2\\\/produits\\\/systemes-de-stockage-complementaires\\\/\"},{\"@type\":\"ListItem\",\"position\":5,\"name\":\"Mezzanine de stockage, standard\",\"item\":\"https:\\\/\\\/galler.de\\\/fr\\\/home-2\\\/produits\\\/systemes-de-stockage-complementaires\\\/mezzanine-de-stockage-standard\\\/\"},{\"@type\":\"ListItem\",\"position\":6,\"name\":\"Composants, accessoires individuels\"}]},{\"@type\":\"WebSite\",\"@id\":\"https:\\\/\\\/galler.de\\\/fr\\\/#website\",\"url\":\"https:\\\/\\\/galler.de\\\/fr\\\/\",\"name\":\"Galler\",\"description\":\"Galler Lager und Regaltechnik\",\"publisher\":{\"@id\":\"https:\\\/\\\/galler.de\\\/fr\\\/#organization\"},\"potentialAction\":[{\"@type\":\"SearchAction\",\"target\":{\"@type\":\"EntryPoint\",\"urlTemplate\":\"https:\\\/\\\/galler.de\\\/fr\\\/?s={search_term_string}\"},\"query-input\":{\"@type\":\"PropertyValueSpecification\",\"valueRequired\":true,\"valueName\":\"search_term_string\"}}],\"inLanguage\":\"fr-FR\"},{\"@type\":\"Organization\",\"@id\":\"https:\\\/\\\/galler.de\\\/fr\\\/#organization\",\"name\":\"Galler\",\"url\":\"https:\\\/\\\/galler.de\\\/fr\\\/\",\"logo\":{\"@type\":\"ImageObject\",\"inLanguage\":\"fr-FR\",\"@id\":\"https:\\\/\\\/galler.de\\\/fr\\\/#\\\/schema\\\/logo\\\/image\\\/\",\"url\":\"https:\\\/\\\/galler.de\\\/wp-content\\\/uploads\\\/2021\\\/07\\\/logo_galler.png\",\"contentUrl\":\"https:\\\/\\\/galler.de\\\/wp-content\\\/uploads\\\/2021\\\/07\\\/logo_galler.png\",\"width\":320,\"height\":77,\"caption\":\"Galler\"},\"image\":{\"@id\":\"https:\\\/\\\/galler.de\\\/fr\\\/#\\\/schema\\\/logo\\\/image\\\/\"},\"sameAs\":[\"https:\\\/\\\/www.linkedin.com\\\/company\\\/galler-lager\\\/\"]}]}<\/script>\n<!-- \/ Yoast SEO plugin. -->","yoast_head_json":{"title":"Composants, accessoires individuels - Galler","robots":{"index":"index","follow":"follow","max-snippet":"max-snippet:-1","max-image-preview":"max-image-preview:large","max-video-preview":"max-video-preview:-1"},"canonical":"https:\/\/galler.de\/fr\/home-2\/produits\/systemes-de-stockage-complementaires\/mezzanine-de-stockage-standard\/composants-accessoires-individuels\/","og_locale":"fr_FR","og_type":"article","og_title":"Composants, accessoires individuels - Galler","og_url":"https:\/\/galler.de\/fr\/home-2\/produits\/systemes-de-stockage-complementaires\/mezzanine-de-stockage-standard\/composants-accessoires-individuels\/","og_site_name":"Galler","article_modified_time":"2023-11-17T09:46:49+00:00","twitter_card":"summary_large_image","twitter_misc":{"Dur\u00e9e de lecture estim\u00e9e":"49 minutes"},"schema":{"@context":"https:\/\/schema.org","@graph":[{"@type":"WebPage","@id":"https:\/\/galler.de\/fr\/home-2\/produits\/systemes-de-stockage-complementaires\/mezzanine-de-stockage-standard\/composants-accessoires-individuels\/","url":"https:\/\/galler.de\/fr\/home-2\/produits\/systemes-de-stockage-complementaires\/mezzanine-de-stockage-standard\/composants-accessoires-individuels\/","name":"Composants, accessoires individuels - Galler","isPartOf":{"@id":"https:\/\/galler.de\/fr\/#website"},"datePublished":"2021-10-29T12:14:01+00:00","dateModified":"2023-11-17T09:46:49+00:00","breadcrumb":{"@id":"https:\/\/galler.de\/fr\/home-2\/produits\/systemes-de-stockage-complementaires\/mezzanine-de-stockage-standard\/composants-accessoires-individuels\/#breadcrumb"},"inLanguage":"fr-FR","potentialAction":[{"@type":"ReadAction","target":["https:\/\/galler.de\/fr\/home-2\/produits\/systemes-de-stockage-complementaires\/mezzanine-de-stockage-standard\/composants-accessoires-individuels\/"]}]},{"@type":"BreadcrumbList","@id":"https:\/\/galler.de\/fr\/home-2\/produits\/systemes-de-stockage-complementaires\/mezzanine-de-stockage-standard\/composants-accessoires-individuels\/#breadcrumb","itemListElement":[{"@type":"ListItem","position":1,"name":"Startseite","item":"https:\/\/galler.de\/fr\/"},{"@type":"ListItem","position":2,"name":"Home","item":"https:\/\/galler.de\/fr\/"},{"@type":"ListItem","position":3,"name":"Produits","item":"https:\/\/galler.de\/fr\/home-2\/produits\/"},{"@type":"ListItem","position":4,"name":"Syst\u00e8mes de stockage compl\u00e9mentaires","item":"https:\/\/galler.de\/fr\/home-2\/produits\/systemes-de-stockage-complementaires\/"},{"@type":"ListItem","position":5,"name":"Mezzanine de stockage, standard","item":"https:\/\/galler.de\/fr\/home-2\/produits\/systemes-de-stockage-complementaires\/mezzanine-de-stockage-standard\/"},{"@type":"ListItem","position":6,"name":"Composants, accessoires individuels"}]},{"@type":"WebSite","@id":"https:\/\/galler.de\/fr\/#website","url":"https:\/\/galler.de\/fr\/","name":"Galler","description":"Galler Lager und Regaltechnik","publisher":{"@id":"https:\/\/galler.de\/fr\/#organization"},"potentialAction":[{"@type":"SearchAction","target":{"@type":"EntryPoint","urlTemplate":"https:\/\/galler.de\/fr\/?s={search_term_string}"},"query-input":{"@type":"PropertyValueSpecification","valueRequired":true,"valueName":"search_term_string"}}],"inLanguage":"fr-FR"},{"@type":"Organization","@id":"https:\/\/galler.de\/fr\/#organization","name":"Galler","url":"https:\/\/galler.de\/fr\/","logo":{"@type":"ImageObject","inLanguage":"fr-FR","@id":"https:\/\/galler.de\/fr\/#\/schema\/logo\/image\/","url":"https:\/\/galler.de\/wp-content\/uploads\/2021\/07\/logo_galler.png","contentUrl":"https:\/\/galler.de\/wp-content\/uploads\/2021\/07\/logo_galler.png","width":320,"height":77,"caption":"Galler"},"image":{"@id":"https:\/\/galler.de\/fr\/#\/schema\/logo\/image\/"},"sameAs":["https:\/\/www.linkedin.com\/company\/galler-lager\/"]}]}},"_links":{"self":[{"href":"https:\/\/galler.de\/fr\/wp-json\/wp\/v2\/pages\/27685","targetHints":{"allow":["GET"]}}],"collection":[{"href":"https:\/\/galler.de\/fr\/wp-json\/wp\/v2\/pages"}],"about":[{"href":"https:\/\/galler.de\/fr\/wp-json\/wp\/v2\/types\/page"}],"author":[{"embeddable":true,"href":"https:\/\/galler.de\/fr\/wp-json\/wp\/v2\/users\/5"}],"replies":[{"embeddable":true,"href":"https:\/\/galler.de\/fr\/wp-json\/wp\/v2\/comments?post=27685"}],"version-history":[{"count":0,"href":"https:\/\/galler.de\/fr\/wp-json\/wp\/v2\/pages\/27685\/revisions"}],"up":[{"embeddable":true,"href":"https:\/\/galler.de\/fr\/wp-json\/wp\/v2\/pages\/27578"}],"wp:attachment":[{"href":"https:\/\/galler.de\/fr\/wp-json\/wp\/v2\/media?parent=27685"}],"curies":[{"name":"wp","href":"https:\/\/api.w.org\/{rel}","templated":true}]}}