{"id":27560,"date":"2021-08-19T15:55:04","date_gmt":"2021-08-19T13:55:04","guid":{"rendered":"https:\/\/galler.de\/home-2\/produits\/systemes-de-stockage-complementaires\/rayonnage-a-tablettes\/"},"modified":"2023-11-15T15:05:18","modified_gmt":"2023-11-15T14:05:18","slug":"rayonnage-a-tablettes","status":"publish","type":"page","link":"https:\/\/galler.de\/fr\/home-2\/produits\/systemes-de-stockage-complementaires\/rayonnage-a-tablettes\/","title":{"rendered":"Rayonnage \u00e0 tablettes"},"content":{"rendered":"<section  class='av_textblock_section av-2wgiws-0f3a4017499c16a1480c9c11374676e7 '   itemscope=\"itemscope\" itemtype=\"https:\/\/schema.org\/CreativeWork\" ><div class='avia_textblock'  itemprop=\"text\" ><div class=\"breadcrumb breadcrumbs avia-breadcrumbs\"><div class=\"breadcrumb-trail\" ><span class=\"trail-before\"><span class=\"breadcrumb-title\">You are here:<\/span><\/span> <span  itemscope=\"itemscope\" itemtype=\"https:\/\/schema.org\/BreadcrumbList\" ><span  itemscope=\"itemscope\" itemtype=\"https:\/\/schema.org\/ListItem\" itemprop=\"itemListElement\" ><a itemprop=\"url\" href=\"https:\/\/galler.de\/fr\/\" title=\"Galler\" rel=\"home\" class=\"trail-begin\"><span itemprop=\"name\">Home<\/span><\/a><span itemprop=\"position\" class=\"hidden\">1<\/span><\/span><\/span><\/div><\/div>\n<\/div><\/section>\n\n<style type=\"text\/css\" data-created_by=\"avia_inline_auto\" id=\"style-css-av-ksizjzqd-dde699b8515881452b6541883f4da633\">\n#top .av-special-heading.av-ksizjzqd-dde699b8515881452b6541883f4da633{\npadding-bottom:10px;\n}\nbody .av-special-heading.av-ksizjzqd-dde699b8515881452b6541883f4da633 .av-special-heading-tag .heading-char{\nfont-size:25px;\n}\n.av-special-heading.av-ksizjzqd-dde699b8515881452b6541883f4da633 .av-subheading{\nfont-size:15px;\n}\n<\/style>\n<div  class='av-special-heading av-ksizjzqd-dde699b8515881452b6541883f4da633 av-special-heading-h1 blockquote modern-quote'><h1 class='av-special-heading-tag '  itemprop=\"headline\"  >Rayonnage \u00e0 tablettes<\/h1><div class=\"special-heading-border\"><div class=\"special-heading-inner-border\"><\/div><\/div><\/div>\n<section  class='av_textblock_section av-kt1cmwdy-ff738318065c912e4e56d8deb4c5e090 '   itemscope=\"itemscope\" itemtype=\"https:\/\/schema.org\/CreativeWork\" ><div class='avia_textblock'  itemprop=\"text\" ><p>Utilisation flexible et combinable \u00e0 volont\u00e9, les rayonnages \u00e0 tablettes de GALLER conviennent sp\u00e9cialement aux marchandises non palettis\u00e9es en petits et tr\u00e8s petits emballages. En tant que syst\u00e8me de stockage manuel, ils sont toujours utilis\u00e9s lorsqu\u2019il faut stocker de nombreux articles et de petites quantit\u00e9s. Comme les marchandises sont d\u00e9pos\u00e9es directement sur la tablette, les petites pi\u00e8ces peuvent \u00eatre stock\u00e9es aussi bien dans des bacs et des suremballages qu\u2019en vrac. Le syst\u00e8me GALLER permet d\u2019organiser des rayonnages \u00e0 plusieurs \u00e9tages.<\/p>\n<\/div><\/section>\n\n<style type=\"text\/css\" data-created_by=\"avia_inline_auto\" id=\"style-css-av-eguto-32c59f07fc3cc0b1cfee637823a2b368\">\n#top .hr.hr-invisible.av-eguto-32c59f07fc3cc0b1cfee637823a2b368{\nheight:20px;\n}\n<\/style>\n<div  class='hr av-eguto-32c59f07fc3cc0b1cfee637823a2b368 hr-invisible'><span class='hr-inner '><span class=\"hr-inner-style\"><\/span><\/span><\/div>\n\n<style type=\"text\/css\" data-created_by=\"avia_inline_auto\" id=\"style-css-av-kt1contv-d1f58f0cb9c65486e6b65ced006079bd\">\n#top .av-special-heading.av-kt1contv-d1f58f0cb9c65486e6b65ced006079bd{\nmargin:28px 0 0 0;\npadding-bottom:10px;\n}\nbody .av-special-heading.av-kt1contv-d1f58f0cb9c65486e6b65ced006079bd .av-special-heading-tag .heading-char{\nfont-size:25px;\n}\n.av-special-heading.av-kt1contv-d1f58f0cb9c65486e6b65ced006079bd .av-subheading{\nfont-size:15px;\n}\n<\/style>\n<div  class='av-special-heading av-kt1contv-d1f58f0cb9c65486e6b65ced006079bd av-special-heading-h2 blockquote modern-quote'><h2 class='av-special-heading-tag '  itemprop=\"headline\"  >Avantages<\/h2><div class=\"special-heading-border\"><div class=\"special-heading-inner-border\"><\/div><\/div><\/div>\n<section  class='av_textblock_section av-kt1cp4z1-4402c0d07008cfbd2e272b6048db3dd7 '   itemscope=\"itemscope\" itemtype=\"https:\/\/schema.org\/CreativeWork\" ><div class='avia_textblock'  itemprop=\"text\" ><ul>\n<li>Hauteur de rayonnage entre 1 800 mm et 7 500 mm, rayonnage simple ou double<\/li>\n<li>Les tablettes sont simplement ins\u00e9r\u00e9es dans les cadres porteurs au pas de 25 mm.<\/li>\n<li>Une tr\u00e8s large gamme d\u2019accessoires permet une utilisation tr\u00e8s polyvalente.<\/li>\n<li>Construction et transformation rapide et sans probl\u00e8me, si besoin<\/li>\n<li>La trame d\u2019insertion de 25 mm permet une optimisation de la hauteur des tablettes.<\/li>\n<\/ul>\n<\/div><\/section>\n\n<style type=\"text\/css\" data-created_by=\"avia_inline_auto\" id=\"style-css-av-fhfr3g-652cd604a23fff9a255fbe4215a8f032\">\n.flex_column.av-fhfr3g-652cd604a23fff9a255fbe4215a8f032{\nborder-radius:0px 0px 0px 0px;\npadding:0px 0px 0px 0px;\n}\n<\/style>\n<div  class='flex_column av-fhfr3g-652cd604a23fff9a255fbe4215a8f032 av_two_fifth first flex_column_div av-zero-column-padding  '     ><p>\n<style type=\"text\/css\" data-created_by=\"avia_inline_auto\" id=\"style-css-av-kt1cqons-7bdd7bede3191e412e167420c8d65048\">\n.avia-image-container.av-kt1cqons-7bdd7bede3191e412e167420c8d65048 img.avia_image{\nbox-shadow:none;\n}\n.avia-image-container.av-kt1cqons-7bdd7bede3191e412e167420c8d65048 .av-image-caption-overlay-center{\ncolor:#ffffff;\n}\n<\/style>\n<div  class='avia-image-container av-kt1cqons-7bdd7bede3191e412e167420c8d65048 av-styling- av-img-linked avia-align-center  img-border'   itemprop=\"image\" itemscope=\"itemscope\" itemtype=\"https:\/\/schema.org\/ImageObject\" ><div class=\"avia-image-container-inner\"><div class=\"avia-image-overlay-wrap\"><a href=\"https:\/\/galler.de\/wp-content\/uploads\/2022\/03\/Produkte_Fachbodenregale_kapitel-2-1311-korr2_2-1.jpg\" data-srcset=\"https:\/\/galler.de\/wp-content\/uploads\/2022\/03\/Produkte_Fachbodenregale_kapitel-2-1311-korr2_2-1.jpg 845w, https:\/\/galler.de\/wp-content\/uploads\/2022\/03\/Produkte_Fachbodenregale_kapitel-2-1311-korr2_2-1-235x300.jpg 235w, https:\/\/galler.de\/wp-content\/uploads\/2022\/03\/Produkte_Fachbodenregale_kapitel-2-1311-korr2_2-1-768x979.jpg 768w, https:\/\/galler.de\/wp-content\/uploads\/2022\/03\/Produkte_Fachbodenregale_kapitel-2-1311-korr2_2-1-553x705.jpg 553w\" data-sizes=\"(max-width: 845px) 100vw, 845px\" class='avia_image '  ><img decoding=\"async\" fetchpriority=\"high\" class='wp-image-27569 avia-img-lazy-loading-not-27569 avia_image ' src=\"https:\/\/galler.de\/wp-content\/uploads\/2022\/03\/Produkte_Fachbodenregale_kapitel-2-1311-korr2_2-1.jpg\" alt='' title=''  height=\"1077\" width=\"845\"  itemprop=\"thumbnailUrl\" srcset=\"https:\/\/galler.de\/wp-content\/uploads\/2022\/03\/Produkte_Fachbodenregale_kapitel-2-1311-korr2_2-1.jpg 845w, https:\/\/galler.de\/wp-content\/uploads\/2022\/03\/Produkte_Fachbodenregale_kapitel-2-1311-korr2_2-1-235x300.jpg 235w, https:\/\/galler.de\/wp-content\/uploads\/2022\/03\/Produkte_Fachbodenregale_kapitel-2-1311-korr2_2-1-768x979.jpg 768w, https:\/\/galler.de\/wp-content\/uploads\/2022\/03\/Produkte_Fachbodenregale_kapitel-2-1311-korr2_2-1-553x705.jpg 553w\" sizes=\"(max-width: 845px) 100vw, 845px\" \/><\/a><\/div><\/div><\/div><br \/>\n\n<style type=\"text\/css\" data-created_by=\"avia_inline_auto\" id=\"style-css-av-l0rvots2-be443658b5a9ca8e7440cd017d2b4b9c\">\n#top .av_textblock_section.av-l0rvots2-be443658b5a9ca8e7440cd017d2b4b9c .avia_textblock{\nfont-size:14px;\n}\n<\/style>\n<section  class='av_textblock_section av-l0rvots2-be443658b5a9ca8e7440cd017d2b4b9c '   itemscope=\"itemscope\" itemtype=\"https:\/\/schema.org\/CreativeWork\" ><div class='avia_textblock'  itemprop=\"text\" ><p>Les rayonnages \u00e0 tablettes GALLER sont adapt\u00e9s individuellement \u00e0 l\u2019entrep\u00f4t.<\/p>\n<\/div><\/section><\/p><\/div>\n\n<style type=\"text\/css\" data-created_by=\"avia_inline_auto\" id=\"style-css-av-dl0m98-b1843e8a54b1f625adcf16ae76bb2886\">\n.flex_column.av-dl0m98-b1843e8a54b1f625adcf16ae76bb2886{\nborder-radius:0px 0px 0px 0px;\npadding:0px 0px 0px 0px;\n}\n<\/style>\n<div  class='flex_column av-dl0m98-b1843e8a54b1f625adcf16ae76bb2886 av_three_fifth flex_column_div av-zero-column-padding  '     ><p>\n<style type=\"text\/css\" data-created_by=\"avia_inline_auto\" id=\"style-css-av-kt1cyo1a-39559f4a4add80076706fde1cb595976\">\n.avia-image-container.av-kt1cyo1a-39559f4a4add80076706fde1cb595976 img.avia_image{\nbox-shadow:none;\n}\n.avia-image-container.av-kt1cyo1a-39559f4a4add80076706fde1cb595976 .av-image-caption-overlay-center{\ncolor:#ffffff;\n}\n<\/style>\n<div  class='avia-image-container av-kt1cyo1a-39559f4a4add80076706fde1cb595976 av-styling- av-img-linked avia-align-center  img-border'   itemprop=\"image\" itemscope=\"itemscope\" itemtype=\"https:\/\/schema.org\/ImageObject\" ><div class=\"avia-image-container-inner\"><div class=\"avia-image-overlay-wrap\"><a href=\"https:\/\/galler.de\/wp-content\/uploads\/2021\/10\/Produkte_Fachbodenregale_kapitel-2-1311korr2.jpg\" data-srcset=\"https:\/\/galler.de\/wp-content\/uploads\/2021\/10\/Produkte_Fachbodenregale_kapitel-2-1311korr2.jpg 845w, https:\/\/galler.de\/wp-content\/uploads\/2021\/10\/Produkte_Fachbodenregale_kapitel-2-1311korr2-300x241.jpg 300w, https:\/\/galler.de\/wp-content\/uploads\/2021\/10\/Produkte_Fachbodenregale_kapitel-2-1311korr2-768x618.jpg 768w, https:\/\/galler.de\/wp-content\/uploads\/2021\/10\/Produkte_Fachbodenregale_kapitel-2-1311korr2-705x567.jpg 705w\" data-sizes=\"(max-width: 845px) 100vw, 845px\" class='avia_image '  ><img decoding=\"async\" fetchpriority=\"high\" class='wp-image-27567 avia-img-lazy-loading-not-27567 avia_image ' src=\"https:\/\/galler.de\/wp-content\/uploads\/2021\/10\/Produkte_Fachbodenregale_kapitel-2-1311korr2.jpg\" alt='' title=''  height=\"680\" width=\"845\"  itemprop=\"thumbnailUrl\" srcset=\"https:\/\/galler.de\/wp-content\/uploads\/2021\/10\/Produkte_Fachbodenregale_kapitel-2-1311korr2.jpg 845w, https:\/\/galler.de\/wp-content\/uploads\/2021\/10\/Produkte_Fachbodenregale_kapitel-2-1311korr2-300x241.jpg 300w, https:\/\/galler.de\/wp-content\/uploads\/2021\/10\/Produkte_Fachbodenregale_kapitel-2-1311korr2-768x618.jpg 768w, https:\/\/galler.de\/wp-content\/uploads\/2021\/10\/Produkte_Fachbodenregale_kapitel-2-1311korr2-705x567.jpg 705w\" sizes=\"(max-width: 845px) 100vw, 845px\" \/><\/a><\/div><\/div><\/div><br \/>\n\n<style type=\"text\/css\" data-created_by=\"avia_inline_auto\" id=\"style-css-av-l0rvpdb4-75cb061356d8a2099f6122fcdb593072\">\n#top .av_textblock_section.av-l0rvpdb4-75cb061356d8a2099f6122fcdb593072 .avia_textblock{\nfont-size:14px;\n}\n<\/style>\n<section  class='av_textblock_section av-l0rvpdb4-75cb061356d8a2099f6122fcdb593072 '   itemscope=\"itemscope\" itemtype=\"https:\/\/schema.org\/CreativeWork\" ><div class='avia_textblock'  itemprop=\"text\" ><p>Les rayonnages \u00e0 tablettes de GALLER proposent une flexibilit\u00e9 \u00e9lev\u00e9e quant aux articles stock\u00e9s.<\/p>\n<\/div><\/section><\/p><\/div>\n\n<style type=\"text\/css\" data-created_by=\"avia_inline_auto\" id=\"style-css-av-ax424-d54379f96b506167cf3dc1e4cae887c9\">\n#top .hr.hr-invisible.av-ax424-d54379f96b506167cf3dc1e4cae887c9{\nheight:20px;\n}\n<\/style>\n<div  class='hr av-ax424-d54379f96b506167cf3dc1e4cae887c9 hr-invisible'><span class='hr-inner '><span class=\"hr-inner-style\"><\/span><\/span><\/div>\n\n<style type=\"text\/css\" data-created_by=\"avia_inline_auto\" id=\"style-css-av-kt1cvzjr-427ca11a4bd6661669b6504636182fcc\">\n#top .av-special-heading.av-kt1cvzjr-427ca11a4bd6661669b6504636182fcc{\nmargin:28px 0 0 0;\npadding-bottom:10px;\n}\nbody .av-special-heading.av-kt1cvzjr-427ca11a4bd6661669b6504636182fcc .av-special-heading-tag .heading-char{\nfont-size:25px;\n}\n.av-special-heading.av-kt1cvzjr-427ca11a4bd6661669b6504636182fcc .av-subheading{\nfont-size:15px;\n}\n<\/style>\n<div  class='av-special-heading av-kt1cvzjr-427ca11a4bd6661669b6504636182fcc av-special-heading-h3 blockquote modern-quote'><h3 class='av-special-heading-tag '  itemprop=\"headline\"  >Tablettes vari\u00e9es<\/h3><div class=\"special-heading-border\"><div class=\"special-heading-inner-border\"><\/div><\/div><\/div>\n<section  class='av_textblock_section av-kt1cv2m8-d0a55cdbbc2de46720f1d2fcf2022995 '   itemscope=\"itemscope\" itemtype=\"https:\/\/schema.org\/CreativeWork\" ><div class='avia_textblock'  itemprop=\"text\" ><ul>\n<li>GALLER vous propose des tablettes en quatre largeurs et en diff\u00e9rentes profondeurs, en fonction de vos besoins.<\/li>\n<li>Deux hauteurs (25 mm et 40 mm) et quatre charges utiles (85 kg, 150 kg, 250 kg, 330 kg)<\/li>\n<\/ul>\n<\/div><\/section>\n\n<style type=\"text\/css\" data-created_by=\"avia_inline_auto\" id=\"style-css-av-an5j6k-d68d1fd0e54a90211024afee4661c758\">\n.flex_column.av-an5j6k-d68d1fd0e54a90211024afee4661c758{\nborder-radius:0px 0px 0px 0px;\npadding:0px 0px 0px 0px;\n}\n<\/style>\n<div  class='flex_column av-an5j6k-d68d1fd0e54a90211024afee4661c758 av_one_half first flex_column_div av-zero-column-padding  '     ><p>\n<style type=\"text\/css\" data-created_by=\"avia_inline_auto\" id=\"style-css-av-kt1cxocu-a38e99f4594f902a50c7abc1108afe9f\">\n.avia-image-container.av-kt1cxocu-a38e99f4594f902a50c7abc1108afe9f img.avia_image{\nbox-shadow:none;\n}\n.avia-image-container.av-kt1cxocu-a38e99f4594f902a50c7abc1108afe9f .av-image-caption-overlay-center{\ncolor:#ffffff;\n}\n<\/style>\n<div  class='avia-image-container av-kt1cxocu-a38e99f4594f902a50c7abc1108afe9f av-styling- av-img-linked avia-align-center'   itemprop=\"image\" itemscope=\"itemscope\" itemtype=\"https:\/\/schema.org\/ImageObject\" ><div class=\"avia-image-container-inner\"><div class=\"avia-image-overlay-wrap\"><a href=\"https:\/\/galler.de\/wp-content\/uploads\/2021\/09\/Fachbodenregale-03_Schulte-Seite17_Fachboden_VIER_Breiten.jpg\" data-srcset=\"https:\/\/galler.de\/wp-content\/uploads\/2021\/09\/Fachbodenregale-03_Schulte-Seite17_Fachboden_VIER_Breiten.jpg 1030w, https:\/\/galler.de\/wp-content\/uploads\/2021\/09\/Fachbodenregale-03_Schulte-Seite17_Fachboden_VIER_Breiten-300x169.jpg 300w, https:\/\/galler.de\/wp-content\/uploads\/2021\/09\/Fachbodenregale-03_Schulte-Seite17_Fachboden_VIER_Breiten-768x432.jpg 768w, https:\/\/galler.de\/wp-content\/uploads\/2021\/09\/Fachbodenregale-03_Schulte-Seite17_Fachboden_VIER_Breiten-705x396.jpg 705w\" data-sizes=\"(max-width: 1030px) 100vw, 1030px\" class='avia_image '  aria-label='Tablettes 750, 1 000, 1 300, 1 500 mm de largeur et 300 \u2013 1 000 mm de profondeur'><img decoding=\"async\" fetchpriority=\"high\" class='wp-image-27561 avia-img-lazy-loading-not-27561 avia_image ' src=\"https:\/\/galler.de\/wp-content\/uploads\/2021\/09\/Fachbodenregale-03_Schulte-Seite17_Fachboden_VIER_Breiten.jpg\" alt='Tablettes 750, 1 000, 1 300, 1 500 mm de largeur et 300 \u2013 1 000 mm de profondeur' title='Tablettes 750, 1 000, 1 300, 1 500 mm de largeur et 300 \u2013 1 000 mm de profondeur'  height=\"579\" width=\"1030\"  itemprop=\"thumbnailUrl\" srcset=\"https:\/\/galler.de\/wp-content\/uploads\/2021\/09\/Fachbodenregale-03_Schulte-Seite17_Fachboden_VIER_Breiten.jpg 1030w, https:\/\/galler.de\/wp-content\/uploads\/2021\/09\/Fachbodenregale-03_Schulte-Seite17_Fachboden_VIER_Breiten-300x169.jpg 300w, https:\/\/galler.de\/wp-content\/uploads\/2021\/09\/Fachbodenregale-03_Schulte-Seite17_Fachboden_VIER_Breiten-768x432.jpg 768w, https:\/\/galler.de\/wp-content\/uploads\/2021\/09\/Fachbodenregale-03_Schulte-Seite17_Fachboden_VIER_Breiten-705x396.jpg 705w\" sizes=\"(max-width: 1030px) 100vw, 1030px\" \/><\/a><\/div><\/div><\/div><br \/>\n\n<style type=\"text\/css\" data-created_by=\"avia_inline_auto\" id=\"style-css-av-kt1cxcho-9708ac0f1bfba91d67971fc5232afafe\">\n#top .av_textblock_section.av-kt1cxcho-9708ac0f1bfba91d67971fc5232afafe .avia_textblock{\nfont-size:14px;\n}\n<\/style>\n<section  class='av_textblock_section av-kt1cxcho-9708ac0f1bfba91d67971fc5232afafe '   itemscope=\"itemscope\" itemtype=\"https:\/\/schema.org\/CreativeWork\" ><div class='avia_textblock'  itemprop=\"text\" ><p>Tablettes 750, 1 000, 1 300, 1 500 mm de largeur et 300 \u2013 1 000 mm de profondeur<\/p>\n<\/div><\/section><\/p><\/div>\n<style type=\"text\/css\" data-created_by=\"avia_inline_auto\" id=\"style-css-av-9di0ik-aa364b61003c4880af4d413961586dff\">\n.flex_column.av-9di0ik-aa364b61003c4880af4d413961586dff{\nborder-radius:0px 0px 0px 0px;\npadding:0px 0px 0px 0px;\n}\n<\/style>\n<div  class='flex_column av-9di0ik-aa364b61003c4880af4d413961586dff av_one_half flex_column_div av-zero-column-padding  '     ><style type=\"text\/css\" data-created_by=\"avia_inline_auto\" id=\"style-css-av-kt1cy725-ac69f67fa60e3452874729e514cb7810\">\n.avia-image-container.av-kt1cy725-ac69f67fa60e3452874729e514cb7810 img.avia_image{\nbox-shadow:none;\n}\n.avia-image-container.av-kt1cy725-ac69f67fa60e3452874729e514cb7810 .av-image-caption-overlay-center{\ncolor:#ffffff;\n}\n<\/style>\n<div  class='avia-image-container av-kt1cy725-ac69f67fa60e3452874729e514cb7810 av-styling- av-img-linked avia-align-center'   itemprop=\"image\" itemscope=\"itemscope\" itemtype=\"https:\/\/schema.org\/ImageObject\" ><div class=\"avia-image-container-inner\"><div class=\"avia-image-overlay-wrap\"><a href=\"https:\/\/galler.de\/wp-content\/uploads\/2021\/09\/Fachbodenregale-04_Schulte-Seite17_Boden_330kg_2VU.jpg\" data-srcset=\"https:\/\/galler.de\/wp-content\/uploads\/2021\/09\/Fachbodenregale-04_Schulte-Seite17_Boden_330kg_2VU.jpg 1030w, https:\/\/galler.de\/wp-content\/uploads\/2021\/09\/Fachbodenregale-04_Schulte-Seite17_Boden_330kg_2VU-300x169.jpg 300w, https:\/\/galler.de\/wp-content\/uploads\/2021\/09\/Fachbodenregale-04_Schulte-Seite17_Boden_330kg_2VU-768x432.jpg 768w, https:\/\/galler.de\/wp-content\/uploads\/2021\/09\/Fachbodenregale-04_Schulte-Seite17_Boden_330kg_2VU-705x396.jpg 705w\" data-sizes=\"(max-width: 1030px) 100vw, 1030px\" class='avia_image '  aria-label='Quatre charges utiles'><img decoding=\"async\" fetchpriority=\"high\" class='wp-image-27562 avia-img-lazy-loading-not-27562 avia_image ' src=\"https:\/\/galler.de\/wp-content\/uploads\/2021\/09\/Fachbodenregale-04_Schulte-Seite17_Boden_330kg_2VU.jpg\" alt='Quatre charges utiles' title='Quatre charges utiles'  height=\"579\" width=\"1030\"  itemprop=\"thumbnailUrl\" srcset=\"https:\/\/galler.de\/wp-content\/uploads\/2021\/09\/Fachbodenregale-04_Schulte-Seite17_Boden_330kg_2VU.jpg 1030w, https:\/\/galler.de\/wp-content\/uploads\/2021\/09\/Fachbodenregale-04_Schulte-Seite17_Boden_330kg_2VU-300x169.jpg 300w, https:\/\/galler.de\/wp-content\/uploads\/2021\/09\/Fachbodenregale-04_Schulte-Seite17_Boden_330kg_2VU-768x432.jpg 768w, https:\/\/galler.de\/wp-content\/uploads\/2021\/09\/Fachbodenregale-04_Schulte-Seite17_Boden_330kg_2VU-705x396.jpg 705w\" sizes=\"(max-width: 1030px) 100vw, 1030px\" \/><\/a><\/div><\/div><\/div><\/div>\n<style type=\"text\/css\" data-created_by=\"avia_inline_auto\" id=\"style-css-av-2brhx8-1a4322a1b3994870d8fba751beea7396\">\n#top .hr.hr-invisible.av-2brhx8-1a4322a1b3994870d8fba751beea7396{\nheight:20px;\n}\n<\/style>\n<div  class='hr av-2brhx8-1a4322a1b3994870d8fba751beea7396 hr-invisible'><span class='hr-inner '><span class=\"hr-inner-style\"><\/span><\/span><\/div><\/p>\n\n<style type=\"text\/css\" data-created_by=\"avia_inline_auto\" id=\"style-css-av-kt1czfqp-4ca257cea928f277eb53e764fc968af3\">\n#top .av-special-heading.av-kt1czfqp-4ca257cea928f277eb53e764fc968af3{\nmargin:28px 0 0 0;\npadding-bottom:10px;\n}\nbody .av-special-heading.av-kt1czfqp-4ca257cea928f277eb53e764fc968af3 .av-special-heading-tag .heading-char{\nfont-size:25px;\n}\n.av-special-heading.av-kt1czfqp-4ca257cea928f277eb53e764fc968af3 .av-subheading{\nfont-size:15px;\n}\n<\/style>\n<div  class='av-special-heading av-kt1czfqp-4ca257cea928f277eb53e764fc968af3 av-special-heading-h3 blockquote modern-quote'><h3 class='av-special-heading-tag '  itemprop=\"headline\"  >Rayonnages \u00e0 tablettes &#8211; Installation, installation \u00e0 plusieurs \u00e9tages<\/h3><div class=\"special-heading-border\"><div class=\"special-heading-inner-border\"><\/div><\/div><\/div>\n\n<style type=\"text\/css\" data-created_by=\"avia_inline_auto\" id=\"style-css-av-81g4a4-6662b90dbb29d171ff22260bbefedeba\">\n.flex_column.av-81g4a4-6662b90dbb29d171ff22260bbefedeba{\nborder-radius:0px 0px 0px 0px;\npadding:0px 0px 0px 0px;\n}\n<\/style>\n<div  class='flex_column av-81g4a4-6662b90dbb29d171ff22260bbefedeba av_one_half first flex_column_div av-zero-column-padding  '     ><p>\n<style type=\"text\/css\" data-created_by=\"avia_inline_auto\" id=\"style-css-av-kt1d127g-751cce092f2c4b94180b32bc71b7242a\">\n.avia-image-container.av-kt1d127g-751cce092f2c4b94180b32bc71b7242a img.avia_image{\nbox-shadow:none;\n}\n.avia-image-container.av-kt1d127g-751cce092f2c4b94180b32bc71b7242a .av-image-caption-overlay-center{\ncolor:#ffffff;\n}\n<\/style>\n<div  class='avia-image-container av-kt1d127g-751cce092f2c4b94180b32bc71b7242a av-styling- av-img-linked avia-align-center'   itemprop=\"image\" itemscope=\"itemscope\" itemtype=\"https:\/\/schema.org\/ImageObject\" ><div class=\"avia-image-container-inner\"><div class=\"avia-image-overlay-wrap\"><a href=\"https:\/\/galler.de\/wp-content\/uploads\/2021\/09\/Fachbodenregale-05_Schulte-schulte_juni_2010_dsc_5402.jpg\" data-srcset=\"https:\/\/galler.de\/wp-content\/uploads\/2021\/09\/Fachbodenregale-05_Schulte-schulte_juni_2010_dsc_5402.jpg 1030w, https:\/\/galler.de\/wp-content\/uploads\/2021\/09\/Fachbodenregale-05_Schulte-schulte_juni_2010_dsc_5402-300x169.jpg 300w, https:\/\/galler.de\/wp-content\/uploads\/2021\/09\/Fachbodenregale-05_Schulte-schulte_juni_2010_dsc_5402-768x432.jpg 768w, https:\/\/galler.de\/wp-content\/uploads\/2021\/09\/Fachbodenregale-05_Schulte-schulte_juni_2010_dsc_5402-705x396.jpg 705w\" data-sizes=\"(max-width: 1030px) 100vw, 1030px\" class='avia_image '  aria-label='Stockage de pi\u00e8ces de rechange classique \u00e0 deux \u00e9tages'><img decoding=\"async\" fetchpriority=\"high\" class='wp-image-27563 avia-img-lazy-loading-not-27563 avia_image ' src=\"https:\/\/galler.de\/wp-content\/uploads\/2021\/09\/Fachbodenregale-05_Schulte-schulte_juni_2010_dsc_5402.jpg\" alt='Stockage de pi\u00e8ces de rechange classique \u00e0 deux \u00e9tages' title='Stockage de pi\u00e8ces de rechange classique \u00e0 deux \u00e9tages'  height=\"579\" width=\"1030\"  itemprop=\"thumbnailUrl\" srcset=\"https:\/\/galler.de\/wp-content\/uploads\/2021\/09\/Fachbodenregale-05_Schulte-schulte_juni_2010_dsc_5402.jpg 1030w, https:\/\/galler.de\/wp-content\/uploads\/2021\/09\/Fachbodenregale-05_Schulte-schulte_juni_2010_dsc_5402-300x169.jpg 300w, https:\/\/galler.de\/wp-content\/uploads\/2021\/09\/Fachbodenregale-05_Schulte-schulte_juni_2010_dsc_5402-768x432.jpg 768w, https:\/\/galler.de\/wp-content\/uploads\/2021\/09\/Fachbodenregale-05_Schulte-schulte_juni_2010_dsc_5402-705x396.jpg 705w\" sizes=\"(max-width: 1030px) 100vw, 1030px\" \/><\/a><\/div><\/div><\/div><br \/>\n\n<style type=\"text\/css\" data-created_by=\"avia_inline_auto\" id=\"style-css-av-kt1czyh8-09a9fef0866d2a9d535eebae5d1465ea\">\n#top .av_textblock_section.av-kt1czyh8-09a9fef0866d2a9d535eebae5d1465ea .avia_textblock{\nfont-size:14px;\n}\n<\/style>\n<section  class='av_textblock_section av-kt1czyh8-09a9fef0866d2a9d535eebae5d1465ea '   itemscope=\"itemscope\" itemtype=\"https:\/\/schema.org\/CreativeWork\" ><div class='avia_textblock'  itemprop=\"text\" ><p>Stockage de pi\u00e8ces de rechange classique \u00e0 deux \u00e9tages<\/p>\n<\/div><\/section><\/p><\/div>\n<style type=\"text\/css\" data-created_by=\"avia_inline_auto\" id=\"style-css-av-mkcng-370ee8a7a50ac196492a39aa135ef48a\">\n.flex_column.av-mkcng-370ee8a7a50ac196492a39aa135ef48a{\nborder-radius:0px 0px 0px 0px;\npadding:0px 0px 0px 0px;\n}\n<\/style>\n<div  class='flex_column av-mkcng-370ee8a7a50ac196492a39aa135ef48a av_one_half flex_column_div av-zero-column-padding  '     ><p>\n<style type=\"text\/css\" data-created_by=\"avia_inline_auto\" id=\"style-css-av-kt1d0mx9-89212872c70bc869752fb7f43ce66f1e\">\n.avia-image-container.av-kt1d0mx9-89212872c70bc869752fb7f43ce66f1e img.avia_image{\nbox-shadow:none;\n}\n.avia-image-container.av-kt1d0mx9-89212872c70bc869752fb7f43ce66f1e .av-image-caption-overlay-center{\ncolor:#ffffff;\n}\n<\/style>\n<div  class='avia-image-container av-kt1d0mx9-89212872c70bc869752fb7f43ce66f1e av-styling- av-img-linked avia-align-center'   itemprop=\"image\" itemscope=\"itemscope\" itemtype=\"https:\/\/schema.org\/ImageObject\" ><div class=\"avia-image-container-inner\"><div class=\"avia-image-overlay-wrap\"><a href=\"https:\/\/galler.de\/wp-content\/uploads\/2021\/09\/Fachbodenregale-06_Schulte-SCHULTE-stegelmann_DSC_6908.jpg\" data-srcset=\"https:\/\/galler.de\/wp-content\/uploads\/2021\/09\/Fachbodenregale-06_Schulte-SCHULTE-stegelmann_DSC_6908.jpg 1030w, https:\/\/galler.de\/wp-content\/uploads\/2021\/09\/Fachbodenregale-06_Schulte-SCHULTE-stegelmann_DSC_6908-300x169.jpg 300w, https:\/\/galler.de\/wp-content\/uploads\/2021\/09\/Fachbodenregale-06_Schulte-SCHULTE-stegelmann_DSC_6908-768x432.jpg 768w, https:\/\/galler.de\/wp-content\/uploads\/2021\/09\/Fachbodenregale-06_Schulte-SCHULTE-stegelmann_DSC_6908-705x396.jpg 705w\" data-sizes=\"(max-width: 1030px) 100vw, 1030px\" class='avia_image '  aria-label='Palier interm\u00e9diaire pour les pneus \u00e9t\u00e9 et hiver d\u2019une entreprise de service de pneus'><img decoding=\"async\" fetchpriority=\"high\" class='wp-image-27564 avia-img-lazy-loading-not-27564 avia_image ' src=\"https:\/\/galler.de\/wp-content\/uploads\/2021\/09\/Fachbodenregale-06_Schulte-SCHULTE-stegelmann_DSC_6908.jpg\" alt='Palier interm\u00e9diaire pour les pneus \u00e9t\u00e9 et hiver d\u2019une entreprise de service de pneus' title='Palier interm\u00e9diaire pour les pneus \u00e9t\u00e9 et hiver d\u2019une entreprise de service de pneus'  height=\"579\" width=\"1030\"  itemprop=\"thumbnailUrl\" srcset=\"https:\/\/galler.de\/wp-content\/uploads\/2021\/09\/Fachbodenregale-06_Schulte-SCHULTE-stegelmann_DSC_6908.jpg 1030w, https:\/\/galler.de\/wp-content\/uploads\/2021\/09\/Fachbodenregale-06_Schulte-SCHULTE-stegelmann_DSC_6908-300x169.jpg 300w, https:\/\/galler.de\/wp-content\/uploads\/2021\/09\/Fachbodenregale-06_Schulte-SCHULTE-stegelmann_DSC_6908-768x432.jpg 768w, https:\/\/galler.de\/wp-content\/uploads\/2021\/09\/Fachbodenregale-06_Schulte-SCHULTE-stegelmann_DSC_6908-705x396.jpg 705w\" sizes=\"(max-width: 1030px) 100vw, 1030px\" \/><\/a><\/div><\/div><\/div><br \/>\n\n<style type=\"text\/css\" data-created_by=\"avia_inline_auto\" id=\"style-css-av-kt1d09mq-5b273aa3664b68f1136ff26f381139e7\">\n#top .av_textblock_section.av-kt1d09mq-5b273aa3664b68f1136ff26f381139e7 .avia_textblock{\nfont-size:14px;\n}\n<\/style>\n<section  class='av_textblock_section av-kt1d09mq-5b273aa3664b68f1136ff26f381139e7 '   itemscope=\"itemscope\" itemtype=\"https:\/\/schema.org\/CreativeWork\" ><div class='avia_textblock'  itemprop=\"text\" ><p>Palier interm\u00e9diaire pour les pneus \u00e9t\u00e9 et hiver d\u2019une entreprise de service de pneus<\/p>\n<\/div><\/section><\/p><\/div>\n<style type=\"text\/css\" data-created_by=\"avia_inline_auto\" id=\"style-css-av-20trjg-df4da9ae1b97152faa25eeeb7c2565df\">\n.flex_column.av-20trjg-df4da9ae1b97152faa25eeeb7c2565df{\nborder-radius:0px 0px 0px 0px;\npadding:0px 0px 0px 0px;\n}\n<\/style>\n<div  class='flex_column av-20trjg-df4da9ae1b97152faa25eeeb7c2565df av_one_full  galler-btn-col first flex_column_div av-zero-column-padding  '     ><div  class='avia-button-wrap av-kvqju4hu-d9b5438153679489078b7ee238a5f6f2-wrap avia-button-left  galler-btn-large'>\n<style type=\"text\/css\" data-created_by=\"avia_inline_auto\" id=\"style-css-av-kvqju4hu-d9b5438153679489078b7ee238a5f6f2\">\n#top #wrap_all .avia-button.av-kvqju4hu-d9b5438153679489078b7ee238a5f6f2{\nbackground-color:#0069b4;\nborder-color:#0069b4;\ncolor:#ffffff;\nborder-style:none;\nborder-radius:3px 3px 3px 3px;\nbox-shadow: 0px 0px 10px 0px #bbbbbb;\ntransition:all 0.4s ease-in-out;\n}\n#top #wrap_all .avia-button.av-kvqju4hu-d9b5438153679489078b7ee238a5f6f2:hover{\nbackground-color:#004a7f;\ncolor:#ffffff;\ntransition:all 0.4s ease-in-out;\n}\n#top #wrap_all.avia-button.av-kvqju4hu-d9b5438153679489078b7ee238a5f6f2:hover .avia_button_background{\nborder-radius:3px 3px 3px 3px;\n}\n#top #wrap_all .avia-button.av-kvqju4hu-d9b5438153679489078b7ee238a5f6f2 .avia-svg-icon svg:first-child{\nfill:#ffffff;\nstroke:#ffffff;\n}\n#top #wrap_all .avia-button.av-kvqju4hu-d9b5438153679489078b7ee238a5f6f2:hover .avia-svg-icon svg:first-child{\nfill:#ffffff;\nstroke:#ffffff;\n}\n<\/style>\n<a href='https:\/\/galler.de\/home\/produkte\/ergaenzende-lagersysteme\/fachbodenregal\/bauteile-zubehoer-komponenten\/'  class='avia-button av-kvqju4hu-d9b5438153679489078b7ee238a5f6f2 av-link-btn avia-icon_select-yes-left-icon avia-size-large avia-position-left'   aria-label=\"Composants, accessoires\"><span class='avia_button_icon avia_button_icon_left avia-iconfont avia-font-entypo-fontello' data-av_icon='\ue832' data-av_iconfont='entypo-fontello' ><\/span><span class='avia_iconbox_title' >Composants, accessoires<\/span><\/a><\/div><\/div><\/p>\n","protected":false},"excerpt":{"rendered":"","protected":false},"author":5,"featured_media":0,"parent":27246,"menu_order":3,"comment_status":"closed","ping_status":"closed","template":"","meta":{"footnotes":""},"class_list":["post-27560","page","type-page","status-publish","hentry"],"yoast_head":"<!-- This site is optimized with the Yoast SEO plugin v27.5 - https:\/\/yoast.com\/product\/yoast-seo-wordpress\/ -->\n<title>Rayonnage \u00e0 tablettes - Galler<\/title>\n<meta name=\"robots\" content=\"index, follow, max-snippet:-1, max-image-preview:large, max-video-preview:-1\" \/>\n<link rel=\"canonical\" href=\"https:\/\/galler.de\/fr\/home-2\/produits\/systemes-de-stockage-complementaires\/rayonnage-a-tablettes\/\" \/>\n<meta property=\"og:locale\" content=\"fr_FR\" \/>\n<meta property=\"og:type\" content=\"article\" \/>\n<meta property=\"og:title\" content=\"Rayonnage \u00e0 tablettes - Galler\" \/>\n<meta property=\"og:url\" content=\"https:\/\/galler.de\/fr\/home-2\/produits\/systemes-de-stockage-complementaires\/rayonnage-a-tablettes\/\" \/>\n<meta property=\"og:site_name\" content=\"Galler\" \/>\n<meta property=\"article:modified_time\" content=\"2023-11-15T14:05:18+00:00\" \/>\n<meta name=\"twitter:card\" content=\"summary_large_image\" \/>\n<meta name=\"twitter:label1\" content=\"Dur\u00e9e de lecture estim\u00e9e\" \/>\n\t<meta name=\"twitter:data1\" content=\"25 minutes\" \/>\n<script type=\"application\/ld+json\" class=\"yoast-schema-graph\">{\"@context\":\"https:\\\/\\\/schema.org\",\"@graph\":[{\"@type\":\"WebPage\",\"@id\":\"https:\\\/\\\/galler.de\\\/fr\\\/home-2\\\/produits\\\/systemes-de-stockage-complementaires\\\/rayonnage-a-tablettes\\\/\",\"url\":\"https:\\\/\\\/galler.de\\\/fr\\\/home-2\\\/produits\\\/systemes-de-stockage-complementaires\\\/rayonnage-a-tablettes\\\/\",\"name\":\"Rayonnage \u00e0 tablettes - Galler\",\"isPartOf\":{\"@id\":\"https:\\\/\\\/galler.de\\\/fr\\\/#website\"},\"datePublished\":\"2021-08-19T13:55:04+00:00\",\"dateModified\":\"2023-11-15T14:05:18+00:00\",\"breadcrumb\":{\"@id\":\"https:\\\/\\\/galler.de\\\/fr\\\/home-2\\\/produits\\\/systemes-de-stockage-complementaires\\\/rayonnage-a-tablettes\\\/#breadcrumb\"},\"inLanguage\":\"fr-FR\",\"potentialAction\":[{\"@type\":\"ReadAction\",\"target\":[\"https:\\\/\\\/galler.de\\\/fr\\\/home-2\\\/produits\\\/systemes-de-stockage-complementaires\\\/rayonnage-a-tablettes\\\/\"]}]},{\"@type\":\"BreadcrumbList\",\"@id\":\"https:\\\/\\\/galler.de\\\/fr\\\/home-2\\\/produits\\\/systemes-de-stockage-complementaires\\\/rayonnage-a-tablettes\\\/#breadcrumb\",\"itemListElement\":[{\"@type\":\"ListItem\",\"position\":1,\"name\":\"Startseite\",\"item\":\"https:\\\/\\\/galler.de\\\/fr\\\/\"},{\"@type\":\"ListItem\",\"position\":2,\"name\":\"Home\",\"item\":\"https:\\\/\\\/galler.de\\\/fr\\\/\"},{\"@type\":\"ListItem\",\"position\":3,\"name\":\"Produits\",\"item\":\"https:\\\/\\\/galler.de\\\/fr\\\/home-2\\\/produits\\\/\"},{\"@type\":\"ListItem\",\"position\":4,\"name\":\"Syst\u00e8mes de stockage compl\u00e9mentaires\",\"item\":\"https:\\\/\\\/galler.de\\\/fr\\\/home-2\\\/produits\\\/systemes-de-stockage-complementaires\\\/\"},{\"@type\":\"ListItem\",\"position\":5,\"name\":\"Rayonnage \u00e0 tablettes\"}]},{\"@type\":\"WebSite\",\"@id\":\"https:\\\/\\\/galler.de\\\/fr\\\/#website\",\"url\":\"https:\\\/\\\/galler.de\\\/fr\\\/\",\"name\":\"Galler\",\"description\":\"Galler Lager und Regaltechnik\",\"publisher\":{\"@id\":\"https:\\\/\\\/galler.de\\\/fr\\\/#organization\"},\"potentialAction\":[{\"@type\":\"SearchAction\",\"target\":{\"@type\":\"EntryPoint\",\"urlTemplate\":\"https:\\\/\\\/galler.de\\\/fr\\\/?s={search_term_string}\"},\"query-input\":{\"@type\":\"PropertyValueSpecification\",\"valueRequired\":true,\"valueName\":\"search_term_string\"}}],\"inLanguage\":\"fr-FR\"},{\"@type\":\"Organization\",\"@id\":\"https:\\\/\\\/galler.de\\\/fr\\\/#organization\",\"name\":\"Galler\",\"url\":\"https:\\\/\\\/galler.de\\\/fr\\\/\",\"logo\":{\"@type\":\"ImageObject\",\"inLanguage\":\"fr-FR\",\"@id\":\"https:\\\/\\\/galler.de\\\/fr\\\/#\\\/schema\\\/logo\\\/image\\\/\",\"url\":\"https:\\\/\\\/galler.de\\\/wp-content\\\/uploads\\\/2021\\\/07\\\/logo_galler.png\",\"contentUrl\":\"https:\\\/\\\/galler.de\\\/wp-content\\\/uploads\\\/2021\\\/07\\\/logo_galler.png\",\"width\":320,\"height\":77,\"caption\":\"Galler\"},\"image\":{\"@id\":\"https:\\\/\\\/galler.de\\\/fr\\\/#\\\/schema\\\/logo\\\/image\\\/\"},\"sameAs\":[\"https:\\\/\\\/www.linkedin.com\\\/company\\\/galler-lager\\\/\"]}]}<\/script>\n<!-- \/ Yoast SEO plugin. -->","yoast_head_json":{"title":"Rayonnage \u00e0 tablettes - Galler","robots":{"index":"index","follow":"follow","max-snippet":"max-snippet:-1","max-image-preview":"max-image-preview:large","max-video-preview":"max-video-preview:-1"},"canonical":"https:\/\/galler.de\/fr\/home-2\/produits\/systemes-de-stockage-complementaires\/rayonnage-a-tablettes\/","og_locale":"fr_FR","og_type":"article","og_title":"Rayonnage \u00e0 tablettes - Galler","og_url":"https:\/\/galler.de\/fr\/home-2\/produits\/systemes-de-stockage-complementaires\/rayonnage-a-tablettes\/","og_site_name":"Galler","article_modified_time":"2023-11-15T14:05:18+00:00","twitter_card":"summary_large_image","twitter_misc":{"Dur\u00e9e de lecture estim\u00e9e":"25 minutes"},"schema":{"@context":"https:\/\/schema.org","@graph":[{"@type":"WebPage","@id":"https:\/\/galler.de\/fr\/home-2\/produits\/systemes-de-stockage-complementaires\/rayonnage-a-tablettes\/","url":"https:\/\/galler.de\/fr\/home-2\/produits\/systemes-de-stockage-complementaires\/rayonnage-a-tablettes\/","name":"Rayonnage \u00e0 tablettes - Galler","isPartOf":{"@id":"https:\/\/galler.de\/fr\/#website"},"datePublished":"2021-08-19T13:55:04+00:00","dateModified":"2023-11-15T14:05:18+00:00","breadcrumb":{"@id":"https:\/\/galler.de\/fr\/home-2\/produits\/systemes-de-stockage-complementaires\/rayonnage-a-tablettes\/#breadcrumb"},"inLanguage":"fr-FR","potentialAction":[{"@type":"ReadAction","target":["https:\/\/galler.de\/fr\/home-2\/produits\/systemes-de-stockage-complementaires\/rayonnage-a-tablettes\/"]}]},{"@type":"BreadcrumbList","@id":"https:\/\/galler.de\/fr\/home-2\/produits\/systemes-de-stockage-complementaires\/rayonnage-a-tablettes\/#breadcrumb","itemListElement":[{"@type":"ListItem","position":1,"name":"Startseite","item":"https:\/\/galler.de\/fr\/"},{"@type":"ListItem","position":2,"name":"Home","item":"https:\/\/galler.de\/fr\/"},{"@type":"ListItem","position":3,"name":"Produits","item":"https:\/\/galler.de\/fr\/home-2\/produits\/"},{"@type":"ListItem","position":4,"name":"Syst\u00e8mes de stockage compl\u00e9mentaires","item":"https:\/\/galler.de\/fr\/home-2\/produits\/systemes-de-stockage-complementaires\/"},{"@type":"ListItem","position":5,"name":"Rayonnage \u00e0 tablettes"}]},{"@type":"WebSite","@id":"https:\/\/galler.de\/fr\/#website","url":"https:\/\/galler.de\/fr\/","name":"Galler","description":"Galler Lager und Regaltechnik","publisher":{"@id":"https:\/\/galler.de\/fr\/#organization"},"potentialAction":[{"@type":"SearchAction","target":{"@type":"EntryPoint","urlTemplate":"https:\/\/galler.de\/fr\/?s={search_term_string}"},"query-input":{"@type":"PropertyValueSpecification","valueRequired":true,"valueName":"search_term_string"}}],"inLanguage":"fr-FR"},{"@type":"Organization","@id":"https:\/\/galler.de\/fr\/#organization","name":"Galler","url":"https:\/\/galler.de\/fr\/","logo":{"@type":"ImageObject","inLanguage":"fr-FR","@id":"https:\/\/galler.de\/fr\/#\/schema\/logo\/image\/","url":"https:\/\/galler.de\/wp-content\/uploads\/2021\/07\/logo_galler.png","contentUrl":"https:\/\/galler.de\/wp-content\/uploads\/2021\/07\/logo_galler.png","width":320,"height":77,"caption":"Galler"},"image":{"@id":"https:\/\/galler.de\/fr\/#\/schema\/logo\/image\/"},"sameAs":["https:\/\/www.linkedin.com\/company\/galler-lager\/"]}]}},"_links":{"self":[{"href":"https:\/\/galler.de\/fr\/wp-json\/wp\/v2\/pages\/27560","targetHints":{"allow":["GET"]}}],"collection":[{"href":"https:\/\/galler.de\/fr\/wp-json\/wp\/v2\/pages"}],"about":[{"href":"https:\/\/galler.de\/fr\/wp-json\/wp\/v2\/types\/page"}],"author":[{"embeddable":true,"href":"https:\/\/galler.de\/fr\/wp-json\/wp\/v2\/users\/5"}],"replies":[{"embeddable":true,"href":"https:\/\/galler.de\/fr\/wp-json\/wp\/v2\/comments?post=27560"}],"version-history":[{"count":0,"href":"https:\/\/galler.de\/fr\/wp-json\/wp\/v2\/pages\/27560\/revisions"}],"up":[{"embeddable":true,"href":"https:\/\/galler.de\/fr\/wp-json\/wp\/v2\/pages\/27246"}],"wp:attachment":[{"href":"https:\/\/galler.de\/fr\/wp-json\/wp\/v2\/media?parent=27560"}],"curies":[{"name":"wp","href":"https:\/\/api.w.org\/{rel}","templated":true}]}}