{"id":27533,"date":"2021-08-19T15:55:56","date_gmt":"2021-08-19T13:55:56","guid":{"rendered":"https:\/\/galler.de\/home-2\/produits\/systemes-de-stockage-complementaires\/rayonnage-a-bras-portants\/"},"modified":"2023-11-15T14:55:15","modified_gmt":"2023-11-15T13:55:15","slug":"rayonnage-a-bras-portants","status":"publish","type":"page","link":"https:\/\/galler.de\/fr\/home-2\/produits\/systemes-de-stockage-complementaires\/rayonnage-a-bras-portants\/","title":{"rendered":"Rayonnage \u00e0 bras portants"},"content":{"rendered":"<section  class='av_textblock_section av-2yjyyn-1c8747244b56cbc5e783f53c42d9df18 '   itemscope=\"itemscope\" itemtype=\"https:\/\/schema.org\/CreativeWork\" ><div class='avia_textblock'  itemprop=\"text\" ><div class=\"breadcrumb breadcrumbs avia-breadcrumbs\"><div class=\"breadcrumb-trail\" ><span class=\"trail-before\"><span class=\"breadcrumb-title\">You are here:<\/span><\/span> <span  itemscope=\"itemscope\" itemtype=\"https:\/\/schema.org\/BreadcrumbList\" ><span  itemscope=\"itemscope\" itemtype=\"https:\/\/schema.org\/ListItem\" itemprop=\"itemListElement\" ><a itemprop=\"url\" href=\"https:\/\/galler.de\/fr\/\" title=\"Galler\" rel=\"home\" class=\"trail-begin\"><span itemprop=\"name\">Home<\/span><\/a><span itemprop=\"position\" class=\"hidden\">1<\/span><\/span><\/span><\/div><\/div>\n<\/div><\/section>\n\n<style type=\"text\/css\" data-created_by=\"avia_inline_auto\" id=\"style-css-av-ksizl5hm-711480ad426a397eb132e889b94deb28\">\n#top .av-special-heading.av-ksizl5hm-711480ad426a397eb132e889b94deb28{\nmargin:0 0 24px 0;\npadding-bottom:10px;\n}\nbody .av-special-heading.av-ksizl5hm-711480ad426a397eb132e889b94deb28 .av-special-heading-tag .heading-char{\nfont-size:25px;\n}\n.av-special-heading.av-ksizl5hm-711480ad426a397eb132e889b94deb28 .av-subheading{\nfont-size:15px;\n}\n<\/style>\n<div  class='av-special-heading av-ksizl5hm-711480ad426a397eb132e889b94deb28 av-special-heading-h1 blockquote modern-quote'><h1 class='av-special-heading-tag '  itemprop=\"headline\"  >Rayonnage \u00e0 bras portants<\/h1><div class=\"special-heading-border\"><div class=\"special-heading-inner-border\"><\/div><\/div><\/div>\n\n<style type=\"text\/css\" data-created_by=\"avia_inline_auto\" id=\"style-css-av-8zibsv-fd8b79ed6288b20f621d2cb642e688b5\">\n.flex_column.av-8zibsv-fd8b79ed6288b20f621d2cb642e688b5{\nborder-radius:0px 0px 0px 0px;\npadding:0px 0px 0px 0px;\n}\n<\/style>\n<div  class='flex_column av-8zibsv-fd8b79ed6288b20f621d2cb642e688b5 av_one_half first flex_column_div av-zero-column-padding  '     ><section  class='av_textblock_section av-ktbhmqha-132031d6fe880fe248ea4a26f3a23e3c '   itemscope=\"itemscope\" itemtype=\"https:\/\/schema.org\/CreativeWork\" ><div class='avia_textblock'  itemprop=\"text\" ><p>Avec les rayonnages \u00e0 bras portants de GALLER, vous ne connaissez plus de limites : vous pouvez y entreposer non seulement des marchandises longues, mais aussi des palettes ou autres unit\u00e9s d\u2019emballage au moyen de l\u2019accessoire correspondant. Aucun rayonnage n\u2019est plus polyvalent que le rayonnage \u00e0 bras portants. <\/p>\n<ul>\n<li>Tous les porteurs de charge, toutes les longueurs peuvent \u00eatre entrepos\u00e9s m\u00e9lang\u00e9s c\u00f4te \u00e0 c\u00f4te.<\/li>\n<li>Parfait pour des marchandises longues, lourdes et peu maniables telles que les profil\u00e9s, les panneaux en bois, en acier et en plastique ou m\u00eame des v\u00e9hicules et bateaux.<\/li>\n<li>Entreposer des palettes de dimensions ou saillies diff\u00e9rentes et conteneurs sans perdre de place.<\/li>\n<li>Les traverses de bras et les tablettes dispensent le rayonnage \u00e0 bras portants de support, et vous avez \u00e0 votre disposition une surface de stockage longue et continue.<\/li>\n<li>Les marchandises entrepos\u00e9es sont toujours directement accessibles.<\/li>\n<li>Des solutions de stockage optimis\u00e9es pour de nombreux secteurs et produits.<\/li>\n<li>Les surfaces de stockage sont r\u00e9glables en hauteur par pas de 100 mm.<\/li>\n<li>Gr\u00e2ce \u00e0 la toiture et \u00e0 la paroi, le rayonnage \u00e0 bras portants \u00e9largit le stockage \u00e0 l\u2019ext\u00e9rieur.<\/li>\n<\/ul>\n<\/div><\/section><\/div>\n\n<style type=\"text\/css\" data-created_by=\"avia_inline_auto\" id=\"style-css-av-79elov-5b253c10043ba6e1f94ddf56c6582876\">\n.flex_column.av-79elov-5b253c10043ba6e1f94ddf56c6582876{\nborder-radius:0px 0px 0px 0px;\npadding:0px 0px 0px 0px;\n}\n<\/style>\n<div  class='flex_column av-79elov-5b253c10043ba6e1f94ddf56c6582876 av_one_half flex_column_div av-zero-column-padding  '     ><style type=\"text\/css\" data-created_by=\"avia_inline_auto\" id=\"style-css-av-ktbi0o05-cc15172ecb6090587e3239ee6432d2ec\">\n.avia-image-container.av-ktbi0o05-cc15172ecb6090587e3239ee6432d2ec img.avia_image{\nbox-shadow:none;\n}\n.avia-image-container.av-ktbi0o05-cc15172ecb6090587e3239ee6432d2ec .av-image-caption-overlay-center{\ncolor:#ffffff;\n}\n<\/style>\n<div  class='avia-image-container av-ktbi0o05-cc15172ecb6090587e3239ee6432d2ec av-styling- av-img-linked avia-align-center'   itemprop=\"image\" itemscope=\"itemscope\" itemtype=\"https:\/\/schema.org\/ImageObject\" ><div class=\"avia-image-container-inner\"><div class=\"avia-image-overlay-wrap\"><a href=\"https:\/\/galler.de\/wp-content\/uploads\/2021\/09\/kragarmregale-01.jpg\" data-srcset=\"https:\/\/galler.de\/wp-content\/uploads\/2021\/09\/kragarmregale-01.jpg 845w, https:\/\/galler.de\/wp-content\/uploads\/2021\/09\/kragarmregale-01-300x300.jpg 300w, https:\/\/galler.de\/wp-content\/uploads\/2021\/09\/kragarmregale-01-80x80.jpg 80w, https:\/\/galler.de\/wp-content\/uploads\/2021\/09\/kragarmregale-01-768x768.jpg 768w, https:\/\/galler.de\/wp-content\/uploads\/2021\/09\/kragarmregale-01-36x36.jpg 36w, https:\/\/galler.de\/wp-content\/uploads\/2021\/09\/kragarmregale-01-180x180.jpg 180w, https:\/\/galler.de\/wp-content\/uploads\/2021\/09\/kragarmregale-01-705x705.jpg 705w\" data-sizes=\"(max-width: 845px) 100vw, 845px\" class='avia_image '  ><img decoding=\"async\" fetchpriority=\"high\" class='wp-image-27534 avia-img-lazy-loading-not-27534 avia_image ' src=\"https:\/\/galler.de\/wp-content\/uploads\/2021\/09\/kragarmregale-01.jpg\" alt='' title=''  height=\"845\" width=\"845\"  itemprop=\"thumbnailUrl\" srcset=\"https:\/\/galler.de\/wp-content\/uploads\/2021\/09\/kragarmregale-01.jpg 845w, https:\/\/galler.de\/wp-content\/uploads\/2021\/09\/kragarmregale-01-300x300.jpg 300w, https:\/\/galler.de\/wp-content\/uploads\/2021\/09\/kragarmregale-01-80x80.jpg 80w, https:\/\/galler.de\/wp-content\/uploads\/2021\/09\/kragarmregale-01-768x768.jpg 768w, https:\/\/galler.de\/wp-content\/uploads\/2021\/09\/kragarmregale-01-36x36.jpg 36w, https:\/\/galler.de\/wp-content\/uploads\/2021\/09\/kragarmregale-01-180x180.jpg 180w, https:\/\/galler.de\/wp-content\/uploads\/2021\/09\/kragarmregale-01-705x705.jpg 705w\" sizes=\"(max-width: 845px) 100vw, 845px\" \/><\/a><\/div><\/div><\/div><\/div>\n\n<style type=\"text\/css\" data-created_by=\"avia_inline_auto\" id=\"style-css-av-29uo9pr-293dd9b21264e9da92c3c591f2124255\">\n.flex_column.av-29uo9pr-293dd9b21264e9da92c3c591f2124255{\nborder-radius:0px 0px 0px 0px;\npadding:0px 0px 0px 0px;\n}\n<\/style>\n<div  class='flex_column av-29uo9pr-293dd9b21264e9da92c3c591f2124255 av_one_half first flex_column_div av-zero-column-padding  '     ><p>\n<style type=\"text\/css\" data-created_by=\"avia_inline_auto\" id=\"style-css-av-ktcyehl1-6d5bac462bae78ca601f9fa86d6ff698\">\n.avia-image-container.av-ktcyehl1-6d5bac462bae78ca601f9fa86d6ff698 img.avia_image{\nbox-shadow:none;\n}\n.avia-image-container.av-ktcyehl1-6d5bac462bae78ca601f9fa86d6ff698 .av-image-caption-overlay-center{\ncolor:#ffffff;\n}\n<\/style>\n<div  class='avia-image-container av-ktcyehl1-6d5bac462bae78ca601f9fa86d6ff698 av-styling- av-img-linked avia-align-center'   itemprop=\"image\" itemscope=\"itemscope\" itemtype=\"https:\/\/schema.org\/ImageObject\" ><div class=\"avia-image-container-inner\"><div class=\"avia-image-overlay-wrap\"><a href=\"https:\/\/galler.de\/wp-content\/uploads\/2021\/10\/Kragarmregale_012000021a.jpg\" data-srcset=\"https:\/\/galler.de\/wp-content\/uploads\/2021\/10\/Kragarmregale_012000021a.jpg 845w, https:\/\/galler.de\/wp-content\/uploads\/2021\/10\/Kragarmregale_012000021a-300x300.jpg 300w, https:\/\/galler.de\/wp-content\/uploads\/2021\/10\/Kragarmregale_012000021a-80x80.jpg 80w, https:\/\/galler.de\/wp-content\/uploads\/2021\/10\/Kragarmregale_012000021a-768x768.jpg 768w, https:\/\/galler.de\/wp-content\/uploads\/2021\/10\/Kragarmregale_012000021a-36x36.jpg 36w, https:\/\/galler.de\/wp-content\/uploads\/2021\/10\/Kragarmregale_012000021a-180x180.jpg 180w, https:\/\/galler.de\/wp-content\/uploads\/2021\/10\/Kragarmregale_012000021a-705x705.jpg 705w\" data-sizes=\"(max-width: 845px) 100vw, 845px\" class='avia_image '  ><img decoding=\"async\" fetchpriority=\"high\" class='wp-image-27554 avia-img-lazy-loading-not-27554 avia_image ' src=\"https:\/\/galler.de\/wp-content\/uploads\/2021\/10\/Kragarmregale_012000021a.jpg\" alt='' title=''  height=\"845\" width=\"845\"  itemprop=\"thumbnailUrl\" srcset=\"https:\/\/galler.de\/wp-content\/uploads\/2021\/10\/Kragarmregale_012000021a.jpg 845w, https:\/\/galler.de\/wp-content\/uploads\/2021\/10\/Kragarmregale_012000021a-300x300.jpg 300w, https:\/\/galler.de\/wp-content\/uploads\/2021\/10\/Kragarmregale_012000021a-80x80.jpg 80w, https:\/\/galler.de\/wp-content\/uploads\/2021\/10\/Kragarmregale_012000021a-768x768.jpg 768w, https:\/\/galler.de\/wp-content\/uploads\/2021\/10\/Kragarmregale_012000021a-36x36.jpg 36w, https:\/\/galler.de\/wp-content\/uploads\/2021\/10\/Kragarmregale_012000021a-180x180.jpg 180w, https:\/\/galler.de\/wp-content\/uploads\/2021\/10\/Kragarmregale_012000021a-705x705.jpg 705w\" sizes=\"(max-width: 845px) 100vw, 845px\" \/><\/a><\/div><\/div><\/div><br \/>\n\n<style type=\"text\/css\" data-created_by=\"avia_inline_auto\" id=\"style-css-av-l0rvxk06-91f41d44173b029615b07e675dad3fe1\">\n#top .av_textblock_section.av-l0rvxk06-91f41d44173b029615b07e675dad3fe1 .avia_textblock{\nfont-size:14px;\n}\n<\/style>\n<section  class='av_textblock_section av-l0rvxk06-91f41d44173b029615b07e675dad3fe1 '   itemscope=\"itemscope\" itemtype=\"https:\/\/schema.org\/CreativeWork\" ><div class='avia_textblock'  itemprop=\"text\" ><p>Rayonnage avec bras portants sp\u00e9ciaux pour le stockage de bobines.<\/p>\n<\/div><\/section><\/p><\/div>\n\n<style type=\"text\/css\" data-created_by=\"avia_inline_auto\" id=\"style-css-av-7ygitr-1487ac4df7f7e8cc875bbfb4832c8b11\">\n.flex_column.av-7ygitr-1487ac4df7f7e8cc875bbfb4832c8b11{\nborder-radius:0px 0px 0px 0px;\npadding:0px 0px 0px 0px;\n}\n<\/style>\n<div  class='flex_column av-7ygitr-1487ac4df7f7e8cc875bbfb4832c8b11 av_one_half flex_column_div av-zero-column-padding  '     ><p>\n<style type=\"text\/css\" data-created_by=\"avia_inline_auto\" id=\"style-css-av-260apan-bcc5cb144fb2f0de227c28f816d6a4a9\">\n.avia-image-container.av-260apan-bcc5cb144fb2f0de227c28f816d6a4a9 img.avia_image{\nbox-shadow:none;\n}\n.avia-image-container.av-260apan-bcc5cb144fb2f0de227c28f816d6a4a9 .av-image-caption-overlay-center{\ncolor:#ffffff;\n}\n<\/style>\n<div  class='avia-image-container av-260apan-bcc5cb144fb2f0de227c28f816d6a4a9 av-styling- av-img-linked avia-align-center'   itemprop=\"image\" itemscope=\"itemscope\" itemtype=\"https:\/\/schema.org\/ImageObject\" ><div class=\"avia-image-container-inner\"><div class=\"avia-image-overlay-wrap\"><a href=\"https:\/\/galler.de\/wp-content\/uploads\/2021\/10\/Kragarmregale_Dehn-und-Soehne-Kragarmregal-Gang-01.jpg\" data-srcset=\"https:\/\/galler.de\/wp-content\/uploads\/2021\/10\/Kragarmregale_Dehn-und-Soehne-Kragarmregal-Gang-01.jpg 845w, https:\/\/galler.de\/wp-content\/uploads\/2021\/10\/Kragarmregale_Dehn-und-Soehne-Kragarmregal-Gang-01-300x300.jpg 300w, https:\/\/galler.de\/wp-content\/uploads\/2021\/10\/Kragarmregale_Dehn-und-Soehne-Kragarmregal-Gang-01-80x80.jpg 80w, https:\/\/galler.de\/wp-content\/uploads\/2021\/10\/Kragarmregale_Dehn-und-Soehne-Kragarmregal-Gang-01-768x768.jpg 768w, https:\/\/galler.de\/wp-content\/uploads\/2021\/10\/Kragarmregale_Dehn-und-Soehne-Kragarmregal-Gang-01-36x36.jpg 36w, https:\/\/galler.de\/wp-content\/uploads\/2021\/10\/Kragarmregale_Dehn-und-Soehne-Kragarmregal-Gang-01-180x180.jpg 180w, https:\/\/galler.de\/wp-content\/uploads\/2021\/10\/Kragarmregale_Dehn-und-Soehne-Kragarmregal-Gang-01-705x705.jpg 705w\" data-sizes=\"(max-width: 845px) 100vw, 845px\" class='avia_image '  ><img decoding=\"async\" fetchpriority=\"high\" class='wp-image-27555 avia-img-lazy-loading-not-27555 avia_image ' src=\"https:\/\/galler.de\/wp-content\/uploads\/2021\/10\/Kragarmregale_Dehn-und-Soehne-Kragarmregal-Gang-01.jpg\" alt='' title=''  height=\"845\" width=\"845\"  itemprop=\"thumbnailUrl\" srcset=\"https:\/\/galler.de\/wp-content\/uploads\/2021\/10\/Kragarmregale_Dehn-und-Soehne-Kragarmregal-Gang-01.jpg 845w, https:\/\/galler.de\/wp-content\/uploads\/2021\/10\/Kragarmregale_Dehn-und-Soehne-Kragarmregal-Gang-01-300x300.jpg 300w, https:\/\/galler.de\/wp-content\/uploads\/2021\/10\/Kragarmregale_Dehn-und-Soehne-Kragarmregal-Gang-01-80x80.jpg 80w, https:\/\/galler.de\/wp-content\/uploads\/2021\/10\/Kragarmregale_Dehn-und-Soehne-Kragarmregal-Gang-01-768x768.jpg 768w, https:\/\/galler.de\/wp-content\/uploads\/2021\/10\/Kragarmregale_Dehn-und-Soehne-Kragarmregal-Gang-01-36x36.jpg 36w, https:\/\/galler.de\/wp-content\/uploads\/2021\/10\/Kragarmregale_Dehn-und-Soehne-Kragarmregal-Gang-01-180x180.jpg 180w, https:\/\/galler.de\/wp-content\/uploads\/2021\/10\/Kragarmregale_Dehn-und-Soehne-Kragarmregal-Gang-01-705x705.jpg 705w\" sizes=\"(max-width: 845px) 100vw, 845px\" \/><\/a><\/div><\/div><\/div><br \/>\n\n<style type=\"text\/css\" data-created_by=\"avia_inline_auto\" id=\"style-css-av-l0rvy1ec-6524475e9c56c1db23f571597992b604\">\n#top .av_textblock_section.av-l0rvy1ec-6524475e9c56c1db23f571597992b604 .avia_textblock{\nfont-size:14px;\n}\n<\/style>\n<section  class='av_textblock_section av-l0rvy1ec-6524475e9c56c1db23f571597992b604 '   itemscope=\"itemscope\" itemtype=\"https:\/\/schema.org\/CreativeWork\" ><div class='avia_textblock'  itemprop=\"text\" ><p>Diff\u00e9rents porteurs de charge et longueurs peuvent \u00eatre entrepos\u00e9s m\u00e9lang\u00e9s.<\/p>\n<\/div><\/section><\/p><\/div>\n\n<style type=\"text\/css\" data-created_by=\"avia_inline_auto\" id=\"style-css-av-25bruvz-3d16ceb3495123a98222c01a6a9414ba\">\n.flex_column.av-25bruvz-3d16ceb3495123a98222c01a6a9414ba{\nborder-radius:0px 0px 0px 0px;\npadding:0px 0px 0px 0px;\n}\n<\/style>\n<div  class='flex_column av-25bruvz-3d16ceb3495123a98222c01a6a9414ba av_one_half first flex_column_div av-zero-column-padding  '     ><p>\n<style type=\"text\/css\" data-created_by=\"avia_inline_auto\" id=\"style-css-av-23a26hb-d9162fa3e2b03358d470e7a61a758e76\">\n.avia-image-container.av-23a26hb-d9162fa3e2b03358d470e7a61a758e76 img.avia_image{\nbox-shadow:none;\n}\n.avia-image-container.av-23a26hb-d9162fa3e2b03358d470e7a61a758e76 .av-image-caption-overlay-center{\ncolor:#ffffff;\n}\n<\/style>\n<div  class='avia-image-container av-23a26hb-d9162fa3e2b03358d470e7a61a758e76 av-styling- av-img-linked avia-align-center'   itemprop=\"image\" itemscope=\"itemscope\" itemtype=\"https:\/\/schema.org\/ImageObject\" ><div class=\"avia-image-container-inner\"><div class=\"avia-image-overlay-wrap\"><a href=\"https:\/\/galler.de\/wp-content\/uploads\/2021\/10\/Produkte-Kragarmregale_Aussen-03.jpg\" data-srcset=\"https:\/\/galler.de\/wp-content\/uploads\/2021\/10\/Produkte-Kragarmregale_Aussen-03.jpg 1030w, https:\/\/galler.de\/wp-content\/uploads\/2021\/10\/Produkte-Kragarmregale_Aussen-03-300x200.jpg 300w, https:\/\/galler.de\/wp-content\/uploads\/2021\/10\/Produkte-Kragarmregale_Aussen-03-768x512.jpg 768w, https:\/\/galler.de\/wp-content\/uploads\/2021\/10\/Produkte-Kragarmregale_Aussen-03-705x470.jpg 705w\" data-sizes=\"(max-width: 1030px) 100vw, 1030px\" class='avia_image '  ><img decoding=\"async\" fetchpriority=\"high\" class='wp-image-27556 avia-img-lazy-loading-not-27556 avia_image ' src=\"https:\/\/galler.de\/wp-content\/uploads\/2021\/10\/Produkte-Kragarmregale_Aussen-03.jpg\" alt='' title=''  height=\"686\" width=\"1030\"  itemprop=\"thumbnailUrl\" srcset=\"https:\/\/galler.de\/wp-content\/uploads\/2021\/10\/Produkte-Kragarmregale_Aussen-03.jpg 1030w, https:\/\/galler.de\/wp-content\/uploads\/2021\/10\/Produkte-Kragarmregale_Aussen-03-300x200.jpg 300w, https:\/\/galler.de\/wp-content\/uploads\/2021\/10\/Produkte-Kragarmregale_Aussen-03-768x512.jpg 768w, https:\/\/galler.de\/wp-content\/uploads\/2021\/10\/Produkte-Kragarmregale_Aussen-03-705x470.jpg 705w\" sizes=\"(max-width: 1030px) 100vw, 1030px\" \/><\/a><\/div><\/div><\/div><br \/>\n\n<style type=\"text\/css\" data-created_by=\"avia_inline_auto\" id=\"style-css-av-l0rvziut-1a0c9f32d8452f3b9230dfd81d024c10\">\n#top .av_textblock_section.av-l0rvziut-1a0c9f32d8452f3b9230dfd81d024c10 .avia_textblock{\nfont-size:14px;\n}\n<\/style>\n<section  class='av_textblock_section av-l0rvziut-1a0c9f32d8452f3b9230dfd81d024c10 '   itemscope=\"itemscope\" itemtype=\"https:\/\/schema.org\/CreativeWork\" ><div class='avia_textblock'  itemprop=\"text\" ><p>Rayonnage \u00e0 bras portants bilat\u00e9ral avec toiture. La marchandise est stock\u00e9e \u00e0 l\u2019ext\u00e9rieur \u00e0 l\u2019abri des intemp\u00e9ries.<\/p>\n<\/div><\/section><\/p><\/div>\n\n<style type=\"text\/css\" data-created_by=\"avia_inline_auto\" id=\"style-css-av-22a18nz-f8281326f41ca454d7042cca3ae3fa7c\">\n.flex_column.av-22a18nz-f8281326f41ca454d7042cca3ae3fa7c{\nborder-radius:0px 0px 0px 0px;\npadding:0px 0px 0px 0px;\n}\n<\/style>\n<div  class='flex_column av-22a18nz-f8281326f41ca454d7042cca3ae3fa7c av_one_half flex_column_div av-zero-column-padding  '     ><p>\n<style type=\"text\/css\" data-created_by=\"avia_inline_auto\" id=\"style-css-av-2091a6n-172c9cbe25020e96cc2b6768a84664d2\">\n.avia-image-container.av-2091a6n-172c9cbe25020e96cc2b6768a84664d2 img.avia_image{\nbox-shadow:none;\n}\n.avia-image-container.av-2091a6n-172c9cbe25020e96cc2b6768a84664d2 .av-image-caption-overlay-center{\ncolor:#ffffff;\n}\n<\/style>\n<div  class='avia-image-container av-2091a6n-172c9cbe25020e96cc2b6768a84664d2 av-styling- av-img-linked avia-align-center'   itemprop=\"image\" itemscope=\"itemscope\" itemtype=\"https:\/\/schema.org\/ImageObject\" ><div class=\"avia-image-container-inner\"><div class=\"avia-image-overlay-wrap\"><a href=\"https:\/\/galler.de\/wp-content\/uploads\/2021\/10\/Produkte-Kragarmregale__Kragarm-Image-S-6b.jpg\" data-srcset=\"https:\/\/galler.de\/wp-content\/uploads\/2021\/10\/Produkte-Kragarmregale__Kragarm-Image-S-6b.jpg 1030w, https:\/\/galler.de\/wp-content\/uploads\/2021\/10\/Produkte-Kragarmregale__Kragarm-Image-S-6b-300x200.jpg 300w, https:\/\/galler.de\/wp-content\/uploads\/2021\/10\/Produkte-Kragarmregale__Kragarm-Image-S-6b-768x512.jpg 768w, https:\/\/galler.de\/wp-content\/uploads\/2021\/10\/Produkte-Kragarmregale__Kragarm-Image-S-6b-705x470.jpg 705w\" data-sizes=\"(max-width: 1030px) 100vw, 1030px\" class='avia_image '  ><img decoding=\"async\" fetchpriority=\"high\" class='wp-image-27557 avia-img-lazy-loading-not-27557 avia_image ' src=\"https:\/\/galler.de\/wp-content\/uploads\/2021\/10\/Produkte-Kragarmregale__Kragarm-Image-S-6b.jpg\" alt='' title=''  height=\"686\" width=\"1030\"  itemprop=\"thumbnailUrl\" srcset=\"https:\/\/galler.de\/wp-content\/uploads\/2021\/10\/Produkte-Kragarmregale__Kragarm-Image-S-6b.jpg 1030w, https:\/\/galler.de\/wp-content\/uploads\/2021\/10\/Produkte-Kragarmregale__Kragarm-Image-S-6b-300x200.jpg 300w, https:\/\/galler.de\/wp-content\/uploads\/2021\/10\/Produkte-Kragarmregale__Kragarm-Image-S-6b-768x512.jpg 768w, https:\/\/galler.de\/wp-content\/uploads\/2021\/10\/Produkte-Kragarmregale__Kragarm-Image-S-6b-705x470.jpg 705w\" sizes=\"(max-width: 1030px) 100vw, 1030px\" \/><\/a><\/div><\/div><\/div><br \/>\n\n<style type=\"text\/css\" data-created_by=\"avia_inline_auto\" id=\"style-css-av-l0rvz2t9-4ff6a7c42d9056ec882355b5d1a85dbb\">\n#top .av_textblock_section.av-l0rvz2t9-4ff6a7c42d9056ec882355b5d1a85dbb .avia_textblock{\nfont-size:14px;\n}\n<\/style>\n<section  class='av_textblock_section av-l0rvz2t9-4ff6a7c42d9056ec882355b5d1a85dbb '   itemscope=\"itemscope\" itemtype=\"https:\/\/schema.org\/CreativeWork\" ><div class='avia_textblock'  itemprop=\"text\" ><p>Avec des traverses de bras et des tablettes, on obtient un long niveau de stockage continu.<\/p>\n<\/div><\/section><\/p><\/div>\n\n<style type=\"text\/css\" data-created_by=\"avia_inline_auto\" id=\"style-css-av-l166ikrv-738ec96e81d0ab393f805a337248e854\">\n#top .hr.hr-invisible.av-l166ikrv-738ec96e81d0ab393f805a337248e854{\nheight:50px;\n}\n<\/style>\n<div  class='hr av-l166ikrv-738ec96e81d0ab393f805a337248e854 hr-invisible'><span class='hr-inner '><span class=\"hr-inner-style\"><\/span><\/span><\/div>\n\n<style type=\"text\/css\" data-created_by=\"avia_inline_auto\" id=\"style-css-av-l166gwth-5f7b3a0b3267324ba0c9a8b4019725eb\">\n.flex_column.av-l166gwth-5f7b3a0b3267324ba0c9a8b4019725eb{\nborder-radius:0px 0px 0px 0px;\npadding:0px 0px 0px 0px;\n}\n<\/style>\n<div  class='flex_column av-l166gwth-5f7b3a0b3267324ba0c9a8b4019725eb av_one_half  galler-btn-col galler-btn-col_full-width first flex_column_div av-zero-column-padding  '     ><div  class='avia-button-wrap av-kvqjwn2i-23b290a2b3c3ec39bd1459f850d69cae-wrap avia-button-left  galler-btn-large'>\n<style type=\"text\/css\" data-created_by=\"avia_inline_auto\" id=\"style-css-av-kvqjwn2i-23b290a2b3c3ec39bd1459f850d69cae\">\n#top #wrap_all .avia-button.av-kvqjwn2i-23b290a2b3c3ec39bd1459f850d69cae{\nbackground-color:#0069b4;\nborder-color:#0069b4;\ncolor:#ffffff;\nborder-style:none;\nborder-radius:3px 3px 3px 3px;\nbox-shadow: 0px 0px 10px 0px #bbbbbb;\ntransition:all 0.4s ease-in-out;\n}\n#top #wrap_all .avia-button.av-kvqjwn2i-23b290a2b3c3ec39bd1459f850d69cae:hover{\nbackground-color:#004a7f;\ncolor:#ffffff;\ntransition:all 0.4s ease-in-out;\n}\n#top #wrap_all.avia-button.av-kvqjwn2i-23b290a2b3c3ec39bd1459f850d69cae:hover .avia_button_background{\nborder-radius:3px 3px 3px 3px;\n}\n#top #wrap_all .avia-button.av-kvqjwn2i-23b290a2b3c3ec39bd1459f850d69cae .avia-svg-icon svg:first-child{\nfill:#ffffff;\nstroke:#ffffff;\n}\n#top #wrap_all .avia-button.av-kvqjwn2i-23b290a2b3c3ec39bd1459f850d69cae:hover .avia-svg-icon svg:first-child{\nfill:#ffffff;\nstroke:#ffffff;\n}\n<\/style>\n<a href='https:\/\/galler.de\/home\/produkte\/ergaenzende-lagersysteme\/kragarmregal\/bauteile-zubehoer-komponenten\/'  class='avia-button av-kvqjwn2i-23b290a2b3c3ec39bd1459f850d69cae av-link-btn avia-icon_select-yes-left-icon avia-size-large avia-position-left'   aria-label=\"Composants, accessoires\"><span class='avia_button_icon avia_button_icon_left avia-iconfont avia-font-entypo-fontello' data-av_icon='\ue832' data-av_iconfont='entypo-fontello' ><\/span><span class='avia_iconbox_title' >Composants, accessoires<\/span><\/a><\/div><\/div>\n","protected":false},"excerpt":{"rendered":"","protected":false},"author":5,"featured_media":0,"parent":27246,"menu_order":1,"comment_status":"closed","ping_status":"closed","template":"","meta":{"footnotes":""},"class_list":["post-27533","page","type-page","status-publish","hentry"],"yoast_head":"<!-- This site is optimized with the Yoast SEO plugin v27.5 - https:\/\/yoast.com\/product\/yoast-seo-wordpress\/ -->\n<title>Rayonnage \u00e0 bras portants - Galler<\/title>\n<meta name=\"robots\" content=\"index, follow, max-snippet:-1, max-image-preview:large, max-video-preview:-1\" \/>\n<link rel=\"canonical\" href=\"https:\/\/galler.de\/fr\/home-2\/produits\/systemes-de-stockage-complementaires\/rayonnage-a-bras-portants\/\" \/>\n<meta property=\"og:locale\" content=\"fr_FR\" \/>\n<meta property=\"og:type\" content=\"article\" \/>\n<meta property=\"og:title\" content=\"Rayonnage \u00e0 bras portants - Galler\" \/>\n<meta property=\"og:url\" content=\"https:\/\/galler.de\/fr\/home-2\/produits\/systemes-de-stockage-complementaires\/rayonnage-a-bras-portants\/\" \/>\n<meta property=\"og:site_name\" content=\"Galler\" \/>\n<meta property=\"article:modified_time\" content=\"2023-11-15T13:55:15+00:00\" \/>\n<meta name=\"twitter:card\" content=\"summary_large_image\" \/>\n<meta name=\"twitter:label1\" content=\"Dur\u00e9e de lecture estim\u00e9e\" \/>\n\t<meta name=\"twitter:data1\" content=\"15 minutes\" \/>\n<script type=\"application\/ld+json\" class=\"yoast-schema-graph\">{\"@context\":\"https:\\\/\\\/schema.org\",\"@graph\":[{\"@type\":\"WebPage\",\"@id\":\"https:\\\/\\\/galler.de\\\/fr\\\/home-2\\\/produits\\\/systemes-de-stockage-complementaires\\\/rayonnage-a-bras-portants\\\/\",\"url\":\"https:\\\/\\\/galler.de\\\/fr\\\/home-2\\\/produits\\\/systemes-de-stockage-complementaires\\\/rayonnage-a-bras-portants\\\/\",\"name\":\"Rayonnage \u00e0 bras portants - Galler\",\"isPartOf\":{\"@id\":\"https:\\\/\\\/galler.de\\\/fr\\\/#website\"},\"datePublished\":\"2021-08-19T13:55:56+00:00\",\"dateModified\":\"2023-11-15T13:55:15+00:00\",\"breadcrumb\":{\"@id\":\"https:\\\/\\\/galler.de\\\/fr\\\/home-2\\\/produits\\\/systemes-de-stockage-complementaires\\\/rayonnage-a-bras-portants\\\/#breadcrumb\"},\"inLanguage\":\"fr-FR\",\"potentialAction\":[{\"@type\":\"ReadAction\",\"target\":[\"https:\\\/\\\/galler.de\\\/fr\\\/home-2\\\/produits\\\/systemes-de-stockage-complementaires\\\/rayonnage-a-bras-portants\\\/\"]}]},{\"@type\":\"BreadcrumbList\",\"@id\":\"https:\\\/\\\/galler.de\\\/fr\\\/home-2\\\/produits\\\/systemes-de-stockage-complementaires\\\/rayonnage-a-bras-portants\\\/#breadcrumb\",\"itemListElement\":[{\"@type\":\"ListItem\",\"position\":1,\"name\":\"Startseite\",\"item\":\"https:\\\/\\\/galler.de\\\/fr\\\/\"},{\"@type\":\"ListItem\",\"position\":2,\"name\":\"Home\",\"item\":\"https:\\\/\\\/galler.de\\\/fr\\\/\"},{\"@type\":\"ListItem\",\"position\":3,\"name\":\"Produits\",\"item\":\"https:\\\/\\\/galler.de\\\/fr\\\/home-2\\\/produits\\\/\"},{\"@type\":\"ListItem\",\"position\":4,\"name\":\"Syst\u00e8mes de stockage compl\u00e9mentaires\",\"item\":\"https:\\\/\\\/galler.de\\\/fr\\\/home-2\\\/produits\\\/systemes-de-stockage-complementaires\\\/\"},{\"@type\":\"ListItem\",\"position\":5,\"name\":\"Rayonnage \u00e0 bras portants\"}]},{\"@type\":\"WebSite\",\"@id\":\"https:\\\/\\\/galler.de\\\/fr\\\/#website\",\"url\":\"https:\\\/\\\/galler.de\\\/fr\\\/\",\"name\":\"Galler\",\"description\":\"Galler Lager und Regaltechnik\",\"publisher\":{\"@id\":\"https:\\\/\\\/galler.de\\\/fr\\\/#organization\"},\"potentialAction\":[{\"@type\":\"SearchAction\",\"target\":{\"@type\":\"EntryPoint\",\"urlTemplate\":\"https:\\\/\\\/galler.de\\\/fr\\\/?s={search_term_string}\"},\"query-input\":{\"@type\":\"PropertyValueSpecification\",\"valueRequired\":true,\"valueName\":\"search_term_string\"}}],\"inLanguage\":\"fr-FR\"},{\"@type\":\"Organization\",\"@id\":\"https:\\\/\\\/galler.de\\\/fr\\\/#organization\",\"name\":\"Galler\",\"url\":\"https:\\\/\\\/galler.de\\\/fr\\\/\",\"logo\":{\"@type\":\"ImageObject\",\"inLanguage\":\"fr-FR\",\"@id\":\"https:\\\/\\\/galler.de\\\/fr\\\/#\\\/schema\\\/logo\\\/image\\\/\",\"url\":\"https:\\\/\\\/galler.de\\\/wp-content\\\/uploads\\\/2021\\\/07\\\/logo_galler.png\",\"contentUrl\":\"https:\\\/\\\/galler.de\\\/wp-content\\\/uploads\\\/2021\\\/07\\\/logo_galler.png\",\"width\":320,\"height\":77,\"caption\":\"Galler\"},\"image\":{\"@id\":\"https:\\\/\\\/galler.de\\\/fr\\\/#\\\/schema\\\/logo\\\/image\\\/\"},\"sameAs\":[\"https:\\\/\\\/www.linkedin.com\\\/company\\\/galler-lager\\\/\"]}]}<\/script>\n<!-- \/ Yoast SEO plugin. -->","yoast_head_json":{"title":"Rayonnage \u00e0 bras portants - Galler","robots":{"index":"index","follow":"follow","max-snippet":"max-snippet:-1","max-image-preview":"max-image-preview:large","max-video-preview":"max-video-preview:-1"},"canonical":"https:\/\/galler.de\/fr\/home-2\/produits\/systemes-de-stockage-complementaires\/rayonnage-a-bras-portants\/","og_locale":"fr_FR","og_type":"article","og_title":"Rayonnage \u00e0 bras portants - Galler","og_url":"https:\/\/galler.de\/fr\/home-2\/produits\/systemes-de-stockage-complementaires\/rayonnage-a-bras-portants\/","og_site_name":"Galler","article_modified_time":"2023-11-15T13:55:15+00:00","twitter_card":"summary_large_image","twitter_misc":{"Dur\u00e9e de lecture estim\u00e9e":"15 minutes"},"schema":{"@context":"https:\/\/schema.org","@graph":[{"@type":"WebPage","@id":"https:\/\/galler.de\/fr\/home-2\/produits\/systemes-de-stockage-complementaires\/rayonnage-a-bras-portants\/","url":"https:\/\/galler.de\/fr\/home-2\/produits\/systemes-de-stockage-complementaires\/rayonnage-a-bras-portants\/","name":"Rayonnage \u00e0 bras portants - Galler","isPartOf":{"@id":"https:\/\/galler.de\/fr\/#website"},"datePublished":"2021-08-19T13:55:56+00:00","dateModified":"2023-11-15T13:55:15+00:00","breadcrumb":{"@id":"https:\/\/galler.de\/fr\/home-2\/produits\/systemes-de-stockage-complementaires\/rayonnage-a-bras-portants\/#breadcrumb"},"inLanguage":"fr-FR","potentialAction":[{"@type":"ReadAction","target":["https:\/\/galler.de\/fr\/home-2\/produits\/systemes-de-stockage-complementaires\/rayonnage-a-bras-portants\/"]}]},{"@type":"BreadcrumbList","@id":"https:\/\/galler.de\/fr\/home-2\/produits\/systemes-de-stockage-complementaires\/rayonnage-a-bras-portants\/#breadcrumb","itemListElement":[{"@type":"ListItem","position":1,"name":"Startseite","item":"https:\/\/galler.de\/fr\/"},{"@type":"ListItem","position":2,"name":"Home","item":"https:\/\/galler.de\/fr\/"},{"@type":"ListItem","position":3,"name":"Produits","item":"https:\/\/galler.de\/fr\/home-2\/produits\/"},{"@type":"ListItem","position":4,"name":"Syst\u00e8mes de stockage compl\u00e9mentaires","item":"https:\/\/galler.de\/fr\/home-2\/produits\/systemes-de-stockage-complementaires\/"},{"@type":"ListItem","position":5,"name":"Rayonnage \u00e0 bras portants"}]},{"@type":"WebSite","@id":"https:\/\/galler.de\/fr\/#website","url":"https:\/\/galler.de\/fr\/","name":"Galler","description":"Galler Lager und Regaltechnik","publisher":{"@id":"https:\/\/galler.de\/fr\/#organization"},"potentialAction":[{"@type":"SearchAction","target":{"@type":"EntryPoint","urlTemplate":"https:\/\/galler.de\/fr\/?s={search_term_string}"},"query-input":{"@type":"PropertyValueSpecification","valueRequired":true,"valueName":"search_term_string"}}],"inLanguage":"fr-FR"},{"@type":"Organization","@id":"https:\/\/galler.de\/fr\/#organization","name":"Galler","url":"https:\/\/galler.de\/fr\/","logo":{"@type":"ImageObject","inLanguage":"fr-FR","@id":"https:\/\/galler.de\/fr\/#\/schema\/logo\/image\/","url":"https:\/\/galler.de\/wp-content\/uploads\/2021\/07\/logo_galler.png","contentUrl":"https:\/\/galler.de\/wp-content\/uploads\/2021\/07\/logo_galler.png","width":320,"height":77,"caption":"Galler"},"image":{"@id":"https:\/\/galler.de\/fr\/#\/schema\/logo\/image\/"},"sameAs":["https:\/\/www.linkedin.com\/company\/galler-lager\/"]}]}},"_links":{"self":[{"href":"https:\/\/galler.de\/fr\/wp-json\/wp\/v2\/pages\/27533","targetHints":{"allow":["GET"]}}],"collection":[{"href":"https:\/\/galler.de\/fr\/wp-json\/wp\/v2\/pages"}],"about":[{"href":"https:\/\/galler.de\/fr\/wp-json\/wp\/v2\/types\/page"}],"author":[{"embeddable":true,"href":"https:\/\/galler.de\/fr\/wp-json\/wp\/v2\/users\/5"}],"replies":[{"embeddable":true,"href":"https:\/\/galler.de\/fr\/wp-json\/wp\/v2\/comments?post=27533"}],"version-history":[{"count":0,"href":"https:\/\/galler.de\/fr\/wp-json\/wp\/v2\/pages\/27533\/revisions"}],"up":[{"embeddable":true,"href":"https:\/\/galler.de\/fr\/wp-json\/wp\/v2\/pages\/27246"}],"wp:attachment":[{"href":"https:\/\/galler.de\/fr\/wp-json\/wp\/v2\/media?parent=27533"}],"curies":[{"name":"wp","href":"https:\/\/api.w.org\/{rel}","templated":true}]}}