{"id":27472,"date":"2021-08-19T15:50:16","date_gmt":"2021-08-19T13:50:16","guid":{"rendered":"https:\/\/galler.de\/home-2\/produits\/systemes-de-stockage-dynamiques\/rayonnage-coulissant\/"},"modified":"2023-11-15T12:26:52","modified_gmt":"2023-11-15T11:26:52","slug":"rayonnage-coulissant","status":"publish","type":"page","link":"https:\/\/galler.de\/fr\/home-2\/produits\/systemes-de-stockage-dynamiques\/rayonnage-coulissant\/","title":{"rendered":"Rayonnage coulissant"},"content":{"rendered":"<section  class='av_textblock_section av-2w2dn4-2bf1205aab65ffd2566fa5fbcb7bc678 '   itemscope=\"itemscope\" itemtype=\"https:\/\/schema.org\/CreativeWork\" ><div class='avia_textblock'  itemprop=\"text\" ><div class=\"breadcrumb breadcrumbs avia-breadcrumbs\"><div class=\"breadcrumb-trail\" ><span class=\"trail-before\"><span class=\"breadcrumb-title\">You are here:<\/span><\/span> <span  itemscope=\"itemscope\" itemtype=\"https:\/\/schema.org\/BreadcrumbList\" ><span  itemscope=\"itemscope\" itemtype=\"https:\/\/schema.org\/ListItem\" itemprop=\"itemListElement\" ><a itemprop=\"url\" href=\"https:\/\/galler.de\/fr\/\" title=\"Galler\" rel=\"home\" class=\"trail-begin\"><span itemprop=\"name\">Home<\/span><\/a><span itemprop=\"position\" class=\"hidden\">1<\/span><\/span><\/span><\/div><\/div>\n<\/div><\/section>\n\n<style type=\"text\/css\" data-created_by=\"avia_inline_auto\" id=\"style-css-av-ksizdvhi-c698901978562aeae2fe96a0b87138e3\">\n#top .av-special-heading.av-ksizdvhi-c698901978562aeae2fe96a0b87138e3{\nmargin:0 0 24px 0;\npadding-bottom:10px;\n}\nbody .av-special-heading.av-ksizdvhi-c698901978562aeae2fe96a0b87138e3 .av-special-heading-tag .heading-char{\nfont-size:25px;\n}\n.av-special-heading.av-ksizdvhi-c698901978562aeae2fe96a0b87138e3 .av-subheading{\nfont-size:15px;\n}\n<\/style>\n<div  class='av-special-heading av-ksizdvhi-c698901978562aeae2fe96a0b87138e3 av-special-heading-h1 blockquote modern-quote'><h1 class='av-special-heading-tag '  itemprop=\"headline\"  >Rayonnage coulissant<\/h1><div class=\"special-heading-border\"><div class=\"special-heading-inner-border\"><\/div><\/div><\/div>\n<section  class='av_textblock_section av-ksyempiw-4c767cd2d92f1ff65d9d8ba0ab20d625 '   itemscope=\"itemscope\" itemtype=\"https:\/\/schema.org\/CreativeWork\" ><div class='avia_textblock'  itemprop=\"text\" ><p>Les rayonnages coulissants permettent un tr\u00e8s bon taux d\u2019utilisation de surface et d\u2019espace dans l\u2019entrep\u00f4t, tout en permettant l\u2019acc\u00e8s direct \u00e0 chaque palette entrepos\u00e9e.<\/p>\n<ul>\n<li>Conviennent particuli\u00e8rement en cas d\u2019une faible capacit\u00e9 de transbordement<\/li>\n<li>Parfaits dans le secteur de la r\u00e9frig\u00e9ration parce que l\u2019air peut circuler librement entre les marchandises<\/li>\n<li>Les moteurs \u00e0 r\u00e9gulation de fr\u00e9quence permettent un d\u00e9marrage et une d\u00e9c\u00e9l\u00e9ration en douceur.<\/li>\n<li>La largeur d\u2019all\u00e9es d\u00e9pend de la man\u0153uvrabilit\u00e9 du chariot \u00e9l\u00e9vateur.<\/li>\n<li>\u00c9conomie de surface de jusqu\u2019\u00e0 50 %, augmentation de capacit\u00e9 de stockage de jusqu\u2019\u00e0 100 %<\/li>\n<li>Gr\u00e2ce \u00e0 conception compacte, de faibles co\u00fbts d\u2019investissement dans le b\u00e2timent et co\u00fbts d\u2019exploitation<\/li>\n<\/ul>\n<\/div><\/section>\n\n<style type=\"text\/css\" data-created_by=\"avia_inline_auto\" id=\"style-css-av-35oyhs-ce321aca038cea1ddd786b43b0c87575\">\n#top .hr.hr-invisible.av-35oyhs-ce321aca038cea1ddd786b43b0c87575{\nheight:20px;\n}\n<\/style>\n<div  class='hr av-35oyhs-ce321aca038cea1ddd786b43b0c87575 hr-invisible'><span class='hr-inner '><span class=\"hr-inner-style\"><\/span><\/span><\/div>\n\n<style type=\"text\/css\" data-created_by=\"avia_inline_auto\" id=\"style-css-av-ksyey2bd-454d3321fb25595b6d8fbe69a21e48bf\">\n#top .flex_column.av-ksyey2bd-454d3321fb25595b6d8fbe69a21e48bf{\nmargin-top:0px;\nmargin-bottom:0px;\n}\n.flex_column.av-ksyey2bd-454d3321fb25595b6d8fbe69a21e48bf{\nborder-radius:0px 0px 0px 0px;\npadding:0px 0px 0px 0px;\n}\n.responsive #top #wrap_all .flex_column.av-ksyey2bd-454d3321fb25595b6d8fbe69a21e48bf{\nmargin-top:0px;\nmargin-bottom:0px;\n}\n<\/style>\n<div  class='flex_column av-ksyey2bd-454d3321fb25595b6d8fbe69a21e48bf av_one_half first flex_column_div av-zero-column-padding  '     ><p>\n<style type=\"text\/css\" data-created_by=\"avia_inline_auto\" id=\"style-css-av-ksyg0u0f-777590a235eea453ae9d8e0c9513d823\">\n.avia-image-container.av-ksyg0u0f-777590a235eea453ae9d8e0c9513d823 img.avia_image{\nbox-shadow:none;\n}\n.avia-image-container.av-ksyg0u0f-777590a235eea453ae9d8e0c9513d823 .av-image-caption-overlay-center{\ncolor:#ffffff;\n}\n<\/style>\n<div  class='avia-image-container av-ksyg0u0f-777590a235eea453ae9d8e0c9513d823 av-styling- av-img-linked avia-align-center'   itemprop=\"image\" itemscope=\"itemscope\" itemtype=\"https:\/\/schema.org\/ImageObject\" ><div class=\"avia-image-container-inner\"><div class=\"avia-image-overlay-wrap\"><a href=\"https:\/\/galler.de\/wp-content\/uploads\/2021\/10\/Ueber-uns-gross-Verfahrregal.jpg\" data-srcset=\"https:\/\/galler.de\/wp-content\/uploads\/2021\/10\/Ueber-uns-gross-Verfahrregal.jpg 1030w, https:\/\/galler.de\/wp-content\/uploads\/2021\/10\/Ueber-uns-gross-Verfahrregal-300x169.jpg 300w, https:\/\/galler.de\/wp-content\/uploads\/2021\/10\/Ueber-uns-gross-Verfahrregal-768x432.jpg 768w, https:\/\/galler.de\/wp-content\/uploads\/2021\/10\/Ueber-uns-gross-Verfahrregal-705x396.jpg 705w\" data-sizes=\"(max-width: 1030px) 100vw, 1030px\" class='avia_image '  aria-label='Les moteurs \u00e0 r\u00e9gulation de fr\u00e9quence permettent un d\u00e9marrage et une d\u00e9c\u00e9l\u00e9ration en douceur.'><img decoding=\"async\" fetchpriority=\"high\" class='wp-image-26967 avia-img-lazy-loading-not-26967 avia_image ' src=\"https:\/\/galler.de\/wp-content\/uploads\/2021\/10\/Ueber-uns-gross-Verfahrregal.jpg\" alt='Les moteurs \u00e0 r\u00e9gulation de fr\u00e9quence permettent un d\u00e9marrage et une d\u00e9c\u00e9l\u00e9ration en douceur.' title='Les moteurs \u00e0 r\u00e9gulation de fr\u00e9quence permettent un d\u00e9marrage et une d\u00e9c\u00e9l\u00e9ration en douceur.'  height=\"579\" width=\"1030\"  itemprop=\"thumbnailUrl\" srcset=\"https:\/\/galler.de\/wp-content\/uploads\/2021\/10\/Ueber-uns-gross-Verfahrregal.jpg 1030w, https:\/\/galler.de\/wp-content\/uploads\/2021\/10\/Ueber-uns-gross-Verfahrregal-300x169.jpg 300w, https:\/\/galler.de\/wp-content\/uploads\/2021\/10\/Ueber-uns-gross-Verfahrregal-768x432.jpg 768w, https:\/\/galler.de\/wp-content\/uploads\/2021\/10\/Ueber-uns-gross-Verfahrregal-705x396.jpg 705w\" sizes=\"(max-width: 1030px) 100vw, 1030px\" \/><\/a><\/div><\/div><\/div><br \/>\n\n<style type=\"text\/css\" data-created_by=\"avia_inline_auto\" id=\"style-css-av-l14vuap9-dadf479b949ee694d70fd4782c66fad2\">\n#top .av_textblock_section.av-l14vuap9-dadf479b949ee694d70fd4782c66fad2 .avia_textblock{\nfont-size:14px;\n}\n<\/style>\n<section  class='av_textblock_section av-l14vuap9-dadf479b949ee694d70fd4782c66fad2 '   itemscope=\"itemscope\" itemtype=\"https:\/\/schema.org\/CreativeWork\" ><div class='avia_textblock'  itemprop=\"text\" ><p>Les moteurs \u00e0 r\u00e9gulation de fr\u00e9quence permettent un d\u00e9marrage et une d\u00e9c\u00e9l\u00e9ration en douceur.<\/p>\n<\/div><\/section><\/p><\/div>\n<style type=\"text\/css\" data-created_by=\"avia_inline_auto\" id=\"style-css-av-178y74-982b005537d28d2a4bfe77fc69593643\">\n#top .flex_column.av-178y74-982b005537d28d2a4bfe77fc69593643{\nmargin-top:0px;\nmargin-bottom:0px;\n}\n.flex_column.av-178y74-982b005537d28d2a4bfe77fc69593643{\nborder-radius:0px 0px 0px 0px;\npadding:0px 0px 0px 0px;\n}\n.responsive #top #wrap_all .flex_column.av-178y74-982b005537d28d2a4bfe77fc69593643{\nmargin-top:0px;\nmargin-bottom:0px;\n}\n<\/style>\n<div  class='flex_column av-178y74-982b005537d28d2a4bfe77fc69593643 av_one_half flex_column_div av-zero-column-padding  '     ><p>\n<style type=\"text\/css\" data-created_by=\"avia_inline_auto\" id=\"style-css-av-ksyg0lp4-97c3f69f9b0621ca66fca6ec816dfc69\">\n.avia-image-container.av-ksyg0lp4-97c3f69f9b0621ca66fca6ec816dfc69 img.avia_image{\nbox-shadow:none;\n}\n.avia-image-container.av-ksyg0lp4-97c3f69f9b0621ca66fca6ec816dfc69 .av-image-caption-overlay-center{\ncolor:#ffffff;\n}\n<\/style>\n<div  class='avia-image-container av-ksyg0lp4-97c3f69f9b0621ca66fca6ec816dfc69 av-styling- av-img-linked avia-align-center  img-border'   itemprop=\"image\" itemscope=\"itemscope\" itemtype=\"https:\/\/schema.org\/ImageObject\" ><div class=\"avia-image-container-inner\"><div class=\"avia-image-overlay-wrap\"><a href=\"https:\/\/galler.de\/wp-content\/uploads\/2021\/08\/Verfahrregal_02.jpg\" data-srcset=\"https:\/\/galler.de\/wp-content\/uploads\/2021\/08\/Verfahrregal_02.jpg 1030w, https:\/\/galler.de\/wp-content\/uploads\/2021\/08\/Verfahrregal_02-300x169.jpg 300w, https:\/\/galler.de\/wp-content\/uploads\/2021\/08\/Verfahrregal_02-768x432.jpg 768w, https:\/\/galler.de\/wp-content\/uploads\/2021\/08\/Verfahrregal_02-705x396.jpg 705w\" data-sizes=\"(max-width: 1030px) 100vw, 1030px\" class='avia_image '  aria-label='Les rayonnages mobiles permettent d\u2019augmenter la capacit\u00e9 de stockage de jusqu\u2019\u00e0 100 %.'><img decoding=\"async\" fetchpriority=\"high\" class='wp-image-30711 avia-img-lazy-loading-not-30711 avia_image ' src=\"https:\/\/galler.de\/wp-content\/uploads\/2021\/08\/Verfahrregal_02.jpg\" alt='Les rayonnages mobiles permettent d\u2019augmenter la capacit\u00e9 de stockage de jusqu\u2019\u00e0 100 %.' title='Les rayonnages mobiles permettent d\u2019augmenter la capacit\u00e9 de stockage de jusqu\u2019\u00e0 100 %.'  height=\"579\" width=\"1030\"  itemprop=\"thumbnailUrl\" srcset=\"https:\/\/galler.de\/wp-content\/uploads\/2021\/08\/Verfahrregal_02.jpg 1030w, https:\/\/galler.de\/wp-content\/uploads\/2021\/08\/Verfahrregal_02-300x169.jpg 300w, https:\/\/galler.de\/wp-content\/uploads\/2021\/08\/Verfahrregal_02-768x432.jpg 768w, https:\/\/galler.de\/wp-content\/uploads\/2021\/08\/Verfahrregal_02-705x396.jpg 705w\" sizes=\"(max-width: 1030px) 100vw, 1030px\" \/><\/a><\/div><\/div><\/div><br \/>\n\n<style type=\"text\/css\" data-created_by=\"avia_inline_auto\" id=\"style-css-av-l14vttif-fba5acfbe6b241850a87a5699e367242\">\n#top .av_textblock_section.av-l14vttif-fba5acfbe6b241850a87a5699e367242 .avia_textblock{\nfont-size:14px;\n}\n<\/style>\n<section  class='av_textblock_section av-l14vttif-fba5acfbe6b241850a87a5699e367242 '   itemscope=\"itemscope\" itemtype=\"https:\/\/schema.org\/CreativeWork\" ><div class='avia_textblock'  itemprop=\"text\" ><p>Les rayonnages mobiles permettent d\u2019augmenter la capacit\u00e9 de stockage de jusqu\u2019\u00e0 100 %.<\/p>\n<\/div><\/section><\/p><\/div>\n<style type=\"text\/css\" data-created_by=\"avia_inline_auto\" id=\"style-css-av-6kl96o-dcf46612adf74a029bc5b921fe894b1f\">\n#top .hr.hr-invisible.av-6kl96o-dcf46612adf74a029bc5b921fe894b1f{\nheight:20px;\n}\n<\/style>\n<div  class='hr av-6kl96o-dcf46612adf74a029bc5b921fe894b1f hr-invisible'><span class='hr-inner '><span class=\"hr-inner-style\"><\/span><\/span><\/div><\/p>\n\n<style type=\"text\/css\" data-created_by=\"avia_inline_auto\" id=\"style-css-av-kup5923x-599fa81628c244dcefb65e9f1b520308\">\n#top .av-special-heading.av-kup5923x-599fa81628c244dcefb65e9f1b520308{\nmargin:28px 0 0 0;\npadding-bottom:10px;\ncolor:#000000;\n}\nbody .av-special-heading.av-kup5923x-599fa81628c244dcefb65e9f1b520308 .av-special-heading-tag .heading-char{\nfont-size:25px;\n}\n.av-special-heading.av-kup5923x-599fa81628c244dcefb65e9f1b520308 .special-heading-inner-border{\nborder-color:#000000;\n}\n.av-special-heading.av-kup5923x-599fa81628c244dcefb65e9f1b520308 .av-subheading{\nfont-size:15px;\n}\n<\/style>\n<div  class='av-special-heading av-kup5923x-599fa81628c244dcefb65e9f1b520308 av-special-heading-h2 custom-color-heading blockquote modern-quote'><h2 class='av-special-heading-tag '  itemprop=\"headline\"  >Fonctionnement<\/h2><div class=\"special-heading-border\"><div class=\"special-heading-inner-border\"><\/div><\/div><\/div>\n\n<style type=\"text\/css\" data-created_by=\"avia_inline_auto\" id=\"style-css-av-13os00-e8d3a0d5f0d34fefce5060ce963f9a9b\">\n.flex_column.av-13os00-e8d3a0d5f0d34fefce5060ce963f9a9b{\nborder-radius:0px 0px 0px 0px;\npadding:0px 0px 0px 0px;\n}\n<\/style>\n<div  class='flex_column av-13os00-e8d3a0d5f0d34fefce5060ce963f9a9b av_one_half first flex_column_div av-zero-column-padding  '     ><section  class='av_textblock_section av-ksyeq6y7-c012f7c252a259adaf8401348e6964ab '   itemscope=\"itemscope\" itemtype=\"https:\/\/schema.org\/CreativeWork\" ><div class='avia_textblock'  itemprop=\"text\" ><p>Un rayonnage mobile est un rayonnage \u00e0 palettes multi-emplacements OMEGA mont\u00e9 sur un support mobile. Il est entra\u00een\u00e9 par un moteur \u00e9lectrique. Cela permet de rassembler les rayonnages de mani\u00e8re serr\u00e9e. Pour acc\u00e9der \u00e0 une palette, le conducteur de chariot \u00e9l\u00e9vateur n\u2019ouvre qu\u2019une seule all\u00e9e de rayonnage. Cela rend possible un entreposage tr\u00e8s compact tout en permettant d\u2019acc\u00e9der directement \u00e0 chaque palette.<\/p>\n<\/div><\/section><\/div>\n\n<style type=\"text\/css\" data-created_by=\"avia_inline_auto\" id=\"style-css-av-3oq6pc-1e5c0e3c4349fb8a4757ca2cc52055e7\">\n.flex_column.av-3oq6pc-1e5c0e3c4349fb8a4757ca2cc52055e7{\nborder-radius:0px 0px 0px 0px;\npadding:0px 0px 0px 0px;\n}\n<\/style>\n<div  class='flex_column av-3oq6pc-1e5c0e3c4349fb8a4757ca2cc52055e7 av_one_half flex_column_div av-zero-column-padding  '     ><p>\n<style type=\"text\/css\" data-created_by=\"avia_inline_auto\" id=\"style-css-av-20i6v4-13c7bb598dc7308c67aa61b6bb4401a5\">\n.avia-image-container.av-20i6v4-13c7bb598dc7308c67aa61b6bb4401a5 img.avia_image{\nbox-shadow:none;\n}\n.avia-image-container.av-20i6v4-13c7bb598dc7308c67aa61b6bb4401a5 .av-image-caption-overlay-center{\ncolor:#ffffff;\n}\n<\/style>\n<div  class='avia-image-container av-20i6v4-13c7bb598dc7308c67aa61b6bb4401a5 av-styling- av-img-linked avia-align-center'   itemprop=\"image\" itemscope=\"itemscope\" itemtype=\"https:\/\/schema.org\/ImageObject\" ><div class=\"avia-image-container-inner\"><div class=\"avia-image-overlay-wrap\"><a href=\"https:\/\/galler.de\/wp-content\/uploads\/2021\/08\/Verfahrregal_03.jpg\" data-srcset=\"https:\/\/galler.de\/wp-content\/uploads\/2021\/08\/Verfahrregal_03.jpg 1030w, https:\/\/galler.de\/wp-content\/uploads\/2021\/08\/Verfahrregal_03-300x169.jpg 300w, https:\/\/galler.de\/wp-content\/uploads\/2021\/08\/Verfahrregal_03-768x432.jpg 768w, https:\/\/galler.de\/wp-content\/uploads\/2021\/08\/Verfahrregal_03-705x396.jpg 705w\" data-sizes=\"(max-width: 1030px) 100vw, 1030px\" class='avia_image '  aria-label='Rayonnage mobile dans le secteur alimentaire : l\u2019utilisation maximale de l\u2019espace permet de r\u00e9duire les co\u00fbts de climatisation.'><img decoding=\"async\" fetchpriority=\"high\" class='wp-image-30715 avia-img-lazy-loading-not-30715 avia_image ' src=\"https:\/\/galler.de\/wp-content\/uploads\/2021\/08\/Verfahrregal_03.jpg\" alt='Rayonnage mobile dans le secteur alimentaire : l\u2019utilisation maximale de l\u2019espace permet de r\u00e9duire les co\u00fbts de climatisation.' title='Rayonnage mobile dans le secteur alimentaire : l\u2019utilisation maximale de l\u2019espace permet de r\u00e9duire les co\u00fbts de climatisation.'  height=\"579\" width=\"1030\"  itemprop=\"thumbnailUrl\" srcset=\"https:\/\/galler.de\/wp-content\/uploads\/2021\/08\/Verfahrregal_03.jpg 1030w, https:\/\/galler.de\/wp-content\/uploads\/2021\/08\/Verfahrregal_03-300x169.jpg 300w, https:\/\/galler.de\/wp-content\/uploads\/2021\/08\/Verfahrregal_03-768x432.jpg 768w, https:\/\/galler.de\/wp-content\/uploads\/2021\/08\/Verfahrregal_03-705x396.jpg 705w\" sizes=\"(max-width: 1030px) 100vw, 1030px\" \/><\/a><\/div><\/div><\/div><br \/>\n\n<style type=\"text\/css\" data-created_by=\"avia_inline_auto\" id=\"style-css-av-l14vuw3i-c0d29e738e6c8c38c71c71ae5cea4d14\">\n#top .av_textblock_section.av-l14vuw3i-c0d29e738e6c8c38c71c71ae5cea4d14 .avia_textblock{\nfont-size:14px;\n}\n<\/style>\n<section  class='av_textblock_section av-l14vuw3i-c0d29e738e6c8c38c71c71ae5cea4d14 '   itemscope=\"itemscope\" itemtype=\"https:\/\/schema.org\/CreativeWork\" ><div class='avia_textblock'  itemprop=\"text\" ><p>Rayonnage mobile dans le secteur alimentaire : l\u2019utilisation maximale de l\u2019espace permet de r\u00e9duire les co\u00fbts de climatisation.<\/p>\n<\/div><\/section><\/p><\/div>\n<style type=\"text\/css\" data-created_by=\"avia_inline_auto\" id=\"style-css-av-78pb6o-d8b5de8faacbb852492c26634e4776d7\">\n.flex_column.av-78pb6o-d8b5de8faacbb852492c26634e4776d7{\nborder-radius:0px 0px 0px 0px;\npadding:0px 0px 0px 0px;\n}\n<\/style>\n<div  class='flex_column av-78pb6o-d8b5de8faacbb852492c26634e4776d7 av_one_half first flex_column_div av-zero-column-padding  '     ><section  class='av_textblock_section av-kte4vsv5-6562aebb9f3a7fdf0dfc60cc6f3c5fa5 '   itemscope=\"itemscope\" itemtype=\"https:\/\/schema.org\/CreativeWork\" ><div class='avia_textblock'  itemprop=\"text\" ><h3 style=\"text-align: center;\">Chariot \u00e0 mat r\u00e9tractable<br \/>\n<strong><span style=\"color: #dd0000;\">384 palettes<\/span><\/strong><\/h3>\n<\/div><\/section><br \/>\n\n<style type=\"text\/css\" data-created_by=\"avia_inline_auto\" id=\"style-css-av-ksyg0zjj-9de31c512902cd1ae2a78fa3da2b883d\">\n.avia-image-container.av-ksyg0zjj-9de31c512902cd1ae2a78fa3da2b883d img.avia_image{\nbox-shadow:none;\n}\n.avia-image-container.av-ksyg0zjj-9de31c512902cd1ae2a78fa3da2b883d .av-image-caption-overlay-center{\ncolor:#ffffff;\n}\n<\/style>\n<div  class='avia-image-container av-ksyg0zjj-9de31c512902cd1ae2a78fa3da2b883d av-styling- av-img-linked avia-align-center'   itemprop=\"image\" itemscope=\"itemscope\" itemtype=\"https:\/\/schema.org\/ImageObject\" ><div class=\"avia-image-container-inner\"><div class=\"avia-image-overlay-wrap\"><a href=\"https:\/\/galler.de\/wp-content\/uploads\/2021\/08\/Verfahrregal_04.jpg\" data-srcset=\"https:\/\/galler.de\/wp-content\/uploads\/2021\/08\/Verfahrregal_04.jpg 845w, https:\/\/galler.de\/wp-content\/uploads\/2021\/08\/Verfahrregal_04-300x300.jpg 300w, https:\/\/galler.de\/wp-content\/uploads\/2021\/08\/Verfahrregal_04-80x80.jpg 80w, https:\/\/galler.de\/wp-content\/uploads\/2021\/08\/Verfahrregal_04-768x768.jpg 768w, https:\/\/galler.de\/wp-content\/uploads\/2021\/08\/Verfahrregal_04-36x36.jpg 36w, https:\/\/galler.de\/wp-content\/uploads\/2021\/08\/Verfahrregal_04-180x180.jpg 180w, https:\/\/galler.de\/wp-content\/uploads\/2021\/08\/Verfahrregal_04-705x705.jpg 705w\" data-sizes=\"(max-width: 845px) 100vw, 845px\" class='avia_image '  aria-label='Chariot \u00e0 mat r\u00e9tractable 384 palettes'><img decoding=\"async\" fetchpriority=\"high\" class='wp-image-30719 avia-img-lazy-loading-not-30719 avia_image ' src=\"https:\/\/galler.de\/wp-content\/uploads\/2021\/08\/Verfahrregal_04.jpg\" alt='Chariot \u00e0 mat r\u00e9tractable 384 palettes' title='Chariot \u00e0 mat r\u00e9tractable 384 palettes'  height=\"845\" width=\"845\"  itemprop=\"thumbnailUrl\" srcset=\"https:\/\/galler.de\/wp-content\/uploads\/2021\/08\/Verfahrregal_04.jpg 845w, https:\/\/galler.de\/wp-content\/uploads\/2021\/08\/Verfahrregal_04-300x300.jpg 300w, https:\/\/galler.de\/wp-content\/uploads\/2021\/08\/Verfahrregal_04-80x80.jpg 80w, https:\/\/galler.de\/wp-content\/uploads\/2021\/08\/Verfahrregal_04-768x768.jpg 768w, https:\/\/galler.de\/wp-content\/uploads\/2021\/08\/Verfahrregal_04-36x36.jpg 36w, https:\/\/galler.de\/wp-content\/uploads\/2021\/08\/Verfahrregal_04-180x180.jpg 180w, https:\/\/galler.de\/wp-content\/uploads\/2021\/08\/Verfahrregal_04-705x705.jpg 705w\" sizes=\"(max-width: 845px) 100vw, 845px\" \/><\/a><\/div><\/div><\/div><\/p><\/div>\n<style type=\"text\/css\" data-created_by=\"avia_inline_auto\" id=\"style-css-av-5yoaeo-f01007adc24103d0ab15942a7d98b8a0\">\n.flex_column.av-5yoaeo-f01007adc24103d0ab15942a7d98b8a0{\nborder-radius:0px 0px 0px 0px;\npadding:0px 0px 0px 0px;\n}\n<\/style>\n<div  class='flex_column av-5yoaeo-f01007adc24103d0ab15942a7d98b8a0 av_one_half flex_column_div av-zero-column-padding  '     ><section  class='av_textblock_section av-kte4yw8t-169719300d0d0f43520959532edfb51d '   itemscope=\"itemscope\" itemtype=\"https:\/\/schema.org\/CreativeWork\" ><div class='avia_textblock'  itemprop=\"text\" ><h3 style=\"text-align: center;\">Rayonnage mobile<br \/>\n<strong><span style=\"color: #dd0000;\">672 palettes<\/span><\/strong><\/h3>\n<\/div><\/section><br \/>\n\n<style type=\"text\/css\" data-created_by=\"avia_inline_auto\" id=\"style-css-av-ksyg15x2-db800c1ebcf461320d7b990b0b51443b\">\n.avia-image-container.av-ksyg15x2-db800c1ebcf461320d7b990b0b51443b img.avia_image{\nbox-shadow:none;\n}\n.avia-image-container.av-ksyg15x2-db800c1ebcf461320d7b990b0b51443b .av-image-caption-overlay-center{\ncolor:#ffffff;\n}\n<\/style>\n<div  class='avia-image-container av-ksyg15x2-db800c1ebcf461320d7b990b0b51443b av-styling- av-img-linked avia-align-center'   itemprop=\"image\" itemscope=\"itemscope\" itemtype=\"https:\/\/schema.org\/ImageObject\" ><div class=\"avia-image-container-inner\"><div class=\"avia-image-overlay-wrap\"><a href=\"https:\/\/galler.de\/wp-content\/uploads\/2021\/08\/Verfahrregal_05.jpg\" data-srcset=\"https:\/\/galler.de\/wp-content\/uploads\/2021\/08\/Verfahrregal_05.jpg 845w, https:\/\/galler.de\/wp-content\/uploads\/2021\/08\/Verfahrregal_05-300x300.jpg 300w, https:\/\/galler.de\/wp-content\/uploads\/2021\/08\/Verfahrregal_05-80x80.jpg 80w, https:\/\/galler.de\/wp-content\/uploads\/2021\/08\/Verfahrregal_05-768x768.jpg 768w, https:\/\/galler.de\/wp-content\/uploads\/2021\/08\/Verfahrregal_05-36x36.jpg 36w, https:\/\/galler.de\/wp-content\/uploads\/2021\/08\/Verfahrregal_05-180x180.jpg 180w, https:\/\/galler.de\/wp-content\/uploads\/2021\/08\/Verfahrregal_05-705x705.jpg 705w\" data-sizes=\"(max-width: 845px) 100vw, 845px\" class='avia_image '  aria-label='Rayonnage mobile 672 palettes'><img decoding=\"async\" fetchpriority=\"high\" class='wp-image-30723 avia-img-lazy-loading-not-30723 avia_image ' src=\"https:\/\/galler.de\/wp-content\/uploads\/2021\/08\/Verfahrregal_05.jpg\" alt='Rayonnage mobile 672 palettes' title='Rayonnage mobile 672 palettes'  height=\"845\" width=\"845\"  itemprop=\"thumbnailUrl\" srcset=\"https:\/\/galler.de\/wp-content\/uploads\/2021\/08\/Verfahrregal_05.jpg 845w, https:\/\/galler.de\/wp-content\/uploads\/2021\/08\/Verfahrregal_05-300x300.jpg 300w, https:\/\/galler.de\/wp-content\/uploads\/2021\/08\/Verfahrregal_05-80x80.jpg 80w, https:\/\/galler.de\/wp-content\/uploads\/2021\/08\/Verfahrregal_05-768x768.jpg 768w, https:\/\/galler.de\/wp-content\/uploads\/2021\/08\/Verfahrregal_05-36x36.jpg 36w, https:\/\/galler.de\/wp-content\/uploads\/2021\/08\/Verfahrregal_05-180x180.jpg 180w, https:\/\/galler.de\/wp-content\/uploads\/2021\/08\/Verfahrregal_05-705x705.jpg 705w\" sizes=\"(max-width: 845px) 100vw, 845px\" \/><\/a><\/div><\/div><\/div><\/p><\/div>\n<style type=\"text\/css\" data-created_by=\"avia_inline_auto\" id=\"style-css-av-2z1z3k-76347038d6a6af03c3bb652189ad7178\">\n.flex_column.av-2z1z3k-76347038d6a6af03c3bb652189ad7178{\nborder-radius:0px 0px 0px 0px;\npadding:0px 0px 0px 0px;\n}\n<\/style>\n<div  class='flex_column av-2z1z3k-76347038d6a6af03c3bb652189ad7178 av_one_full first flex_column_div av-zero-column-padding  '     ><section  class='av_textblock_section av-kufc42bk-de9b6e47d1e7acf122e4a7b2162d15cb '   itemscope=\"itemscope\" itemtype=\"https:\/\/schema.org\/CreativeWork\" ><div class='avia_textblock'  itemprop=\"text\" ><h2>Rayonnages \u00e0 bras portants sur supports mobiles<\/h2>\n<ul>\n<li>Au lieu de rayonnages \u00e0 palettes, les supports mobiles peuvent \u00e9galement \u00eatre \u00e9quip\u00e9s de rayonnages \u00e0 bras portants.<\/li>\n<li>Le support mobile est adapt\u00e9 \u00e0 votre conception individuelle.<\/li>\n<li>Si les niveaux des bras sont reli\u00e9s par des traverses et des planchers, on obtient un niveau de stockage continu.<\/li>\n<\/ul>\n<\/div><\/section><\/div><\/p>\n\n<style type=\"text\/css\" data-created_by=\"avia_inline_auto\" id=\"style-css-av-6634w0-44075446f071027c0a5263ff9a71d24a\">\n.flex_column.av-6634w0-44075446f071027c0a5263ff9a71d24a{\nborder-radius:0px 0px 0px 0px;\npadding:0px 0px 0px 0px;\n}\n<\/style>\n<div  class='flex_column av-6634w0-44075446f071027c0a5263ff9a71d24a av_one_full first flex_column_div av-zero-column-padding  '     ><style type=\"text\/css\" data-created_by=\"avia_inline_auto\" id=\"style-css-av-kuy4idp7-86d4e07f37270ea378f22cff95dec55a\">\n.avia-image-container.av-kuy4idp7-86d4e07f37270ea378f22cff95dec55a img.avia_image{\nbox-shadow:none;\n}\n.avia-image-container.av-kuy4idp7-86d4e07f37270ea378f22cff95dec55a .av-image-caption-overlay-center{\ncolor:#ffffff;\n}\n<\/style>\n<div  class='avia-image-container av-kuy4idp7-86d4e07f37270ea378f22cff95dec55a av-styling- av-img-linked avia-align-center'   itemprop=\"image\" itemscope=\"itemscope\" itemtype=\"https:\/\/schema.org\/ImageObject\" ><div class=\"avia-image-container-inner\"><div class=\"avia-image-overlay-wrap\"><a href=\"https:\/\/galler.de\/wp-content\/uploads\/2021\/10\/Produkte-Verfahrregale_Gang-oben-zentrisch.jpg\" data-srcset=\"https:\/\/galler.de\/wp-content\/uploads\/2021\/10\/Produkte-Verfahrregale_Gang-oben-zentrisch.jpg 1074w, https:\/\/galler.de\/wp-content\/uploads\/2021\/10\/Produkte-Verfahrregale_Gang-oben-zentrisch-300x117.jpg 300w, https:\/\/galler.de\/wp-content\/uploads\/2021\/10\/Produkte-Verfahrregale_Gang-oben-zentrisch-768x300.jpg 768w, https:\/\/galler.de\/wp-content\/uploads\/2021\/10\/Produkte-Verfahrregale_Gang-oben-zentrisch-705x275.jpg 705w\" data-sizes=\"(max-width: 1074px) 100vw, 1074px\" class='avia_image '  ><img decoding=\"async\" fetchpriority=\"high\" class='wp-image-27488 avia-img-lazy-loading-not-27488 avia_image ' src=\"https:\/\/galler.de\/wp-content\/uploads\/2021\/10\/Produkte-Verfahrregale_Gang-oben-zentrisch.jpg\" alt='' title=''  height=\"419\" width=\"1074\"  itemprop=\"thumbnailUrl\" srcset=\"https:\/\/galler.de\/wp-content\/uploads\/2021\/10\/Produkte-Verfahrregale_Gang-oben-zentrisch.jpg 1074w, https:\/\/galler.de\/wp-content\/uploads\/2021\/10\/Produkte-Verfahrregale_Gang-oben-zentrisch-300x117.jpg 300w, https:\/\/galler.de\/wp-content\/uploads\/2021\/10\/Produkte-Verfahrregale_Gang-oben-zentrisch-768x300.jpg 768w, https:\/\/galler.de\/wp-content\/uploads\/2021\/10\/Produkte-Verfahrregale_Gang-oben-zentrisch-705x275.jpg 705w\" sizes=\"(max-width: 1074px) 100vw, 1074px\" \/><\/a><\/div><\/div><\/div><\/div>\n\n<style type=\"text\/css\" data-created_by=\"avia_inline_auto\" id=\"style-css-av-49dxe8-ceb6e0146b4648663d23980499f08a8e\">\n.flex_column.av-49dxe8-ceb6e0146b4648663d23980499f08a8e{\nborder-radius:0px 0px 0px 0px;\npadding:0px 0px 0px 0px;\n}\n<\/style>\n<div  class='flex_column av-49dxe8-ceb6e0146b4648663d23980499f08a8e av_one_half first flex_column_div av-zero-column-padding  '     ><p>\n<style type=\"text\/css\" data-created_by=\"avia_inline_auto\" id=\"style-css-av-kuy4uzgm-1c5fcb5c9865ab656340507ec3a541dd\">\n.avia-image-container.av-kuy4uzgm-1c5fcb5c9865ab656340507ec3a541dd img.avia_image{\nbox-shadow:none;\n}\n.avia-image-container.av-kuy4uzgm-1c5fcb5c9865ab656340507ec3a541dd .av-image-caption-overlay-center{\ncolor:#ffffff;\n}\n<\/style>\n<div  class='avia-image-container av-kuy4uzgm-1c5fcb5c9865ab656340507ec3a541dd av-styling- av-img-linked avia-align-center'   itemprop=\"image\" itemscope=\"itemscope\" itemtype=\"https:\/\/schema.org\/ImageObject\" ><div class=\"avia-image-container-inner\"><div class=\"avia-image-overlay-wrap\"><a href=\"https:\/\/galler.de\/wp-content\/uploads\/2021\/10\/Produkte-Verfahrregale_V-K_608_NN_-801x1200.jpg\" data-srcset=\"https:\/\/galler.de\/wp-content\/uploads\/2021\/10\/Produkte-Verfahrregale_V-K_608_NN_-801x1200.jpg 801w, https:\/\/galler.de\/wp-content\/uploads\/2021\/10\/Produkte-Verfahrregale_V-K_608_NN_-200x300.jpg 200w, https:\/\/galler.de\/wp-content\/uploads\/2021\/10\/Produkte-Verfahrregale_V-K_608_NN_-768x1151.jpg 768w, https:\/\/galler.de\/wp-content\/uploads\/2021\/10\/Produkte-Verfahrregale_V-K_608_NN_-471x705.jpg 471w, https:\/\/galler.de\/wp-content\/uploads\/2021\/10\/Produkte-Verfahrregale_V-K_608_NN_.jpg 845w\" data-sizes=\"(max-width: 801px) 100vw, 801px\" class='avia_image '  ><img decoding=\"async\" fetchpriority=\"high\" class='wp-image-27489 avia-img-lazy-loading-not-27489 avia_image ' src=\"https:\/\/galler.de\/wp-content\/uploads\/2021\/10\/Produkte-Verfahrregale_V-K_608_NN_.jpg\" alt='' title=''  height=\"1266\" width=\"845\"  itemprop=\"thumbnailUrl\" srcset=\"https:\/\/galler.de\/wp-content\/uploads\/2021\/10\/Produkte-Verfahrregale_V-K_608_NN_.jpg 845w, https:\/\/galler.de\/wp-content\/uploads\/2021\/10\/Produkte-Verfahrregale_V-K_608_NN_-200x300.jpg 200w, https:\/\/galler.de\/wp-content\/uploads\/2021\/10\/Produkte-Verfahrregale_V-K_608_NN_-801x1200.jpg 801w, https:\/\/galler.de\/wp-content\/uploads\/2021\/10\/Produkte-Verfahrregale_V-K_608_NN_-768x1151.jpg 768w, https:\/\/galler.de\/wp-content\/uploads\/2021\/10\/Produkte-Verfahrregale_V-K_608_NN_-471x705.jpg 471w\" sizes=\"(max-width: 845px) 100vw, 845px\" \/><\/a><\/div><\/div><\/div><br \/>\n\n<style type=\"text\/css\" data-created_by=\"avia_inline_auto\" id=\"style-css-av-l0s59ez6-5c57c669185f9746a0d25fb1622d30e6\">\n#top .av_textblock_section.av-l0s59ez6-5c57c669185f9746a0d25fb1622d30e6 .avia_textblock{\nfont-size:14px;\n}\n<\/style>\n<section  class='av_textblock_section av-l0s59ez6-5c57c669185f9746a0d25fb1622d30e6 '   itemscope=\"itemscope\" itemtype=\"https:\/\/schema.org\/CreativeWork\" ><div class='avia_textblock'  itemprop=\"text\" ><p>Les rayonnages mobiles permettent une grande utilisation de l\u2019espace.<\/p>\n<\/div><\/section><\/p><\/div>\n\n<style type=\"text\/css\" data-created_by=\"avia_inline_auto\" id=\"style-css-av-35t8tc-6db2a85521f4569e2be04a9235063f53\">\n.flex_column.av-35t8tc-6db2a85521f4569e2be04a9235063f53{\nborder-radius:0px 0px 0px 0px;\npadding:0px 0px 0px 0px;\n}\n<\/style>\n<div  class='flex_column av-35t8tc-6db2a85521f4569e2be04a9235063f53 av_one_half flex_column_div av-zero-column-padding  '     ><p>\n<style type=\"text\/css\" data-created_by=\"avia_inline_auto\" id=\"style-css-av-kuy4vdh9-4a9c53c22987afdb779ea8c2ef1e6007\">\n.avia-image-container.av-kuy4vdh9-4a9c53c22987afdb779ea8c2ef1e6007 img.avia_image{\nbox-shadow:none;\n}\n.avia-image-container.av-kuy4vdh9-4a9c53c22987afdb779ea8c2ef1e6007 .av-image-caption-overlay-center{\ncolor:#ffffff;\n}\n<\/style>\n<div  class='avia-image-container av-kuy4vdh9-4a9c53c22987afdb779ea8c2ef1e6007 av-styling- av-img-linked avia-align-center'   itemprop=\"image\" itemscope=\"itemscope\" itemtype=\"https:\/\/schema.org\/ImageObject\" ><div class=\"avia-image-container-inner\"><div class=\"avia-image-overlay-wrap\"><a href=\"https:\/\/galler.de\/wp-content\/uploads\/2021\/10\/Produkte-Verfahrregale_V-K_609_NN_-801x1200.jpg\" data-srcset=\"https:\/\/galler.de\/wp-content\/uploads\/2021\/10\/Produkte-Verfahrregale_V-K_609_NN_-801x1200.jpg 801w, https:\/\/galler.de\/wp-content\/uploads\/2021\/10\/Produkte-Verfahrregale_V-K_609_NN_-200x300.jpg 200w, https:\/\/galler.de\/wp-content\/uploads\/2021\/10\/Produkte-Verfahrregale_V-K_609_NN_-768x1151.jpg 768w, https:\/\/galler.de\/wp-content\/uploads\/2021\/10\/Produkte-Verfahrregale_V-K_609_NN_-471x705.jpg 471w, https:\/\/galler.de\/wp-content\/uploads\/2021\/10\/Produkte-Verfahrregale_V-K_609_NN_.jpg 845w\" data-sizes=\"(max-width: 801px) 100vw, 801px\" class='avia_image '  ><img decoding=\"async\" fetchpriority=\"high\" class='wp-image-27490 avia-img-lazy-loading-not-27490 avia_image ' src=\"https:\/\/galler.de\/wp-content\/uploads\/2021\/10\/Produkte-Verfahrregale_V-K_609_NN_.jpg\" alt='' title=''  height=\"1266\" width=\"845\"  itemprop=\"thumbnailUrl\" srcset=\"https:\/\/galler.de\/wp-content\/uploads\/2021\/10\/Produkte-Verfahrregale_V-K_609_NN_.jpg 845w, https:\/\/galler.de\/wp-content\/uploads\/2021\/10\/Produkte-Verfahrregale_V-K_609_NN_-200x300.jpg 200w, https:\/\/galler.de\/wp-content\/uploads\/2021\/10\/Produkte-Verfahrregale_V-K_609_NN_-801x1200.jpg 801w, https:\/\/galler.de\/wp-content\/uploads\/2021\/10\/Produkte-Verfahrregale_V-K_609_NN_-768x1151.jpg 768w, https:\/\/galler.de\/wp-content\/uploads\/2021\/10\/Produkte-Verfahrregale_V-K_609_NN_-471x705.jpg 471w\" sizes=\"(max-width: 845px) 100vw, 845px\" \/><\/a><\/div><\/div><\/div><br \/>\n\n<style type=\"text\/css\" data-created_by=\"avia_inline_auto\" id=\"style-css-av-l0s58ywz-51bb6ce7c8a96b3d52829f65e327bb0d\">\n#top .av_textblock_section.av-l0s58ywz-51bb6ce7c8a96b3d52829f65e327bb0d .avia_textblock{\nfont-size:14px;\n}\n<\/style>\n<section  class='av_textblock_section av-l0s58ywz-51bb6ce7c8a96b3d52829f65e327bb0d '   itemscope=\"itemscope\" itemtype=\"https:\/\/schema.org\/CreativeWork\" ><div class='avia_textblock'  itemprop=\"text\" ><p>Chaque emplacement est directement accessible via l\u2019all\u00e9e ouverte.<\/p>\n<\/div><\/section><\/p><\/div>\n\n<style type=\"text\/css\" data-created_by=\"avia_inline_auto\" id=\"style-css-av-3owtwg-aec6dacd7e0f73fa6db5621c9339cda0\">\n.flex_column.av-3owtwg-aec6dacd7e0f73fa6db5621c9339cda0{\nborder-radius:0px 0px 0px 0px;\npadding:0px 0px 0px 0px;\n}\n<\/style>\n<div  class='flex_column av-3owtwg-aec6dacd7e0f73fa6db5621c9339cda0 av_one_full  galler-btn-col first flex_column_div av-zero-column-padding  '     ><p><div  class='avia-button-wrap av-kvqklafp-7fd4f96d9c015b345b9b1ad5db902f80-wrap avia-button-left  galler-btn-large'>\n<style type=\"text\/css\" data-created_by=\"avia_inline_auto\" id=\"style-css-av-kvqklafp-7fd4f96d9c015b345b9b1ad5db902f80\">\n#top #wrap_all .avia-button.av-kvqklafp-7fd4f96d9c015b345b9b1ad5db902f80{\nbackground-color:#0069b4;\nborder-color:#0069b4;\ncolor:#ffffff;\nborder-style:none;\nborder-radius:3px 3px 3px 3px;\nbox-shadow: 0px 0px 10px 0px #bbbbbb;\ntransition:all 0.4s ease-in-out;\n}\n#top #wrap_all .avia-button.av-kvqklafp-7fd4f96d9c015b345b9b1ad5db902f80:hover{\nbackground-color:#004a7f;\ncolor:#ffffff;\ntransition:all 0.4s ease-in-out;\n}\n#top #wrap_all.avia-button.av-kvqklafp-7fd4f96d9c015b345b9b1ad5db902f80:hover .avia_button_background{\nborder-radius:3px 3px 3px 3px;\n}\n#top #wrap_all .avia-button.av-kvqklafp-7fd4f96d9c015b345b9b1ad5db902f80 .avia-svg-icon svg:first-child{\nfill:#ffffff;\nstroke:#ffffff;\n}\n#top #wrap_all .avia-button.av-kvqklafp-7fd4f96d9c015b345b9b1ad5db902f80:hover .avia-svg-icon svg:first-child{\nfill:#ffffff;\nstroke:#ffffff;\n}\n<\/style>\n<a href='https:\/\/galler.de\/home\/produkte\/dynamische-lagersysteme\/verschieberegale\/bauteile-zubehoer-komponenten\/'  class='avia-button av-kvqklafp-7fd4f96d9c015b345b9b1ad5db902f80 av-link-btn avia-icon_select-yes-left-icon avia-size-large avia-position-left'   aria-label=\"Composants, accessoires\"><span class='avia_button_icon avia_button_icon_left avia-iconfont avia-font-entypo-fontello' data-av_icon='\ue832' data-av_iconfont='entypo-fontello' ><\/span><span class='avia_iconbox_title' >Composants, accessoires<\/span><\/a><\/div><br \/>\n<div  class='avia-button-wrap av-2jfzm8-c8d7a99f7dff8150c9dc4c68017107ae-wrap avia-button-left  galler-btn-large'>\n<style type=\"text\/css\" data-created_by=\"avia_inline_auto\" id=\"style-css-av-2jfzm8-c8d7a99f7dff8150c9dc4c68017107ae\">\n#top #wrap_all .avia-button.av-2jfzm8-c8d7a99f7dff8150c9dc4c68017107ae{\nbackground-color:#0069b4;\nborder-color:#0069b4;\ncolor:#ffffff;\nborder-style:none;\nborder-radius:3px 3px 3px 3px;\nbox-shadow: 0px 0px 10px 0px #bbbbbb;\ntransition:all 0.4s ease-in-out;\n}\n#top #wrap_all .avia-button.av-2jfzm8-c8d7a99f7dff8150c9dc4c68017107ae:hover{\nbackground-color:#004a7f;\ncolor:#ffffff;\ntransition:all 0.4s ease-in-out;\n}\n#top #wrap_all.avia-button.av-2jfzm8-c8d7a99f7dff8150c9dc4c68017107ae:hover .avia_button_background{\nborder-radius:3px 3px 3px 3px;\n}\n#top #wrap_all .avia-button.av-2jfzm8-c8d7a99f7dff8150c9dc4c68017107ae .avia-svg-icon svg:first-child{\nfill:#ffffff;\nstroke:#ffffff;\n}\n#top #wrap_all .avia-button.av-2jfzm8-c8d7a99f7dff8150c9dc4c68017107ae:hover .avia-svg-icon svg:first-child{\nfill:#ffffff;\nstroke:#ffffff;\n}\n<\/style>\n<a href='https:\/\/galler.de\/fr\/systemes-de-rayonnages-chariots-elevateurs-et-efficacite-spatiale\/'  class='avia-button av-2jfzm8-c8d7a99f7dff8150c9dc4c68017107ae av-link-btn avia-icon_select-yes-left-icon avia-size-large avia-position-left'   aria-label=\"Syst\u00e8mes de rayonnages, chariots \u00e9l\u00e9vateurs et efficacit\u00e9 spatiale\"><span class='avia_button_icon avia_button_icon_left avia-iconfont avia-font-entypo-fontello' data-av_icon='\ue832' data-av_iconfont='entypo-fontello' ><\/span><span class='avia_iconbox_title' >Syst\u00e8mes de rayonnages, chariots \u00e9l\u00e9vateurs et efficacit\u00e9 spatiale<\/span><\/a><\/div><\/p><\/div>\n","protected":false},"excerpt":{"rendered":"","protected":false},"author":5,"featured_media":0,"parent":27234,"menu_order":6,"comment_status":"closed","ping_status":"closed","template":"","meta":{"footnotes":""},"class_list":["post-27472","page","type-page","status-publish","hentry"],"yoast_head":"<!-- This site is optimized with the Yoast SEO plugin v27.5 - https:\/\/yoast.com\/product\/yoast-seo-wordpress\/ -->\n<title>Rayonnage coulissant - Galler<\/title>\n<meta name=\"robots\" content=\"index, follow, max-snippet:-1, max-image-preview:large, max-video-preview:-1\" \/>\n<link rel=\"canonical\" href=\"https:\/\/galler.de\/fr\/home-2\/produits\/systemes-de-stockage-dynamiques\/rayonnage-coulissant\/\" \/>\n<meta property=\"og:locale\" content=\"fr_FR\" \/>\n<meta property=\"og:type\" content=\"article\" \/>\n<meta property=\"og:title\" content=\"Rayonnage coulissant - Galler\" \/>\n<meta property=\"og:url\" content=\"https:\/\/galler.de\/fr\/home-2\/produits\/systemes-de-stockage-dynamiques\/rayonnage-coulissant\/\" \/>\n<meta property=\"og:site_name\" content=\"Galler\" \/>\n<meta property=\"article:modified_time\" content=\"2023-11-15T11:26:52+00:00\" \/>\n<meta name=\"twitter:card\" content=\"summary_large_image\" \/>\n<meta name=\"twitter:label1\" content=\"Dur\u00e9e de lecture estim\u00e9e\" \/>\n\t<meta name=\"twitter:data1\" content=\"32 minutes\" \/>\n<script type=\"application\/ld+json\" class=\"yoast-schema-graph\">{\"@context\":\"https:\\\/\\\/schema.org\",\"@graph\":[{\"@type\":\"WebPage\",\"@id\":\"https:\\\/\\\/galler.de\\\/fr\\\/home-2\\\/produits\\\/systemes-de-stockage-dynamiques\\\/rayonnage-coulissant\\\/\",\"url\":\"https:\\\/\\\/galler.de\\\/fr\\\/home-2\\\/produits\\\/systemes-de-stockage-dynamiques\\\/rayonnage-coulissant\\\/\",\"name\":\"Rayonnage coulissant - Galler\",\"isPartOf\":{\"@id\":\"https:\\\/\\\/galler.de\\\/fr\\\/#website\"},\"datePublished\":\"2021-08-19T13:50:16+00:00\",\"dateModified\":\"2023-11-15T11:26:52+00:00\",\"breadcrumb\":{\"@id\":\"https:\\\/\\\/galler.de\\\/fr\\\/home-2\\\/produits\\\/systemes-de-stockage-dynamiques\\\/rayonnage-coulissant\\\/#breadcrumb\"},\"inLanguage\":\"fr-FR\",\"potentialAction\":[{\"@type\":\"ReadAction\",\"target\":[\"https:\\\/\\\/galler.de\\\/fr\\\/home-2\\\/produits\\\/systemes-de-stockage-dynamiques\\\/rayonnage-coulissant\\\/\"]}]},{\"@type\":\"BreadcrumbList\",\"@id\":\"https:\\\/\\\/galler.de\\\/fr\\\/home-2\\\/produits\\\/systemes-de-stockage-dynamiques\\\/rayonnage-coulissant\\\/#breadcrumb\",\"itemListElement\":[{\"@type\":\"ListItem\",\"position\":1,\"name\":\"Startseite\",\"item\":\"https:\\\/\\\/galler.de\\\/fr\\\/\"},{\"@type\":\"ListItem\",\"position\":2,\"name\":\"Home\",\"item\":\"https:\\\/\\\/galler.de\\\/fr\\\/\"},{\"@type\":\"ListItem\",\"position\":3,\"name\":\"Produits\",\"item\":\"https:\\\/\\\/galler.de\\\/fr\\\/home-2\\\/produits\\\/\"},{\"@type\":\"ListItem\",\"position\":4,\"name\":\"Syst\u00e8mes de stockage dynamiques\",\"item\":\"https:\\\/\\\/galler.de\\\/fr\\\/home-2\\\/produits\\\/systemes-de-stockage-dynamiques\\\/\"},{\"@type\":\"ListItem\",\"position\":5,\"name\":\"Rayonnage coulissant\"}]},{\"@type\":\"WebSite\",\"@id\":\"https:\\\/\\\/galler.de\\\/fr\\\/#website\",\"url\":\"https:\\\/\\\/galler.de\\\/fr\\\/\",\"name\":\"Galler\",\"description\":\"Galler Lager und Regaltechnik\",\"publisher\":{\"@id\":\"https:\\\/\\\/galler.de\\\/fr\\\/#organization\"},\"potentialAction\":[{\"@type\":\"SearchAction\",\"target\":{\"@type\":\"EntryPoint\",\"urlTemplate\":\"https:\\\/\\\/galler.de\\\/fr\\\/?s={search_term_string}\"},\"query-input\":{\"@type\":\"PropertyValueSpecification\",\"valueRequired\":true,\"valueName\":\"search_term_string\"}}],\"inLanguage\":\"fr-FR\"},{\"@type\":\"Organization\",\"@id\":\"https:\\\/\\\/galler.de\\\/fr\\\/#organization\",\"name\":\"Galler\",\"url\":\"https:\\\/\\\/galler.de\\\/fr\\\/\",\"logo\":{\"@type\":\"ImageObject\",\"inLanguage\":\"fr-FR\",\"@id\":\"https:\\\/\\\/galler.de\\\/fr\\\/#\\\/schema\\\/logo\\\/image\\\/\",\"url\":\"https:\\\/\\\/galler.de\\\/wp-content\\\/uploads\\\/2021\\\/07\\\/logo_galler.png\",\"contentUrl\":\"https:\\\/\\\/galler.de\\\/wp-content\\\/uploads\\\/2021\\\/07\\\/logo_galler.png\",\"width\":320,\"height\":77,\"caption\":\"Galler\"},\"image\":{\"@id\":\"https:\\\/\\\/galler.de\\\/fr\\\/#\\\/schema\\\/logo\\\/image\\\/\"},\"sameAs\":[\"https:\\\/\\\/www.linkedin.com\\\/company\\\/galler-lager\\\/\"]}]}<\/script>\n<!-- \/ Yoast SEO plugin. -->","yoast_head_json":{"title":"Rayonnage coulissant - Galler","robots":{"index":"index","follow":"follow","max-snippet":"max-snippet:-1","max-image-preview":"max-image-preview:large","max-video-preview":"max-video-preview:-1"},"canonical":"https:\/\/galler.de\/fr\/home-2\/produits\/systemes-de-stockage-dynamiques\/rayonnage-coulissant\/","og_locale":"fr_FR","og_type":"article","og_title":"Rayonnage coulissant - Galler","og_url":"https:\/\/galler.de\/fr\/home-2\/produits\/systemes-de-stockage-dynamiques\/rayonnage-coulissant\/","og_site_name":"Galler","article_modified_time":"2023-11-15T11:26:52+00:00","twitter_card":"summary_large_image","twitter_misc":{"Dur\u00e9e de lecture estim\u00e9e":"32 minutes"},"schema":{"@context":"https:\/\/schema.org","@graph":[{"@type":"WebPage","@id":"https:\/\/galler.de\/fr\/home-2\/produits\/systemes-de-stockage-dynamiques\/rayonnage-coulissant\/","url":"https:\/\/galler.de\/fr\/home-2\/produits\/systemes-de-stockage-dynamiques\/rayonnage-coulissant\/","name":"Rayonnage coulissant - Galler","isPartOf":{"@id":"https:\/\/galler.de\/fr\/#website"},"datePublished":"2021-08-19T13:50:16+00:00","dateModified":"2023-11-15T11:26:52+00:00","breadcrumb":{"@id":"https:\/\/galler.de\/fr\/home-2\/produits\/systemes-de-stockage-dynamiques\/rayonnage-coulissant\/#breadcrumb"},"inLanguage":"fr-FR","potentialAction":[{"@type":"ReadAction","target":["https:\/\/galler.de\/fr\/home-2\/produits\/systemes-de-stockage-dynamiques\/rayonnage-coulissant\/"]}]},{"@type":"BreadcrumbList","@id":"https:\/\/galler.de\/fr\/home-2\/produits\/systemes-de-stockage-dynamiques\/rayonnage-coulissant\/#breadcrumb","itemListElement":[{"@type":"ListItem","position":1,"name":"Startseite","item":"https:\/\/galler.de\/fr\/"},{"@type":"ListItem","position":2,"name":"Home","item":"https:\/\/galler.de\/fr\/"},{"@type":"ListItem","position":3,"name":"Produits","item":"https:\/\/galler.de\/fr\/home-2\/produits\/"},{"@type":"ListItem","position":4,"name":"Syst\u00e8mes de stockage dynamiques","item":"https:\/\/galler.de\/fr\/home-2\/produits\/systemes-de-stockage-dynamiques\/"},{"@type":"ListItem","position":5,"name":"Rayonnage coulissant"}]},{"@type":"WebSite","@id":"https:\/\/galler.de\/fr\/#website","url":"https:\/\/galler.de\/fr\/","name":"Galler","description":"Galler Lager und Regaltechnik","publisher":{"@id":"https:\/\/galler.de\/fr\/#organization"},"potentialAction":[{"@type":"SearchAction","target":{"@type":"EntryPoint","urlTemplate":"https:\/\/galler.de\/fr\/?s={search_term_string}"},"query-input":{"@type":"PropertyValueSpecification","valueRequired":true,"valueName":"search_term_string"}}],"inLanguage":"fr-FR"},{"@type":"Organization","@id":"https:\/\/galler.de\/fr\/#organization","name":"Galler","url":"https:\/\/galler.de\/fr\/","logo":{"@type":"ImageObject","inLanguage":"fr-FR","@id":"https:\/\/galler.de\/fr\/#\/schema\/logo\/image\/","url":"https:\/\/galler.de\/wp-content\/uploads\/2021\/07\/logo_galler.png","contentUrl":"https:\/\/galler.de\/wp-content\/uploads\/2021\/07\/logo_galler.png","width":320,"height":77,"caption":"Galler"},"image":{"@id":"https:\/\/galler.de\/fr\/#\/schema\/logo\/image\/"},"sameAs":["https:\/\/www.linkedin.com\/company\/galler-lager\/"]}]}},"_links":{"self":[{"href":"https:\/\/galler.de\/fr\/wp-json\/wp\/v2\/pages\/27472","targetHints":{"allow":["GET"]}}],"collection":[{"href":"https:\/\/galler.de\/fr\/wp-json\/wp\/v2\/pages"}],"about":[{"href":"https:\/\/galler.de\/fr\/wp-json\/wp\/v2\/types\/page"}],"author":[{"embeddable":true,"href":"https:\/\/galler.de\/fr\/wp-json\/wp\/v2\/users\/5"}],"replies":[{"embeddable":true,"href":"https:\/\/galler.de\/fr\/wp-json\/wp\/v2\/comments?post=27472"}],"version-history":[{"count":0,"href":"https:\/\/galler.de\/fr\/wp-json\/wp\/v2\/pages\/27472\/revisions"}],"up":[{"embeddable":true,"href":"https:\/\/galler.de\/fr\/wp-json\/wp\/v2\/pages\/27234"}],"wp:attachment":[{"href":"https:\/\/galler.de\/fr\/wp-json\/wp\/v2\/media?parent=27472"}],"curies":[{"name":"wp","href":"https:\/\/api.w.org\/{rel}","templated":true}]}}