{"id":27333,"date":"2021-07-22T11:41:30","date_gmt":"2021-07-22T09:41:30","guid":{"rendered":"https:\/\/galler.de\/home-2\/produits\/systemes-de-rayonnages-manuels\/rayonnage-a-palettes-systeme-a-emplacement-unique\/"},"modified":"2023-11-15T11:21:27","modified_gmt":"2023-11-15T10:21:27","slug":"rayonnage-a-palettes-systeme-a-emplacement-unique","status":"publish","type":"page","link":"https:\/\/galler.de\/fr\/home-2\/produits\/systemes-de-rayonnages-manuels\/rayonnage-a-palettes-systeme-a-emplacement-unique\/","title":{"rendered":"Rayonnage \u00e0 palettes, syst\u00e8me \u00e0 emplacement unique"},"content":{"rendered":"\n\n<style type=\"text\/css\" data-created_by=\"avia_inline_auto\" id=\"style-css-av-ksiyu1z2-e141a3fd182ced20c5f714b9bba06ed6\">\n#top .av-special-heading.av-ksiyu1z2-e141a3fd182ced20c5f714b9bba06ed6{\nmargin:0 0 24px 0;\npadding-bottom:10px;\n}\nbody .av-special-heading.av-ksiyu1z2-e141a3fd182ced20c5f714b9bba06ed6 .av-special-heading-tag .heading-char{\nfont-size:25px;\n}\n.av-special-heading.av-ksiyu1z2-e141a3fd182ced20c5f714b9bba06ed6 .av-subheading{\nfont-size:15px;\n}\n<\/style>\n<div  class='av-special-heading av-ksiyu1z2-e141a3fd182ced20c5f714b9bba06ed6 av-special-heading-h1 blockquote modern-quote'><h1 class='av-special-heading-tag '  itemprop=\"headline\"  >Rayonnage \u00e0 palettes, syst\u00e8me \u00e0 emplacement unique<\/h1><div class=\"special-heading-border\"><div class=\"special-heading-inner-border\"><\/div><\/div><\/div>\n<section  class='av_textblock_section av-ktiljcq2-789d366f8c26def49bf3a84723f000d4 '   itemscope=\"itemscope\" itemtype=\"https:\/\/schema.org\/CreativeWork\" ><div class='avia_textblock'  itemprop=\"text\" ><p>Les rayonnages \u00e0 palettes \u00e0 emplacement unique de GALLER offrent une r\u00e9partition plus favorable de la charge (charge par montant) par rapport aux syst\u00e8mes \u00e0 plusieurs emplacements. Ils sont donc particuli\u00e8rement adapt\u00e9s au stockage d\u2019articles lourds. <\/p>\n<ul>\n<li>\u00c9galement bien adapt\u00e9 \u00e0 la pr\u00e9paration directe des commandes \u00e0 partir de la palette ou de caisse grillag\u00e9e<\/li>\n<li>Tr\u00e8s bonne utilisation de l\u2019espace gr\u00e2ce aux corni\u00e8res au lieu des profil\u00e9s porteurs<\/li>\n<li>Les rayonnages \u00e0 palettes GALLER OMEGA supportent les charges les plus \u00e9lev\u00e9es avec des tol\u00e9rances tr\u00e8s faibles.<\/li>\n<li>Facilit\u00e9 et rapidit\u00e9 de montage final<\/li>\n<li>Grande flexibilit\u00e9 gr\u00e2ce au r\u00e9glage de 50 mm<\/li>\n<li>Adaptable de mani\u00e8re flexible gr\u00e2ce \u00e0 une large gamme de supports transversaux variables<\/li>\n<\/ul>\n<\/div><\/section>\n\n<style type=\"text\/css\" data-created_by=\"avia_inline_auto\" id=\"style-css-av-buajq-5722490af6fb023902a726c3acf14aa3\">\n#top .hr.hr-invisible.av-buajq-5722490af6fb023902a726c3acf14aa3{\nheight:50px;\n}\n<\/style>\n<div  class='hr av-buajq-5722490af6fb023902a726c3acf14aa3 hr-invisible'><span class='hr-inner '><span class=\"hr-inner-style\"><\/span><\/span><\/div>\n\n<style type=\"text\/css\" data-created_by=\"avia_inline_auto\" id=\"style-css-av-1okbly-6c287ee88692ad5bb1033f54f31137c3\">\n.flex_column.av-1okbly-6c287ee88692ad5bb1033f54f31137c3{\nborder-radius:0px 0px 0px 0px;\npadding:0px 0px 0px 0px;\n}\n<\/style>\n<div  class='flex_column av-1okbly-6c287ee88692ad5bb1033f54f31137c3 av_one_half first flex_column_div av-zero-column-padding  '     ><p>\n<style type=\"text\/css\" data-created_by=\"avia_inline_auto\" id=\"style-css-av-ktilkw5b-429d2678872f57886fe1422ac5fa49a2\">\n.avia-image-container.av-ktilkw5b-429d2678872f57886fe1422ac5fa49a2 img.avia_image{\nbox-shadow:none;\n}\n.avia-image-container.av-ktilkw5b-429d2678872f57886fe1422ac5fa49a2 .av-image-caption-overlay-center{\ncolor:#ffffff;\n}\n<\/style>\n<div  class='avia-image-container av-ktilkw5b-429d2678872f57886fe1422ac5fa49a2 av-styling- av-img-linked avia-align-center  img-border'   itemprop=\"image\" itemscope=\"itemscope\" itemtype=\"https:\/\/schema.org\/ImageObject\" ><div class=\"avia-image-container-inner\"><div class=\"avia-image-overlay-wrap\"><a href=\"https:\/\/galler.de\/wp-content\/uploads\/2021\/09\/Produkte-Einplatz-Palettenregale_14b01ret.jpg\" data-srcset=\"https:\/\/galler.de\/wp-content\/uploads\/2021\/09\/Produkte-Einplatz-Palettenregale_14b01ret.jpg 1030w, https:\/\/galler.de\/wp-content\/uploads\/2021\/09\/Produkte-Einplatz-Palettenregale_14b01ret-300x200.jpg 300w, https:\/\/galler.de\/wp-content\/uploads\/2021\/09\/Produkte-Einplatz-Palettenregale_14b01ret-768x512.jpg 768w, https:\/\/galler.de\/wp-content\/uploads\/2021\/09\/Produkte-Einplatz-Palettenregale_14b01ret-705x470.jpg 705w\" data-sizes=\"(max-width: 1030px) 100vw, 1030px\" class='avia_image '  aria-label='Rayonnages \u00e0 palettes \u00e0 emplacement unique pour conteneurs grillag\u00e9s lourds stock\u00e9s transversalement'><img decoding=\"async\" fetchpriority=\"high\" class='wp-image-6467 avia-img-lazy-loading-not-6467 avia_image ' src=\"https:\/\/galler.de\/wp-content\/uploads\/2021\/09\/Produkte-Einplatz-Palettenregale_14b01ret.jpg\" alt='Rayonnages \u00e0 palettes \u00e0 emplacement unique pour conteneurs grillag\u00e9s lourds stock\u00e9s transversalement' title='Rayonnages \u00e0 palettes \u00e0 emplacement unique pour conteneurs grillag\u00e9s lourds stock\u00e9s transversalement'  height=\"686\" width=\"1030\"  itemprop=\"thumbnailUrl\" srcset=\"https:\/\/galler.de\/wp-content\/uploads\/2021\/09\/Produkte-Einplatz-Palettenregale_14b01ret.jpg 1030w, https:\/\/galler.de\/wp-content\/uploads\/2021\/09\/Produkte-Einplatz-Palettenregale_14b01ret-300x200.jpg 300w, https:\/\/galler.de\/wp-content\/uploads\/2021\/09\/Produkte-Einplatz-Palettenregale_14b01ret-768x512.jpg 768w, https:\/\/galler.de\/wp-content\/uploads\/2021\/09\/Produkte-Einplatz-Palettenregale_14b01ret-705x470.jpg 705w\" sizes=\"(max-width: 1030px) 100vw, 1030px\" \/><\/a><\/div><\/div><\/div><br \/>\n\n<style type=\"text\/css\" data-created_by=\"avia_inline_auto\" id=\"style-css-av-ktill8ji-8677f455abedc6398a8c94858155f9da\">\n#top .av_textblock_section.av-ktill8ji-8677f455abedc6398a8c94858155f9da .avia_textblock{\nfont-size:14px;\n}\n<\/style>\n<section  class='av_textblock_section av-ktill8ji-8677f455abedc6398a8c94858155f9da '   itemscope=\"itemscope\" itemtype=\"https:\/\/schema.org\/CreativeWork\" ><div class='avia_textblock'  itemprop=\"text\" ><p>Rayonnages \u00e0 palettes \u00e0 emplacement unique pour conteneurs grillag\u00e9s lourds stock\u00e9s transversalement<\/p>\n<\/div><\/section><\/p><\/div>\n<style type=\"text\/css\" data-created_by=\"avia_inline_auto\" id=\"style-css-av-1ltbke-36d91810af32e1f6eeb5d86341c9fa26\">\n.flex_column.av-1ltbke-36d91810af32e1f6eeb5d86341c9fa26{\nborder-radius:0px 0px 0px 0px;\npadding:0px 0px 0px 0px;\n}\n<\/style>\n<div  class='flex_column av-1ltbke-36d91810af32e1f6eeb5d86341c9fa26 av_one_half flex_column_div av-zero-column-padding  '     ><p>\n<style type=\"text\/css\" data-created_by=\"avia_inline_auto\" id=\"style-css-av-ktilmrwe-9986759806c802f74d779eabfda21bbe\">\n.avia-image-container.av-ktilmrwe-9986759806c802f74d779eabfda21bbe img.avia_image{\nbox-shadow:none;\n}\n.avia-image-container.av-ktilmrwe-9986759806c802f74d779eabfda21bbe .av-image-caption-overlay-center{\ncolor:#ffffff;\n}\n<\/style>\n<div  class='avia-image-container av-ktilmrwe-9986759806c802f74d779eabfda21bbe av-styling- av-img-linked avia-align-center  img-border'   itemprop=\"image\" itemscope=\"itemscope\" itemtype=\"https:\/\/schema.org\/ImageObject\" ><div class=\"avia-image-container-inner\"><div class=\"avia-image-overlay-wrap\"><a href=\"https:\/\/galler.de\/wp-content\/uploads\/2021\/09\/Produkte-Einplatz-Palettenregale_Planungsbeispiel.jpg\" data-srcset=\"https:\/\/galler.de\/wp-content\/uploads\/2021\/09\/Produkte-Einplatz-Palettenregale_Planungsbeispiel.jpg 1030w, https:\/\/galler.de\/wp-content\/uploads\/2021\/09\/Produkte-Einplatz-Palettenregale_Planungsbeispiel-300x200.jpg 300w, https:\/\/galler.de\/wp-content\/uploads\/2021\/09\/Produkte-Einplatz-Palettenregale_Planungsbeispiel-768x512.jpg 768w, https:\/\/galler.de\/wp-content\/uploads\/2021\/09\/Produkte-Einplatz-Palettenregale_Planungsbeispiel-705x470.jpg 705w\" data-sizes=\"(max-width: 1030px) 100vw, 1030px\" class='avia_image '  aria-label='Exemple d\u2019am\u00e9nagement pour un rayonnage \u00e0 palettes \u00e0 emplacement unique'><img decoding=\"async\" fetchpriority=\"high\" class='wp-image-6463 avia-img-lazy-loading-not-6463 avia_image ' src=\"https:\/\/galler.de\/wp-content\/uploads\/2021\/09\/Produkte-Einplatz-Palettenregale_Planungsbeispiel.jpg\" alt='Exemple d\u2019am\u00e9nagement pour un rayonnage \u00e0 palettes \u00e0 emplacement unique' title='Exemple d\u2019am\u00e9nagement pour un rayonnage \u00e0 palettes \u00e0 emplacement unique'  height=\"686\" width=\"1030\"  itemprop=\"thumbnailUrl\" srcset=\"https:\/\/galler.de\/wp-content\/uploads\/2021\/09\/Produkte-Einplatz-Palettenregale_Planungsbeispiel.jpg 1030w, https:\/\/galler.de\/wp-content\/uploads\/2021\/09\/Produkte-Einplatz-Palettenregale_Planungsbeispiel-300x200.jpg 300w, https:\/\/galler.de\/wp-content\/uploads\/2021\/09\/Produkte-Einplatz-Palettenregale_Planungsbeispiel-768x512.jpg 768w, https:\/\/galler.de\/wp-content\/uploads\/2021\/09\/Produkte-Einplatz-Palettenregale_Planungsbeispiel-705x470.jpg 705w\" sizes=\"(max-width: 1030px) 100vw, 1030px\" \/><\/a><\/div><\/div><\/div><br \/>\n\n<style type=\"text\/css\" data-created_by=\"avia_inline_auto\" id=\"style-css-av-ktilmiw1-bb7835cf2d7ce7593afd701825b84ec1\">\n#top .av_textblock_section.av-ktilmiw1-bb7835cf2d7ce7593afd701825b84ec1 .avia_textblock{\nfont-size:14px;\n}\n<\/style>\n<section  class='av_textblock_section av-ktilmiw1-bb7835cf2d7ce7593afd701825b84ec1 '   itemscope=\"itemscope\" itemtype=\"https:\/\/schema.org\/CreativeWork\" ><div class='avia_textblock'  itemprop=\"text\" ><p>Exemple d\u2019am\u00e9nagement pour un rayonnage \u00e0 palettes \u00e0 emplacement unique<\/p>\n<\/div><\/section><\/p><\/div>\n<style type=\"text\/css\" data-created_by=\"avia_inline_auto\" id=\"style-css-av-egrs6-16268ad5c412d517fb8cb7bf5c100ec2\">\n.flex_column.av-egrs6-16268ad5c412d517fb8cb7bf5c100ec2{\nborder-radius:0px 0px 0px 0px;\npadding:0px 0px 0px 0px;\n}\n<\/style>\n<div  class='flex_column av-egrs6-16268ad5c412d517fb8cb7bf5c100ec2 av_one_full  galler-btn-col first flex_column_div av-zero-column-padding  '     ><p><div  class='avia-button-wrap av-kvqj7632-2f67b8feab20f3b329dd8aca367cb522-wrap avia-button-left  galler-btn-large'>\n<style type=\"text\/css\" data-created_by=\"avia_inline_auto\" id=\"style-css-av-kvqj7632-2f67b8feab20f3b329dd8aca367cb522\">\n#top #wrap_all .avia-button.av-kvqj7632-2f67b8feab20f3b329dd8aca367cb522{\nbackground-color:#0069b4;\nborder-color:#0069b4;\ncolor:#ffffff;\nborder-style:none;\nborder-radius:3px 3px 3px 3px;\nbox-shadow: 0px 0px 10px 0px #bbbbbb;\ntransition:all 0.4s ease-in-out;\n}\n#top #wrap_all .avia-button.av-kvqj7632-2f67b8feab20f3b329dd8aca367cb522:hover{\nbackground-color:#004a7f;\ncolor:#ffffff;\ntransition:all 0.4s ease-in-out;\n}\n#top #wrap_all.avia-button.av-kvqj7632-2f67b8feab20f3b329dd8aca367cb522:hover .avia_button_background{\nborder-radius:3px 3px 3px 3px;\n}\n#top #wrap_all .avia-button.av-kvqj7632-2f67b8feab20f3b329dd8aca367cb522 .avia-svg-icon svg:first-child{\nfill:#ffffff;\nstroke:#ffffff;\n}\n#top #wrap_all .avia-button.av-kvqj7632-2f67b8feab20f3b329dd8aca367cb522:hover .avia-svg-icon svg:first-child{\nfill:#ffffff;\nstroke:#ffffff;\n}\n<\/style>\n<a href='https:\/\/galler.de\/home\/produkte\/manuelle-regalsysteme\/einplatzpalettenregale\/bauteile-zubehoer-komponenten\/'  class='avia-button av-kvqj7632-2f67b8feab20f3b329dd8aca367cb522 av-link-btn avia-icon_select-yes-left-icon avia-size-large avia-position-left'   aria-label=\"Composants, accessoires\"><span class='avia_button_icon avia_button_icon_left avia-iconfont avia-font-entypo-fontello' data-av_icon='\ue832' data-av_iconfont='entypo-fontello' ><\/span><span class='avia_iconbox_title' >Composants, accessoires<\/span><\/a><\/div><br \/>\n<div  class='avia-button-wrap av-a34mm-d6cc5611539d05cd8f3c4c2dbd2e559c-wrap avia-button-left  galler-btn-large'>\n<style type=\"text\/css\" data-created_by=\"avia_inline_auto\" id=\"style-css-av-a34mm-d6cc5611539d05cd8f3c4c2dbd2e559c\">\n#top #wrap_all .avia-button.av-a34mm-d6cc5611539d05cd8f3c4c2dbd2e559c{\nbox-shadow: 0px 0px 0px 0px ;\ntransition:all 0.4s ease-in-out;\n}\n<\/style>\n<a href='https:\/\/galler.de\/fr\/systemes-de-rayonnages-chariots-elevateurs-et-efficacite-spatiale\/'  class='avia-button av-a34mm-d6cc5611539d05cd8f3c4c2dbd2e559c av-link-btn avia-icon_select-yes-left-icon avia-size-large avia-position-left avia-color-theme-color'   aria-label=\"Syst\u00e8mes de rayonnages, chariots \u00e9l\u00e9vateurs et efficacit\u00e9 spatiale\"><span class='avia_button_icon avia_button_icon_left avia-iconfont avia-font-entypo-fontello' data-av_icon='\ue832' data-av_iconfont='entypo-fontello' ><\/span><span class='avia_iconbox_title' >Syst\u00e8mes de rayonnages, chariots \u00e9l\u00e9vateurs et efficacit\u00e9 spatiale<\/span><\/a><\/div><\/p><\/div><\/p>\n","protected":false},"excerpt":{"rendered":"","protected":false},"author":5,"featured_media":0,"parent":27222,"menu_order":2,"comment_status":"closed","ping_status":"closed","template":"","meta":{"footnotes":""},"class_list":["post-27333","page","type-page","status-publish","hentry"],"yoast_head":"<!-- This site is optimized with the Yoast SEO plugin v27.5 - https:\/\/yoast.com\/product\/yoast-seo-wordpress\/ -->\n<title>Rayonnage \u00e0 palettes, syst\u00e8me \u00e0 emplacement unique - Galler<\/title>\n<meta name=\"robots\" content=\"index, follow, max-snippet:-1, max-image-preview:large, max-video-preview:-1\" \/>\n<link rel=\"canonical\" href=\"https:\/\/galler.de\/fr\/home-2\/produits\/systemes-de-rayonnages-manuels\/rayonnage-a-palettes-systeme-a-emplacement-unique\/\" \/>\n<meta property=\"og:locale\" content=\"fr_FR\" \/>\n<meta property=\"og:type\" content=\"article\" \/>\n<meta property=\"og:title\" content=\"Rayonnage \u00e0 palettes, syst\u00e8me \u00e0 emplacement unique - Galler\" \/>\n<meta property=\"og:url\" content=\"https:\/\/galler.de\/fr\/home-2\/produits\/systemes-de-rayonnages-manuels\/rayonnage-a-palettes-systeme-a-emplacement-unique\/\" \/>\n<meta property=\"og:site_name\" content=\"Galler\" \/>\n<meta property=\"article:modified_time\" content=\"2023-11-15T10:21:27+00:00\" \/>\n<meta name=\"twitter:card\" content=\"summary_large_image\" \/>\n<meta name=\"twitter:label1\" content=\"Dur\u00e9e de lecture estim\u00e9e\" \/>\n\t<meta name=\"twitter:data1\" content=\"13 minutes\" \/>\n<script type=\"application\/ld+json\" class=\"yoast-schema-graph\">{\"@context\":\"https:\\\/\\\/schema.org\",\"@graph\":[{\"@type\":\"WebPage\",\"@id\":\"https:\\\/\\\/galler.de\\\/fr\\\/home-2\\\/produits\\\/systemes-de-rayonnages-manuels\\\/rayonnage-a-palettes-systeme-a-emplacement-unique\\\/\",\"url\":\"https:\\\/\\\/galler.de\\\/fr\\\/home-2\\\/produits\\\/systemes-de-rayonnages-manuels\\\/rayonnage-a-palettes-systeme-a-emplacement-unique\\\/\",\"name\":\"Rayonnage \u00e0 palettes, syst\u00e8me \u00e0 emplacement unique - Galler\",\"isPartOf\":{\"@id\":\"https:\\\/\\\/galler.de\\\/fr\\\/#website\"},\"datePublished\":\"2021-07-22T09:41:30+00:00\",\"dateModified\":\"2023-11-15T10:21:27+00:00\",\"breadcrumb\":{\"@id\":\"https:\\\/\\\/galler.de\\\/fr\\\/home-2\\\/produits\\\/systemes-de-rayonnages-manuels\\\/rayonnage-a-palettes-systeme-a-emplacement-unique\\\/#breadcrumb\"},\"inLanguage\":\"fr-FR\",\"potentialAction\":[{\"@type\":\"ReadAction\",\"target\":[\"https:\\\/\\\/galler.de\\\/fr\\\/home-2\\\/produits\\\/systemes-de-rayonnages-manuels\\\/rayonnage-a-palettes-systeme-a-emplacement-unique\\\/\"]}]},{\"@type\":\"BreadcrumbList\",\"@id\":\"https:\\\/\\\/galler.de\\\/fr\\\/home-2\\\/produits\\\/systemes-de-rayonnages-manuels\\\/rayonnage-a-palettes-systeme-a-emplacement-unique\\\/#breadcrumb\",\"itemListElement\":[{\"@type\":\"ListItem\",\"position\":1,\"name\":\"Startseite\",\"item\":\"https:\\\/\\\/galler.de\\\/fr\\\/\"},{\"@type\":\"ListItem\",\"position\":2,\"name\":\"Home\",\"item\":\"https:\\\/\\\/galler.de\\\/fr\\\/\"},{\"@type\":\"ListItem\",\"position\":3,\"name\":\"Produits\",\"item\":\"https:\\\/\\\/galler.de\\\/fr\\\/home-2\\\/produits\\\/\"},{\"@type\":\"ListItem\",\"position\":4,\"name\":\"Syst\u00e8mes de rayonnages manuels\",\"item\":\"https:\\\/\\\/galler.de\\\/fr\\\/home-2\\\/produits\\\/systemes-de-rayonnages-manuels\\\/\"},{\"@type\":\"ListItem\",\"position\":5,\"name\":\"Rayonnage \u00e0 palettes, syst\u00e8me \u00e0 emplacement unique\"}]},{\"@type\":\"WebSite\",\"@id\":\"https:\\\/\\\/galler.de\\\/fr\\\/#website\",\"url\":\"https:\\\/\\\/galler.de\\\/fr\\\/\",\"name\":\"Galler\",\"description\":\"Galler Lager und Regaltechnik\",\"publisher\":{\"@id\":\"https:\\\/\\\/galler.de\\\/fr\\\/#organization\"},\"potentialAction\":[{\"@type\":\"SearchAction\",\"target\":{\"@type\":\"EntryPoint\",\"urlTemplate\":\"https:\\\/\\\/galler.de\\\/fr\\\/?s={search_term_string}\"},\"query-input\":{\"@type\":\"PropertyValueSpecification\",\"valueRequired\":true,\"valueName\":\"search_term_string\"}}],\"inLanguage\":\"fr-FR\"},{\"@type\":\"Organization\",\"@id\":\"https:\\\/\\\/galler.de\\\/fr\\\/#organization\",\"name\":\"Galler\",\"url\":\"https:\\\/\\\/galler.de\\\/fr\\\/\",\"logo\":{\"@type\":\"ImageObject\",\"inLanguage\":\"fr-FR\",\"@id\":\"https:\\\/\\\/galler.de\\\/fr\\\/#\\\/schema\\\/logo\\\/image\\\/\",\"url\":\"https:\\\/\\\/galler.de\\\/wp-content\\\/uploads\\\/2021\\\/07\\\/logo_galler.png\",\"contentUrl\":\"https:\\\/\\\/galler.de\\\/wp-content\\\/uploads\\\/2021\\\/07\\\/logo_galler.png\",\"width\":320,\"height\":77,\"caption\":\"Galler\"},\"image\":{\"@id\":\"https:\\\/\\\/galler.de\\\/fr\\\/#\\\/schema\\\/logo\\\/image\\\/\"},\"sameAs\":[\"https:\\\/\\\/www.linkedin.com\\\/company\\\/galler-lager\\\/\"]}]}<\/script>\n<!-- \/ Yoast SEO plugin. -->","yoast_head_json":{"title":"Rayonnage \u00e0 palettes, syst\u00e8me \u00e0 emplacement unique - Galler","robots":{"index":"index","follow":"follow","max-snippet":"max-snippet:-1","max-image-preview":"max-image-preview:large","max-video-preview":"max-video-preview:-1"},"canonical":"https:\/\/galler.de\/fr\/home-2\/produits\/systemes-de-rayonnages-manuels\/rayonnage-a-palettes-systeme-a-emplacement-unique\/","og_locale":"fr_FR","og_type":"article","og_title":"Rayonnage \u00e0 palettes, syst\u00e8me \u00e0 emplacement unique - Galler","og_url":"https:\/\/galler.de\/fr\/home-2\/produits\/systemes-de-rayonnages-manuels\/rayonnage-a-palettes-systeme-a-emplacement-unique\/","og_site_name":"Galler","article_modified_time":"2023-11-15T10:21:27+00:00","twitter_card":"summary_large_image","twitter_misc":{"Dur\u00e9e de lecture estim\u00e9e":"13 minutes"},"schema":{"@context":"https:\/\/schema.org","@graph":[{"@type":"WebPage","@id":"https:\/\/galler.de\/fr\/home-2\/produits\/systemes-de-rayonnages-manuels\/rayonnage-a-palettes-systeme-a-emplacement-unique\/","url":"https:\/\/galler.de\/fr\/home-2\/produits\/systemes-de-rayonnages-manuels\/rayonnage-a-palettes-systeme-a-emplacement-unique\/","name":"Rayonnage \u00e0 palettes, syst\u00e8me \u00e0 emplacement unique - Galler","isPartOf":{"@id":"https:\/\/galler.de\/fr\/#website"},"datePublished":"2021-07-22T09:41:30+00:00","dateModified":"2023-11-15T10:21:27+00:00","breadcrumb":{"@id":"https:\/\/galler.de\/fr\/home-2\/produits\/systemes-de-rayonnages-manuels\/rayonnage-a-palettes-systeme-a-emplacement-unique\/#breadcrumb"},"inLanguage":"fr-FR","potentialAction":[{"@type":"ReadAction","target":["https:\/\/galler.de\/fr\/home-2\/produits\/systemes-de-rayonnages-manuels\/rayonnage-a-palettes-systeme-a-emplacement-unique\/"]}]},{"@type":"BreadcrumbList","@id":"https:\/\/galler.de\/fr\/home-2\/produits\/systemes-de-rayonnages-manuels\/rayonnage-a-palettes-systeme-a-emplacement-unique\/#breadcrumb","itemListElement":[{"@type":"ListItem","position":1,"name":"Startseite","item":"https:\/\/galler.de\/fr\/"},{"@type":"ListItem","position":2,"name":"Home","item":"https:\/\/galler.de\/fr\/"},{"@type":"ListItem","position":3,"name":"Produits","item":"https:\/\/galler.de\/fr\/home-2\/produits\/"},{"@type":"ListItem","position":4,"name":"Syst\u00e8mes de rayonnages manuels","item":"https:\/\/galler.de\/fr\/home-2\/produits\/systemes-de-rayonnages-manuels\/"},{"@type":"ListItem","position":5,"name":"Rayonnage \u00e0 palettes, syst\u00e8me \u00e0 emplacement unique"}]},{"@type":"WebSite","@id":"https:\/\/galler.de\/fr\/#website","url":"https:\/\/galler.de\/fr\/","name":"Galler","description":"Galler Lager und Regaltechnik","publisher":{"@id":"https:\/\/galler.de\/fr\/#organization"},"potentialAction":[{"@type":"SearchAction","target":{"@type":"EntryPoint","urlTemplate":"https:\/\/galler.de\/fr\/?s={search_term_string}"},"query-input":{"@type":"PropertyValueSpecification","valueRequired":true,"valueName":"search_term_string"}}],"inLanguage":"fr-FR"},{"@type":"Organization","@id":"https:\/\/galler.de\/fr\/#organization","name":"Galler","url":"https:\/\/galler.de\/fr\/","logo":{"@type":"ImageObject","inLanguage":"fr-FR","@id":"https:\/\/galler.de\/fr\/#\/schema\/logo\/image\/","url":"https:\/\/galler.de\/wp-content\/uploads\/2021\/07\/logo_galler.png","contentUrl":"https:\/\/galler.de\/wp-content\/uploads\/2021\/07\/logo_galler.png","width":320,"height":77,"caption":"Galler"},"image":{"@id":"https:\/\/galler.de\/fr\/#\/schema\/logo\/image\/"},"sameAs":["https:\/\/www.linkedin.com\/company\/galler-lager\/"]}]}},"_links":{"self":[{"href":"https:\/\/galler.de\/fr\/wp-json\/wp\/v2\/pages\/27333","targetHints":{"allow":["GET"]}}],"collection":[{"href":"https:\/\/galler.de\/fr\/wp-json\/wp\/v2\/pages"}],"about":[{"href":"https:\/\/galler.de\/fr\/wp-json\/wp\/v2\/types\/page"}],"author":[{"embeddable":true,"href":"https:\/\/galler.de\/fr\/wp-json\/wp\/v2\/users\/5"}],"replies":[{"embeddable":true,"href":"https:\/\/galler.de\/fr\/wp-json\/wp\/v2\/comments?post=27333"}],"version-history":[{"count":0,"href":"https:\/\/galler.de\/fr\/wp-json\/wp\/v2\/pages\/27333\/revisions"}],"up":[{"embeddable":true,"href":"https:\/\/galler.de\/fr\/wp-json\/wp\/v2\/pages\/27222"}],"wp:attachment":[{"href":"https:\/\/galler.de\/fr\/wp-json\/wp\/v2\/media?parent=27333"}],"curies":[{"name":"wp","href":"https:\/\/api.w.org\/{rel}","templated":true}]}}