{"id":27254,"date":"2021-07-22T11:40:14","date_gmt":"2021-07-22T09:40:14","guid":{"rendered":"https:\/\/galler.de\/home-2\/produits\/systemes-de-rayonnages-manuels\/rayonnage-a-palettes-systeme-a-plusieurs-emplacements\/"},"modified":"2023-11-15T11:26:18","modified_gmt":"2023-11-15T10:26:18","slug":"rayonnage-a-palettes-systeme-a-plusieurs-emplacements","status":"publish","type":"page","link":"https:\/\/galler.de\/fr\/home-2\/produits\/systemes-de-rayonnages-manuels\/rayonnage-a-palettes-systeme-a-plusieurs-emplacements\/","title":{"rendered":"Rayonnage \u00e0 palettes, syst\u00e8me \u00e0 plusieurs emplacements"},"content":{"rendered":"\n\n<style type=\"text\/css\" data-created_by=\"avia_inline_auto\" id=\"style-css-av-ksiysefc-e8ffd6cb946bdc419bf1ce8ca7ac5123\">\n#top .av-special-heading.av-ksiysefc-e8ffd6cb946bdc419bf1ce8ca7ac5123{\npadding-bottom:10px;\n}\nbody .av-special-heading.av-ksiysefc-e8ffd6cb946bdc419bf1ce8ca7ac5123 .av-special-heading-tag .heading-char{\nfont-size:25px;\n}\n.av-special-heading.av-ksiysefc-e8ffd6cb946bdc419bf1ce8ca7ac5123 .av-subheading{\nfont-size:15px;\n}\n<\/style>\n<div  class='av-special-heading av-ksiysefc-e8ffd6cb946bdc419bf1ce8ca7ac5123 av-special-heading-h1 blockquote modern-quote'><h1 class='av-special-heading-tag '  itemprop=\"headline\"  >Rayonnage \u00e0 palettes, syst\u00e8me \u00e0 plusieurs emplacements<\/h1><div class=\"special-heading-border\"><div class=\"special-heading-inner-border\"><\/div><\/div><\/div>\n<section  class='av_textblock_section av-kteb0bjc-1241f834f6a80fe940ac3cdc10bb120f '   itemscope=\"itemscope\" itemtype=\"https:\/\/schema.org\/CreativeWork\" ><div class='avia_textblock'  itemprop=\"text\" ><p>Rayonnage \u00e0 palettes dans un syst\u00e8me \u00e0 plusieurs emplacements \u2013 Colonne vert\u00e9brale de l\u2019intralogistique<\/p>\n<p>Le rayonnage \u00e0 palettes OMEGA est la base de notre syst\u00e8me de rayonnage polyvalent. Sa flexibilit\u00e9 et sa construction rationnelle en font un \u00e9l\u00e9ment cl\u00e9 pour votre solution de stockage individuelle. <\/p>\n<ul>\n<li>Permet de stocker les supports de charge les plus divers (palettes, conteneurs, caisses grillag\u00e9es, Corlettes, f\u00fbts et autres<\/li>\n<li>Stockage longitudinal et transversal des porteurs de charge<\/li>\n<li>Jusqu\u2019\u00e0 cinq palettes les unes \u00e0 c\u00f4t\u00e9s des autres dans un compartiment<\/li>\n<li>En option, en version soud\u00e9e pour plus de stabilit\u00e9 et de charge admissible<\/li>\n<li>Rev\u00eatement de surface pour toutes vos exigences : galvanis\u00e9 sendzimir, galvanis\u00e9 \u00e0 chaud, rev\u00eatu par poudre ou OR6000 pour le plus haut niveau de protection anti-corrosion dans le monde entier<\/li>\n<\/ul>\n<\/div><\/section>\n\n<style type=\"text\/css\" data-created_by=\"avia_inline_auto\" id=\"style-css-av-b53ws-de663b32f81fbc3222c4d6803c3a8c00\">\n#top .hr.hr-invisible.av-b53ws-de663b32f81fbc3222c4d6803c3a8c00{\nheight:50px;\n}\n<\/style>\n<div  class='hr av-b53ws-de663b32f81fbc3222c4d6803c3a8c00 hr-invisible'><span class='hr-inner '><span class=\"hr-inner-style\"><\/span><\/span><\/div>\n\n<style type=\"text\/css\" data-created_by=\"avia_inline_auto\" id=\"style-css-av-dpzbxw-800508a109cf39f83ac56cd0656b9699\">\n.flex_column.av-dpzbxw-800508a109cf39f83ac56cd0656b9699{\nborder-radius:0px 0px 0px 0px;\npadding:0px 0px 0px 0px;\n}\n<\/style>\n<div  class='flex_column av-dpzbxw-800508a109cf39f83ac56cd0656b9699 av_one_half first flex_column_div av-zero-column-padding  '     ><p>\n<style type=\"text\/css\" data-created_by=\"avia_inline_auto\" id=\"style-css-av-kteb1khq-18659b847f5820ba88f987fedb6874fc\">\n.avia-image-container.av-kteb1khq-18659b847f5820ba88f987fedb6874fc img.avia_image{\nbox-shadow:none;\n}\n.avia-image-container.av-kteb1khq-18659b847f5820ba88f987fedb6874fc .av-image-caption-overlay-center{\ncolor:#ffffff;\n}\n<\/style>\n<div  class='avia-image-container av-kteb1khq-18659b847f5820ba88f987fedb6874fc av-styling- av-img-linked avia-align-center'   itemprop=\"image\" itemscope=\"itemscope\" itemtype=\"https:\/\/schema.org\/ImageObject\" ><div class=\"avia-image-container-inner\"><div class=\"avia-image-overlay-wrap\"><a href=\"https:\/\/galler.de\/wp-content\/uploads\/2021\/09\/Produkte-Mehrplatzpalettenregale_Roller-Regalanlage-01.jpg\" data-srcset=\"https:\/\/galler.de\/wp-content\/uploads\/2021\/09\/Produkte-Mehrplatzpalettenregale_Roller-Regalanlage-01.jpg 845w, https:\/\/galler.de\/wp-content\/uploads\/2021\/09\/Produkte-Mehrplatzpalettenregale_Roller-Regalanlage-01-300x300.jpg 300w, https:\/\/galler.de\/wp-content\/uploads\/2021\/09\/Produkte-Mehrplatzpalettenregale_Roller-Regalanlage-01-80x80.jpg 80w, https:\/\/galler.de\/wp-content\/uploads\/2021\/09\/Produkte-Mehrplatzpalettenregale_Roller-Regalanlage-01-768x768.jpg 768w, https:\/\/galler.de\/wp-content\/uploads\/2021\/09\/Produkte-Mehrplatzpalettenregale_Roller-Regalanlage-01-36x36.jpg 36w, https:\/\/galler.de\/wp-content\/uploads\/2021\/09\/Produkte-Mehrplatzpalettenregale_Roller-Regalanlage-01-180x180.jpg 180w, https:\/\/galler.de\/wp-content\/uploads\/2021\/09\/Produkte-Mehrplatzpalettenregale_Roller-Regalanlage-01-705x705.jpg 705w\" data-sizes=\"(max-width: 845px) 100vw, 845px\" class='avia_image '  aria-label='Rayonnage \u00e0 palettes multi-emplacements pour Corlettes'><img decoding=\"async\" fetchpriority=\"high\" class='wp-image-31433 avia-img-lazy-loading-not-31433 avia_image ' src=\"https:\/\/galler.de\/wp-content\/uploads\/2021\/09\/Produkte-Mehrplatzpalettenregale_Roller-Regalanlage-01.jpg\" alt='Rayonnage \u00e0 palettes multi-emplacements pour Corlettes' title='Rayonnage \u00e0 palettes multi-emplacements pour Corlettes'  height=\"845\" width=\"845\"  itemprop=\"thumbnailUrl\" srcset=\"https:\/\/galler.de\/wp-content\/uploads\/2021\/09\/Produkte-Mehrplatzpalettenregale_Roller-Regalanlage-01.jpg 845w, https:\/\/galler.de\/wp-content\/uploads\/2021\/09\/Produkte-Mehrplatzpalettenregale_Roller-Regalanlage-01-300x300.jpg 300w, https:\/\/galler.de\/wp-content\/uploads\/2021\/09\/Produkte-Mehrplatzpalettenregale_Roller-Regalanlage-01-80x80.jpg 80w, https:\/\/galler.de\/wp-content\/uploads\/2021\/09\/Produkte-Mehrplatzpalettenregale_Roller-Regalanlage-01-768x768.jpg 768w, https:\/\/galler.de\/wp-content\/uploads\/2021\/09\/Produkte-Mehrplatzpalettenregale_Roller-Regalanlage-01-36x36.jpg 36w, https:\/\/galler.de\/wp-content\/uploads\/2021\/09\/Produkte-Mehrplatzpalettenregale_Roller-Regalanlage-01-180x180.jpg 180w, https:\/\/galler.de\/wp-content\/uploads\/2021\/09\/Produkte-Mehrplatzpalettenregale_Roller-Regalanlage-01-705x705.jpg 705w\" sizes=\"(max-width: 845px) 100vw, 845px\" \/><\/a><\/div><\/div><\/div><br \/>\n\n<style type=\"text\/css\" data-created_by=\"avia_inline_auto\" id=\"style-css-av-kteb2yi6-12e58019ca97dc11eef3406f022edd24\">\n#top .av_textblock_section.av-kteb2yi6-12e58019ca97dc11eef3406f022edd24 .avia_textblock{\nfont-size:14px;\n}\n<\/style>\n<section  class='av_textblock_section av-kteb2yi6-12e58019ca97dc11eef3406f022edd24 '   itemscope=\"itemscope\" itemtype=\"https:\/\/schema.org\/CreativeWork\" ><div class='avia_textblock'  itemprop=\"text\" ><p>Rayonnage \u00e0 palettes multi-emplacements pour Corlettes<\/p>\n<\/div><\/section><\/p><\/div>\n<style type=\"text\/css\" data-created_by=\"avia_inline_auto\" id=\"style-css-av-di8l7w-660d8239f737afa8f96a5ef647b65626\">\n.flex_column.av-di8l7w-660d8239f737afa8f96a5ef647b65626{\nborder-radius:0px 0px 0px 0px;\npadding:0px 0px 0px 0px;\n}\n<\/style>\n<div  class='flex_column av-di8l7w-660d8239f737afa8f96a5ef647b65626 av_one_half flex_column_div av-zero-column-padding  '     ><p>\n<style type=\"text\/css\" data-created_by=\"avia_inline_auto\" id=\"style-css-av-dadh38-60cdd8fbf63a9d0f15505e055df7a656\">\n.avia-image-container.av-dadh38-60cdd8fbf63a9d0f15505e055df7a656 img.avia_image{\nbox-shadow:none;\n}\n.avia-image-container.av-dadh38-60cdd8fbf63a9d0f15505e055df7a656 .av-image-caption-overlay-center{\ncolor:#ffffff;\n}\n<\/style>\n<div  class='avia-image-container av-dadh38-60cdd8fbf63a9d0f15505e055df7a656 av-styling- av-img-linked avia-align-center  img-border'   itemprop=\"image\" itemscope=\"itemscope\" itemtype=\"https:\/\/schema.org\/ImageObject\" ><div class=\"avia-image-container-inner\"><div class=\"avia-image-overlay-wrap\"><a href=\"https:\/\/galler.de\/wp-content\/uploads\/2021\/09\/Produkte-Mehrplatzpalettenregale_Planungsbeispiel-MP-mit-L-und-T-Stationen.jpg\" data-srcset=\"https:\/\/galler.de\/wp-content\/uploads\/2021\/09\/Produkte-Mehrplatzpalettenregale_Planungsbeispiel-MP-mit-L-und-T-Stationen.jpg 845w, https:\/\/galler.de\/wp-content\/uploads\/2021\/09\/Produkte-Mehrplatzpalettenregale_Planungsbeispiel-MP-mit-L-und-T-Stationen-300x300.jpg 300w, https:\/\/galler.de\/wp-content\/uploads\/2021\/09\/Produkte-Mehrplatzpalettenregale_Planungsbeispiel-MP-mit-L-und-T-Stationen-80x80.jpg 80w, https:\/\/galler.de\/wp-content\/uploads\/2021\/09\/Produkte-Mehrplatzpalettenregale_Planungsbeispiel-MP-mit-L-und-T-Stationen-768x768.jpg 768w, https:\/\/galler.de\/wp-content\/uploads\/2021\/09\/Produkte-Mehrplatzpalettenregale_Planungsbeispiel-MP-mit-L-und-T-Stationen-36x36.jpg 36w, https:\/\/galler.de\/wp-content\/uploads\/2021\/09\/Produkte-Mehrplatzpalettenregale_Planungsbeispiel-MP-mit-L-und-T-Stationen-180x180.jpg 180w, https:\/\/galler.de\/wp-content\/uploads\/2021\/09\/Produkte-Mehrplatzpalettenregale_Planungsbeispiel-MP-mit-L-und-T-Stationen-705x705.jpg 705w\" data-sizes=\"(max-width: 845px) 100vw, 845px\" class='avia_image '  aria-label='Stockage de Corlettes avec stockage\/d\u00e9stockage via un chariot \u00e9l\u00e9vateur pour all\u00e9es \u00e9troites'><img decoding=\"async\" fetchpriority=\"high\" class='wp-image-31429 avia-img-lazy-loading-not-31429 avia_image ' src=\"https:\/\/galler.de\/wp-content\/uploads\/2021\/09\/Produkte-Mehrplatzpalettenregale_Planungsbeispiel-MP-mit-L-und-T-Stationen.jpg\" alt='Stockage de Corlettes avec stockage\/d\u00e9stockage via un chariot \u00e9l\u00e9vateur pour all\u00e9es \u00e9troites' title='Stockage de Corlettes avec stockage\/d\u00e9stockage via un chariot \u00e9l\u00e9vateur pour all\u00e9es \u00e9troites'  height=\"845\" width=\"845\"  itemprop=\"thumbnailUrl\" srcset=\"https:\/\/galler.de\/wp-content\/uploads\/2021\/09\/Produkte-Mehrplatzpalettenregale_Planungsbeispiel-MP-mit-L-und-T-Stationen.jpg 845w, https:\/\/galler.de\/wp-content\/uploads\/2021\/09\/Produkte-Mehrplatzpalettenregale_Planungsbeispiel-MP-mit-L-und-T-Stationen-300x300.jpg 300w, https:\/\/galler.de\/wp-content\/uploads\/2021\/09\/Produkte-Mehrplatzpalettenregale_Planungsbeispiel-MP-mit-L-und-T-Stationen-80x80.jpg 80w, https:\/\/galler.de\/wp-content\/uploads\/2021\/09\/Produkte-Mehrplatzpalettenregale_Planungsbeispiel-MP-mit-L-und-T-Stationen-768x768.jpg 768w, https:\/\/galler.de\/wp-content\/uploads\/2021\/09\/Produkte-Mehrplatzpalettenregale_Planungsbeispiel-MP-mit-L-und-T-Stationen-36x36.jpg 36w, https:\/\/galler.de\/wp-content\/uploads\/2021\/09\/Produkte-Mehrplatzpalettenregale_Planungsbeispiel-MP-mit-L-und-T-Stationen-180x180.jpg 180w, https:\/\/galler.de\/wp-content\/uploads\/2021\/09\/Produkte-Mehrplatzpalettenregale_Planungsbeispiel-MP-mit-L-und-T-Stationen-705x705.jpg 705w\" sizes=\"(max-width: 845px) 100vw, 845px\" \/><\/a><\/div><\/div><\/div><br \/>\n\n<style type=\"text\/css\" data-created_by=\"avia_inline_auto\" id=\"style-css-av-l0qrd7ht-df4c08b59349e66509d20f2b3b615538\">\n#top .av_textblock_section.av-l0qrd7ht-df4c08b59349e66509d20f2b3b615538 .avia_textblock{\nfont-size:14px;\n}\n<\/style>\n<section  class='av_textblock_section av-l0qrd7ht-df4c08b59349e66509d20f2b3b615538 '   itemscope=\"itemscope\" itemtype=\"https:\/\/schema.org\/CreativeWork\" ><div class='avia_textblock'  itemprop=\"text\" ><p>Stockage de Corlettes avec stockage\/d\u00e9stockage via un chariot \u00e9l\u00e9vateur pour all\u00e9es \u00e9troites<\/p>\n<\/div><\/section><\/p><\/div>\n<style type=\"text\/css\" data-created_by=\"avia_inline_auto\" id=\"style-css-av-d5jvv0-09637cd2c686cb778102557e49e5f2fb\">\n.flex_column.av-d5jvv0-09637cd2c686cb778102557e49e5f2fb{\nborder-radius:0px 0px 0px 0px;\npadding:0px 0px 0px 0px;\n}\n<\/style>\n<div  class='flex_column av-d5jvv0-09637cd2c686cb778102557e49e5f2fb av_one_half first flex_column_div av-zero-column-padding  '     ><p>\n<style type=\"text\/css\" data-created_by=\"avia_inline_auto\" id=\"style-css-av-kteb3zz4-7b41c7a4c3fd96a599469304e6191194\">\n.avia-image-container.av-kteb3zz4-7b41c7a4c3fd96a599469304e6191194 img.avia_image{\nbox-shadow:none;\n}\n.avia-image-container.av-kteb3zz4-7b41c7a4c3fd96a599469304e6191194 .av-image-caption-overlay-center{\ncolor:#ffffff;\n}\n<\/style>\n<div  class='avia-image-container av-kteb3zz4-7b41c7a4c3fd96a599469304e6191194 av-styling- av-img-linked avia-align-center'   itemprop=\"image\" itemscope=\"itemscope\" itemtype=\"https:\/\/schema.org\/ImageObject\" ><div class=\"avia-image-container-inner\"><div class=\"avia-image-overlay-wrap\"><a href=\"https:\/\/galler.de\/wp-content\/uploads\/2021\/09\/Produkte-Mehrplatzpalettenregale_Sanovi-Aventis.jpg\" data-srcset=\"https:\/\/galler.de\/wp-content\/uploads\/2021\/09\/Produkte-Mehrplatzpalettenregale_Sanovi-Aventis.jpg 845w, https:\/\/galler.de\/wp-content\/uploads\/2021\/09\/Produkte-Mehrplatzpalettenregale_Sanovi-Aventis-300x300.jpg 300w, https:\/\/galler.de\/wp-content\/uploads\/2021\/09\/Produkte-Mehrplatzpalettenregale_Sanovi-Aventis-80x80.jpg 80w, https:\/\/galler.de\/wp-content\/uploads\/2021\/09\/Produkte-Mehrplatzpalettenregale_Sanovi-Aventis-768x768.jpg 768w, https:\/\/galler.de\/wp-content\/uploads\/2021\/09\/Produkte-Mehrplatzpalettenregale_Sanovi-Aventis-36x36.jpg 36w, https:\/\/galler.de\/wp-content\/uploads\/2021\/09\/Produkte-Mehrplatzpalettenregale_Sanovi-Aventis-180x180.jpg 180w, https:\/\/galler.de\/wp-content\/uploads\/2021\/09\/Produkte-Mehrplatzpalettenregale_Sanovi-Aventis-705x705.jpg 705w\" data-sizes=\"(max-width: 845px) 100vw, 845px\" class='avia_image '  aria-label='Rayonnage \u00e0 palettes OMEGA comme rayonnage de grande hauteur avec un chariot \u00e9l\u00e9vateur pour all\u00e9es \u00e9troites \u00e0 guidage inductif'><img decoding=\"async\" fetchpriority=\"high\" class='wp-image-31437 avia-img-lazy-loading-not-31437 avia_image ' src=\"https:\/\/galler.de\/wp-content\/uploads\/2021\/09\/Produkte-Mehrplatzpalettenregale_Sanovi-Aventis.jpg\" alt='Rayonnage \u00e0 palettes OMEGA comme rayonnage de grande hauteur avec un chariot \u00e9l\u00e9vateur pour all\u00e9es \u00e9troites \u00e0 guidage inductif' title='Rayonnage \u00e0 palettes OMEGA comme rayonnage de grande hauteur avec un chariot \u00e9l\u00e9vateur pour all\u00e9es \u00e9troites \u00e0 guidage inductif'  height=\"845\" width=\"845\"  itemprop=\"thumbnailUrl\" srcset=\"https:\/\/galler.de\/wp-content\/uploads\/2021\/09\/Produkte-Mehrplatzpalettenregale_Sanovi-Aventis.jpg 845w, https:\/\/galler.de\/wp-content\/uploads\/2021\/09\/Produkte-Mehrplatzpalettenregale_Sanovi-Aventis-300x300.jpg 300w, https:\/\/galler.de\/wp-content\/uploads\/2021\/09\/Produkte-Mehrplatzpalettenregale_Sanovi-Aventis-80x80.jpg 80w, https:\/\/galler.de\/wp-content\/uploads\/2021\/09\/Produkte-Mehrplatzpalettenregale_Sanovi-Aventis-768x768.jpg 768w, https:\/\/galler.de\/wp-content\/uploads\/2021\/09\/Produkte-Mehrplatzpalettenregale_Sanovi-Aventis-36x36.jpg 36w, https:\/\/galler.de\/wp-content\/uploads\/2021\/09\/Produkte-Mehrplatzpalettenregale_Sanovi-Aventis-180x180.jpg 180w, https:\/\/galler.de\/wp-content\/uploads\/2021\/09\/Produkte-Mehrplatzpalettenregale_Sanovi-Aventis-705x705.jpg 705w\" sizes=\"(max-width: 845px) 100vw, 845px\" \/><\/a><\/div><\/div><\/div><br \/>\n\n<style type=\"text\/css\" data-created_by=\"avia_inline_auto\" id=\"style-css-av-kteb3u5x-15924c83ea6adc89b9221a604e4133f7\">\n#top .av_textblock_section.av-kteb3u5x-15924c83ea6adc89b9221a604e4133f7 .avia_textblock{\nfont-size:14px;\n}\n<\/style>\n<section  class='av_textblock_section av-kteb3u5x-15924c83ea6adc89b9221a604e4133f7 '   itemscope=\"itemscope\" itemtype=\"https:\/\/schema.org\/CreativeWork\" ><div class='avia_textblock'  itemprop=\"text\" ><p>Rayonnage \u00e0 palettes OMEGA comme rayonnage de grande hauteur avec un chariot \u00e9l\u00e9vateur pour all\u00e9es \u00e9troites \u00e0 guidage inductif<\/p>\n<\/div><\/section><\/p><\/div>\n<style type=\"text\/css\" data-created_by=\"avia_inline_auto\" id=\"style-css-av-cyq0s4-ad9e764f7301de5a430b192ff4ece4bd\">\n.flex_column.av-cyq0s4-ad9e764f7301de5a430b192ff4ece4bd{\nborder-radius:0px 0px 0px 0px;\npadding:0px 0px 0px 0px;\n}\n<\/style>\n<div  class='flex_column av-cyq0s4-ad9e764f7301de5a430b192ff4ece4bd av_one_half flex_column_div av-zero-column-padding  '     ><p>\n<style type=\"text\/css\" data-created_by=\"avia_inline_auto\" id=\"style-css-av-ktee9kli-fdbb108538991af39a320bbeb71233c1\">\n.avia-image-container.av-ktee9kli-fdbb108538991af39a320bbeb71233c1 img.avia_image{\nbox-shadow:none;\n}\n.avia-image-container.av-ktee9kli-fdbb108538991af39a320bbeb71233c1 .av-image-caption-overlay-center{\ncolor:#ffffff;\n}\n<\/style>\n<div  class='avia-image-container av-ktee9kli-fdbb108538991af39a320bbeb71233c1 av-styling- av-img-linked avia-align-center'   itemprop=\"image\" itemscope=\"itemscope\" itemtype=\"https:\/\/schema.org\/ImageObject\" ><div class=\"avia-image-container-inner\"><div class=\"avia-image-overlay-wrap\"><a href=\"https:\/\/galler.de\/wp-content\/uploads\/2021\/09\/Produkte-Mehrplatzpalettenregale_Dehn-Soehne-Palettenregal-Gitterroste.jpg\" data-srcset=\"https:\/\/galler.de\/wp-content\/uploads\/2021\/09\/Produkte-Mehrplatzpalettenregale_Dehn-Soehne-Palettenregal-Gitterroste.jpg 845w, https:\/\/galler.de\/wp-content\/uploads\/2021\/09\/Produkte-Mehrplatzpalettenregale_Dehn-Soehne-Palettenregal-Gitterroste-300x300.jpg 300w, https:\/\/galler.de\/wp-content\/uploads\/2021\/09\/Produkte-Mehrplatzpalettenregale_Dehn-Soehne-Palettenregal-Gitterroste-80x80.jpg 80w, https:\/\/galler.de\/wp-content\/uploads\/2021\/09\/Produkte-Mehrplatzpalettenregale_Dehn-Soehne-Palettenregal-Gitterroste-768x768.jpg 768w, https:\/\/galler.de\/wp-content\/uploads\/2021\/09\/Produkte-Mehrplatzpalettenregale_Dehn-Soehne-Palettenregal-Gitterroste-36x36.jpg 36w, https:\/\/galler.de\/wp-content\/uploads\/2021\/09\/Produkte-Mehrplatzpalettenregale_Dehn-Soehne-Palettenregal-Gitterroste-180x180.jpg 180w, https:\/\/galler.de\/wp-content\/uploads\/2021\/09\/Produkte-Mehrplatzpalettenregale_Dehn-Soehne-Palettenregal-Gitterroste-705x705.jpg 705w\" data-sizes=\"(max-width: 845px) 100vw, 845px\" class='avia_image '  aria-label='Rayonnages \u00e0 palettes avec caillebotis continu'><img decoding=\"async\" fetchpriority=\"high\" class='wp-image-31425 avia-img-lazy-loading-not-31425 avia_image ' src=\"https:\/\/galler.de\/wp-content\/uploads\/2021\/09\/Produkte-Mehrplatzpalettenregale_Dehn-Soehne-Palettenregal-Gitterroste.jpg\" alt='Rayonnages \u00e0 palettes avec caillebotis continu' title='Rayonnages \u00e0 palettes avec caillebotis continu'  height=\"845\" width=\"845\"  itemprop=\"thumbnailUrl\" srcset=\"https:\/\/galler.de\/wp-content\/uploads\/2021\/09\/Produkte-Mehrplatzpalettenregale_Dehn-Soehne-Palettenregal-Gitterroste.jpg 845w, https:\/\/galler.de\/wp-content\/uploads\/2021\/09\/Produkte-Mehrplatzpalettenregale_Dehn-Soehne-Palettenregal-Gitterroste-300x300.jpg 300w, https:\/\/galler.de\/wp-content\/uploads\/2021\/09\/Produkte-Mehrplatzpalettenregale_Dehn-Soehne-Palettenregal-Gitterroste-80x80.jpg 80w, https:\/\/galler.de\/wp-content\/uploads\/2021\/09\/Produkte-Mehrplatzpalettenregale_Dehn-Soehne-Palettenregal-Gitterroste-768x768.jpg 768w, https:\/\/galler.de\/wp-content\/uploads\/2021\/09\/Produkte-Mehrplatzpalettenregale_Dehn-Soehne-Palettenregal-Gitterroste-36x36.jpg 36w, https:\/\/galler.de\/wp-content\/uploads\/2021\/09\/Produkte-Mehrplatzpalettenregale_Dehn-Soehne-Palettenregal-Gitterroste-180x180.jpg 180w, https:\/\/galler.de\/wp-content\/uploads\/2021\/09\/Produkte-Mehrplatzpalettenregale_Dehn-Soehne-Palettenregal-Gitterroste-705x705.jpg 705w\" sizes=\"(max-width: 845px) 100vw, 845px\" \/><\/a><\/div><\/div><\/div><br \/>\n\n<style type=\"text\/css\" data-created_by=\"avia_inline_auto\" id=\"style-css-av-kteb4b6d-938934d8acd9267e961a0a3ef1dd6a01\">\n#top .av_textblock_section.av-kteb4b6d-938934d8acd9267e961a0a3ef1dd6a01 .avia_textblock{\nfont-size:14px;\n}\n<\/style>\n<section  class='av_textblock_section av-kteb4b6d-938934d8acd9267e961a0a3ef1dd6a01 '   itemscope=\"itemscope\" itemtype=\"https:\/\/schema.org\/CreativeWork\" ><div class='avia_textblock'  itemprop=\"text\" ><p>Rayonnages \u00e0 palettes avec caillebotis continu<\/p>\n<\/div><\/section><\/p><\/div>\n<style type=\"text\/css\" data-created_by=\"avia_inline_auto\" id=\"style-css-av-l1vwai28-8eba987828c2e71868fdb85c70e41f7e\">\n.flex_column.av-l1vwai28-8eba987828c2e71868fdb85c70e41f7e{\nborder-radius:0px 0px 0px 0px;\npadding:0px 0px 0px 0px;\n}\n<\/style>\n<div  class='flex_column av-l1vwai28-8eba987828c2e71868fdb85c70e41f7e av_one_half  galler-btn-col galler-btn-col_full-width first flex_column_div av-zero-column-padding  '     ><p><div  class='avia-button-wrap av-kvcid2vz-dded8f8b97e406bb610c5590d0d6a5cc-wrap avia-button-left  galler-btn-large'>\n<style type=\"text\/css\" data-created_by=\"avia_inline_auto\" id=\"style-css-av-kvcid2vz-dded8f8b97e406bb610c5590d0d6a5cc\">\n#top #wrap_all .avia-button.av-kvcid2vz-dded8f8b97e406bb610c5590d0d6a5cc{\nbackground-color:#0069b4;\nborder-color:#0069b4;\ncolor:#ffffff;\nborder-style:none;\nborder-radius:3px 3px 3px 3px;\nbox-shadow: 0px 0px 10px 0px #bbbbbb;\ntransition:all 0.4s ease-in-out;\n}\n#top #wrap_all .avia-button.av-kvcid2vz-dded8f8b97e406bb610c5590d0d6a5cc:hover{\nbackground-color:#004a7f;\ncolor:#ffffff;\ntransition:all 0.4s ease-in-out;\n}\n#top #wrap_all.avia-button.av-kvcid2vz-dded8f8b97e406bb610c5590d0d6a5cc:hover .avia_button_background{\nborder-radius:3px 3px 3px 3px;\n}\n#top #wrap_all .avia-button.av-kvcid2vz-dded8f8b97e406bb610c5590d0d6a5cc .avia-svg-icon svg:first-child{\nfill:#ffffff;\nstroke:#ffffff;\n}\n#top #wrap_all .avia-button.av-kvcid2vz-dded8f8b97e406bb610c5590d0d6a5cc:hover .avia-svg-icon svg:first-child{\nfill:#ffffff;\nstroke:#ffffff;\n}\n<\/style>\n<a href='https:\/\/galler.de\/fr\/404-3\/'  class='avia-button av-kvcid2vz-dded8f8b97e406bb610c5590d0d6a5cc av-link-btn avia-icon_select-yes-left-icon avia-size-large avia-position-left'   aria-label=\"Composants, accessoires (rayonnage \u00e0 palettes, syst\u00e8me \u00e0 plusieurs emplacements)\"><span class='avia_button_icon avia_button_icon_left avia-iconfont avia-font-entypo-fontello' data-av_icon='\ue832' data-av_iconfont='entypo-fontello' ><\/span><span class='avia_iconbox_title' >Composants, accessoires (rayonnage \u00e0 palettes, syst\u00e8me \u00e0 plusieurs emplacements)<\/span><\/a><\/div><br \/>\n<div  class='avia-button-wrap av-kvcimxdv-498d43a51cd7d45301f4c526065d5a2f-wrap avia-button-left  galler-btn-large'>\n<style type=\"text\/css\" data-created_by=\"avia_inline_auto\" id=\"style-css-av-kvcimxdv-498d43a51cd7d45301f4c526065d5a2f\">\n#top #wrap_all .avia-button.av-kvcimxdv-498d43a51cd7d45301f4c526065d5a2f{\nbackground-color:#0069b4;\nborder-color:#0069b4;\ncolor:#ffffff;\nborder-style:none;\nborder-radius:3px 3px 3px 3px;\nbox-shadow: 0px 0px 10px 0px #bbbbbb;\ntransition:all 0.4s ease-in-out;\n}\n#top #wrap_all .avia-button.av-kvcimxdv-498d43a51cd7d45301f4c526065d5a2f:hover{\nbackground-color:#004a7f;\ncolor:#ffffff;\ntransition:all 0.4s ease-in-out;\n}\n#top #wrap_all.avia-button.av-kvcimxdv-498d43a51cd7d45301f4c526065d5a2f:hover .avia_button_background{\nborder-radius:3px 3px 3px 3px;\n}\n#top #wrap_all .avia-button.av-kvcimxdv-498d43a51cd7d45301f4c526065d5a2f .avia-svg-icon svg:first-child{\nfill:#ffffff;\nstroke:#ffffff;\n}\n#top #wrap_all .avia-button.av-kvcimxdv-498d43a51cd7d45301f4c526065d5a2f:hover .avia-svg-icon svg:first-child{\nfill:#ffffff;\nstroke:#ffffff;\n}\n<\/style>\n<a href='https:\/\/galler.de\/fr\/systemes-de-rayonnages-chariots-elevateurs-et-efficacite-spatiale\/'  class='avia-button av-kvcimxdv-498d43a51cd7d45301f4c526065d5a2f av-link-btn avia-icon_select-yes-left-icon avia-size-large avia-position-left'   aria-label=\"Syst\u00e8mes de rayonnages, chariots \u00e9l\u00e9vateurs et efficacit\u00e9 spatiale\"><span class='avia_button_icon avia_button_icon_left avia-iconfont avia-font-entypo-fontello' data-av_icon='\ue832' data-av_iconfont='entypo-fontello' ><\/span><span class='avia_iconbox_title' >Syst\u00e8mes de rayonnages, chariots \u00e9l\u00e9vateurs et efficacit\u00e9 spatiale<\/span><\/a><\/div><\/p><\/div><\/p>\n\n<style type=\"text\/css\" data-created_by=\"avia_inline_auto\" id=\"style-css-av-9kdh0-68f83b37b8871f2c55552c2181425e3a\">\n#top .hr.hr-invisible.av-9kdh0-68f83b37b8871f2c55552c2181425e3a{\nheight:50px;\n}\n<\/style>\n<div  class='hr av-9kdh0-68f83b37b8871f2c55552c2181425e3a hr-invisible'><span class='hr-inner '><span class=\"hr-inner-style\"><\/span><\/span><\/div>\n\n<style type=\"text\/css\" data-created_by=\"avia_inline_auto\" id=\"style-css-av-l25vegdg-24cb9d04c41245a23fd9108d5f8bdc5a\">\n#top .hr.hr-invisible.av-l25vegdg-24cb9d04c41245a23fd9108d5f8bdc5a{\nheight:20px;\n}\n<\/style>\n<div  class='hr av-l25vegdg-24cb9d04c41245a23fd9108d5f8bdc5a hr-invisible'><span class='hr-inner '><span class=\"hr-inner-style\"><\/span><\/span><\/div>\n\n<style type=\"text\/css\" data-created_by=\"avia_inline_auto\" id=\"style-css-av-kvc3wzz5-4b7bd8a3d91f83faa7340387600851da\">\n#top .av-special-heading.av-kvc3wzz5-4b7bd8a3d91f83faa7340387600851da{\nmargin:0 0 24px 0;\npadding-bottom:10px;\n}\nbody .av-special-heading.av-kvc3wzz5-4b7bd8a3d91f83faa7340387600851da .av-special-heading-tag .heading-char{\nfont-size:25px;\n}\n.av-special-heading.av-kvc3wzz5-4b7bd8a3d91f83faa7340387600851da .av-subheading{\nfont-size:15px;\n}\n<\/style>\n<div  class='av-special-heading av-kvc3wzz5-4b7bd8a3d91f83faa7340387600851da av-special-heading-h1 custom-color-heading blockquote modern-quote'><h1 class='av-special-heading-tag '  itemprop=\"headline\"  >Rayonnage \u00e0 palettes en m\u00e9tal<\/h1><div class=\"special-heading-border\"><div class=\"special-heading-inner-border\"><\/div><\/div><\/div>\n<section  class='av_textblock_section av-l0rukg56-2ee0ae20951c63862046accb23ab945c '   itemscope=\"itemscope\" itemtype=\"https:\/\/schema.org\/CreativeWork\" ><div class='avia_textblock'  itemprop=\"text\" ><p>GALLER propose des rayonnages \u00e0 palettes sp\u00e9cialement adapt\u00e9s pour le stockage de charges particuli\u00e8rement lourdes ou encombrantes, courantes dans la construction en acier. Ils permettent d\u2019entreposer \u00e9galement des produits semi-finis ou m\u00eame des sous-ensembles complets de mani\u00e8re peu encombrante et efficace.<\/p>\n<\/div><\/section>\n\n<style type=\"text\/css\" data-created_by=\"avia_inline_auto\" id=\"style-css-av-4tcyqy-97183f211da712adbaad38bbca254553\">\n.flex_column.av-4tcyqy-97183f211da712adbaad38bbca254553{\nborder-radius:0px 0px 0px 0px;\npadding:0px 0px 0px 0px;\n}\n<\/style>\n<div  class='flex_column av-4tcyqy-97183f211da712adbaad38bbca254553 av_one_half first flex_column_div av-zero-column-padding  '     ><p>\n<style type=\"text\/css\" data-created_by=\"avia_inline_auto\" id=\"style-css-av-kvj926sd-abe968e663961fc2057eeb254932f721\">\n.avia-image-container.av-kvj926sd-abe968e663961fc2057eeb254932f721 img.avia_image{\nbox-shadow:none;\n}\n.avia-image-container.av-kvj926sd-abe968e663961fc2057eeb254932f721 .av-image-caption-overlay-center{\ncolor:#ffffff;\n}\n<\/style>\n<div  class='avia-image-container av-kvj926sd-abe968e663961fc2057eeb254932f721 av-styling- av-img-linked avia-align-center'   itemprop=\"image\" itemscope=\"itemscope\" itemtype=\"https:\/\/schema.org\/ImageObject\" ><div class=\"avia-image-container-inner\"><div class=\"avia-image-overlay-wrap\"><a href=\"https:\/\/galler.de\/wp-content\/uploads\/2021\/11\/Produkte-Stahlbau_Stahlbau1.jpg\" data-srcset=\"https:\/\/galler.de\/wp-content\/uploads\/2021\/11\/Produkte-Stahlbau_Stahlbau1.jpg 1030w, https:\/\/galler.de\/wp-content\/uploads\/2021\/11\/Produkte-Stahlbau_Stahlbau1-300x200.jpg 300w, https:\/\/galler.de\/wp-content\/uploads\/2021\/11\/Produkte-Stahlbau_Stahlbau1-768x512.jpg 768w, https:\/\/galler.de\/wp-content\/uploads\/2021\/11\/Produkte-Stahlbau_Stahlbau1-705x470.jpg 705w\" data-sizes=\"(max-width: 1030px) 100vw, 1030px\" class='avia_image '  aria-label='Les produits semi-finis sont stock\u00e9s de mani\u00e8re s\u00fbre et claire sur des supports de charge sp\u00e9ciaux dans nos rayonnages \u00e0 palettes pour charges lourdes.'><img decoding=\"async\" fetchpriority=\"high\" class='wp-image-9309 avia-img-lazy-loading-not-9309 avia_image ' src=\"https:\/\/galler.de\/wp-content\/uploads\/2021\/11\/Produkte-Stahlbau_Stahlbau1.jpg\" alt='Les produits semi-finis sont stock\u00e9s de mani\u00e8re s\u00fbre et claire sur des supports de charge sp\u00e9ciaux dans nos rayonnages \u00e0 palettes pour charges lourdes.' title='Les produits semi-finis sont stock\u00e9s de mani\u00e8re s\u00fbre et claire sur des supports de charge sp\u00e9ciaux dans nos rayonnages \u00e0 palettes pour charges lourdes.'  height=\"686\" width=\"1030\"  itemprop=\"thumbnailUrl\" srcset=\"https:\/\/galler.de\/wp-content\/uploads\/2021\/11\/Produkte-Stahlbau_Stahlbau1.jpg 1030w, https:\/\/galler.de\/wp-content\/uploads\/2021\/11\/Produkte-Stahlbau_Stahlbau1-300x200.jpg 300w, https:\/\/galler.de\/wp-content\/uploads\/2021\/11\/Produkte-Stahlbau_Stahlbau1-768x512.jpg 768w, https:\/\/galler.de\/wp-content\/uploads\/2021\/11\/Produkte-Stahlbau_Stahlbau1-705x470.jpg 705w\" sizes=\"(max-width: 1030px) 100vw, 1030px\" \/><\/a><\/div><\/div><\/div><br \/>\n\n<style type=\"text\/css\" data-created_by=\"avia_inline_auto\" id=\"style-css-av-l0rulmds-9f1bf82fe2834580e5b52735c43549a1\">\n#top .av_textblock_section.av-l0rulmds-9f1bf82fe2834580e5b52735c43549a1 .avia_textblock{\nfont-size:14px;\n}\n<\/style>\n<section  class='av_textblock_section av-l0rulmds-9f1bf82fe2834580e5b52735c43549a1 '   itemscope=\"itemscope\" itemtype=\"https:\/\/schema.org\/CreativeWork\" ><div class='avia_textblock'  itemprop=\"text\" ><p>Les produits semi-finis sont stock\u00e9s de mani\u00e8re s\u00fbre et claire sur des supports de charge sp\u00e9ciaux dans nos rayonnages \u00e0 palettes pour charges lourdes.<\/p>\n<\/div><\/section><\/p><\/div>\n<style type=\"text\/css\" data-created_by=\"avia_inline_auto\" id=\"style-css-av-225i7u-22af47b18313ae8728db667cf598806e\">\n.flex_column.av-225i7u-22af47b18313ae8728db667cf598806e{\nborder-radius:0px 0px 0px 0px;\npadding:0px 0px 0px 0px;\n}\n<\/style>\n<div  class='flex_column av-225i7u-22af47b18313ae8728db667cf598806e av_one_half flex_column_div av-zero-column-padding  '     ><p>\n<style type=\"text\/css\" data-created_by=\"avia_inline_auto\" id=\"style-css-av-kvj92st9-a35f84bdb9c68eeee74cd9e878639343\">\n.avia-image-container.av-kvj92st9-a35f84bdb9c68eeee74cd9e878639343 img.avia_image{\nbox-shadow:none;\n}\n.avia-image-container.av-kvj92st9-a35f84bdb9c68eeee74cd9e878639343 .av-image-caption-overlay-center{\ncolor:#ffffff;\n}\n<\/style>\n<div  class='avia-image-container av-kvj92st9-a35f84bdb9c68eeee74cd9e878639343 av-styling- av-img-linked avia-align-center'   itemprop=\"image\" itemscope=\"itemscope\" itemtype=\"https:\/\/schema.org\/ImageObject\" ><div class=\"avia-image-container-inner\"><div class=\"avia-image-overlay-wrap\"><a href=\"https:\/\/galler.de\/wp-content\/uploads\/2021\/11\/Produkte-Stahlbau_Stahlbau2.jpg\" data-srcset=\"https:\/\/galler.de\/wp-content\/uploads\/2021\/11\/Produkte-Stahlbau_Stahlbau2.jpg 1030w, https:\/\/galler.de\/wp-content\/uploads\/2021\/11\/Produkte-Stahlbau_Stahlbau2-300x200.jpg 300w, https:\/\/galler.de\/wp-content\/uploads\/2021\/11\/Produkte-Stahlbau_Stahlbau2-768x512.jpg 768w, https:\/\/galler.de\/wp-content\/uploads\/2021\/11\/Produkte-Stahlbau_Stahlbau2-705x470.jpg 705w\" data-sizes=\"(max-width: 1030px) 100vw, 1030px\" class='avia_image '  aria-label='Nos rayonnages pour les entreprises de construction m\u00e9tallique sont \u00e9galement configur\u00e9s individuellement, comme ici pour le stockage des articulations rotatives pour v\u00e9hicules ferroviaires.'><img decoding=\"async\" fetchpriority=\"high\" class='wp-image-9313 avia-img-lazy-loading-not-9313 avia_image ' src=\"https:\/\/galler.de\/wp-content\/uploads\/2021\/11\/Produkte-Stahlbau_Stahlbau2.jpg\" alt='Nos rayonnages pour les entreprises de construction m\u00e9tallique sont \u00e9galement configur\u00e9s individuellement, comme ici pour le stockage des articulations rotatives pour v\u00e9hicules ferroviaires.' title='Nos rayonnages pour les entreprises de construction m\u00e9tallique sont \u00e9galement configur\u00e9s individuellement, comme ici pour le stockage des articulations rotatives pour v\u00e9hicules ferroviaires.'  height=\"686\" width=\"1030\"  itemprop=\"thumbnailUrl\" srcset=\"https:\/\/galler.de\/wp-content\/uploads\/2021\/11\/Produkte-Stahlbau_Stahlbau2.jpg 1030w, https:\/\/galler.de\/wp-content\/uploads\/2021\/11\/Produkte-Stahlbau_Stahlbau2-300x200.jpg 300w, https:\/\/galler.de\/wp-content\/uploads\/2021\/11\/Produkte-Stahlbau_Stahlbau2-768x512.jpg 768w, https:\/\/galler.de\/wp-content\/uploads\/2021\/11\/Produkte-Stahlbau_Stahlbau2-705x470.jpg 705w\" sizes=\"(max-width: 1030px) 100vw, 1030px\" \/><\/a><\/div><\/div><\/div><br \/>\n\n<style type=\"text\/css\" data-created_by=\"avia_inline_auto\" id=\"style-css-av-l0rumkqu-6448da0e25b3ff024a4861a438eff640\">\n#top .av_textblock_section.av-l0rumkqu-6448da0e25b3ff024a4861a438eff640 .avia_textblock{\nfont-size:14px;\n}\n<\/style>\n<section  class='av_textblock_section av-l0rumkqu-6448da0e25b3ff024a4861a438eff640 '   itemscope=\"itemscope\" itemtype=\"https:\/\/schema.org\/CreativeWork\" ><div class='avia_textblock'  itemprop=\"text\" ><p>Nos rayonnages pour les entreprises de construction m\u00e9tallique sont \u00e9galement configur\u00e9s individuellement, comme ici pour le stockage des articulations rotatives pour v\u00e9hicules ferroviaires.<\/p>\n<\/div><\/section><\/p><\/div>\n<style type=\"text\/css\" data-created_by=\"avia_inline_auto\" id=\"style-css-av-7oat8q-f78772481df68c79b652990136c164d9\">\n#top .hr.hr-invisible.av-7oat8q-f78772481df68c79b652990136c164d9{\nheight:50px;\n}\n<\/style>\n<div  class='hr av-7oat8q-f78772481df68c79b652990136c164d9 hr-invisible'><span class='hr-inner '><span class=\"hr-inner-style\"><\/span><\/span><\/div><\/p>\n\n<style type=\"text\/css\" data-created_by=\"avia_inline_auto\" id=\"style-css-av-ksiz8ejc-98dd41f9d105d45a45bbf3a085bd543d\">\n#top .av-special-heading.av-ksiz8ejc-98dd41f9d105d45a45bbf3a085bd543d{\npadding-bottom:10px;\n}\nbody .av-special-heading.av-ksiz8ejc-98dd41f9d105d45a45bbf3a085bd543d .av-special-heading-tag .heading-char{\nfont-size:25px;\n}\n.av-special-heading.av-ksiz8ejc-98dd41f9d105d45a45bbf3a085bd543d .av-subheading{\nfont-size:15px;\n}\n<\/style>\n<div  class='av-special-heading av-ksiz8ejc-98dd41f9d105d45a45bbf3a085bd543d av-special-heading-h1 blockquote modern-quote'><h1 class='av-special-heading-tag '  itemprop=\"headline\"  >Rayonnage \u00e0 palettes en plein air \/ avec toiture<\/h1><div class=\"special-heading-border\"><div class=\"special-heading-inner-border\"><\/div><\/div><\/div>\n<section  class='av_textblock_section av-kte9bxrk-2a2b523ed271cd6af8614dc68a93f63f '   itemscope=\"itemscope\" itemtype=\"https:\/\/schema.org\/CreativeWork\" ><div class='avia_textblock'  itemprop=\"text\" ><p>Vous avez besoin d\u2019un syst\u00e8me de rayonnages \u00e0 palettes pour votre entrep\u00f4t ext\u00e9rieur ? Aucun probl\u00e8me avec notre rayonnage \u00e0 palettes OMEGA solide ! Il r\u00e9pond m\u00eame aux exigences techniques et statiques nettement sup\u00e9rieures de l\u2019utilisation en plein air.  <\/p>\n<ul>\n<li>Pour la mise en place \u00e0 l\u2019ext\u00e9rieur, nous livrons les rayonnages \u00e0 palettes OMEGA par d\u00e9faut avec montants soud\u00e9s et galvanis\u00e9s.<\/li>\n<li>Diff\u00e9rents \u00e9l\u00e9ments de toiture et de paroi peuvent \u00eatre s\u00e9lectionn\u00e9s pour la protection contre les intemp\u00e9ries.<\/li>\n<\/ul>\n<\/div><\/section>\n\n<style type=\"text\/css\" data-created_by=\"avia_inline_auto\" id=\"style-css-av-5zqfuv-d04c039adb793713f700317a996e8467\">\n.flex_column.av-5zqfuv-d04c039adb793713f700317a996e8467{\nborder-radius:0px 0px 0px 0px;\npadding:0px 0px 0px 0px;\n}\n<\/style>\n<div  class='flex_column av-5zqfuv-d04c039adb793713f700317a996e8467 av_one_half first flex_column_div av-zero-column-padding  '     ><p>\n<style type=\"text\/css\" data-created_by=\"avia_inline_auto\" id=\"style-css-av-kteaqr72-3f496e18f605d9fa3bfe797c13326afb\">\n.avia-image-container.av-kteaqr72-3f496e18f605d9fa3bfe797c13326afb img.avia_image{\nbox-shadow:none;\n}\n.avia-image-container.av-kteaqr72-3f496e18f605d9fa3bfe797c13326afb .av-image-caption-overlay-center{\ncolor:#ffffff;\n}\n<\/style>\n<div  class='avia-image-container av-kteaqr72-3f496e18f605d9fa3bfe797c13326afb av-styling- av-img-linked avia-align-center  img-border'   itemprop=\"image\" itemscope=\"itemscope\" itemtype=\"https:\/\/schema.org\/ImageObject\" ><div class=\"avia-image-container-inner\"><div class=\"avia-image-overlay-wrap\"><a href=\"https:\/\/galler.de\/wp-content\/uploads\/2022\/05\/Produkte_Mehrplatzpalettenregale_Getraenke-Power-Regalanlage.jpg\" data-srcset=\"https:\/\/galler.de\/wp-content\/uploads\/2022\/05\/Produkte_Mehrplatzpalettenregale_Getraenke-Power-Regalanlage.jpg 1030w, https:\/\/galler.de\/wp-content\/uploads\/2022\/05\/Produkte_Mehrplatzpalettenregale_Getraenke-Power-Regalanlage-300x200.jpg 300w, https:\/\/galler.de\/wp-content\/uploads\/2022\/05\/Produkte_Mehrplatzpalettenregale_Getraenke-Power-Regalanlage-768x512.jpg 768w, https:\/\/galler.de\/wp-content\/uploads\/2022\/05\/Produkte_Mehrplatzpalettenregale_Getraenke-Power-Regalanlage-705x470.jpg 705w\" data-sizes=\"(max-width: 1030px) 100vw, 1030px\" class='avia_image '  aria-label='Les rayonnages \u00e0 palettes OMEGA peuvent \u00eatre \u00e9quip\u00e9s de diff\u00e9rents \u00e9l\u00e9ments de toit.'><img decoding=\"async\" fetchpriority=\"high\" class='wp-image-23373 avia-img-lazy-loading-not-23373 avia_image ' src=\"https:\/\/galler.de\/wp-content\/uploads\/2022\/05\/Produkte_Mehrplatzpalettenregale_Getraenke-Power-Regalanlage.jpg\" alt='Les rayonnages \u00e0 palettes OMEGA peuvent \u00eatre \u00e9quip\u00e9s de diff\u00e9rents \u00e9l\u00e9ments de toit.' title='Les rayonnages \u00e0 palettes OMEGA peuvent \u00eatre \u00e9quip\u00e9s de diff\u00e9rents \u00e9l\u00e9ments de toit.'  height=\"686\" width=\"1030\"  itemprop=\"thumbnailUrl\" srcset=\"https:\/\/galler.de\/wp-content\/uploads\/2022\/05\/Produkte_Mehrplatzpalettenregale_Getraenke-Power-Regalanlage.jpg 1030w, https:\/\/galler.de\/wp-content\/uploads\/2022\/05\/Produkte_Mehrplatzpalettenregale_Getraenke-Power-Regalanlage-300x200.jpg 300w, https:\/\/galler.de\/wp-content\/uploads\/2022\/05\/Produkte_Mehrplatzpalettenregale_Getraenke-Power-Regalanlage-768x512.jpg 768w, https:\/\/galler.de\/wp-content\/uploads\/2022\/05\/Produkte_Mehrplatzpalettenregale_Getraenke-Power-Regalanlage-705x470.jpg 705w\" sizes=\"(max-width: 1030px) 100vw, 1030px\" \/><\/a><\/div><\/div><\/div><br \/>\n\n<style type=\"text\/css\" data-created_by=\"avia_inline_auto\" id=\"style-css-av-l0rus3wy-6d56084504360dbc0b524d5c5e63e146\">\n#top .av_textblock_section.av-l0rus3wy-6d56084504360dbc0b524d5c5e63e146 .avia_textblock{\nfont-size:14px;\n}\n<\/style>\n<section  class='av_textblock_section av-l0rus3wy-6d56084504360dbc0b524d5c5e63e146 '   itemscope=\"itemscope\" itemtype=\"https:\/\/schema.org\/CreativeWork\" ><div class='avia_textblock'  itemprop=\"text\" ><p>Les rayonnages \u00e0 palettes OMEGA peuvent \u00eatre \u00e9quip\u00e9s de diff\u00e9rents \u00e9l\u00e9ments de toit.<\/p>\n<\/div><\/section><\/p><\/div>\n<style type=\"text\/css\" data-created_by=\"avia_inline_auto\" id=\"style-css-av-7laewn-177d2219e5df4c518824c70a1b060b84\">\n.flex_column.av-7laewn-177d2219e5df4c518824c70a1b060b84{\nborder-radius:0px 0px 0px 0px;\npadding:0px 0px 0px 0px;\n}\n<\/style>\n<div  class='flex_column av-7laewn-177d2219e5df4c518824c70a1b060b84 av_one_half flex_column_div av-zero-column-padding  '     ><p>\n<style type=\"text\/css\" data-created_by=\"avia_inline_auto\" id=\"style-css-av-kvj9k3cc-2fa463883400593716aa0ace09f85227\">\n.avia-image-container.av-kvj9k3cc-2fa463883400593716aa0ace09f85227 img.avia_image{\nbox-shadow:none;\n}\n.avia-image-container.av-kvj9k3cc-2fa463883400593716aa0ace09f85227 .av-image-caption-overlay-center{\ncolor:#ffffff;\n}\n<\/style>\n<div  class='avia-image-container av-kvj9k3cc-2fa463883400593716aa0ace09f85227 av-styling- av-img-linked avia-align-center  img-border'   itemprop=\"image\" itemscope=\"itemscope\" itemtype=\"https:\/\/schema.org\/ImageObject\" ><div class=\"avia-image-container-inner\"><div class=\"avia-image-overlay-wrap\"><a href=\"https:\/\/galler.de\/wp-content\/uploads\/2022\/05\/Produkte_Mehrplatzpalettenregale_Getraenke-Power-Wand.jpg\" data-srcset=\"https:\/\/galler.de\/wp-content\/uploads\/2022\/05\/Produkte_Mehrplatzpalettenregale_Getraenke-Power-Wand.jpg 1030w, https:\/\/galler.de\/wp-content\/uploads\/2022\/05\/Produkte_Mehrplatzpalettenregale_Getraenke-Power-Wand-300x200.jpg 300w, https:\/\/galler.de\/wp-content\/uploads\/2022\/05\/Produkte_Mehrplatzpalettenregale_Getraenke-Power-Wand-768x512.jpg 768w, https:\/\/galler.de\/wp-content\/uploads\/2022\/05\/Produkte_Mehrplatzpalettenregale_Getraenke-Power-Wand-705x470.jpg 705w\" data-sizes=\"(max-width: 1030px) 100vw, 1030px\" class='avia_image '  aria-label='Diff\u00e9rents \u00e9l\u00e9ments sont \u00e9galement disponibles pour l\u2019habillage des parois arri\u00e8re et lat\u00e9rales.'><img decoding=\"async\" fetchpriority=\"high\" class='wp-image-23376 avia-img-lazy-loading-not-23376 avia_image ' src=\"https:\/\/galler.de\/wp-content\/uploads\/2022\/05\/Produkte_Mehrplatzpalettenregale_Getraenke-Power-Wand.jpg\" alt='Diff\u00e9rents \u00e9l\u00e9ments sont \u00e9galement disponibles pour l\u2019habillage des parois arri\u00e8re et lat\u00e9rales.' title='Diff\u00e9rents \u00e9l\u00e9ments sont \u00e9galement disponibles pour l\u2019habillage des parois arri\u00e8re et lat\u00e9rales.'  height=\"686\" width=\"1030\"  itemprop=\"thumbnailUrl\" srcset=\"https:\/\/galler.de\/wp-content\/uploads\/2022\/05\/Produkte_Mehrplatzpalettenregale_Getraenke-Power-Wand.jpg 1030w, https:\/\/galler.de\/wp-content\/uploads\/2022\/05\/Produkte_Mehrplatzpalettenregale_Getraenke-Power-Wand-300x200.jpg 300w, https:\/\/galler.de\/wp-content\/uploads\/2022\/05\/Produkte_Mehrplatzpalettenregale_Getraenke-Power-Wand-768x512.jpg 768w, https:\/\/galler.de\/wp-content\/uploads\/2022\/05\/Produkte_Mehrplatzpalettenregale_Getraenke-Power-Wand-705x470.jpg 705w\" sizes=\"(max-width: 1030px) 100vw, 1030px\" \/><\/a><\/div><\/div><\/div><br \/>\n\n<style type=\"text\/css\" data-created_by=\"avia_inline_auto\" id=\"style-css-av-l0rurpgl-7cf04f4cd10a2a126fe961ebb79e84b4\">\n#top .av_textblock_section.av-l0rurpgl-7cf04f4cd10a2a126fe961ebb79e84b4 .avia_textblock{\nfont-size:14px;\n}\n<\/style>\n<section  class='av_textblock_section av-l0rurpgl-7cf04f4cd10a2a126fe961ebb79e84b4 '   itemscope=\"itemscope\" itemtype=\"https:\/\/schema.org\/CreativeWork\" ><div class='avia_textblock'  itemprop=\"text\" ><p>Diff\u00e9rents \u00e9l\u00e9ments sont \u00e9galement disponibles pour l\u2019habillage des parois arri\u00e8re et lat\u00e9rales.<\/p>\n<\/div><\/section><\/p><\/div>\n<style type=\"text\/css\" data-created_by=\"avia_inline_auto\" id=\"style-css-av-2ennwn-983fc906469c3a10d068c05b532d0a62\">\n#top .hr.hr-invisible.av-2ennwn-983fc906469c3a10d068c05b532d0a62{\nheight:20px;\n}\n<\/style>\n<div  class='hr av-2ennwn-983fc906469c3a10d068c05b532d0a62 hr-invisible'><span class='hr-inner '><span class=\"hr-inner-style\"><\/span><\/span><\/div><\/p>\n\n<style type=\"text\/css\" data-created_by=\"avia_inline_auto\" id=\"style-css-av-l165n5wl-84fbba5b2d8675694059b73738f068c9\">\n.flex_column.av-l165n5wl-84fbba5b2d8675694059b73738f068c9{\nborder-radius:0px 0px 0px 0px;\npadding:0px 0px 0px 0px;\n}\n<\/style>\n<div  class='flex_column av-l165n5wl-84fbba5b2d8675694059b73738f068c9 av_one_half  galler-btn-col galler-btn-col_full-width first flex_column_div av-zero-column-padding  '     ><div  class='avia-button-wrap av-2xdj5z-40cc85886c3d94513dac0402148fa016-wrap avia-button-left  galler-btn-large'>\n<style type=\"text\/css\" data-created_by=\"avia_inline_auto\" id=\"style-css-av-2xdj5z-40cc85886c3d94513dac0402148fa016\">\n#top #wrap_all .avia-button.av-2xdj5z-40cc85886c3d94513dac0402148fa016{\nbackground-color:#0069b4;\nborder-color:#0069b4;\ncolor:#ffffff;\nborder-style:none;\nborder-radius:3px 3px 3px 3px;\nbox-shadow: 0px 0px 10px 0px #bbbbbb;\ntransition:all 0.4s ease-in-out;\n}\n#top #wrap_all .avia-button.av-2xdj5z-40cc85886c3d94513dac0402148fa016:hover{\nbackground-color:#004a7f;\ncolor:#ffffff;\ntransition:all 0.4s ease-in-out;\n}\n#top #wrap_all.avia-button.av-2xdj5z-40cc85886c3d94513dac0402148fa016:hover .avia_button_background{\nborder-radius:3px 3px 3px 3px;\n}\n#top #wrap_all .avia-button.av-2xdj5z-40cc85886c3d94513dac0402148fa016 .avia-svg-icon svg:first-child{\nfill:#ffffff;\nstroke:#ffffff;\n}\n#top #wrap_all .avia-button.av-2xdj5z-40cc85886c3d94513dac0402148fa016:hover .avia-svg-icon svg:first-child{\nfill:#ffffff;\nstroke:#ffffff;\n}\n<\/style>\n<a href='https:\/\/galler.de\/fr\/404-3\/'  class='avia-button av-2xdj5z-40cc85886c3d94513dac0402148fa016 av-link-btn avia-icon_select-yes-left-icon avia-size-large avia-position-left'   aria-label=\"Composants, accessoires (rayonnage \u00e0 palettes en plein air \/ avec toiture)\"><span class='avia_button_icon avia_button_icon_left avia-iconfont avia-font-entypo-fontello' data-av_icon='\ue832' data-av_iconfont='entypo-fontello' ><\/span><span class='avia_iconbox_title' >Composants, accessoires (rayonnage \u00e0 palettes en plein air \/ avec toiture)<\/span><\/a><\/div><\/div>\n","protected":false},"excerpt":{"rendered":"","protected":false},"author":5,"featured_media":0,"parent":27222,"menu_order":1,"comment_status":"closed","ping_status":"closed","template":"","meta":{"footnotes":""},"class_list":["post-27254","page","type-page","status-publish","hentry"],"yoast_head":"<!-- This site is optimized with the Yoast SEO plugin v27.5 - https:\/\/yoast.com\/product\/yoast-seo-wordpress\/ -->\n<title>Rayonnage \u00e0 palettes, syst\u00e8me \u00e0 plusieurs emplacements - Galler<\/title>\n<meta name=\"robots\" content=\"index, follow, max-snippet:-1, max-image-preview:large, max-video-preview:-1\" \/>\n<link rel=\"canonical\" href=\"https:\/\/galler.de\/fr\/home-2\/produits\/systemes-de-rayonnages-manuels\/rayonnage-a-palettes-systeme-a-plusieurs-emplacements\/\" \/>\n<meta property=\"og:locale\" content=\"fr_FR\" \/>\n<meta property=\"og:type\" content=\"article\" \/>\n<meta property=\"og:title\" content=\"Rayonnage \u00e0 palettes, syst\u00e8me \u00e0 plusieurs emplacements - Galler\" \/>\n<meta property=\"og:url\" content=\"https:\/\/galler.de\/fr\/home-2\/produits\/systemes-de-rayonnages-manuels\/rayonnage-a-palettes-systeme-a-plusieurs-emplacements\/\" \/>\n<meta property=\"og:site_name\" content=\"Galler\" \/>\n<meta property=\"article:modified_time\" content=\"2023-11-15T10:26:18+00:00\" \/>\n<meta name=\"twitter:card\" content=\"summary_large_image\" \/>\n<meta name=\"twitter:label1\" content=\"Dur\u00e9e de lecture estim\u00e9e\" \/>\n\t<meta name=\"twitter:data1\" content=\"42 minutes\" \/>\n<script type=\"application\/ld+json\" class=\"yoast-schema-graph\">{\"@context\":\"https:\\\/\\\/schema.org\",\"@graph\":[{\"@type\":\"WebPage\",\"@id\":\"https:\\\/\\\/galler.de\\\/fr\\\/home-2\\\/produits\\\/systemes-de-rayonnages-manuels\\\/rayonnage-a-palettes-systeme-a-plusieurs-emplacements\\\/\",\"url\":\"https:\\\/\\\/galler.de\\\/fr\\\/home-2\\\/produits\\\/systemes-de-rayonnages-manuels\\\/rayonnage-a-palettes-systeme-a-plusieurs-emplacements\\\/\",\"name\":\"Rayonnage \u00e0 palettes, syst\u00e8me \u00e0 plusieurs emplacements - Galler\",\"isPartOf\":{\"@id\":\"https:\\\/\\\/galler.de\\\/fr\\\/#website\"},\"datePublished\":\"2021-07-22T09:40:14+00:00\",\"dateModified\":\"2023-11-15T10:26:18+00:00\",\"breadcrumb\":{\"@id\":\"https:\\\/\\\/galler.de\\\/fr\\\/home-2\\\/produits\\\/systemes-de-rayonnages-manuels\\\/rayonnage-a-palettes-systeme-a-plusieurs-emplacements\\\/#breadcrumb\"},\"inLanguage\":\"fr-FR\",\"potentialAction\":[{\"@type\":\"ReadAction\",\"target\":[\"https:\\\/\\\/galler.de\\\/fr\\\/home-2\\\/produits\\\/systemes-de-rayonnages-manuels\\\/rayonnage-a-palettes-systeme-a-plusieurs-emplacements\\\/\"]}]},{\"@type\":\"BreadcrumbList\",\"@id\":\"https:\\\/\\\/galler.de\\\/fr\\\/home-2\\\/produits\\\/systemes-de-rayonnages-manuels\\\/rayonnage-a-palettes-systeme-a-plusieurs-emplacements\\\/#breadcrumb\",\"itemListElement\":[{\"@type\":\"ListItem\",\"position\":1,\"name\":\"Startseite\",\"item\":\"https:\\\/\\\/galler.de\\\/fr\\\/\"},{\"@type\":\"ListItem\",\"position\":2,\"name\":\"Home\",\"item\":\"https:\\\/\\\/galler.de\\\/fr\\\/\"},{\"@type\":\"ListItem\",\"position\":3,\"name\":\"Produits\",\"item\":\"https:\\\/\\\/galler.de\\\/fr\\\/home-2\\\/produits\\\/\"},{\"@type\":\"ListItem\",\"position\":4,\"name\":\"Syst\u00e8mes de rayonnages manuels\",\"item\":\"https:\\\/\\\/galler.de\\\/fr\\\/home-2\\\/produits\\\/systemes-de-rayonnages-manuels\\\/\"},{\"@type\":\"ListItem\",\"position\":5,\"name\":\"Rayonnage \u00e0 palettes, syst\u00e8me \u00e0 plusieurs emplacements\"}]},{\"@type\":\"WebSite\",\"@id\":\"https:\\\/\\\/galler.de\\\/fr\\\/#website\",\"url\":\"https:\\\/\\\/galler.de\\\/fr\\\/\",\"name\":\"Galler\",\"description\":\"Galler Lager und Regaltechnik\",\"publisher\":{\"@id\":\"https:\\\/\\\/galler.de\\\/fr\\\/#organization\"},\"potentialAction\":[{\"@type\":\"SearchAction\",\"target\":{\"@type\":\"EntryPoint\",\"urlTemplate\":\"https:\\\/\\\/galler.de\\\/fr\\\/?s={search_term_string}\"},\"query-input\":{\"@type\":\"PropertyValueSpecification\",\"valueRequired\":true,\"valueName\":\"search_term_string\"}}],\"inLanguage\":\"fr-FR\"},{\"@type\":\"Organization\",\"@id\":\"https:\\\/\\\/galler.de\\\/fr\\\/#organization\",\"name\":\"Galler\",\"url\":\"https:\\\/\\\/galler.de\\\/fr\\\/\",\"logo\":{\"@type\":\"ImageObject\",\"inLanguage\":\"fr-FR\",\"@id\":\"https:\\\/\\\/galler.de\\\/fr\\\/#\\\/schema\\\/logo\\\/image\\\/\",\"url\":\"https:\\\/\\\/galler.de\\\/wp-content\\\/uploads\\\/2021\\\/07\\\/logo_galler.png\",\"contentUrl\":\"https:\\\/\\\/galler.de\\\/wp-content\\\/uploads\\\/2021\\\/07\\\/logo_galler.png\",\"width\":320,\"height\":77,\"caption\":\"Galler\"},\"image\":{\"@id\":\"https:\\\/\\\/galler.de\\\/fr\\\/#\\\/schema\\\/logo\\\/image\\\/\"},\"sameAs\":[\"https:\\\/\\\/www.linkedin.com\\\/company\\\/galler-lager\\\/\"]}]}<\/script>\n<!-- \/ Yoast SEO plugin. -->","yoast_head_json":{"title":"Rayonnage \u00e0 palettes, syst\u00e8me \u00e0 plusieurs emplacements - Galler","robots":{"index":"index","follow":"follow","max-snippet":"max-snippet:-1","max-image-preview":"max-image-preview:large","max-video-preview":"max-video-preview:-1"},"canonical":"https:\/\/galler.de\/fr\/home-2\/produits\/systemes-de-rayonnages-manuels\/rayonnage-a-palettes-systeme-a-plusieurs-emplacements\/","og_locale":"fr_FR","og_type":"article","og_title":"Rayonnage \u00e0 palettes, syst\u00e8me \u00e0 plusieurs emplacements - Galler","og_url":"https:\/\/galler.de\/fr\/home-2\/produits\/systemes-de-rayonnages-manuels\/rayonnage-a-palettes-systeme-a-plusieurs-emplacements\/","og_site_name":"Galler","article_modified_time":"2023-11-15T10:26:18+00:00","twitter_card":"summary_large_image","twitter_misc":{"Dur\u00e9e de lecture estim\u00e9e":"42 minutes"},"schema":{"@context":"https:\/\/schema.org","@graph":[{"@type":"WebPage","@id":"https:\/\/galler.de\/fr\/home-2\/produits\/systemes-de-rayonnages-manuels\/rayonnage-a-palettes-systeme-a-plusieurs-emplacements\/","url":"https:\/\/galler.de\/fr\/home-2\/produits\/systemes-de-rayonnages-manuels\/rayonnage-a-palettes-systeme-a-plusieurs-emplacements\/","name":"Rayonnage \u00e0 palettes, syst\u00e8me \u00e0 plusieurs emplacements - Galler","isPartOf":{"@id":"https:\/\/galler.de\/fr\/#website"},"datePublished":"2021-07-22T09:40:14+00:00","dateModified":"2023-11-15T10:26:18+00:00","breadcrumb":{"@id":"https:\/\/galler.de\/fr\/home-2\/produits\/systemes-de-rayonnages-manuels\/rayonnage-a-palettes-systeme-a-plusieurs-emplacements\/#breadcrumb"},"inLanguage":"fr-FR","potentialAction":[{"@type":"ReadAction","target":["https:\/\/galler.de\/fr\/home-2\/produits\/systemes-de-rayonnages-manuels\/rayonnage-a-palettes-systeme-a-plusieurs-emplacements\/"]}]},{"@type":"BreadcrumbList","@id":"https:\/\/galler.de\/fr\/home-2\/produits\/systemes-de-rayonnages-manuels\/rayonnage-a-palettes-systeme-a-plusieurs-emplacements\/#breadcrumb","itemListElement":[{"@type":"ListItem","position":1,"name":"Startseite","item":"https:\/\/galler.de\/fr\/"},{"@type":"ListItem","position":2,"name":"Home","item":"https:\/\/galler.de\/fr\/"},{"@type":"ListItem","position":3,"name":"Produits","item":"https:\/\/galler.de\/fr\/home-2\/produits\/"},{"@type":"ListItem","position":4,"name":"Syst\u00e8mes de rayonnages manuels","item":"https:\/\/galler.de\/fr\/home-2\/produits\/systemes-de-rayonnages-manuels\/"},{"@type":"ListItem","position":5,"name":"Rayonnage \u00e0 palettes, syst\u00e8me \u00e0 plusieurs emplacements"}]},{"@type":"WebSite","@id":"https:\/\/galler.de\/fr\/#website","url":"https:\/\/galler.de\/fr\/","name":"Galler","description":"Galler Lager und Regaltechnik","publisher":{"@id":"https:\/\/galler.de\/fr\/#organization"},"potentialAction":[{"@type":"SearchAction","target":{"@type":"EntryPoint","urlTemplate":"https:\/\/galler.de\/fr\/?s={search_term_string}"},"query-input":{"@type":"PropertyValueSpecification","valueRequired":true,"valueName":"search_term_string"}}],"inLanguage":"fr-FR"},{"@type":"Organization","@id":"https:\/\/galler.de\/fr\/#organization","name":"Galler","url":"https:\/\/galler.de\/fr\/","logo":{"@type":"ImageObject","inLanguage":"fr-FR","@id":"https:\/\/galler.de\/fr\/#\/schema\/logo\/image\/","url":"https:\/\/galler.de\/wp-content\/uploads\/2021\/07\/logo_galler.png","contentUrl":"https:\/\/galler.de\/wp-content\/uploads\/2021\/07\/logo_galler.png","width":320,"height":77,"caption":"Galler"},"image":{"@id":"https:\/\/galler.de\/fr\/#\/schema\/logo\/image\/"},"sameAs":["https:\/\/www.linkedin.com\/company\/galler-lager\/"]}]}},"_links":{"self":[{"href":"https:\/\/galler.de\/fr\/wp-json\/wp\/v2\/pages\/27254","targetHints":{"allow":["GET"]}}],"collection":[{"href":"https:\/\/galler.de\/fr\/wp-json\/wp\/v2\/pages"}],"about":[{"href":"https:\/\/galler.de\/fr\/wp-json\/wp\/v2\/types\/page"}],"author":[{"embeddable":true,"href":"https:\/\/galler.de\/fr\/wp-json\/wp\/v2\/users\/5"}],"replies":[{"embeddable":true,"href":"https:\/\/galler.de\/fr\/wp-json\/wp\/v2\/comments?post=27254"}],"version-history":[{"count":0,"href":"https:\/\/galler.de\/fr\/wp-json\/wp\/v2\/pages\/27254\/revisions"}],"up":[{"embeddable":true,"href":"https:\/\/galler.de\/fr\/wp-json\/wp\/v2\/pages\/27222"}],"wp:attachment":[{"href":"https:\/\/galler.de\/fr\/wp-json\/wp\/v2\/media?parent=27254"}],"curies":[{"name":"wp","href":"https:\/\/api.w.org\/{rel}","templated":true}]}}