{"id":27246,"date":"2022-04-12T11:17:46","date_gmt":"2022-04-12T09:17:46","guid":{"rendered":"https:\/\/galler.de\/home-2\/produits\/systemes-de-stockage-complementaires\/"},"modified":"2023-11-14T14:49:42","modified_gmt":"2023-11-14T13:49:42","slug":"systemes-de-stockage-complementaires","status":"publish","type":"page","link":"https:\/\/galler.de\/fr\/home-2\/produits\/systemes-de-stockage-complementaires\/","title":{"rendered":"Syst\u00e8mes de stockage compl\u00e9mentaires"},"content":{"rendered":"<section  class='av_textblock_section av-al1zq-25acee00be200953844775caedb03b19 '   itemscope=\"itemscope\" itemtype=\"https:\/\/schema.org\/CreativeWork\" ><div class='avia_textblock'  itemprop=\"text\" ><div class=\"breadcrumb breadcrumbs avia-breadcrumbs\"><div class=\"breadcrumb-trail\" ><span class=\"trail-before\"><span class=\"breadcrumb-title\">You are here:<\/span><\/span> <span  itemscope=\"itemscope\" itemtype=\"https:\/\/schema.org\/BreadcrumbList\" ><span  itemscope=\"itemscope\" itemtype=\"https:\/\/schema.org\/ListItem\" itemprop=\"itemListElement\" ><a itemprop=\"url\" href=\"https:\/\/galler.de\/fr\/\" title=\"Galler\" rel=\"home\" class=\"trail-begin\"><span itemprop=\"name\">Home<\/span><\/a><span itemprop=\"position\" class=\"hidden\">1<\/span><\/span><\/span><\/div><\/div>\n<\/div><\/section>\n\n<style type=\"text\/css\" data-created_by=\"avia_inline_auto\" id=\"style-css-av-1pu46-608b5f03204ebf7d717aac58b78ce4ac\">\n#top .flex_column.av-1pu46-608b5f03204ebf7d717aac58b78ce4ac{\nmargin-top:0px;\nmargin-bottom:0px;\n}\n.flex_column.av-1pu46-608b5f03204ebf7d717aac58b78ce4ac{\nborder-radius:0px 0px 0px 0px;\npadding:0px 0px 0px 0px;\n}\n.responsive #top #wrap_all .flex_column.av-1pu46-608b5f03204ebf7d717aac58b78ce4ac{\nmargin-top:0px;\nmargin-bottom:0px;\n}\n<\/style>\n<div  class='flex_column av-1pu46-608b5f03204ebf7d717aac58b78ce4ac av_one_full first flex_column_div av-zero-column-padding  '     ><p>\n<style type=\"text\/css\" data-created_by=\"avia_inline_auto\" id=\"style-css-av-ksstalxw-360ae61a24408c50080d3a38ad5c9959\">\n#top .av-special-heading.av-ksstalxw-360ae61a24408c50080d3a38ad5c9959{\nmargin:0 0 24px 0;\npadding-bottom:10px;\n}\nbody .av-special-heading.av-ksstalxw-360ae61a24408c50080d3a38ad5c9959 .av-special-heading-tag .heading-char{\nfont-size:25px;\n}\n.av-special-heading.av-ksstalxw-360ae61a24408c50080d3a38ad5c9959 .av-subheading{\nfont-size:15px;\n}\n<\/style>\n<div  class='av-special-heading av-ksstalxw-360ae61a24408c50080d3a38ad5c9959 av-special-heading-h1 blockquote modern-quote'><h1 class='av-special-heading-tag '  itemprop=\"headline\"  >Syst\u00e8mes de stockage compl\u00e9mentaires<\/h1><div class=\"special-heading-border\"><div class=\"special-heading-inner-border\"><\/div><\/div><\/div><br \/>\n<section  class='av_textblock_section av-l0s01nbi-a8e97921dde345e00379861cfc9d32b5 '   itemscope=\"itemscope\" itemtype=\"https:\/\/schema.org\/CreativeWork\" ><div class='avia_textblock'  itemprop=\"text\" ><p>Pour le stockage de marchandises longues et encombrantes, les <strong>rayonnages \u00e0 bras portants<\/strong> \u00e0 capacit\u00e9 de charge \u00e9norme sont le bon choix. Les tubes, les profil\u00e9s en acier, les poutres en bois ou encore les panneaux de bois et la t\u00f4le peuvent ainsi \u00eatre parfaitement stock\u00e9s. M\u00eame les v\u00e9hicules hors d\u2019usage, les voiliers et toutes sortes de charges lourdes peuvent y \u00eatre stock\u00e9s. Sans support avant, il est possible d\u2019acc\u00e9der directement \u00e0 la marchandise stock\u00e9e.   <\/p>\n<p>Les <strong>rayonnages \u00e0 tablettes<\/strong> sont un composant important pour le stockage flexible des articles sans conteneur sp\u00e9cial ou auxiliaire de chargement. Ils servent avant tout au stockage et \u00e0 la pr\u00e9paration de commandes d\u2019unit\u00e9s de marchandises non palettis\u00e9es, de petites pi\u00e8ces, de conteneurs, de suremballages ou de marchandises stock\u00e9es en vrac. <\/p>\n<p>Les <strong>mezzanines de stockage<\/strong> \u00e0 un ou plusieurs \u00e9tages agrandissent la surface de travail disponible sans avoir recours \u00e0 des travaux d\u2019am\u00e9nagement et d\u2019extension du b\u00e2timent. Les mezzanines de stockage sont des constructions en acier autoportantes, accessibles et partiellement praticables avec chariot \u00e9l\u00e9vateur. <\/p>\n<p>Une structure <strong>m\u00e9tallique de logistique<\/strong> de GALLER est le compl\u00e9ment parfait \u00e0 nos syst\u00e8mes de rayonnage. Des tours d\u2019escaliers, des ponts d\u2019all\u00e9es, des cl\u00f4tures et des rambardes aux ossatures compl\u00e8tes pour la manutention, nous vous proposons tous les \u00e9l\u00e9ments pour compl\u00e9ter votre projet d\u2019intralogistique.<\/p>\n<\/div><\/section><br \/>\n\n<style type=\"text\/css\" data-created_by=\"avia_inline_auto\" id=\"style-css-av-luspc4-9e906383a62274b53b3919d2db54c50a\">\n#top .hr.hr-invisible.av-luspc4-9e906383a62274b53b3919d2db54c50a{\nheight:20px;\n}\n<\/style>\n<div  class='hr av-luspc4-9e906383a62274b53b3919d2db54c50a hr-invisible'><span class='hr-inner '><span class=\"hr-inner-style\"><\/span><\/span><\/div><\/p><\/div>\n<div class='flex_column_table av-4arvndw-e530d817ba1c5cae5fbbac0c133cfe7c sc-av_one_third av-equal-height-column-flextable'>\n<style type=\"text\/css\" data-created_by=\"avia_inline_auto\" id=\"style-css-av-4arvndw-e530d817ba1c5cae5fbbac0c133cfe7c\">\n#top .flex_column_table.av-equal-height-column-flextable.av-4arvndw-e530d817ba1c5cae5fbbac0c133cfe7c{\nmargin-top:0px;\nmargin-bottom:30px;\n}\n.flex_column.av-4arvndw-e530d817ba1c5cae5fbbac0c133cfe7c{\nborder-width:1px;\nborder-color:#eeeeee;\nborder-style:none;\nborder-radius:0px 0px 0px 0px;\npadding:0 0 0 0;\n}\n<\/style>\n<div  class='flex_column av-4arvndw-e530d817ba1c5cae5fbbac0c133cfe7c av_one_third  galler-teaser-row-small first flex_column_table_cell av-equal-height-column av-align-top av-zero-column-padding avia-link-column av-column-link  '    data-link-column-url=\"https:\/\/galler.de\/home\/produkte\/ergaenzende-lagersysteme\/kragarmregal\/\"   ><a class=\"av-screen-reader-only\" href=https:\/\/galler.de\/home\/produkte\/ergaenzende-lagersysteme\/kragarmregal\/  title=\"Kragarmregale\">Link to: Kragarmregal<\/a><p>\n<style type=\"text\/css\" data-created_by=\"avia_inline_auto\" id=\"style-css-av-3qat0h0-63d3831e73e44bbf46aa91cedb7f6d9e\">\n.avia-image-container.av-3qat0h0-63d3831e73e44bbf46aa91cedb7f6d9e img.avia_image{\nbox-shadow:none;\n}\n.avia-image-container.av-3qat0h0-63d3831e73e44bbf46aa91cedb7f6d9e .av-image-caption-overlay-center{\ncolor:#ffffff;\n}\n<\/style>\n<div  class='avia-image-container av-3qat0h0-63d3831e73e44bbf46aa91cedb7f6d9e av-styling- avia-align-center  img-border-bottom'   itemprop=\"image\" itemscope=\"itemscope\" itemtype=\"https:\/\/schema.org\/ImageObject\" ><div class=\"avia-image-container-inner\"><div class=\"avia-image-overlay-wrap\"><img decoding=\"async\" fetchpriority=\"high\" class='wp-image-32223 avia-img-lazy-loading-not-32223 avia_image ' src=\"https:\/\/galler.de\/wp-content\/uploads\/2022\/04\/Uebersicht_KR-Planungsbeispiel.jpg\" alt='' title='Uebersicht_KR---Planungsbeispiel'  height=\"563\" width=\"845\"  itemprop=\"thumbnailUrl\" srcset=\"https:\/\/galler.de\/wp-content\/uploads\/2022\/04\/Uebersicht_KR-Planungsbeispiel.jpg 845w, https:\/\/galler.de\/wp-content\/uploads\/2022\/04\/Uebersicht_KR-Planungsbeispiel-300x200.jpg 300w, https:\/\/galler.de\/wp-content\/uploads\/2022\/04\/Uebersicht_KR-Planungsbeispiel-768x512.jpg 768w, https:\/\/galler.de\/wp-content\/uploads\/2022\/04\/Uebersicht_KR-Planungsbeispiel-705x470.jpg 705w\" sizes=\"(max-width: 845px) 100vw, 845px\" \/><\/div><\/div><\/div><br \/>\n\n<style type=\"text\/css\" data-created_by=\"avia_inline_auto\" id=\"style-css-av-3bwh17o-5dbf9c01883727ffe88cdf1cbed4e127\">\n#top .av-special-heading.av-3bwh17o-5dbf9c01883727ffe88cdf1cbed4e127{\nmargin:0px 0px 0px 0px;\npadding-bottom:10px;\n}\nbody .av-special-heading.av-3bwh17o-5dbf9c01883727ffe88cdf1cbed4e127 .av-special-heading-tag .heading-char{\nfont-size:25px;\n}\n.av-special-heading.av-3bwh17o-5dbf9c01883727ffe88cdf1cbed4e127 .av-subheading{\nfont-size:15px;\n}\n<\/style>\n<div  class='av-special-heading av-3bwh17o-5dbf9c01883727ffe88cdf1cbed4e127 av-special-heading-h3 blockquote modern-quote'><h3 class='av-special-heading-tag '  itemprop=\"headline\"  >Rayonnage \u00e0 bras portants<\/h3><div class=\"special-heading-border\"><div class=\"special-heading-inner-border\"><\/div><\/div><\/div><\/p><\/div><\/div><!--close column table wrapper. Autoclose: 1 -->\n<div class='flex_column_table av-2xr0ev8-2d1a76408f6263432e41475bbc2da311 sc-av_one_third av-equal-height-column-flextable'><div class='av-flex-placeholder'><\/div>\n<style type=\"text\/css\" data-created_by=\"avia_inline_auto\" id=\"style-css-av-2xr0ev8-2d1a76408f6263432e41475bbc2da311\">\n#top .flex_column_table.av-equal-height-column-flextable.av-2xr0ev8-2d1a76408f6263432e41475bbc2da311{\nmargin-top:0px;\nmargin-bottom:30px;\n}\n.flex_column.av-2xr0ev8-2d1a76408f6263432e41475bbc2da311{\nborder-width:1px;\nborder-color:#eeeeee;\nborder-style:none;\nborder-radius:0px 0px 0px 0px;\npadding:0 0 0 0;\n}\n<\/style>\n<div  class='flex_column av-2xr0ev8-2d1a76408f6263432e41475bbc2da311 av_one_third  galler-teaser-row-small flex_column_table_cell av-equal-height-column av-align-top av-zero-column-padding avia-link-column av-column-link  '    data-link-column-url=\"https:\/\/galler.de\/home\/produkte\/ergaenzende-lagersysteme\/fachbodenregal\/\"   ><a class=\"av-screen-reader-only\" href=https:\/\/galler.de\/home\/produkte\/ergaenzende-lagersysteme\/fachbodenregal\/  title=\"Fachbodenregale\">Link to: Fachbodenregal<\/a><p>\n<style type=\"text\/css\" data-created_by=\"avia_inline_auto\" id=\"style-css-av-2pvunk4-d7cf88f75881ec44f98635aedef9dae4\">\n.avia-image-container.av-2pvunk4-d7cf88f75881ec44f98635aedef9dae4 img.avia_image{\nbox-shadow:none;\n}\n.avia-image-container.av-2pvunk4-d7cf88f75881ec44f98635aedef9dae4 .av-image-caption-overlay-center{\ncolor:#ffffff;\n}\n<\/style>\n<div  class='avia-image-container av-2pvunk4-d7cf88f75881ec44f98635aedef9dae4 av-styling- avia-align-center  img-border-bottom'   itemprop=\"image\" itemscope=\"itemscope\" itemtype=\"https:\/\/schema.org\/ImageObject\" ><div class=\"avia-image-container-inner\"><div class=\"avia-image-overlay-wrap\"><img decoding=\"async\" fetchpriority=\"high\" class='wp-image-27200 avia-img-lazy-loading-not-27200 avia_image ' src=\"https:\/\/galler.de\/wp-content\/uploads\/2022\/04\/Uebersicht_Galler-Kachel-Fachboden-Farbe_Rot-1.jpg\" alt='' title='Uebersicht_Galler---Kachel-Fachboden---Farbe_Rot'  height=\"563\" width=\"845\"  itemprop=\"thumbnailUrl\" srcset=\"https:\/\/galler.de\/wp-content\/uploads\/2022\/04\/Uebersicht_Galler-Kachel-Fachboden-Farbe_Rot-1.jpg 845w, https:\/\/galler.de\/wp-content\/uploads\/2022\/04\/Uebersicht_Galler-Kachel-Fachboden-Farbe_Rot-1-300x200.jpg 300w, https:\/\/galler.de\/wp-content\/uploads\/2022\/04\/Uebersicht_Galler-Kachel-Fachboden-Farbe_Rot-1-768x512.jpg 768w, https:\/\/galler.de\/wp-content\/uploads\/2022\/04\/Uebersicht_Galler-Kachel-Fachboden-Farbe_Rot-1-705x470.jpg 705w\" sizes=\"(max-width: 845px) 100vw, 845px\" \/><\/div><\/div><\/div><br \/>\n\n<style type=\"text\/css\" data-created_by=\"avia_inline_auto\" id=\"style-css-av-24pldr8-e9c00989d4abf0f5a32360453257e0ea\">\n#top .av-special-heading.av-24pldr8-e9c00989d4abf0f5a32360453257e0ea{\nmargin:0px 0px 0px 0px;\npadding-bottom:10px;\n}\nbody .av-special-heading.av-24pldr8-e9c00989d4abf0f5a32360453257e0ea .av-special-heading-tag .heading-char{\nfont-size:25px;\n}\n.av-special-heading.av-24pldr8-e9c00989d4abf0f5a32360453257e0ea .av-subheading{\nfont-size:15px;\n}\n<\/style>\n<div  class='av-special-heading av-24pldr8-e9c00989d4abf0f5a32360453257e0ea av-special-heading-h3 blockquote modern-quote'><h3 class='av-special-heading-tag '  itemprop=\"headline\"  >Rayonnage \u00e0 tablettes<\/h3><div class=\"special-heading-border\"><div class=\"special-heading-inner-border\"><\/div><\/div><\/div><\/p><\/div><\/div><!--close column table wrapper. Autoclose: 1 -->\n<div class='flex_column_table av-66ux50-b12ed45a6c910565d176d64034edad00 sc-av_one_third av-equal-height-column-flextable'><div class='av-flex-placeholder'><\/div>\n<style type=\"text\/css\" data-created_by=\"avia_inline_auto\" id=\"style-css-av-66ux50-b12ed45a6c910565d176d64034edad00\">\n#top .flex_column_table.av-equal-height-column-flextable.av-66ux50-b12ed45a6c910565d176d64034edad00{\nmargin-top:0px;\nmargin-bottom:30px;\n}\n.flex_column.av-66ux50-b12ed45a6c910565d176d64034edad00{\nborder-width:1px;\nborder-color:#eeeeee;\nborder-style:none;\nborder-radius:0px 0px 0px 0px;\npadding:0 0 0 0;\n}\n<\/style>\n<div  class='flex_column av-66ux50-b12ed45a6c910565d176d64034edad00 av_one_third  galler-teaser-row-small flex_column_table_cell av-equal-height-column av-align-top av-zero-column-padding avia-link-column av-column-link  '    data-link-column-url=\"https:\/\/galler.de\/home\/produkte\/ergaenzende-lagersysteme\/lagerbuehne\/\"   ><a class=\"av-screen-reader-only\" href=https:\/\/galler.de\/home\/produkte\/ergaenzende-lagersysteme\/lagerbuehne\/  title=\"Lagerb\u00fchnen, Standard\">Link to: Lagerb\u00fchne<\/a><p>\n<style type=\"text\/css\" data-created_by=\"avia_inline_auto\" id=\"style-css-av-10caa3o-d0d657b503d207a28c1b8cee1e17ec13\">\n.avia-image-container.av-10caa3o-d0d657b503d207a28c1b8cee1e17ec13 img.avia_image{\nbox-shadow:none;\n}\n.avia-image-container.av-10caa3o-d0d657b503d207a28c1b8cee1e17ec13 .av-image-caption-overlay-center{\ncolor:#ffffff;\n}\n<\/style>\n<div  class='avia-image-container av-10caa3o-d0d657b503d207a28c1b8cee1e17ec13 av-styling- avia-align-center  img-border-bottom'   itemprop=\"image\" itemscope=\"itemscope\" itemtype=\"https:\/\/schema.org\/ImageObject\" ><div class=\"avia-image-container-inner\"><div class=\"avia-image-overlay-wrap\"><img decoding=\"async\" fetchpriority=\"high\" class='wp-image-32226 avia-img-lazy-loading-not-32226 avia_image ' src=\"https:\/\/galler.de\/wp-content\/uploads\/2022\/04\/Uebersicht_LB-Zubehoeruebersicht.jpg\" alt='' title='Uebersicht_LB---Zubeh\u00f6r\u00fcbersicht'  height=\"563\" width=\"845\"  itemprop=\"thumbnailUrl\" srcset=\"https:\/\/galler.de\/wp-content\/uploads\/2022\/04\/Uebersicht_LB-Zubehoeruebersicht.jpg 845w, https:\/\/galler.de\/wp-content\/uploads\/2022\/04\/Uebersicht_LB-Zubehoeruebersicht-300x200.jpg 300w, https:\/\/galler.de\/wp-content\/uploads\/2022\/04\/Uebersicht_LB-Zubehoeruebersicht-768x512.jpg 768w, https:\/\/galler.de\/wp-content\/uploads\/2022\/04\/Uebersicht_LB-Zubehoeruebersicht-705x470.jpg 705w\" sizes=\"(max-width: 845px) 100vw, 845px\" \/><\/div><\/div><\/div><br \/>\n\n<style type=\"text\/css\" data-created_by=\"avia_inline_auto\" id=\"style-css-av-s5taas-502a6745514405a2b124705edceefc13\">\n#top .av-special-heading.av-s5taas-502a6745514405a2b124705edceefc13{\nmargin:0px 0px 0px 0px;\npadding-bottom:10px;\n}\nbody .av-special-heading.av-s5taas-502a6745514405a2b124705edceefc13 .av-special-heading-tag .heading-char{\nfont-size:25px;\n}\n.av-special-heading.av-s5taas-502a6745514405a2b124705edceefc13 .av-subheading{\nfont-size:15px;\n}\n<\/style>\n<div  class='av-special-heading av-s5taas-502a6745514405a2b124705edceefc13 av-special-heading-h3 blockquote modern-quote'><h3 class='av-special-heading-tag '  itemprop=\"headline\"  >Mezzanine de stockage<\/h3><div class=\"special-heading-border\"><div class=\"special-heading-inner-border\"><\/div><\/div><\/div><\/p><\/div><\/div><!--close column table wrapper. Autoclose: 1 -->\n<div class='flex_column_table av-2ajp950-d091a71525187470c5d3e88126be58bd sc-av_one_third av-equal-height-column-flextable'>\n<style type=\"text\/css\" data-created_by=\"avia_inline_auto\" id=\"style-css-av-2ajp950-d091a71525187470c5d3e88126be58bd\">\n.flex_column.av-2ajp950-d091a71525187470c5d3e88126be58bd{\nborder-width:1px;\nborder-color:#eeeeee;\nborder-style:none;\nborder-radius:0px 0px 0px 0px;\npadding:0 0 0 0;\n}\n<\/style>\n<div  class='flex_column av-2ajp950-d091a71525187470c5d3e88126be58bd av_one_third  galler-teaser-row-small first flex_column_table_cell av-equal-height-column av-align-top av-zero-column-padding avia-link-column av-column-link  '    data-link-column-url=\"https:\/\/galler.de\/home\/produkte\/ergaenzende-lagersysteme\/logistikstahlbau\/\"   ><a class=\"av-screen-reader-only\" href=https:\/\/galler.de\/home\/produkte\/ergaenzende-lagersysteme\/logistikstahlbau\/  title=\"Logistikstahlbau\">Link to: Logistikstahlbau<\/a><p>\n<style type=\"text\/css\" data-created_by=\"avia_inline_auto\" id=\"style-css-av-1p5vryc-e1ee7fd170b9c420d18d2195dd6b8b3c\">\n.avia-image-container.av-1p5vryc-e1ee7fd170b9c420d18d2195dd6b8b3c img.avia_image{\nbox-shadow:none;\n}\n.avia-image-container.av-1p5vryc-e1ee7fd170b9c420d18d2195dd6b8b3c .av-image-caption-overlay-center{\ncolor:#ffffff;\n}\n<\/style>\n<div  class='avia-image-container av-1p5vryc-e1ee7fd170b9c420d18d2195dd6b8b3c av-styling- avia-align-center  img-border-bottom'   itemprop=\"image\" itemscope=\"itemscope\" itemtype=\"https:\/\/schema.org\/ImageObject\" ><div class=\"avia-image-container-inner\"><div class=\"avia-image-overlay-wrap\"><img decoding=\"async\" fetchpriority=\"high\" class='wp-image-27201 avia-img-lazy-loading-not-27201 avia_image ' src=\"https:\/\/galler.de\/wp-content\/uploads\/2022\/04\/Uebersicht_Logistikstahlbau.jpg\" alt='' title='Uebersicht_Logistikstahlbau'  height=\"563\" width=\"845\"  itemprop=\"thumbnailUrl\" srcset=\"https:\/\/galler.de\/wp-content\/uploads\/2022\/04\/Uebersicht_Logistikstahlbau.jpg 845w, https:\/\/galler.de\/wp-content\/uploads\/2022\/04\/Uebersicht_Logistikstahlbau-300x200.jpg 300w, https:\/\/galler.de\/wp-content\/uploads\/2022\/04\/Uebersicht_Logistikstahlbau-768x512.jpg 768w, https:\/\/galler.de\/wp-content\/uploads\/2022\/04\/Uebersicht_Logistikstahlbau-705x470.jpg 705w\" sizes=\"(max-width: 845px) 100vw, 845px\" \/><\/div><\/div><\/div><br \/>\n\n<style type=\"text\/css\" data-created_by=\"avia_inline_auto\" id=\"style-css-av-12kwdes-d3fd63098b0134205e9d5d0a47ea8429\">\n#top .av-special-heading.av-12kwdes-d3fd63098b0134205e9d5d0a47ea8429{\nmargin:0px 0px 0px 0px;\npadding-bottom:10px;\n}\nbody .av-special-heading.av-12kwdes-d3fd63098b0134205e9d5d0a47ea8429 .av-special-heading-tag .heading-char{\nfont-size:25px;\n}\n.av-special-heading.av-12kwdes-d3fd63098b0134205e9d5d0a47ea8429 .av-subheading{\nfont-size:15px;\n}\n<\/style>\n<div  class='av-special-heading av-12kwdes-d3fd63098b0134205e9d5d0a47ea8429 av-special-heading-h3 blockquote modern-quote'><h3 class='av-special-heading-tag '  itemprop=\"headline\"  >Structure m\u00e9tallique de logistique<\/h3><div class=\"special-heading-border\"><div class=\"special-heading-inner-border\"><\/div><\/div><\/div><\/p><\/div><\/div><!--close column table wrapper. Autoclose: 1 -->\n<div class='flex_column_table av-srd6ec-3909562d5e10ffb6feb9be830aa82a95 sc-av_one_third av-equal-height-column-flextable'><div class='av-flex-placeholder'><\/div>\n<style type=\"text\/css\" data-created_by=\"avia_inline_auto\" id=\"style-css-av-srd6ec-3909562d5e10ffb6feb9be830aa82a95\">\n.flex_column.av-srd6ec-3909562d5e10ffb6feb9be830aa82a95{\nborder-radius:0px 0px 0px 0px;\npadding:0px 0px 0px 0px;\n}\n<\/style>\n<div  class='flex_column av-srd6ec-3909562d5e10ffb6feb9be830aa82a95 av_one_third flex_column_table_cell av-equal-height-column av-align-top av-zero-column-padding  '     ><\/div><\/div><!--close column table wrapper. Autoclose: 1 -->\n<div class='flex_column_table av-2rsmec-cff192f4b7aa2c738232ce2f3366f87f sc-av_one_third av-equal-height-column-flextable'><div class='av-flex-placeholder'><\/div>\n<style type=\"text\/css\" data-created_by=\"avia_inline_auto\" id=\"style-css-av-2rsmec-cff192f4b7aa2c738232ce2f3366f87f\">\n.flex_column.av-2rsmec-cff192f4b7aa2c738232ce2f3366f87f{\nborder-radius:0px 0px 0px 0px;\npadding:0px 0px 0px 0px;\n}\n<\/style>\n<div  class='flex_column av-2rsmec-cff192f4b7aa2c738232ce2f3366f87f av_one_third flex_column_table_cell av-equal-height-column av-align-top av-zero-column-padding  '     ><\/div><\/div><!--close column table wrapper. Autoclose: 1 -->\n","protected":false},"excerpt":{"rendered":"","protected":false},"author":5,"featured_media":0,"parent":27182,"menu_order":5,"comment_status":"closed","ping_status":"closed","template":"","meta":{"footnotes":""},"class_list":["post-27246","page","type-page","status-publish","hentry"],"yoast_head":"<!-- This site is optimized with the Yoast SEO plugin v27.5 - https:\/\/yoast.com\/product\/yoast-seo-wordpress\/ -->\n<title>Syst\u00e8mes de stockage compl\u00e9mentaires - Galler<\/title>\n<meta name=\"robots\" content=\"index, follow, max-snippet:-1, max-image-preview:large, max-video-preview:-1\" \/>\n<link rel=\"canonical\" href=\"https:\/\/galler.de\/fr\/home-2\/produits\/systemes-de-stockage-complementaires\/\" \/>\n<meta property=\"og:locale\" content=\"fr_FR\" \/>\n<meta property=\"og:type\" content=\"article\" \/>\n<meta property=\"og:title\" content=\"Syst\u00e8mes de stockage compl\u00e9mentaires - Galler\" \/>\n<meta property=\"og:url\" content=\"https:\/\/galler.de\/fr\/home-2\/produits\/systemes-de-stockage-complementaires\/\" \/>\n<meta property=\"og:site_name\" content=\"Galler\" \/>\n<meta property=\"article:modified_time\" content=\"2023-11-14T13:49:42+00:00\" \/>\n<meta name=\"twitter:card\" content=\"summary_large_image\" \/>\n<meta name=\"twitter:label1\" content=\"Dur\u00e9e de lecture estim\u00e9e\" \/>\n\t<meta name=\"twitter:data1\" content=\"15 minutes\" \/>\n<script type=\"application\/ld+json\" class=\"yoast-schema-graph\">{\"@context\":\"https:\\\/\\\/schema.org\",\"@graph\":[{\"@type\":\"WebPage\",\"@id\":\"https:\\\/\\\/galler.de\\\/fr\\\/home-2\\\/produits\\\/systemes-de-stockage-complementaires\\\/\",\"url\":\"https:\\\/\\\/galler.de\\\/fr\\\/home-2\\\/produits\\\/systemes-de-stockage-complementaires\\\/\",\"name\":\"Syst\u00e8mes de stockage compl\u00e9mentaires - Galler\",\"isPartOf\":{\"@id\":\"https:\\\/\\\/galler.de\\\/fr\\\/#website\"},\"datePublished\":\"2022-04-12T09:17:46+00:00\",\"dateModified\":\"2023-11-14T13:49:42+00:00\",\"breadcrumb\":{\"@id\":\"https:\\\/\\\/galler.de\\\/fr\\\/home-2\\\/produits\\\/systemes-de-stockage-complementaires\\\/#breadcrumb\"},\"inLanguage\":\"fr-FR\",\"potentialAction\":[{\"@type\":\"ReadAction\",\"target\":[\"https:\\\/\\\/galler.de\\\/fr\\\/home-2\\\/produits\\\/systemes-de-stockage-complementaires\\\/\"]}]},{\"@type\":\"BreadcrumbList\",\"@id\":\"https:\\\/\\\/galler.de\\\/fr\\\/home-2\\\/produits\\\/systemes-de-stockage-complementaires\\\/#breadcrumb\",\"itemListElement\":[{\"@type\":\"ListItem\",\"position\":1,\"name\":\"Startseite\",\"item\":\"https:\\\/\\\/galler.de\\\/fr\\\/\"},{\"@type\":\"ListItem\",\"position\":2,\"name\":\"Home\",\"item\":\"https:\\\/\\\/galler.de\\\/fr\\\/\"},{\"@type\":\"ListItem\",\"position\":3,\"name\":\"Produits\",\"item\":\"https:\\\/\\\/galler.de\\\/fr\\\/home-2\\\/produits\\\/\"},{\"@type\":\"ListItem\",\"position\":4,\"name\":\"Syst\u00e8mes de stockage compl\u00e9mentaires\"}]},{\"@type\":\"WebSite\",\"@id\":\"https:\\\/\\\/galler.de\\\/fr\\\/#website\",\"url\":\"https:\\\/\\\/galler.de\\\/fr\\\/\",\"name\":\"Galler\",\"description\":\"Galler Lager und Regaltechnik\",\"publisher\":{\"@id\":\"https:\\\/\\\/galler.de\\\/fr\\\/#organization\"},\"potentialAction\":[{\"@type\":\"SearchAction\",\"target\":{\"@type\":\"EntryPoint\",\"urlTemplate\":\"https:\\\/\\\/galler.de\\\/fr\\\/?s={search_term_string}\"},\"query-input\":{\"@type\":\"PropertyValueSpecification\",\"valueRequired\":true,\"valueName\":\"search_term_string\"}}],\"inLanguage\":\"fr-FR\"},{\"@type\":\"Organization\",\"@id\":\"https:\\\/\\\/galler.de\\\/fr\\\/#organization\",\"name\":\"Galler\",\"url\":\"https:\\\/\\\/galler.de\\\/fr\\\/\",\"logo\":{\"@type\":\"ImageObject\",\"inLanguage\":\"fr-FR\",\"@id\":\"https:\\\/\\\/galler.de\\\/fr\\\/#\\\/schema\\\/logo\\\/image\\\/\",\"url\":\"https:\\\/\\\/galler.de\\\/wp-content\\\/uploads\\\/2021\\\/07\\\/logo_galler.png\",\"contentUrl\":\"https:\\\/\\\/galler.de\\\/wp-content\\\/uploads\\\/2021\\\/07\\\/logo_galler.png\",\"width\":320,\"height\":77,\"caption\":\"Galler\"},\"image\":{\"@id\":\"https:\\\/\\\/galler.de\\\/fr\\\/#\\\/schema\\\/logo\\\/image\\\/\"},\"sameAs\":[\"https:\\\/\\\/www.linkedin.com\\\/company\\\/galler-lager\\\/\"]}]}<\/script>\n<!-- \/ Yoast SEO plugin. -->","yoast_head_json":{"title":"Syst\u00e8mes de stockage compl\u00e9mentaires - Galler","robots":{"index":"index","follow":"follow","max-snippet":"max-snippet:-1","max-image-preview":"max-image-preview:large","max-video-preview":"max-video-preview:-1"},"canonical":"https:\/\/galler.de\/fr\/home-2\/produits\/systemes-de-stockage-complementaires\/","og_locale":"fr_FR","og_type":"article","og_title":"Syst\u00e8mes de stockage compl\u00e9mentaires - Galler","og_url":"https:\/\/galler.de\/fr\/home-2\/produits\/systemes-de-stockage-complementaires\/","og_site_name":"Galler","article_modified_time":"2023-11-14T13:49:42+00:00","twitter_card":"summary_large_image","twitter_misc":{"Dur\u00e9e de lecture estim\u00e9e":"15 minutes"},"schema":{"@context":"https:\/\/schema.org","@graph":[{"@type":"WebPage","@id":"https:\/\/galler.de\/fr\/home-2\/produits\/systemes-de-stockage-complementaires\/","url":"https:\/\/galler.de\/fr\/home-2\/produits\/systemes-de-stockage-complementaires\/","name":"Syst\u00e8mes de stockage compl\u00e9mentaires - Galler","isPartOf":{"@id":"https:\/\/galler.de\/fr\/#website"},"datePublished":"2022-04-12T09:17:46+00:00","dateModified":"2023-11-14T13:49:42+00:00","breadcrumb":{"@id":"https:\/\/galler.de\/fr\/home-2\/produits\/systemes-de-stockage-complementaires\/#breadcrumb"},"inLanguage":"fr-FR","potentialAction":[{"@type":"ReadAction","target":["https:\/\/galler.de\/fr\/home-2\/produits\/systemes-de-stockage-complementaires\/"]}]},{"@type":"BreadcrumbList","@id":"https:\/\/galler.de\/fr\/home-2\/produits\/systemes-de-stockage-complementaires\/#breadcrumb","itemListElement":[{"@type":"ListItem","position":1,"name":"Startseite","item":"https:\/\/galler.de\/fr\/"},{"@type":"ListItem","position":2,"name":"Home","item":"https:\/\/galler.de\/fr\/"},{"@type":"ListItem","position":3,"name":"Produits","item":"https:\/\/galler.de\/fr\/home-2\/produits\/"},{"@type":"ListItem","position":4,"name":"Syst\u00e8mes de stockage compl\u00e9mentaires"}]},{"@type":"WebSite","@id":"https:\/\/galler.de\/fr\/#website","url":"https:\/\/galler.de\/fr\/","name":"Galler","description":"Galler Lager und Regaltechnik","publisher":{"@id":"https:\/\/galler.de\/fr\/#organization"},"potentialAction":[{"@type":"SearchAction","target":{"@type":"EntryPoint","urlTemplate":"https:\/\/galler.de\/fr\/?s={search_term_string}"},"query-input":{"@type":"PropertyValueSpecification","valueRequired":true,"valueName":"search_term_string"}}],"inLanguage":"fr-FR"},{"@type":"Organization","@id":"https:\/\/galler.de\/fr\/#organization","name":"Galler","url":"https:\/\/galler.de\/fr\/","logo":{"@type":"ImageObject","inLanguage":"fr-FR","@id":"https:\/\/galler.de\/fr\/#\/schema\/logo\/image\/","url":"https:\/\/galler.de\/wp-content\/uploads\/2021\/07\/logo_galler.png","contentUrl":"https:\/\/galler.de\/wp-content\/uploads\/2021\/07\/logo_galler.png","width":320,"height":77,"caption":"Galler"},"image":{"@id":"https:\/\/galler.de\/fr\/#\/schema\/logo\/image\/"},"sameAs":["https:\/\/www.linkedin.com\/company\/galler-lager\/"]}]}},"_links":{"self":[{"href":"https:\/\/galler.de\/fr\/wp-json\/wp\/v2\/pages\/27246","targetHints":{"allow":["GET"]}}],"collection":[{"href":"https:\/\/galler.de\/fr\/wp-json\/wp\/v2\/pages"}],"about":[{"href":"https:\/\/galler.de\/fr\/wp-json\/wp\/v2\/types\/page"}],"author":[{"embeddable":true,"href":"https:\/\/galler.de\/fr\/wp-json\/wp\/v2\/users\/5"}],"replies":[{"embeddable":true,"href":"https:\/\/galler.de\/fr\/wp-json\/wp\/v2\/comments?post=27246"}],"version-history":[{"count":0,"href":"https:\/\/galler.de\/fr\/wp-json\/wp\/v2\/pages\/27246\/revisions"}],"up":[{"embeddable":true,"href":"https:\/\/galler.de\/fr\/wp-json\/wp\/v2\/pages\/27182"}],"wp:attachment":[{"href":"https:\/\/galler.de\/fr\/wp-json\/wp\/v2\/media?parent=27246"}],"curies":[{"name":"wp","href":"https:\/\/api.w.org\/{rel}","templated":true}]}}