{"id":27146,"date":"2021-08-26T14:03:45","date_gmt":"2021-08-26T12:03:45","guid":{"rendered":"https:\/\/galler.de\/systemes-de-rayonnages-chariots-elevateurs-et-efficacite-spatiale\/"},"modified":"2023-11-14T10:58:27","modified_gmt":"2023-11-14T09:58:27","slug":"systemes-de-rayonnages-chariots-elevateurs-et-efficacite-spatiale","status":"publish","type":"page","link":"https:\/\/galler.de\/fr\/systemes-de-rayonnages-chariots-elevateurs-et-efficacite-spatiale\/","title":{"rendered":"Syst\u00e8mes de rayonnages, chariots \u00e9l\u00e9vateurs et efficacit\u00e9 spatiale"},"content":{"rendered":"\n<style type=\"text\/css\" data-created_by=\"avia_inline_auto\" id=\"style-css-av-kssvpr6q-ebc0aa2eaa73d2bc2792154f643bd085\">\n#top .av-special-heading.av-kssvpr6q-ebc0aa2eaa73d2bc2792154f643bd085{\npadding-bottom:10px;\n}\nbody .av-special-heading.av-kssvpr6q-ebc0aa2eaa73d2bc2792154f643bd085 .av-special-heading-tag .heading-char{\nfont-size:25px;\n}\n.av-special-heading.av-kssvpr6q-ebc0aa2eaa73d2bc2792154f643bd085 .av-subheading{\nfont-size:15px;\n}\n<\/style>\n<div  class='av-special-heading av-kssvpr6q-ebc0aa2eaa73d2bc2792154f643bd085 av-special-heading-h1 blockquote modern-quote'><h1 class='av-special-heading-tag '  itemprop=\"headline\"  >Syst\u00e8mes de rayonnages, chariots \u00e9l\u00e9vateurs et efficacit\u00e9 spatiale<\/h1><div class=\"special-heading-border\"><div class=\"special-heading-inner-border\"><\/div><\/div><\/div>\n\n<style type=\"text\/css\" data-created_by=\"avia_inline_auto\" id=\"style-css-av-kt9splj3-216df805cfb32fda5e48597bca45a103\">\n#top .av-special-heading.av-kt9splj3-216df805cfb32fda5e48597bca45a103{\nmargin:28px 0 0 0;\npadding-bottom:10px;\ncolor:#000000;\n}\nbody .av-special-heading.av-kt9splj3-216df805cfb32fda5e48597bca45a103 .av-special-heading-tag .heading-char{\nfont-size:25px;\n}\n.av-special-heading.av-kt9splj3-216df805cfb32fda5e48597bca45a103 .special-heading-inner-border{\nborder-color:#000000;\n}\n.av-special-heading.av-kt9splj3-216df805cfb32fda5e48597bca45a103 .av-subheading{\nfont-size:15px;\n}\n<\/style>\n<div  class='av-special-heading av-kt9splj3-216df805cfb32fda5e48597bca45a103 av-special-heading-h2 custom-color-heading blockquote modern-quote'><h2 class='av-special-heading-tag '  itemprop=\"headline\"  >Tirez le maximum de votre entrep\u00f4t !<\/h2><div class=\"special-heading-border\"><div class=\"special-heading-inner-border\"><\/div><\/div><\/div>\n<section  class='av_textblock_section av-l0rt1ymn-ce7064ff6078efcd213431794641f876 '   itemscope=\"itemscope\" itemtype=\"https:\/\/schema.org\/CreativeWork\" ><div class='avia_textblock'  itemprop=\"text\" ><p>Avec les rayonnages de GALLER, vous pouvez r\u00e9aliser les versions les plus diverses de syst\u00e8mes de stockage. En fonction de la surface disponible, de la hauteur du hall ou des exigences en mati\u00e8re d\u2019acc\u00e8s aux articles, vous trouverez dans notre gamme la solution optimale r\u00e9pondant \u00e0 vos besoins personnels.<\/p>\n<\/div><\/section>\n\n<style type=\"text\/css\" data-created_by=\"avia_inline_auto\" id=\"style-css-av-2yc28y-dbee6ad44be8cdafb4c7e304e38a28cc\">\n#top .hr.hr-invisible.av-2yc28y-dbee6ad44be8cdafb4c7e304e38a28cc{\nheight:20px;\n}\n<\/style>\n<div  class='hr av-2yc28y-dbee6ad44be8cdafb4c7e304e38a28cc hr-invisible'><span class='hr-inner '><span class=\"hr-inner-style\"><\/span><\/span><\/div>\n\n<style type=\"text\/css\" data-created_by=\"avia_inline_auto\" id=\"style-css-av-kt9sys89-11994d9fc168cad62486ecb732e0d01e\">\n.flex_column.av-kt9sys89-11994d9fc168cad62486ecb732e0d01e{\nborder-radius:0px 0px 0px 0px;\npadding:0 18px 18px 18px;\nbackground-color:#f6f6f6;\n}\n<\/style>\n<div  class='flex_column av-kt9sys89-11994d9fc168cad62486ecb732e0d01e av_one_full first flex_column_div  '     ><p>\n<style type=\"text\/css\" data-created_by=\"avia_inline_auto\" id=\"style-css-av-kt9stjd9-d59e7dfac06fcdf1b28d06323a2d8df7\">\n#top .av-special-heading.av-kt9stjd9-d59e7dfac06fcdf1b28d06323a2d8df7{\nmargin:28px 0 0 0;\npadding-bottom:10px;\n}\nbody .av-special-heading.av-kt9stjd9-d59e7dfac06fcdf1b28d06323a2d8df7 .av-special-heading-tag .heading-char{\nfont-size:25px;\n}\n.av-special-heading.av-kt9stjd9-d59e7dfac06fcdf1b28d06323a2d8df7 .av-subheading{\nfont-size:15px;\n}\n<\/style>\n<div  class='av-special-heading av-kt9stjd9-d59e7dfac06fcdf1b28d06323a2d8df7 av-special-heading-h3 blockquote modern-quote'><h3 class='av-special-heading-tag '  itemprop=\"headline\"  >Utilisation de l\u2019espace et commande des rayonnages<\/h3><div class=\"special-heading-border\"><div class=\"special-heading-inner-border\"><\/div><\/div><\/div><br \/>\n<section  class='av_textblock_section av-kssz5yyf-7f175c4a47c34ff864dea01befa1f6ef '   itemscope=\"itemscope\" itemtype=\"https:\/\/schema.org\/CreativeWork\" ><div class='avia_textblock'  itemprop=\"text\" ><ul>\n<li>La mani\u00e8re dont un rayonnage est desservi d\u00e9termine la capacit\u00e9 de stockage dans un espace donn\u00e9.<\/li>\n<li>La largeur de l\u2019all\u00e9e du chariot de manutention influence le taux d\u2019utilisation de la surface des rayonnages.<\/li>\n<li>Jusqu\u2019\u00e0 une hauteur de hall de 10 m, il est recommand\u00e9 d\u2019utiliser un hall conventionnel, et au-dessus, un silo de rayonnages.<\/li>\n<li>Avec les syst\u00e8mes de rayonnage de GALLER, vous optimisez votre entrep\u00f4t en tenant compte de la surface, de la hauteur du hall, de l\u2019acc\u00e8s aux articles et du d\u00e9bit.<\/li>\n<\/ul>\n<\/div><\/section><br \/>\n\n<style type=\"text\/css\" data-created_by=\"avia_inline_auto\" id=\"style-css-av-kt9sw0f7-f160082c417894a6eea7b5766e573ad5\">\n.avia-image-container.av-kt9sw0f7-f160082c417894a6eea7b5766e573ad5 img.avia_image{\nbox-shadow:none;\n}\n.avia-image-container.av-kt9sw0f7-f160082c417894a6eea7b5766e573ad5 .av-image-caption-overlay-center{\ncolor:#ffffff;\n}\n<\/style>\n<div  class='avia-image-container av-kt9sw0f7-f160082c417894a6eea7b5766e573ad5 av-styling- av-img-linked avia-align-center'   itemprop=\"image\" itemscope=\"itemscope\" itemtype=\"https:\/\/schema.org\/ImageObject\" ><div class=\"avia-image-container-inner\"><div class=\"avia-image-overlay-wrap\"><a href=\"https:\/\/galler.de\/wp-content\/uploads\/2023\/11\/Lagerloesung-Paletten_Bauhoehen_fr.jpg\" data-srcset=\"https:\/\/galler.de\/wp-content\/uploads\/2023\/11\/Lagerloesung-Paletten_Bauhoehen_fr.jpg 1030w, https:\/\/galler.de\/wp-content\/uploads\/2023\/11\/Lagerloesung-Paletten_Bauhoehen_fr-300x263.jpg 300w, https:\/\/galler.de\/wp-content\/uploads\/2023\/11\/Lagerloesung-Paletten_Bauhoehen_fr-768x673.jpg 768w, https:\/\/galler.de\/wp-content\/uploads\/2023\/11\/Lagerloesung-Paletten_Bauhoehen_fr-705x617.jpg 705w\" data-sizes=\"(max-width: 1030px) 100vw, 1030px\" class='avia_image '  ><img decoding=\"async\" fetchpriority=\"high\" class='wp-image-27149 avia-img-lazy-loading-not-27149 avia_image ' src=\"https:\/\/galler.de\/wp-content\/uploads\/2023\/11\/Lagerloesung-Paletten_Bauhoehen_fr.jpg\" alt='' title=''  height=\"902\" width=\"1030\"  itemprop=\"thumbnailUrl\" srcset=\"https:\/\/galler.de\/wp-content\/uploads\/2023\/11\/Lagerloesung-Paletten_Bauhoehen_fr.jpg 1030w, https:\/\/galler.de\/wp-content\/uploads\/2023\/11\/Lagerloesung-Paletten_Bauhoehen_fr-300x263.jpg 300w, https:\/\/galler.de\/wp-content\/uploads\/2023\/11\/Lagerloesung-Paletten_Bauhoehen_fr-768x673.jpg 768w, https:\/\/galler.de\/wp-content\/uploads\/2023\/11\/Lagerloesung-Paletten_Bauhoehen_fr-705x617.jpg 705w\" sizes=\"(max-width: 1030px) 100vw, 1030px\" \/><\/a><\/div><\/div><\/div><\/p><\/div>\n<style type=\"text\/css\" data-created_by=\"avia_inline_auto\" id=\"style-css-av-5zk8w2-9230834f50610380040ea5d3dbf5a955\">\n#top .hr.hr-invisible.av-5zk8w2-9230834f50610380040ea5d3dbf5a955{\nheight:50px;\n}\n<\/style>\n<div  class='hr av-5zk8w2-9230834f50610380040ea5d3dbf5a955 hr-invisible'><span class='hr-inner '><span class=\"hr-inner-style\"><\/span><\/span><\/div><\/p>\n\n<style type=\"text\/css\" data-created_by=\"avia_inline_auto\" id=\"style-css-av-45s29e-f928a6b1bcef506a1a88477cdf7b8523\">\n#top .av-special-heading.av-45s29e-f928a6b1bcef506a1a88477cdf7b8523{\nmargin:28px 0 0 0;\npadding-bottom:10px;\ncolor:#000000;\n}\nbody .av-special-heading.av-45s29e-f928a6b1bcef506a1a88477cdf7b8523 .av-special-heading-tag .heading-char{\nfont-size:25px;\n}\n.av-special-heading.av-45s29e-f928a6b1bcef506a1a88477cdf7b8523 .special-heading-inner-border{\nborder-color:#000000;\n}\n.av-special-heading.av-45s29e-f928a6b1bcef506a1a88477cdf7b8523 .av-subheading{\nfont-size:15px;\n}\n<\/style>\n<div  class='av-special-heading av-45s29e-f928a6b1bcef506a1a88477cdf7b8523 av-special-heading-h2 custom-color-heading blockquote modern-quote'><h2 class='av-special-heading-tag '  itemprop=\"headline\"  >Combien d\u2019emplacements de palettes peuvent tenir dans une pi\u00e8ce ?<\/h2><div class=\"special-heading-border\"><div class=\"special-heading-inner-border\"><\/div><\/div><\/div>\n\n<style type=\"text\/css\" data-created_by=\"avia_inline_auto\" id=\"style-css-av-35h9ia-8e599de52c8c9184b4b59ea1e2839f89\">\n#top .av-special-heading.av-35h9ia-8e599de52c8c9184b4b59ea1e2839f89{\nmargin:0 0 0 0;\npadding-bottom:10px;\ncolor:#000000;\n}\nbody .av-special-heading.av-35h9ia-8e599de52c8c9184b4b59ea1e2839f89 .av-special-heading-tag .heading-char{\nfont-size:25px;\n}\n.av-special-heading.av-35h9ia-8e599de52c8c9184b4b59ea1e2839f89 .special-heading-inner-border{\nborder-color:#000000;\n}\n.av-special-heading.av-35h9ia-8e599de52c8c9184b4b59ea1e2839f89 .av-subheading{\nfont-size:15px;\n}\n<\/style>\n<div  class='av-special-heading av-35h9ia-8e599de52c8c9184b4b59ea1e2839f89 av-special-heading-h4 custom-color-heading blockquote modern-quote'><h4 class='av-special-heading-tag '  itemprop=\"headline\"  >Comparaison des syst\u00e8mes de rayonnages \u00e0 palettes<\/h4><div class=\"special-heading-border\"><div class=\"special-heading-inner-border\"><\/div><\/div><\/div>\n\n<style type=\"text\/css\" data-created_by=\"avia_inline_auto\" id=\"style-css-av-l0rszrtm-4f52a4727f08950d34c36a8a041a1bc1\">\n#top .hr.hr-invisible.av-l0rszrtm-4f52a4727f08950d34c36a8a041a1bc1{\nheight:20px;\n}\n<\/style>\n<div  class='hr av-l0rszrtm-4f52a4727f08950d34c36a8a041a1bc1 hr-invisible'><span class='hr-inner '><span class=\"hr-inner-style\"><\/span><\/span><\/div>\n\n<style type=\"text\/css\" data-created_by=\"avia_inline_auto\" id=\"style-css-av-ktlhgb71-9e433ce40bb9aedf2a48e918e9bd6156\">\n.flex_column.av-ktlhgb71-9e433ce40bb9aedf2a48e918e9bd6156{\nborder-width:3px;\nborder-color:#eeeeee;\nborder-style:solid;\nborder-radius:0px 0px 0px 0px;\npadding:0 0 0 0;\nbackground-color:#eeeeee;\n}\n<\/style>\n<div  class='flex_column av-ktlhgb71-9e433ce40bb9aedf2a48e918e9bd6156 av_one_full  galler-teaser-row-notlinked img-left first flex_column_div av-zero-column-padding  '     ><p>\n<style type=\"text\/css\" data-created_by=\"avia_inline_auto\" id=\"style-css-av-284k76-be632256af1aa12771ef633e4c308926\">\n.avia-image-container.av-284k76-be632256af1aa12771ef633e4c308926 img.avia_image{\nbox-shadow:none;\n}\n.avia-image-container.av-284k76-be632256af1aa12771ef633e4c308926 .av-image-caption-overlay-center{\ncolor:#ffffff;\n}\n<\/style>\n<div  class='avia-image-container av-284k76-be632256af1aa12771ef633e4c308926 av-styling- avia-align-center'   itemprop=\"image\" itemscope=\"itemscope\" itemtype=\"https:\/\/schema.org\/ImageObject\" ><div class=\"avia-image-container-inner\"><div class=\"avia-image-overlay-wrap\"><img decoding=\"async\" fetchpriority=\"high\" class='wp-image-8422 avia-img-lazy-loading-not-8422 avia_image ' src=\"https:\/\/galler.de\/wp-content\/uploads\/2021\/10\/Lagerloesung-Paletten_Mehrplatz-PAlettenregal-und-Frontstapler-1.jpg\" alt='' title='Lagerloesung-Paletten_Mehrplatz-PAlettenregal-und-Frontstapler'  height=\"686\" width=\"1030\"  itemprop=\"thumbnailUrl\" srcset=\"https:\/\/galler.de\/wp-content\/uploads\/2021\/10\/Lagerloesung-Paletten_Mehrplatz-PAlettenregal-und-Frontstapler-1.jpg 1030w, https:\/\/galler.de\/wp-content\/uploads\/2021\/10\/Lagerloesung-Paletten_Mehrplatz-PAlettenregal-und-Frontstapler-1-300x200.jpg 300w, https:\/\/galler.de\/wp-content\/uploads\/2021\/10\/Lagerloesung-Paletten_Mehrplatz-PAlettenregal-und-Frontstapler-1-768x512.jpg 768w, https:\/\/galler.de\/wp-content\/uploads\/2021\/10\/Lagerloesung-Paletten_Mehrplatz-PAlettenregal-und-Frontstapler-1-705x470.jpg 705w\" sizes=\"(max-width: 1030px) 100vw, 1030px\" \/><\/div><\/div><\/div><br \/>\n<section  class='av_textblock_section av-ktlgvyuz-a22cd804d3221591f2dcaad32c64a81f '   itemscope=\"itemscope\" itemtype=\"https:\/\/schema.org\/CreativeWork\" ><div class='avia_textblock'  itemprop=\"text\" ><h2>Rayonnage \u00e0 palettes multi-emplacements et chariot \u00e9l\u00e9vateur frontal<\/h2>\n<h4><span style=\"color: #0069b4;\">Hauteur de l\u2019entrep\u00f4t : env. 7,0 m<\/span><\/h4>\n<h4><span style=\"color: #0069b4;\">Surface de l\u2019entrep\u00f4t : env. 350 m\u00b2<\/span><\/h4>\n<p>Un rayonnage \u00e0 palettes multi-emplacements, le syst\u00e8me de rayonnage le plus utilis\u00e9, permet d\u2019acc\u00e9der directement \u00e0 chaque unit\u00e9 de chargement. Surface utilis\u00e9e env. 45 % <\/p>\n<div><a class=\"galler-page-link\" href=\"https:\/\/galler.de\/home\/produkte\/manuelle-regalsysteme\/palettenregale-mehrplatzsystem\/\">Rayonnage \u00e0 palettes, syst\u00e8me \u00e0 plusieurs emplacements<\/a><\/div>\n<div class=\"galler-palette-count\"><strong>216 palettes<\/strong><\/div>\n<\/div><\/section><\/p><\/div>\n\n<style type=\"text\/css\" data-created_by=\"avia_inline_auto\" id=\"style-css-av-u45r1u-40a948425ff1bbfd20e267b4c0cfb098\">\n@keyframes av_boxShadowEffect_av-u45r1u-40a948425ff1bbfd20e267b4c0cfb098-column {\n0%   { box-shadow:  0 0 0 0 rgba(0,0,0,0.1); opacity: 1; }\n100% { box-shadow:  0 0 10px 0 rgba(0,0,0,0.1); opacity: 1; }\n}\n.flex_column.av-u45r1u-40a948425ff1bbfd20e267b4c0cfb098{\nbox-shadow: 0 0 10px 0 rgba(0,0,0,0.1);\nborder-width:1px;\nborder-color:#eeeeee;\nborder-style:none;\nborder-radius:0px 0px 0px 0px;\npadding:0 0 0 0;\n}\n<\/style>\n<div  class='flex_column av-u45r1u-40a948425ff1bbfd20e267b4c0cfb098 av_one_full  galler-teaser-row-notlinked img-left first flex_column_div shadow-not-animated av-zero-column-padding  '     ><p>\n<style type=\"text\/css\" data-created_by=\"avia_inline_auto\" id=\"style-css-av-talkv6-6a891da65343f31cd770d04fbcb03c83\">\n.avia-image-container.av-talkv6-6a891da65343f31cd770d04fbcb03c83 img.avia_image{\nbox-shadow:none;\n}\n.avia-image-container.av-talkv6-6a891da65343f31cd770d04fbcb03c83 .av-image-caption-overlay-center{\ncolor:#ffffff;\n}\n<\/style>\n<div  class='avia-image-container av-talkv6-6a891da65343f31cd770d04fbcb03c83 av-styling- avia-align-center'   itemprop=\"image\" itemscope=\"itemscope\" itemtype=\"https:\/\/schema.org\/ImageObject\" ><div class=\"avia-image-container-inner\"><div class=\"avia-image-overlay-wrap\"><img decoding=\"async\" fetchpriority=\"high\" class='wp-image-30914 avia-img-lazy-loading-not-30914 avia_image ' src=\"https:\/\/galler.de\/wp-content\/uploads\/2021\/09\/Lagerloesung-Paletten_Breitgangstapler.jpg\" alt='' title='Lagerloesung-Paletten_Breitgangstapler'  height=\"686\" width=\"1030\"  itemprop=\"thumbnailUrl\" srcset=\"https:\/\/galler.de\/wp-content\/uploads\/2021\/09\/Lagerloesung-Paletten_Breitgangstapler.jpg 1030w, https:\/\/galler.de\/wp-content\/uploads\/2021\/09\/Lagerloesung-Paletten_Breitgangstapler-300x200.jpg 300w, https:\/\/galler.de\/wp-content\/uploads\/2021\/09\/Lagerloesung-Paletten_Breitgangstapler-768x512.jpg 768w, https:\/\/galler.de\/wp-content\/uploads\/2021\/09\/Lagerloesung-Paletten_Breitgangstapler-705x470.jpg 705w\" sizes=\"(max-width: 1030px) 100vw, 1030px\" \/><\/div><\/div><\/div><br \/>\n<section  class='av_textblock_section av-kt8pxkwp-d3a6840c86bc2e2f330dfa7a49a5a53b '   itemscope=\"itemscope\" itemtype=\"https:\/\/schema.org\/CreativeWork\" ><div class='avia_textblock'  itemprop=\"text\" ><h2>Rayonnage \u00e0 palettes multi-emplacements et chariot \u00e9l\u00e9vateur pour all\u00e9es larges<\/h2>\n<h4><span style=\"color: #0069b4;\">Hauteur de l\u2019entrep\u00f4t : env. 7,0 m<\/span><\/h4>\n<h4><span style=\"color: #0069b4;\">Surface de l\u2019entrep\u00f4t : env. 350 m\u00b2<\/span><\/h4>\n<p>Un rayonnage \u00e0 palettes multi-emplacements, le syst\u00e8me de rayonnage le plus utilis\u00e9, permet d\u2019acc\u00e9der directement \u00e0 chaque unit\u00e9 de chargement. Surface utilis\u00e9e env. 45 % <\/p>\n<div><a class=\"galler-page-link\" href=\"https:\/\/galler.de\/home\/produkte\/manuelle-regalsysteme\/palettenregale-mehrplatzsystem\/\">Rayonnage \u00e0 palettes, syst\u00e8me \u00e0 plusieurs emplacements<\/a><\/div>\n<div class=\"galler-palette-count\"><strong>288 palettes<\/strong><\/div>\n<\/div><\/section><\/p><\/div>\n\n<style type=\"text\/css\" data-created_by=\"avia_inline_auto\" id=\"style-css-av-s1ts6a-d6fe11a5329c97f3450fd97dcd43f025\">\n@keyframes av_boxShadowEffect_av-s1ts6a-d6fe11a5329c97f3450fd97dcd43f025-column {\n0%   { box-shadow:  0 0 0 0 rgba(0,0,0,0.1); opacity: 1; }\n100% { box-shadow:  0 0 10px 0 rgba(0,0,0,0.1); opacity: 1; }\n}\n.flex_column.av-s1ts6a-d6fe11a5329c97f3450fd97dcd43f025{\nbox-shadow: 0 0 10px 0 rgba(0,0,0,0.1);\nborder-width:1px;\nborder-color:#eeeeee;\nborder-style:none;\nborder-radius:0px 0px 0px 0px;\npadding:0 0 0 0;\n}\n<\/style>\n<div  class='flex_column av-s1ts6a-d6fe11a5329c97f3450fd97dcd43f025 av_one_full  galler-teaser-row-notlinked img-left first flex_column_div shadow-not-animated av-zero-column-padding  '     ><p>\n<style type=\"text\/css\" data-created_by=\"avia_inline_auto\" id=\"style-css-av-pjatn6-b065ba504032a0ccad2125cc061be29a\">\n.avia-image-container.av-pjatn6-b065ba504032a0ccad2125cc061be29a img.avia_image{\nbox-shadow:none;\n}\n.avia-image-container.av-pjatn6-b065ba504032a0ccad2125cc061be29a .av-image-caption-overlay-center{\ncolor:#ffffff;\n}\n<\/style>\n<div  class='avia-image-container av-pjatn6-b065ba504032a0ccad2125cc061be29a av-styling- avia-align-center'   itemprop=\"image\" itemscope=\"itemscope\" itemtype=\"https:\/\/schema.org\/ImageObject\" ><div class=\"avia-image-container-inner\"><div class=\"avia-image-overlay-wrap\"><img decoding=\"async\" fetchpriority=\"high\" class='wp-image-30946 avia-img-lazy-loading-not-30946 avia_image ' src=\"https:\/\/galler.de\/wp-content\/uploads\/2021\/09\/Lagerloesung-Paletten_Schubmaststapler.jpg\" alt='' title='Lagerloesung-Paletten_Schubmaststapler'  height=\"686\" width=\"1030\"  itemprop=\"thumbnailUrl\" srcset=\"https:\/\/galler.de\/wp-content\/uploads\/2021\/09\/Lagerloesung-Paletten_Schubmaststapler.jpg 1030w, https:\/\/galler.de\/wp-content\/uploads\/2021\/09\/Lagerloesung-Paletten_Schubmaststapler-300x200.jpg 300w, https:\/\/galler.de\/wp-content\/uploads\/2021\/09\/Lagerloesung-Paletten_Schubmaststapler-768x512.jpg 768w, https:\/\/galler.de\/wp-content\/uploads\/2021\/09\/Lagerloesung-Paletten_Schubmaststapler-705x470.jpg 705w\" sizes=\"(max-width: 1030px) 100vw, 1030px\" \/><\/div><\/div><\/div><br \/>\n<section  class='av_textblock_section av-kt8pyphl-3668554b1202488efaca413b1ec27f5d '   itemscope=\"itemscope\" itemtype=\"https:\/\/schema.org\/CreativeWork\" ><div class='avia_textblock'  itemprop=\"text\" ><h2>Rayonnage \u00e0 palettes multi-emplacements et chariot \u00e0 mat r\u00e9tractable<\/h2>\n<h4><span style=\"color: #0069b4;\">Hauteur de l\u2019entrep\u00f4t : env. 7,0 m<\/span><\/h4>\n<h4><span style=\"color: #0069b4;\">Surface de l\u2019entrep\u00f4t : env. 350 m\u00b2<\/span><\/h4>\n<p>Un rayonnage \u00e0 palettes multi-emplacements, le syst\u00e8me de rayonnage le plus utilis\u00e9, permet d\u2019acc\u00e9der directement \u00e0 chaque unit\u00e9 de chargement. Surface utilis\u00e9e env. 45 % <\/p>\n<div><a class=\"galler-page-link\" href=\"https:\/\/galler.de\/home\/produkte\/manuelle-regalsysteme\/palettenregale-mehrplatzsystem\/\">Rayonnage \u00e0 palettes, syst\u00e8me \u00e0 plusieurs emplacements<\/a><\/div>\n<div class=\"galler-palette-count\"><strong>384 palettes<\/strong><\/div>\n<\/div><\/section><\/p><\/div>\n\n<style type=\"text\/css\" data-created_by=\"avia_inline_auto\" id=\"style-css-av-nbiiv6-70fb7bd95790a363e165406131e037e9\">\n@keyframes av_boxShadowEffect_av-nbiiv6-70fb7bd95790a363e165406131e037e9-column {\n0%   { box-shadow:  0 0 0 0 rgba(0,0,0,0.1); opacity: 1; }\n100% { box-shadow:  0 0 10px 0 rgba(0,0,0,0.1); opacity: 1; }\n}\n.flex_column.av-nbiiv6-70fb7bd95790a363e165406131e037e9{\nbox-shadow: 0 0 10px 0 rgba(0,0,0,0.1);\nborder-width:1px;\nborder-color:#eeeeee;\nborder-style:none;\nborder-radius:0px 0px 0px 0px;\npadding:0 0 0 0;\n}\n<\/style>\n<div  class='flex_column av-nbiiv6-70fb7bd95790a363e165406131e037e9 av_one_full  galler-teaser-row-notlinked img-left first flex_column_div shadow-not-animated av-zero-column-padding  '     ><p>\n<style type=\"text\/css\" data-created_by=\"avia_inline_auto\" id=\"style-css-av-n200ma-dcb4cc15df80f2af91c657e5b336be02\">\n.avia-image-container.av-n200ma-dcb4cc15df80f2af91c657e5b336be02 img.avia_image{\nbox-shadow:none;\n}\n.avia-image-container.av-n200ma-dcb4cc15df80f2af91c657e5b336be02 .av-image-caption-overlay-center{\ncolor:#ffffff;\n}\n<\/style>\n<div  class='avia-image-container av-n200ma-dcb4cc15df80f2af91c657e5b336be02 av-styling- avia-align-center'   itemprop=\"image\" itemscope=\"itemscope\" itemtype=\"https:\/\/schema.org\/ImageObject\" ><div class=\"avia-image-container-inner\"><div class=\"avia-image-overlay-wrap\"><img decoding=\"async\" fetchpriority=\"high\" class='wp-image-30922 avia-img-lazy-loading-not-30922 avia_image ' src=\"https:\/\/galler.de\/wp-content\/uploads\/2021\/09\/Lagerloesung-Paletten_Durchlaufregal.jpg\" alt='' title='Lagerloesung-Paletten_Durchlaufregal'  height=\"686\" width=\"1030\"  itemprop=\"thumbnailUrl\" srcset=\"https:\/\/galler.de\/wp-content\/uploads\/2021\/09\/Lagerloesung-Paletten_Durchlaufregal.jpg 1030w, https:\/\/galler.de\/wp-content\/uploads\/2021\/09\/Lagerloesung-Paletten_Durchlaufregal-300x200.jpg 300w, https:\/\/galler.de\/wp-content\/uploads\/2021\/09\/Lagerloesung-Paletten_Durchlaufregal-768x512.jpg 768w, https:\/\/galler.de\/wp-content\/uploads\/2021\/09\/Lagerloesung-Paletten_Durchlaufregal-705x470.jpg 705w\" sizes=\"(max-width: 1030px) 100vw, 1030px\" \/><\/div><\/div><\/div><br \/>\n<section  class='av_textblock_section av-kt8q0hgx-88bc94503186491464a4d4815a6ea26c '   itemscope=\"itemscope\" itemtype=\"https:\/\/schema.org\/CreativeWork\" ><div class='avia_textblock'  itemprop=\"text\" ><h2>Rayonnage dynamique<\/h2>\n<h3><span style=\"color: #0069b4;\">Hauteur de l\u2019entrep\u00f4t : env. 7,0 m<\/span><\/h3>\n<h3><span style=\"color: #0069b4;\">Surface de l\u2019entrep\u00f4t : env. 350 m\u00b2<\/span><\/h3>\n<p>Le stockage et le d\u00e9stockage s\u2019effectuent par les c\u00f4t\u00e9s oppos\u00e9s du rayonnage. Les palettes sont d\u00e9pos\u00e9es sur des convoyeurs \u00e0 rouleaux l\u00e9g\u00e8rement inclin\u00e9s, de sorte qu\u2019elles se d\u00e9placent automatiquement vers le c\u00f4t\u00e9 pr\u00e9l\u00e8vement. Le stockage\/d\u00e9stockage s\u2019effectue selon le principe \u00ab First In &#8211; First Out \u00bb (FIFO) et est donc particuli\u00e8rement adapt\u00e9 aux marchandises avec une date de p\u00e9remption ou \u00e0 la surveillance des lots. La surface utilis\u00e9e est de 85 %.   <\/p>\n<div><a class=\"galler-page-link\" href=\"https:\/\/galler.de\/home\/produkte\/dynamische-lagersysteme\/paletten-durchlauf-einschubregal\/\">Rayonnage dynamique \/ push-back \u00e0 palettes<\/a><\/div>\n<div class=\"galler-palette-count\"><strong>360 palettes<\/strong><\/div>\n<\/div><\/section><\/p><\/div>\n\n<style type=\"text\/css\" data-created_by=\"avia_inline_auto\" id=\"style-css-av-kyuwcy-a5175501cabb10edb6cfe8531c372d80\">\n@keyframes av_boxShadowEffect_av-kyuwcy-a5175501cabb10edb6cfe8531c372d80-column {\n0%   { box-shadow:  0 0 0 0 rgba(0,0,0,0.1); opacity: 1; }\n100% { box-shadow:  0 0 10px 0 rgba(0,0,0,0.1); opacity: 1; }\n}\n.flex_column.av-kyuwcy-a5175501cabb10edb6cfe8531c372d80{\nbox-shadow: 0 0 10px 0 rgba(0,0,0,0.1);\nborder-width:1px;\nborder-color:#eeeeee;\nborder-style:none;\nborder-radius:0px 0px 0px 0px;\npadding:0 0 0 0;\n}\n<\/style>\n<div  class='flex_column av-kyuwcy-a5175501cabb10edb6cfe8531c372d80 av_one_full  galler-teaser-row-notlinked img-left first flex_column_div shadow-not-animated av-zero-column-padding  '     ><p>\n<style type=\"text\/css\" data-created_by=\"avia_inline_auto\" id=\"style-css-av-iuazea-59812580b3a24de2c85c8e378c63da05\">\n.avia-image-container.av-iuazea-59812580b3a24de2c85c8e378c63da05 img.avia_image{\nbox-shadow:none;\n}\n.avia-image-container.av-iuazea-59812580b3a24de2c85c8e378c63da05 .av-image-caption-overlay-center{\ncolor:#ffffff;\n}\n<\/style>\n<div  class='avia-image-container av-iuazea-59812580b3a24de2c85c8e378c63da05 av-styling- avia-align-center'   itemprop=\"image\" itemscope=\"itemscope\" itemtype=\"https:\/\/schema.org\/ImageObject\" ><div class=\"avia-image-container-inner\"><div class=\"avia-image-overlay-wrap\"><img decoding=\"async\" fetchpriority=\"high\" class='wp-image-30930 avia-img-lazy-loading-not-30930 avia_image ' src=\"https:\/\/galler.de\/wp-content\/uploads\/2021\/09\/Lagerloesung-Paletten_Einschublregal.jpg\" alt='' title='Lagerloesung-Paletten_Einschublregal'  height=\"686\" width=\"1030\"  itemprop=\"thumbnailUrl\" srcset=\"https:\/\/galler.de\/wp-content\/uploads\/2021\/09\/Lagerloesung-Paletten_Einschublregal.jpg 1030w, https:\/\/galler.de\/wp-content\/uploads\/2021\/09\/Lagerloesung-Paletten_Einschublregal-300x200.jpg 300w, https:\/\/galler.de\/wp-content\/uploads\/2021\/09\/Lagerloesung-Paletten_Einschublregal-768x512.jpg 768w, https:\/\/galler.de\/wp-content\/uploads\/2021\/09\/Lagerloesung-Paletten_Einschublregal-705x470.jpg 705w\" sizes=\"(max-width: 1030px) 100vw, 1030px\" \/><\/div><\/div><\/div><br \/>\n<section  class='av_textblock_section av-kt8q1q5u-0c05b072055d2dcd8c397b5873f2f2c9 '   itemscope=\"itemscope\" itemtype=\"https:\/\/schema.org\/CreativeWork\" ><div class='avia_textblock'  itemprop=\"text\" ><h2>Rayonnage \u00e0 rouleaux (push-back)<\/h2>\n<h4><span style=\"color: #0069b4;\">Hauteur de l\u2019entrep\u00f4t : env. 7,0 m<\/span><\/h4>\n<h4><span style=\"color: #0069b4;\">Surface de l\u2019entrep\u00f4t : env. 350 m\u00b2<\/span><\/h4>\n<p>La structure est similaire \u00e0 celle d\u2019un rayonnage dynamique, mais le stockage et le d\u00e9stockage se font du m\u00eame c\u00f4t\u00e9 selon le principe \u00ab Last In \u2013 First Out \u00bb (LIFO) : les palettes sont introduites dans les couloirs. Cela permet un stockage tr\u00e8s peu encombrant et compact. Les rayonnages \u00e0 rouleaux peuvent \u00e9galement \u00eatre \u00e9quip\u00e9s de chariots sur lesquels les unit\u00e9s de chargement sont d\u00e9pos\u00e9es. Ainsi, le syst\u00e8me ne d\u00e9pend pas du type ni de la qualit\u00e9 des palettes ; la marchandise est prot\u00e9g\u00e9e contre les dommages.   <\/p>\n<div><a class=\"galler-page-link\" href=\"https:\/\/galler.de\/home\/produkte\/dynamische-lagersysteme\/pushback-trolley\/\">Rayonnages \u00e0 palettes chariot push-back<\/a><\/div>\n<div class=\"galler-palette-count\"><strong>480 palettes<\/strong><\/div>\n<\/div><\/section><\/p><\/div>\n\n<style type=\"text\/css\" data-created_by=\"avia_inline_auto\" id=\"style-css-av-hud1lu-09aec51c86c2c10548177e5a0cfe32b0\">\n@keyframes av_boxShadowEffect_av-hud1lu-09aec51c86c2c10548177e5a0cfe32b0-column {\n0%   { box-shadow:  0 0 0 0 rgba(0,0,0,0.1); opacity: 1; }\n100% { box-shadow:  0 0 10px 0 rgba(0,0,0,0.1); opacity: 1; }\n}\n.flex_column.av-hud1lu-09aec51c86c2c10548177e5a0cfe32b0{\nbox-shadow: 0 0 10px 0 rgba(0,0,0,0.1);\nborder-width:1px;\nborder-color:#eeeeee;\nborder-style:none;\nborder-radius:0px 0px 0px 0px;\npadding:0 0 0 0;\n}\n<\/style>\n<div  class='flex_column av-hud1lu-09aec51c86c2c10548177e5a0cfe32b0 av_one_full  galler-teaser-row-notlinked img-left first flex_column_div shadow-not-animated av-zero-column-padding  '     ><p>\n<style type=\"text\/css\" data-created_by=\"avia_inline_auto\" id=\"style-css-av-g7vuki-617ffb4d1b33c3a845ac08de2e23ca18\">\n.avia-image-container.av-g7vuki-617ffb4d1b33c3a845ac08de2e23ca18 img.avia_image{\nbox-shadow:none;\n}\n.avia-image-container.av-g7vuki-617ffb4d1b33c3a845ac08de2e23ca18 .av-image-caption-overlay-center{\ncolor:#ffffff;\n}\n<\/style>\n<div  class='avia-image-container av-g7vuki-617ffb4d1b33c3a845ac08de2e23ca18 av-styling- avia-align-center'   itemprop=\"image\" itemscope=\"itemscope\" itemtype=\"https:\/\/schema.org\/ImageObject\" ><div class=\"avia-image-container-inner\"><div class=\"avia-image-overlay-wrap\"><img decoding=\"async\" fetchpriority=\"high\" class='wp-image-30918 avia-img-lazy-loading-not-30918 avia_image ' src=\"https:\/\/galler.de\/wp-content\/uploads\/2021\/09\/Lagerloesung-Paletten_Drive-In-Einfahrregal.jpg\" alt='' title='Lagerloesung-Paletten_Drive-In-Einfahrregal'  height=\"686\" width=\"1030\"  itemprop=\"thumbnailUrl\" srcset=\"https:\/\/galler.de\/wp-content\/uploads\/2021\/09\/Lagerloesung-Paletten_Drive-In-Einfahrregal.jpg 1030w, https:\/\/galler.de\/wp-content\/uploads\/2021\/09\/Lagerloesung-Paletten_Drive-In-Einfahrregal-300x200.jpg 300w, https:\/\/galler.de\/wp-content\/uploads\/2021\/09\/Lagerloesung-Paletten_Drive-In-Einfahrregal-768x512.jpg 768w, https:\/\/galler.de\/wp-content\/uploads\/2021\/09\/Lagerloesung-Paletten_Drive-In-Einfahrregal-705x470.jpg 705w\" sizes=\"(max-width: 1030px) 100vw, 1030px\" \/><\/div><\/div><\/div><br \/>\n<section  class='av_textblock_section av-kt8q3ai1-da0de3a1f3ae9720436c439249f625cc '   itemscope=\"itemscope\" itemtype=\"https:\/\/schema.org\/CreativeWork\" ><div class='avia_textblock'  itemprop=\"text\" ><h2>Rayonnages drive-in<\/h2>\n<h4><span style=\"color: #0069b4;\">Hauteur de l\u2019entrep\u00f4t : env. 7,0 m<\/span><\/h4>\n<h4><span style=\"color: #0069b4;\">Surface de l\u2019entrep\u00f4t : env. 350 m\u00b2<\/span><\/h4>\n<p>Les palettes sont d\u00e9pos\u00e9es dans plusieurs couloirs juxtapos\u00e9s, chacun sur deux supports continus. Pour ce faire, le chariot de manutention rentre dans les couloirs. Les rayonnages drive-in sont principalement utilis\u00e9s pour le stockage d\u2019articles en s\u00e9rie similaires. La surface utilis\u00e9e est particuli\u00e8rement importante avec env. 85 %.   <\/p>\n<div><a class=\"galler-page-link\" href=\"https:\/\/galler.de\/home\/produkte\/manuelle-regalsysteme\/palettenregale-einfahr-durchfahrsystem\/\">Rayonnage \u00e0 palettes, syst\u00e8me \u00e0 accumulation Drive In et Drive Through<\/a><\/div>\n<div class=\"galler-palette-count\"><strong>720 palettes<\/strong><\/div>\n<\/div><\/section><\/p><\/div>\n\n<style type=\"text\/css\" data-created_by=\"avia_inline_auto\" id=\"style-css-av-e53szm-8ac85580a1ee868114a68ab33d97bcb5\">\n@keyframes av_boxShadowEffect_av-e53szm-8ac85580a1ee868114a68ab33d97bcb5-column {\n0%   { box-shadow:  0 0 0 0 rgba(0,0,0,0.1); opacity: 1; }\n100% { box-shadow:  0 0 10px 0 rgba(0,0,0,0.1); opacity: 1; }\n}\n.flex_column.av-e53szm-8ac85580a1ee868114a68ab33d97bcb5{\nbox-shadow: 0 0 10px 0 rgba(0,0,0,0.1);\nborder-width:1px;\nborder-color:#eeeeee;\nborder-style:none;\nborder-radius:0px 0px 0px 0px;\npadding:0 0 0 0;\n}\n<\/style>\n<div  class='flex_column av-e53szm-8ac85580a1ee868114a68ab33d97bcb5 av_one_full  galler-teaser-row-notlinked img-left first flex_column_div shadow-not-animated av-zero-column-padding  '     ><p>\n<style type=\"text\/css\" data-created_by=\"avia_inline_auto\" id=\"style-css-av-17n48y-1efdffb9730fc5cc7d19647cb5a84888\">\n.avia-image-container.av-17n48y-1efdffb9730fc5cc7d19647cb5a84888 img.avia_image{\nbox-shadow:none;\n}\n.avia-image-container.av-17n48y-1efdffb9730fc5cc7d19647cb5a84888 .av-image-caption-overlay-center{\ncolor:#ffffff;\n}\n<\/style>\n<div  class='avia-image-container av-17n48y-1efdffb9730fc5cc7d19647cb5a84888 av-styling- avia-align-center'   itemprop=\"image\" itemscope=\"itemscope\" itemtype=\"https:\/\/schema.org\/ImageObject\" ><div class=\"avia-image-container-inner\"><div class=\"avia-image-overlay-wrap\"><img decoding=\"async\" fetchpriority=\"high\" class='wp-image-30926 avia-img-lazy-loading-not-30926 avia_image ' src=\"https:\/\/galler.de\/wp-content\/uploads\/2021\/09\/Lagerloesung-Paletten_Einplatzregal.jpg\" alt='' title='Lagerloesung-Paletten_Einplatzregal'  height=\"686\" width=\"1030\"  itemprop=\"thumbnailUrl\" srcset=\"https:\/\/galler.de\/wp-content\/uploads\/2021\/09\/Lagerloesung-Paletten_Einplatzregal.jpg 1030w, https:\/\/galler.de\/wp-content\/uploads\/2021\/09\/Lagerloesung-Paletten_Einplatzregal-300x200.jpg 300w, https:\/\/galler.de\/wp-content\/uploads\/2021\/09\/Lagerloesung-Paletten_Einplatzregal-768x512.jpg 768w, https:\/\/galler.de\/wp-content\/uploads\/2021\/09\/Lagerloesung-Paletten_Einplatzregal-705x470.jpg 705w\" sizes=\"(max-width: 1030px) 100vw, 1030px\" \/><\/div><\/div><\/div><br \/>\n<section  class='av_textblock_section av-kt8q49c2-f8e86f3fd1b92f563f42b952eab2f86e '   itemscope=\"itemscope\" itemtype=\"https:\/\/schema.org\/CreativeWork\" ><div class='avia_textblock'  itemprop=\"text\" ><h2>Rayonnage \u00e0 emplacement unique<\/h2>\n<h4><span style=\"color: #0069b4;\">Hauteur de l\u2019entrep\u00f4t : env. 7,0 m<\/span><\/h4>\n<h4><span style=\"color: #0069b4;\">Surface de l\u2019entrep\u00f4t : env. 350 m\u00b2<\/span><\/h4>\n<p>Entre deux montants de rayonnage, une seule unit\u00e9 de chargement est stock\u00e9e \u00e0 chaque niveau par compartiment. Des corni\u00e8res fix\u00e9es dans le sens de la profondeur font office de support. M\u00eame les marchandises lourdes peuvent \u00eatre stock\u00e9es en toute s\u00e9curit\u00e9 jusqu\u2019\u00e0 une grande hauteur. Cela est particuli\u00e8rement avantageux lorsqu\u2019il s\u2019agit de pr\u00e9parer des commandes directement \u00e0 partir de la palette ou de la caisse grillag\u00e9e.   <\/p>\n<div><a class=\"galler-page-link\" href=\"https:\/\/galler.de\/home\/produkte\/manuelle-regalsysteme\/einplatzpalettenregale\/\">Rayonnage \u00e0 palettes, syst\u00e8me \u00e0 emplacement unique<\/a><\/div>\n<div class=\"galler-palette-count\"><strong>360 palettes<\/strong><\/div>\n<\/div><\/section><\/p><\/div>\n\n<style type=\"text\/css\" data-created_by=\"avia_inline_auto\" id=\"style-css-av-azoij6-c09ba4ef3bb6dcced69d3646d5713ce8\">\n@keyframes av_boxShadowEffect_av-azoij6-c09ba4ef3bb6dcced69d3646d5713ce8-column {\n0%   { box-shadow:  0 0 0 0 rgba(0,0,0,0.1); opacity: 1; }\n100% { box-shadow:  0 0 10px 0 rgba(0,0,0,0.1); opacity: 1; }\n}\n.flex_column.av-azoij6-c09ba4ef3bb6dcced69d3646d5713ce8{\nbox-shadow: 0 0 10px 0 rgba(0,0,0,0.1);\nborder-width:1px;\nborder-color:#eeeeee;\nborder-style:none;\nborder-radius:0px 0px 0px 0px;\npadding:0 0 0 0;\n}\n<\/style>\n<div  class='flex_column av-azoij6-c09ba4ef3bb6dcced69d3646d5713ce8 av_one_full  galler-teaser-row-notlinked img-left first flex_column_div shadow-not-animated av-zero-column-padding  '     ><p>\n<style type=\"text\/css\" data-created_by=\"avia_inline_auto\" id=\"style-css-av-9p526a-9e0a498a2753b003070091b2f85e5618\">\n.avia-image-container.av-9p526a-9e0a498a2753b003070091b2f85e5618 img.avia_image{\nbox-shadow:none;\n}\n.avia-image-container.av-9p526a-9e0a498a2753b003070091b2f85e5618 .av-image-caption-overlay-center{\ncolor:#ffffff;\n}\n<\/style>\n<div  class='avia-image-container av-9p526a-9e0a498a2753b003070091b2f85e5618 av-styling- avia-align-center'   itemprop=\"image\" itemscope=\"itemscope\" itemtype=\"https:\/\/schema.org\/ImageObject\" ><div class=\"avia-image-container-inner\"><div class=\"avia-image-overlay-wrap\"><img decoding=\"async\" fetchpriority=\"high\" class='wp-image-30910 avia-img-lazy-loading-not-30910 avia_image ' src=\"https:\/\/galler.de\/wp-content\/uploads\/2021\/09\/Lagerloesung-Paletten_Verfahrregal.jpg\" alt='' title='Lagerloesung-Paletten_Verfahrregal'  height=\"686\" width=\"1030\"  itemprop=\"thumbnailUrl\" srcset=\"https:\/\/galler.de\/wp-content\/uploads\/2021\/09\/Lagerloesung-Paletten_Verfahrregal.jpg 1030w, https:\/\/galler.de\/wp-content\/uploads\/2021\/09\/Lagerloesung-Paletten_Verfahrregal-300x200.jpg 300w, https:\/\/galler.de\/wp-content\/uploads\/2021\/09\/Lagerloesung-Paletten_Verfahrregal-768x512.jpg 768w, https:\/\/galler.de\/wp-content\/uploads\/2021\/09\/Lagerloesung-Paletten_Verfahrregal-705x470.jpg 705w\" sizes=\"(max-width: 1030px) 100vw, 1030px\" \/><\/div><\/div><\/div><br \/>\n<section  class='av_textblock_section av-kt8q5kmw-1afad5b752b6ebfd7a273b27a350bf56 '   itemscope=\"itemscope\" itemtype=\"https:\/\/schema.org\/CreativeWork\" ><div class='avia_textblock'  itemprop=\"text\" ><h2>Rayonnage coulissant<\/h2>\n<h4><span style=\"color: #0069b4;\">Hauteur de l\u2019entrep\u00f4t : env. 7,0 m<\/span><\/h4>\n<h4><span style=\"color: #0069b4;\">Surface de l\u2019entrep\u00f4t : env. 350 m\u00b2<\/span><\/h4>\n<p>Les rayonnages sont mont\u00e9s sur des supports mobiles et sont plac\u00e9s les uns \u00e0 c\u00f4t\u00e9 des autres. Seule l\u2019all\u00e9e de rayonnage actuellement n\u00e9cessaire s\u2019ouvre \u00e0 chaque fois, ce qui permet d\u2019augmenter la capacit\u00e9 de stockage jusqu\u2019\u00e0 100 % par rapport \u00e0 un rayonnage \u00e0 palettes traditionnel. L\u2019utilisation \u00e9lev\u00e9e de l\u2019espace disponible est toutefois contrebalanc\u00e9e par une faible fr\u00e9quence de rotation.  <\/p>\n<div><a class=\"galler-page-link\" href=\"https:\/\/galler.de\/home\/produkte\/dynamische-lagersysteme\/verschieberegale\/\">Rayonnage coulissant<\/a><\/div>\n<div class=\"galler-palette-count\"><strong>672 palettes<\/strong><\/div>\n<\/div><\/section><\/p><\/div>\n\n<style type=\"text\/css\" data-created_by=\"avia_inline_auto\" id=\"style-css-av-7jehpu-be164c582137e2fcb673595b6b27d167\">\n@keyframes av_boxShadowEffect_av-7jehpu-be164c582137e2fcb673595b6b27d167-column {\n0%   { box-shadow:  0 0 0 0 rgba(0,0,0,0.1); opacity: 1; }\n100% { box-shadow:  0 0 10px 0 rgba(0,0,0,0.1); opacity: 1; }\n}\n.flex_column.av-7jehpu-be164c582137e2fcb673595b6b27d167{\nbox-shadow: 0 0 10px 0 rgba(0,0,0,0.1);\nborder-width:1px;\nborder-color:#eeeeee;\nborder-style:none;\nborder-radius:0px 0px 0px 0px;\npadding:0 0 0 0;\n}\n<\/style>\n<div  class='flex_column av-7jehpu-be164c582137e2fcb673595b6b27d167 av_one_full  galler-teaser-row-notlinked img-left first flex_column_div shadow-not-animated av-zero-column-padding  '     ><p>\n<style type=\"text\/css\" data-created_by=\"avia_inline_auto\" id=\"style-css-av-kapma-c5b9e92ce7a2dbb411b3536f96c639d2\">\n.avia-image-container.av-kapma-c5b9e92ce7a2dbb411b3536f96c639d2 img.avia_image{\nbox-shadow:none;\n}\n.avia-image-container.av-kapma-c5b9e92ce7a2dbb411b3536f96c639d2 .av-image-caption-overlay-center{\ncolor:#ffffff;\n}\n<\/style>\n<div  class='avia-image-container av-kapma-c5b9e92ce7a2dbb411b3536f96c639d2 av-styling- avia-align-center'   itemprop=\"image\" itemscope=\"itemscope\" itemtype=\"https:\/\/schema.org\/ImageObject\" ><div class=\"avia-image-container-inner\"><div class=\"avia-image-overlay-wrap\"><img decoding=\"async\" fetchpriority=\"high\" class='wp-image-30942 avia-img-lazy-loading-not-30942 avia_image ' src=\"https:\/\/galler.de\/wp-content\/uploads\/2021\/09\/Lagerloesung-Paletten_Schmalgang-Lager.jpg\" alt='' title='Lagerloesung-Paletten_Schmalgang-Lager'  height=\"686\" width=\"1030\"  itemprop=\"thumbnailUrl\" srcset=\"https:\/\/galler.de\/wp-content\/uploads\/2021\/09\/Lagerloesung-Paletten_Schmalgang-Lager.jpg 1030w, https:\/\/galler.de\/wp-content\/uploads\/2021\/09\/Lagerloesung-Paletten_Schmalgang-Lager-300x200.jpg 300w, https:\/\/galler.de\/wp-content\/uploads\/2021\/09\/Lagerloesung-Paletten_Schmalgang-Lager-768x512.jpg 768w, https:\/\/galler.de\/wp-content\/uploads\/2021\/09\/Lagerloesung-Paletten_Schmalgang-Lager-705x470.jpg 705w\" sizes=\"(max-width: 1030px) 100vw, 1030px\" \/><\/div><\/div><\/div><br \/>\n<section  class='av_textblock_section av-kt8q6x4v-0186fd7197dabe2b31e545623225984f '   itemscope=\"itemscope\" itemtype=\"https:\/\/schema.org\/CreativeWork\" ><div class='avia_textblock'  itemprop=\"text\" ><h2>Entrep\u00f4t \u00e0 all\u00e9es \u00e9troites<\/h2>\n<h4><span style=\"color: #0069b4;\">Hauteur de l\u2019entrep\u00f4t : env. 7,0 m<\/span><\/h4>\n<h4><span style=\"color: #0069b4;\">Surface de l\u2019entrep\u00f4t : env. 350 m\u00b2<\/span><\/h4>\n<p>La combinaison d\u2019une largeur d\u2019all\u00e9e r\u00e9duite et d\u2019une construction haute permet d\u2019obtenir une utilisation plus \u00e9lev\u00e9e de l\u2019espace disponible (environ 55 %). La commande s\u2019effectue au moyen de chariots \u00e9l\u00e9vateurs sp\u00e9ciaux \u00e0 all\u00e9es \u00e9troites. <\/p>\n<div><a class=\"galler-page-link\" href=\"https:\/\/galler.de\/home\/produkte\/manuelle-regalsysteme\/palettenregale-mehrplatzsystem\/\">Rayonnages \u00e0 palettes, syst\u00e8me \u00e0 plusieurs emplacements<\/a><\/div>\n<div class=\"galler-palette-count\"><strong>1152 palettes<\/strong><\/div>\n<\/div><\/section><\/p><\/div>\n\n<style type=\"text\/css\" data-created_by=\"avia_inline_auto\" id=\"style-css-av-4dbu7m-a0daa91ddac82371836ee20a4de455ae\">\n@keyframes av_boxShadowEffect_av-4dbu7m-a0daa91ddac82371836ee20a4de455ae-column {\n0%   { box-shadow:  0 0 0 0 rgba(0,0,0,0.1); opacity: 1; }\n100% { box-shadow:  0 0 10px 0 rgba(0,0,0,0.1); opacity: 1; }\n}\n.flex_column.av-4dbu7m-a0daa91ddac82371836ee20a4de455ae{\nbox-shadow: 0 0 10px 0 rgba(0,0,0,0.1);\nborder-width:1px;\nborder-color:#eeeeee;\nborder-style:none;\nborder-radius:0px 0px 0px 0px;\npadding:0 0 0 0;\n}\n<\/style>\n<div  class='flex_column av-4dbu7m-a0daa91ddac82371836ee20a4de455ae av_one_full  galler-teaser-row-notlinked img-left first flex_column_div shadow-not-animated av-zero-column-padding  '     ><p>\n<style type=\"text\/css\" data-created_by=\"avia_inline_auto\" id=\"style-css-av-2owrqq-9ef781731db817bbda7e1a1fba4dad3e\">\n.avia-image-container.av-2owrqq-9ef781731db817bbda7e1a1fba4dad3e img.avia_image{\nbox-shadow:none;\n}\n.avia-image-container.av-2owrqq-9ef781731db817bbda7e1a1fba4dad3e .av-image-caption-overlay-center{\ncolor:#ffffff;\n}\n<\/style>\n<div  class='avia-image-container av-2owrqq-9ef781731db817bbda7e1a1fba4dad3e av-styling- avia-align-center'   itemprop=\"image\" itemscope=\"itemscope\" itemtype=\"https:\/\/schema.org\/ImageObject\" ><div class=\"avia-image-container-inner\"><div class=\"avia-image-overlay-wrap\"><img decoding=\"async\" fetchpriority=\"high\" class='wp-image-30954 avia-img-lazy-loading-not-30954 avia_image ' src=\"https:\/\/galler.de\/wp-content\/uploads\/2021\/09\/Lagerloesung-Paletten_Hochregal-einfachtiefe-Lagerung.jpg\" alt='' title='Lagerloesung-Paletten_Hochregal-einfachtiefe-Lagerung'  height=\"686\" width=\"1030\"  itemprop=\"thumbnailUrl\" srcset=\"https:\/\/galler.de\/wp-content\/uploads\/2021\/09\/Lagerloesung-Paletten_Hochregal-einfachtiefe-Lagerung.jpg 1030w, https:\/\/galler.de\/wp-content\/uploads\/2021\/09\/Lagerloesung-Paletten_Hochregal-einfachtiefe-Lagerung-300x200.jpg 300w, https:\/\/galler.de\/wp-content\/uploads\/2021\/09\/Lagerloesung-Paletten_Hochregal-einfachtiefe-Lagerung-768x512.jpg 768w, https:\/\/galler.de\/wp-content\/uploads\/2021\/09\/Lagerloesung-Paletten_Hochregal-einfachtiefe-Lagerung-705x470.jpg 705w\" sizes=\"(max-width: 1030px) 100vw, 1030px\" \/><\/div><\/div><\/div><br \/>\n<section  class='av_textblock_section av-kt8q910l-e3025c0ea48295ad45d8bd18516167bc '   itemscope=\"itemscope\" itemtype=\"https:\/\/schema.org\/CreativeWork\" ><div class='avia_textblock'  itemprop=\"text\" ><h2>Rayonnage de grande hauteur, stockage simple profondeur<\/h2>\n<h4><span style=\"color: #0069b4;\">Hauteur de l\u2019entrep\u00f4t : env. 16,0 m<\/span><\/h4>\n<h4><span style=\"color: #0069b4;\">Surface de l\u2019entrep\u00f4t : env. 350 m\u00b2<\/span><\/h4>\n<p>Comme dans le syst\u00e8me classique \u00e0 plusieurs emplacements, l\u2019acc\u00e8s \u00e0 chaque unit\u00e9 de chargement est garanti. La manutention est assur\u00e9e par un transstockeur con\u00e7u pour les all\u00e9es de manutention ou, \u00e0 titre d&rsquo;alternative, par des transstockeurs con\u00e7u pour effectuer des virages.<\/p>\n<div class=\"galler-palette-count\"><strong>1584 palettes<\/strong><\/div>\n<\/div><\/section><\/p><\/div>\n\n<style type=\"text\/css\" data-created_by=\"avia_inline_auto\" id=\"style-css-av-a4p47m-e70ba62b3033b23c59418043aa8f5fc0\">\n@keyframes av_boxShadowEffect_av-a4p47m-e70ba62b3033b23c59418043aa8f5fc0-column {\n0%   { box-shadow:  0 0 0 0 rgba(0,0,0,0.1); opacity: 1; }\n100% { box-shadow:  0 0 10px 0 rgba(0,0,0,0.1); opacity: 1; }\n}\n.flex_column.av-a4p47m-e70ba62b3033b23c59418043aa8f5fc0{\nbox-shadow: 0 0 10px 0 rgba(0,0,0,0.1);\nborder-width:1px;\nborder-color:#eeeeee;\nborder-style:none;\nborder-radius:0px 0px 0px 0px;\npadding:0 0 0 0;\n}\n<\/style>\n<div  class='flex_column av-a4p47m-e70ba62b3033b23c59418043aa8f5fc0 av_one_full  galler-teaser-row-notlinked img-left first flex_column_div shadow-not-animated av-zero-column-padding  '     ><p>\n<style type=\"text\/css\" data-created_by=\"avia_inline_auto\" id=\"style-css-av-972jyq-70b2676f801d8f1be60bf1b2f24e0ede\">\n.avia-image-container.av-972jyq-70b2676f801d8f1be60bf1b2f24e0ede img.avia_image{\nbox-shadow:none;\n}\n.avia-image-container.av-972jyq-70b2676f801d8f1be60bf1b2f24e0ede .av-image-caption-overlay-center{\ncolor:#ffffff;\n}\n<\/style>\n<div  class='avia-image-container av-972jyq-70b2676f801d8f1be60bf1b2f24e0ede av-styling- avia-align-center'   itemprop=\"image\" itemscope=\"itemscope\" itemtype=\"https:\/\/schema.org\/ImageObject\" ><div class=\"avia-image-container-inner\"><div class=\"avia-image-overlay-wrap\"><img decoding=\"async\" fetchpriority=\"high\" class='wp-image-30950 avia-img-lazy-loading-not-30950 avia_image ' src=\"https:\/\/galler.de\/wp-content\/uploads\/2021\/09\/Lagerloesung-Paletten_Hochregal-dopeltiefe-Lagerung.jpg\" alt='' title='Lagerloesung-Paletten_Hochregal-dopeltiefe-Lagerung'  height=\"686\" width=\"1030\"  itemprop=\"thumbnailUrl\" srcset=\"https:\/\/galler.de\/wp-content\/uploads\/2021\/09\/Lagerloesung-Paletten_Hochregal-dopeltiefe-Lagerung.jpg 1030w, https:\/\/galler.de\/wp-content\/uploads\/2021\/09\/Lagerloesung-Paletten_Hochregal-dopeltiefe-Lagerung-300x200.jpg 300w, https:\/\/galler.de\/wp-content\/uploads\/2021\/09\/Lagerloesung-Paletten_Hochregal-dopeltiefe-Lagerung-768x512.jpg 768w, https:\/\/galler.de\/wp-content\/uploads\/2021\/09\/Lagerloesung-Paletten_Hochregal-dopeltiefe-Lagerung-705x470.jpg 705w\" sizes=\"(max-width: 1030px) 100vw, 1030px\" \/><\/div><\/div><\/div><br \/>\n<section  class='av_textblock_section av-kt9po3dd-b65558084242335537cb5bffed7711ee '   itemscope=\"itemscope\" itemtype=\"https:\/\/schema.org\/CreativeWork\" ><div class='avia_textblock'  itemprop=\"text\" ><h2>Rayonnage de grande hauteur, stockage double profondeur<\/h2>\n<h4><span style=\"color: #0069b4;\">Hauteur de l\u2019entrep\u00f4t : env. 16,0 m<\/span><\/h4>\n<h4><span style=\"color: #0069b4;\">Surface de l\u2019entrep\u00f4t : env. 350 m\u00b2<\/span><\/h4>\n<p>Dans ce cas, deux palettes sont stock\u00e9es l\u2019une derri\u00e8re l\u2019autre. Pour ce faire, les palettes sont d\u00e9pos\u00e9es soit sur des profil\u00e9s om\u00e9ga (top heads), soit sur des supports de palettes d\u00e9cal\u00e9s en hauteur. La manutention s\u2019effectue par l\u2019interm\u00e9diaire d\u2019un transstockeur avec fourche t\u00e9lescopique. Ainsi, une all\u00e9e de rayonnage est \u00e9conomis\u00e9e, l\u2019utilisation de la surface augmente d\u2019environ 25 % par rapport au stockage en simple profondeur.   <\/p>\n<div class=\"galler-palette-count\"><strong>2112 palettes<\/strong><\/div>\n<\/div><\/section><\/p><\/div>\n\n<style type=\"text\/css\" data-created_by=\"avia_inline_auto\" id=\"style-css-av-86hgua-e38d02131eb31eba2bf0f160fad288f4\">\n@keyframes av_boxShadowEffect_av-86hgua-e38d02131eb31eba2bf0f160fad288f4-column {\n0%   { box-shadow:  0 0 0 0 rgba(0,0,0,0.1); opacity: 1; }\n100% { box-shadow:  0 0 10px 0 rgba(0,0,0,0.1); opacity: 1; }\n}\n.flex_column.av-86hgua-e38d02131eb31eba2bf0f160fad288f4{\nbox-shadow: 0 0 10px 0 rgba(0,0,0,0.1);\nborder-width:1px;\nborder-color:#eeeeee;\nborder-style:none;\nborder-radius:0px 0px 0px 0px;\npadding:0 0 0 0;\n}\n<\/style>\n<div  class='flex_column av-86hgua-e38d02131eb31eba2bf0f160fad288f4 av_one_full  galler-teaser-row-notlinked img-left first flex_column_div shadow-not-animated av-zero-column-padding  '     ><p>\n<style type=\"text\/css\" data-created_by=\"avia_inline_auto\" id=\"style-css-av-5xz0pe-d02a0cb0ceb114c0ecc6c5ef40cab11d\">\n.avia-image-container.av-5xz0pe-d02a0cb0ceb114c0ecc6c5ef40cab11d img.avia_image{\nbox-shadow:none;\n}\n.avia-image-container.av-5xz0pe-d02a0cb0ceb114c0ecc6c5ef40cab11d .av-image-caption-overlay-center{\ncolor:#ffffff;\n}\n<\/style>\n<div  class='avia-image-container av-5xz0pe-d02a0cb0ceb114c0ecc6c5ef40cab11d av-styling- avia-align-center'   itemprop=\"image\" itemscope=\"itemscope\" itemtype=\"https:\/\/schema.org\/ImageObject\" ><div class=\"avia-image-container-inner\"><div class=\"avia-image-overlay-wrap\"><img decoding=\"async\" fetchpriority=\"high\" class='wp-image-30934 avia-img-lazy-loading-not-30934 avia_image ' src=\"https:\/\/galler.de\/wp-content\/uploads\/2021\/09\/Lagerloesung-Paletten_Kanallager.jpg\" alt='' title='Lagerloesung-Paletten_Kanallager'  height=\"686\" width=\"1030\"  itemprop=\"thumbnailUrl\" srcset=\"https:\/\/galler.de\/wp-content\/uploads\/2021\/09\/Lagerloesung-Paletten_Kanallager.jpg 1030w, https:\/\/galler.de\/wp-content\/uploads\/2021\/09\/Lagerloesung-Paletten_Kanallager-300x200.jpg 300w, https:\/\/galler.de\/wp-content\/uploads\/2021\/09\/Lagerloesung-Paletten_Kanallager-768x512.jpg 768w, https:\/\/galler.de\/wp-content\/uploads\/2021\/09\/Lagerloesung-Paletten_Kanallager-705x470.jpg 705w\" sizes=\"(max-width: 1030px) 100vw, 1030px\" \/><\/div><\/div><\/div><br \/>\n<section  class='av_textblock_section av-kt9ppt0t-eca7f6b76aabc3e80e6d37af9de55eb1 '   itemscope=\"itemscope\" itemtype=\"https:\/\/schema.org\/CreativeWork\" ><div class='avia_textblock'  itemprop=\"text\" ><h2>Rayonnage de grande hauteur, rayonnage \u00e0 accumulation<\/h2>\n<h4><span style=\"color: #0069b4;\">Hauteur de l\u2019entrep\u00f4t : env. 16,0 m<\/span><\/h4>\n<h4><span style=\"color: #0069b4;\">Surface de l\u2019entrep\u00f4t : env. 350 m\u00b2<\/span><\/h4>\n<p>Ici, plusieurs unit\u00e9s de stockage sont stock\u00e9es les unes derri\u00e8re les autres dans des couloirs inclin\u00e9s, le stockage et le d\u00e9stockage se font d\u2019un seul c\u00f4t\u00e9. Il n\u2019est donc pas possible d\u2019acc\u00e9der directement \u00e0 des palettes individuelles. Les rayonnages \u00e0 accumulation sont particuli\u00e8rement adapt\u00e9s \u00e0 une petite vari\u00e9t\u00e9 d\u2019articles avec un grand volume. La surface utilis\u00e9e est d\u2019environ 85 %.   <\/p>\n<div class=\"galler-palette-count\"><strong>1540 palettes<\/strong><\/div>\n<\/div><\/section><\/p><\/div>\n\n<style type=\"text\/css\" data-created_by=\"avia_inline_auto\" id=\"style-css-av-3l3gpe-e365688a25ee3422f9021b524aab48ec\">\n@keyframes av_boxShadowEffect_av-3l3gpe-e365688a25ee3422f9021b524aab48ec-column {\n0%   { box-shadow:  0 0 0 0 rgba(0,0,0,0.1); opacity: 1; }\n100% { box-shadow:  0 0 10px 0 rgba(0,0,0,0.1); opacity: 1; }\n}\n.flex_column.av-3l3gpe-e365688a25ee3422f9021b524aab48ec{\nbox-shadow: 0 0 10px 0 rgba(0,0,0,0.1);\nborder-width:1px;\nborder-color:#eeeeee;\nborder-style:none;\nborder-radius:0px 0px 0px 0px;\npadding:0 0 0 0;\n}\n<\/style>\n<div  class='flex_column av-3l3gpe-e365688a25ee3422f9021b524aab48ec av_one_full  galler-teaser-row-notlinked img-left first flex_column_div shadow-not-animated av-zero-column-padding  '     ><p>\n<style type=\"text\/css\" data-created_by=\"avia_inline_auto\" id=\"style-css-av-31o38i-4c9aae37dfbd11c5db8926bd489c2a5e\">\n.avia-image-container.av-31o38i-4c9aae37dfbd11c5db8926bd489c2a5e img.avia_image{\nbox-shadow:none;\n}\n.avia-image-container.av-31o38i-4c9aae37dfbd11c5db8926bd489c2a5e .av-image-caption-overlay-center{\ncolor:#ffffff;\n}\n<\/style>\n<div  class='avia-image-container av-31o38i-4c9aae37dfbd11c5db8926bd489c2a5e av-styling- avia-align-center'   itemprop=\"image\" itemscope=\"itemscope\" itemtype=\"https:\/\/schema.org\/ImageObject\" ><div class=\"avia-image-container-inner\"><div class=\"avia-image-overlay-wrap\"><img decoding=\"async\" fetchpriority=\"high\" class='wp-image-30938 avia-img-lazy-loading-not-30938 avia_image ' src=\"https:\/\/galler.de\/wp-content\/uploads\/2021\/09\/Lagerloesung-Paletten_Regal-Silo.jpg\" alt='' title='Lagerloesung-Paletten_Regal-Silo'  height=\"686\" width=\"1030\"  itemprop=\"thumbnailUrl\" srcset=\"https:\/\/galler.de\/wp-content\/uploads\/2021\/09\/Lagerloesung-Paletten_Regal-Silo.jpg 1030w, https:\/\/galler.de\/wp-content\/uploads\/2021\/09\/Lagerloesung-Paletten_Regal-Silo-300x200.jpg 300w, https:\/\/galler.de\/wp-content\/uploads\/2021\/09\/Lagerloesung-Paletten_Regal-Silo-768x512.jpg 768w, https:\/\/galler.de\/wp-content\/uploads\/2021\/09\/Lagerloesung-Paletten_Regal-Silo-705x470.jpg 705w\" sizes=\"(max-width: 1030px) 100vw, 1030px\" \/><\/div><\/div><\/div><br \/>\n<section  class='av_textblock_section av-kt9pr5ku-6e3431320674a40bd875c9f8051ab89e '   itemscope=\"itemscope\" itemtype=\"https:\/\/schema.org\/CreativeWork\" ><div class='avia_textblock'  itemprop=\"text\" ><h2>Silos de rayonnages<\/h2>\n<h4><span style=\"color: #0069b4;\">Hauteur de l\u2019entrep\u00f4t : env. 16,0 m<\/span><\/h4>\n<h4><span style=\"color: #0069b4;\">Surface de l\u2019entrep\u00f4t : env. 350 m\u00b2<\/span><\/h4>\n<p>Dans le cas d\u2019une construction en silo, la structure du rayonnage comprend \u00e9galement le toit et les murs, ce qui permet d\u2019\u00e9conomiser des co\u00fbts de construction et de r\u00e9duire la dur\u00e9e du projet. Les syst\u00e8mes de rayonnages GALLER permettent ainsi de r\u00e9aliser des rayonnages \u00e0 accumulation jusqu\u2019\u00e0 30 m de haut ou des rayonnages \u00e0 palettes multi-emplacements jusqu\u2019\u00e0 environ 22 m de haut. La manutention se fait par des chariots \u00e9l\u00e9vateurs \u00e0 grande hauteur ou des transstockeurs, la surface utilis\u00e9e est d\u2019environ 60 %.  <\/p>\n<div><a class=\"galler-page-link\" href=\"https:\/\/galler.de\/home\/produkte\/automatische-lagersysteme\/hochregallager-silo\/\">Silo de rayonnages \u00e9lev\u00e9s<\/a><\/div>\n<div class=\"galler-palette-count\"><strong>1584 palettes<\/strong><\/div>\n<\/div><\/section><\/p><\/div>\n","protected":false},"excerpt":{"rendered":"","protected":false},"author":5,"featured_media":0,"parent":0,"menu_order":0,"comment_status":"closed","ping_status":"closed","template":"","meta":{"footnotes":""},"class_list":["post-27146","page","type-page","status-publish","hentry"],"yoast_head":"<!-- This site is optimized with the Yoast SEO plugin v27.5 - https:\/\/yoast.com\/product\/yoast-seo-wordpress\/ -->\n<title>Syst\u00e8mes de rayonnages, chariots \u00e9l\u00e9vateurs et efficacit\u00e9 spatiale - Galler<\/title>\n<meta name=\"robots\" content=\"index, follow, max-snippet:-1, max-image-preview:large, max-video-preview:-1\" \/>\n<link rel=\"canonical\" href=\"https:\/\/galler.de\/fr\/systemes-de-rayonnages-chariots-elevateurs-et-efficacite-spatiale\/\" \/>\n<meta property=\"og:locale\" content=\"fr_FR\" \/>\n<meta property=\"og:type\" content=\"article\" \/>\n<meta property=\"og:title\" content=\"Syst\u00e8mes de rayonnages, chariots \u00e9l\u00e9vateurs et efficacit\u00e9 spatiale - Galler\" \/>\n<meta property=\"og:url\" content=\"https:\/\/galler.de\/fr\/systemes-de-rayonnages-chariots-elevateurs-et-efficacite-spatiale\/\" \/>\n<meta property=\"og:site_name\" content=\"Galler\" \/>\n<meta property=\"article:modified_time\" content=\"2023-11-14T09:58:27+00:00\" \/>\n<meta name=\"twitter:card\" content=\"summary_large_image\" \/>\n<meta name=\"twitter:label1\" content=\"Dur\u00e9e de lecture estim\u00e9e\" \/>\n\t<meta name=\"twitter:data1\" content=\"37 minutes\" \/>\n<script type=\"application\/ld+json\" class=\"yoast-schema-graph\">{\"@context\":\"https:\\\/\\\/schema.org\",\"@graph\":[{\"@type\":\"WebPage\",\"@id\":\"https:\\\/\\\/galler.de\\\/fr\\\/systemes-de-rayonnages-chariots-elevateurs-et-efficacite-spatiale\\\/\",\"url\":\"https:\\\/\\\/galler.de\\\/fr\\\/systemes-de-rayonnages-chariots-elevateurs-et-efficacite-spatiale\\\/\",\"name\":\"Syst\u00e8mes de rayonnages, chariots \u00e9l\u00e9vateurs et efficacit\u00e9 spatiale - Galler\",\"isPartOf\":{\"@id\":\"https:\\\/\\\/galler.de\\\/fr\\\/#website\"},\"datePublished\":\"2021-08-26T12:03:45+00:00\",\"dateModified\":\"2023-11-14T09:58:27+00:00\",\"breadcrumb\":{\"@id\":\"https:\\\/\\\/galler.de\\\/fr\\\/systemes-de-rayonnages-chariots-elevateurs-et-efficacite-spatiale\\\/#breadcrumb\"},\"inLanguage\":\"fr-FR\",\"potentialAction\":[{\"@type\":\"ReadAction\",\"target\":[\"https:\\\/\\\/galler.de\\\/fr\\\/systemes-de-rayonnages-chariots-elevateurs-et-efficacite-spatiale\\\/\"]}]},{\"@type\":\"BreadcrumbList\",\"@id\":\"https:\\\/\\\/galler.de\\\/fr\\\/systemes-de-rayonnages-chariots-elevateurs-et-efficacite-spatiale\\\/#breadcrumb\",\"itemListElement\":[{\"@type\":\"ListItem\",\"position\":1,\"name\":\"Startseite\",\"item\":\"https:\\\/\\\/galler.de\\\/fr\\\/\"},{\"@type\":\"ListItem\",\"position\":2,\"name\":\"Syst\u00e8mes de rayonnages, chariots \u00e9l\u00e9vateurs et efficacit\u00e9 spatiale\"}]},{\"@type\":\"WebSite\",\"@id\":\"https:\\\/\\\/galler.de\\\/fr\\\/#website\",\"url\":\"https:\\\/\\\/galler.de\\\/fr\\\/\",\"name\":\"Galler\",\"description\":\"Galler Lager und Regaltechnik\",\"publisher\":{\"@id\":\"https:\\\/\\\/galler.de\\\/fr\\\/#organization\"},\"potentialAction\":[{\"@type\":\"SearchAction\",\"target\":{\"@type\":\"EntryPoint\",\"urlTemplate\":\"https:\\\/\\\/galler.de\\\/fr\\\/?s={search_term_string}\"},\"query-input\":{\"@type\":\"PropertyValueSpecification\",\"valueRequired\":true,\"valueName\":\"search_term_string\"}}],\"inLanguage\":\"fr-FR\"},{\"@type\":\"Organization\",\"@id\":\"https:\\\/\\\/galler.de\\\/fr\\\/#organization\",\"name\":\"Galler\",\"url\":\"https:\\\/\\\/galler.de\\\/fr\\\/\",\"logo\":{\"@type\":\"ImageObject\",\"inLanguage\":\"fr-FR\",\"@id\":\"https:\\\/\\\/galler.de\\\/fr\\\/#\\\/schema\\\/logo\\\/image\\\/\",\"url\":\"https:\\\/\\\/galler.de\\\/wp-content\\\/uploads\\\/2021\\\/07\\\/logo_galler.png\",\"contentUrl\":\"https:\\\/\\\/galler.de\\\/wp-content\\\/uploads\\\/2021\\\/07\\\/logo_galler.png\",\"width\":320,\"height\":77,\"caption\":\"Galler\"},\"image\":{\"@id\":\"https:\\\/\\\/galler.de\\\/fr\\\/#\\\/schema\\\/logo\\\/image\\\/\"},\"sameAs\":[\"https:\\\/\\\/www.linkedin.com\\\/company\\\/galler-lager\\\/\"]}]}<\/script>\n<!-- \/ Yoast SEO plugin. -->","yoast_head_json":{"title":"Syst\u00e8mes de rayonnages, chariots \u00e9l\u00e9vateurs et efficacit\u00e9 spatiale - Galler","robots":{"index":"index","follow":"follow","max-snippet":"max-snippet:-1","max-image-preview":"max-image-preview:large","max-video-preview":"max-video-preview:-1"},"canonical":"https:\/\/galler.de\/fr\/systemes-de-rayonnages-chariots-elevateurs-et-efficacite-spatiale\/","og_locale":"fr_FR","og_type":"article","og_title":"Syst\u00e8mes de rayonnages, chariots \u00e9l\u00e9vateurs et efficacit\u00e9 spatiale - Galler","og_url":"https:\/\/galler.de\/fr\/systemes-de-rayonnages-chariots-elevateurs-et-efficacite-spatiale\/","og_site_name":"Galler","article_modified_time":"2023-11-14T09:58:27+00:00","twitter_card":"summary_large_image","twitter_misc":{"Dur\u00e9e de lecture estim\u00e9e":"37 minutes"},"schema":{"@context":"https:\/\/schema.org","@graph":[{"@type":"WebPage","@id":"https:\/\/galler.de\/fr\/systemes-de-rayonnages-chariots-elevateurs-et-efficacite-spatiale\/","url":"https:\/\/galler.de\/fr\/systemes-de-rayonnages-chariots-elevateurs-et-efficacite-spatiale\/","name":"Syst\u00e8mes de rayonnages, chariots \u00e9l\u00e9vateurs et efficacit\u00e9 spatiale - Galler","isPartOf":{"@id":"https:\/\/galler.de\/fr\/#website"},"datePublished":"2021-08-26T12:03:45+00:00","dateModified":"2023-11-14T09:58:27+00:00","breadcrumb":{"@id":"https:\/\/galler.de\/fr\/systemes-de-rayonnages-chariots-elevateurs-et-efficacite-spatiale\/#breadcrumb"},"inLanguage":"fr-FR","potentialAction":[{"@type":"ReadAction","target":["https:\/\/galler.de\/fr\/systemes-de-rayonnages-chariots-elevateurs-et-efficacite-spatiale\/"]}]},{"@type":"BreadcrumbList","@id":"https:\/\/galler.de\/fr\/systemes-de-rayonnages-chariots-elevateurs-et-efficacite-spatiale\/#breadcrumb","itemListElement":[{"@type":"ListItem","position":1,"name":"Startseite","item":"https:\/\/galler.de\/fr\/"},{"@type":"ListItem","position":2,"name":"Syst\u00e8mes de rayonnages, chariots \u00e9l\u00e9vateurs et efficacit\u00e9 spatiale"}]},{"@type":"WebSite","@id":"https:\/\/galler.de\/fr\/#website","url":"https:\/\/galler.de\/fr\/","name":"Galler","description":"Galler Lager und Regaltechnik","publisher":{"@id":"https:\/\/galler.de\/fr\/#organization"},"potentialAction":[{"@type":"SearchAction","target":{"@type":"EntryPoint","urlTemplate":"https:\/\/galler.de\/fr\/?s={search_term_string}"},"query-input":{"@type":"PropertyValueSpecification","valueRequired":true,"valueName":"search_term_string"}}],"inLanguage":"fr-FR"},{"@type":"Organization","@id":"https:\/\/galler.de\/fr\/#organization","name":"Galler","url":"https:\/\/galler.de\/fr\/","logo":{"@type":"ImageObject","inLanguage":"fr-FR","@id":"https:\/\/galler.de\/fr\/#\/schema\/logo\/image\/","url":"https:\/\/galler.de\/wp-content\/uploads\/2021\/07\/logo_galler.png","contentUrl":"https:\/\/galler.de\/wp-content\/uploads\/2021\/07\/logo_galler.png","width":320,"height":77,"caption":"Galler"},"image":{"@id":"https:\/\/galler.de\/fr\/#\/schema\/logo\/image\/"},"sameAs":["https:\/\/www.linkedin.com\/company\/galler-lager\/"]}]}},"_links":{"self":[{"href":"https:\/\/galler.de\/fr\/wp-json\/wp\/v2\/pages\/27146","targetHints":{"allow":["GET"]}}],"collection":[{"href":"https:\/\/galler.de\/fr\/wp-json\/wp\/v2\/pages"}],"about":[{"href":"https:\/\/galler.de\/fr\/wp-json\/wp\/v2\/types\/page"}],"author":[{"embeddable":true,"href":"https:\/\/galler.de\/fr\/wp-json\/wp\/v2\/users\/5"}],"replies":[{"embeddable":true,"href":"https:\/\/galler.de\/fr\/wp-json\/wp\/v2\/comments?post=27146"}],"version-history":[{"count":0,"href":"https:\/\/galler.de\/fr\/wp-json\/wp\/v2\/pages\/27146\/revisions"}],"wp:attachment":[{"href":"https:\/\/galler.de\/fr\/wp-json\/wp\/v2\/media?parent=27146"}],"curies":[{"name":"wp","href":"https:\/\/api.w.org\/{rel}","templated":true}]}}