{"id":27121,"date":"2021-08-18T12:44:07","date_gmt":"2021-08-18T10:44:07","guid":{"rendered":"https:\/\/galler.de\/mentions-legales\/"},"modified":"2026-02-25T08:43:21","modified_gmt":"2026-02-25T07:43:21","slug":"mentions-legales","status":"publish","type":"page","link":"https:\/\/galler.de\/fr\/mentions-legales\/","title":{"rendered":"Mentions l\u00e9gales"},"content":{"rendered":"\n<style type=\"text\/css\" data-created_by=\"avia_inline_auto\" id=\"style-css-av-kshfa1jf-80c408afc397856c6e672a0df8bdc145\">\n#top .av-special-heading.av-kshfa1jf-80c408afc397856c6e672a0df8bdc145{\nmargin:0 0 24px 0;\npadding-bottom:10px;\n}\nbody .av-special-heading.av-kshfa1jf-80c408afc397856c6e672a0df8bdc145 .av-special-heading-tag .heading-char{\nfont-size:25px;\n}\n.av-special-heading.av-kshfa1jf-80c408afc397856c6e672a0df8bdc145 .av-subheading{\nfont-size:15px;\n}\n<\/style>\n<div  class='av-special-heading av-kshfa1jf-80c408afc397856c6e672a0df8bdc145 av-special-heading-h1 blockquote modern-quote'><h1 class='av-special-heading-tag '  itemprop=\"headline\"  >Mentions l\u00e9gales<\/h1><div class=\"special-heading-border\"><div class=\"special-heading-inner-border\"><\/div><\/div><\/div>\n<section  class='av_textblock_section av-kshfc8n8-abeae6b4d1a50ad73d168cd2f0bb3e98 '   itemscope=\"itemscope\" itemtype=\"https:\/\/schema.org\/CreativeWork\" ><div class='avia_textblock'  itemprop=\"text\" ><p>GALLER Lager- und Regaltechnik GmbH<br \/>\nRobert Galler Str. 1<br \/>\n95326 Kulmbach &#8211; Allemagne<\/p>\n<\/div><\/section>\n\n<style type=\"text\/css\" data-created_by=\"avia_inline_auto\" id=\"style-css-av-kshfcuow-be0d4f3e7ff5f3f0dfbe61765e8c8d13\">\n#top .av-special-heading.av-kshfcuow-be0d4f3e7ff5f3f0dfbe61765e8c8d13{\nmargin:28px 0 0 0;\npadding-bottom:10px;\n}\nbody .av-special-heading.av-kshfcuow-be0d4f3e7ff5f3f0dfbe61765e8c8d13 .av-special-heading-tag .heading-char{\nfont-size:25px;\n}\n.av-special-heading.av-kshfcuow-be0d4f3e7ff5f3f0dfbe61765e8c8d13 .av-subheading{\nfont-size:15px;\n}\n<\/style>\n<div  class='av-special-heading av-kshfcuow-be0d4f3e7ff5f3f0dfbe61765e8c8d13 av-special-heading-h3 blockquote modern-quote'><h3 class='av-special-heading-tag '  itemprop=\"headline\"  >Repr\u00e9sent\u00e9 par :<\/h3><div class=\"special-heading-border\"><div class=\"special-heading-inner-border\"><\/div><\/div><\/div>\n<section  class='av_textblock_section av-kshfd9h1-8a4853bffaa1138d29182be794a6e900 '   itemscope=\"itemscope\" itemtype=\"https:\/\/schema.org\/CreativeWork\" ><div class='avia_textblock'  itemprop=\"text\" ><p>GALLER Lager- und Regaltechnik GmbH, g\u00e9rants Dr. Andreas H\u00f6lscher, Dr. Thomas Kie\u00dfling, J\u00fcrgen Keller<\/p>\n<\/div><\/section>\n\n<style type=\"text\/css\" data-created_by=\"avia_inline_auto\" id=\"style-css-av-kshfatzl-34d01712d24e15f1982b3b29864d2486\">\n#top .av-special-heading.av-kshfatzl-34d01712d24e15f1982b3b29864d2486{\nmargin:28px 0 0 0;\npadding-bottom:10px;\n}\nbody .av-special-heading.av-kshfatzl-34d01712d24e15f1982b3b29864d2486 .av-special-heading-tag .heading-char{\nfont-size:25px;\n}\n.av-special-heading.av-kshfatzl-34d01712d24e15f1982b3b29864d2486 .av-subheading{\nfont-size:15px;\n}\n<\/style>\n<div  class='av-special-heading av-kshfatzl-34d01712d24e15f1982b3b29864d2486 av-special-heading-h2 blockquote modern-quote'><h2 class='av-special-heading-tag '  itemprop=\"headline\"  >Contact :<\/h2><div class=\"special-heading-border\"><div class=\"special-heading-inner-border\"><\/div><\/div><\/div>\n<section  class='av_textblock_section av-kshfdodf-bb7ac5a679088f0a7bae4a7500189f31 '   itemscope=\"itemscope\" itemtype=\"https:\/\/schema.org\/CreativeWork\" ><div class='avia_textblock'  itemprop=\"text\" ><p>T\u00e9l\u00e9phone : +49 9221-700-0<br \/>\nTelefax: +49 9221 700-149<br \/>\nE-Mail: <a href=\"mailto:info@galler.de\">info<code class=\"encoded\"><\/code>galler.de<\/a><\/p>\n<\/div><\/section>\n\n<style type=\"text\/css\" data-created_by=\"avia_inline_auto\" id=\"style-css-av-kshfb55s-6938bb43db3d7c626728ddd1580c6804\">\n#top .av-special-heading.av-kshfb55s-6938bb43db3d7c626728ddd1580c6804{\nmargin:28px 0 0 0;\npadding-bottom:10px;\n}\nbody .av-special-heading.av-kshfb55s-6938bb43db3d7c626728ddd1580c6804 .av-special-heading-tag .heading-char{\nfont-size:25px;\n}\n.av-special-heading.av-kshfb55s-6938bb43db3d7c626728ddd1580c6804 .av-subheading{\nfont-size:15px;\n}\n<\/style>\n<div  class='av-special-heading av-kshfb55s-6938bb43db3d7c626728ddd1580c6804 av-special-heading-h2 blockquote modern-quote'><h2 class='av-special-heading-tag '  itemprop=\"headline\"  >Inscription au registre :<\/h2><div class=\"special-heading-border\"><div class=\"special-heading-inner-border\"><\/div><\/div><\/div>\n<section  class='av_textblock_section av-kshfein3-9f4968bcde1f9687e03e2dbe9e771545 '   itemscope=\"itemscope\" itemtype=\"https:\/\/schema.org\/CreativeWork\" ><div class='avia_textblock'  itemprop=\"text\" ><p>Enregistrement au registre du commerce.<br \/>\nTribunal d\u2019enregistrement : Amtsgericht Bayreuth<br \/>\nNum\u00e9ro d\u2019enregistrement : HRB 4043<\/p>\n<\/div><\/section>\n\n<style type=\"text\/css\" data-created_by=\"avia_inline_auto\" id=\"style-css-av-kshff1wv-3502669cb9452fccd05f56bd2fdc27c3\">\n#top .av-special-heading.av-kshff1wv-3502669cb9452fccd05f56bd2fdc27c3{\nmargin:28px 0 0 0;\npadding-bottom:10px;\n}\nbody .av-special-heading.av-kshff1wv-3502669cb9452fccd05f56bd2fdc27c3 .av-special-heading-tag .heading-char{\nfont-size:25px;\n}\n.av-special-heading.av-kshff1wv-3502669cb9452fccd05f56bd2fdc27c3 .av-subheading{\nfont-size:15px;\n}\n<\/style>\n<div  class='av-special-heading av-kshff1wv-3502669cb9452fccd05f56bd2fdc27c3 av-special-heading-h2 blockquote modern-quote'><h2 class='av-special-heading-tag '  itemprop=\"headline\"  >Imp\u00f4t sur le chiffre d\u2019affaires :<\/h2><div class=\"special-heading-border\"><div class=\"special-heading-inner-border\"><\/div><\/div><\/div>\n<section  class='av_textblock_section av-kshffebl-2867de1a407641ad64d69b17611210b9 '   itemscope=\"itemscope\" itemtype=\"https:\/\/schema.org\/CreativeWork\" ><div class='avia_textblock'  itemprop=\"text\" ><p>Num\u00e9ro d\u2019identification pour l\u2019imp\u00f4t sur le chiffre d\u2019affaires \u00a727 a de la Loi allemande sur l\u2019imp\u00f4t sur le chiffre d\u2019affaires :<br \/>\nDE 814168236<\/p>\n<\/div><\/section>\n\n<style type=\"text\/css\" data-created_by=\"avia_inline_auto\" id=\"style-css-av-kshfbgi0-aebb71852db90d2dc0944bce295564ad\">\n#top .av-special-heading.av-kshfbgi0-aebb71852db90d2dc0944bce295564ad{\nmargin:28px 0 0 0;\npadding-bottom:10px;\n}\nbody .av-special-heading.av-kshfbgi0-aebb71852db90d2dc0944bce295564ad .av-special-heading-tag .heading-char{\nfont-size:25px;\n}\n.av-special-heading.av-kshfbgi0-aebb71852db90d2dc0944bce295564ad .av-subheading{\nfont-size:15px;\n}\n<\/style>\n<div  class='av-special-heading av-kshfbgi0-aebb71852db90d2dc0944bce295564ad av-special-heading-h2 blockquote modern-quote'><h2 class='av-special-heading-tag '  itemprop=\"headline\"  >R\u00e8glement des litiges<\/h2><div class=\"special-heading-border\"><div class=\"special-heading-inner-border\"><\/div><\/div><\/div>\n<section  class='av_textblock_section av-kshffslj-d0077635246695e54cb19c532e4fbda3 '   itemscope=\"itemscope\" itemtype=\"https:\/\/schema.org\/CreativeWork\" ><div class='avia_textblock'  itemprop=\"text\" ><p>La Commission europ\u00e9enne met \u00e0 disposition une plateforme pour le r\u00e8glement en ligne des litiges : <a href=\"https:\/\/ec.europa.eu\/consumers\/odr\" target=\"_blank\" rel=\"noopener\">https:\/\/ec.europa.eu\/consumers\/odr<\/a>.<br \/>\nVous trouverez notre adresse e-mail au d\u00e9but des mentions l\u00e9gales.<\/p>\n<p>Nous ne sommes pas pr\u00eats ni oblig\u00e9s de participer \u00e0 des proc\u00e9dures de r\u00e8glement des litiges devant un organisme de conciliation des consommateurs.<\/p>\n<\/div><\/section>\n","protected":false},"excerpt":{"rendered":"","protected":false},"author":5,"featured_media":0,"parent":0,"menu_order":0,"comment_status":"closed","ping_status":"closed","template":"","meta":{"footnotes":""},"class_list":["post-27121","page","type-page","status-publish","hentry"],"yoast_head":"<!-- This site is optimized with the Yoast SEO plugin v27.5 - https:\/\/yoast.com\/product\/yoast-seo-wordpress\/ -->\n<title>Mentions l\u00e9gales - Galler<\/title>\n<meta name=\"robots\" content=\"index, follow, max-snippet:-1, max-image-preview:large, max-video-preview:-1\" \/>\n<link rel=\"canonical\" href=\"https:\/\/galler.de\/fr\/mentions-legales\/\" \/>\n<meta property=\"og:locale\" content=\"fr_FR\" \/>\n<meta property=\"og:type\" content=\"article\" \/>\n<meta property=\"og:title\" content=\"Mentions l\u00e9gales - Galler\" \/>\n<meta property=\"og:url\" content=\"https:\/\/galler.de\/fr\/mentions-legales\/\" \/>\n<meta property=\"og:site_name\" content=\"Galler\" \/>\n<meta property=\"article:modified_time\" content=\"2026-02-25T07:43:21+00:00\" \/>\n<meta name=\"twitter:card\" content=\"summary_large_image\" \/>\n<meta name=\"twitter:label1\" content=\"Dur\u00e9e de lecture estim\u00e9e\" \/>\n\t<meta name=\"twitter:data1\" content=\"1 minute\" \/>\n<script type=\"application\/ld+json\" class=\"yoast-schema-graph\">{\"@context\":\"https:\\\/\\\/schema.org\",\"@graph\":[{\"@type\":\"WebPage\",\"@id\":\"https:\\\/\\\/galler.de\\\/fr\\\/mentions-legales\\\/\",\"url\":\"https:\\\/\\\/galler.de\\\/fr\\\/mentions-legales\\\/\",\"name\":\"Mentions l\u00e9gales - Galler\",\"isPartOf\":{\"@id\":\"https:\\\/\\\/galler.de\\\/fr\\\/#website\"},\"datePublished\":\"2021-08-18T10:44:07+00:00\",\"dateModified\":\"2026-02-25T07:43:21+00:00\",\"breadcrumb\":{\"@id\":\"https:\\\/\\\/galler.de\\\/fr\\\/mentions-legales\\\/#breadcrumb\"},\"inLanguage\":\"fr-FR\",\"potentialAction\":[{\"@type\":\"ReadAction\",\"target\":[\"https:\\\/\\\/galler.de\\\/fr\\\/mentions-legales\\\/\"]}]},{\"@type\":\"BreadcrumbList\",\"@id\":\"https:\\\/\\\/galler.de\\\/fr\\\/mentions-legales\\\/#breadcrumb\",\"itemListElement\":[{\"@type\":\"ListItem\",\"position\":1,\"name\":\"Startseite\",\"item\":\"https:\\\/\\\/galler.de\\\/fr\\\/\"},{\"@type\":\"ListItem\",\"position\":2,\"name\":\"Mentions l\u00e9gales\"}]},{\"@type\":\"WebSite\",\"@id\":\"https:\\\/\\\/galler.de\\\/fr\\\/#website\",\"url\":\"https:\\\/\\\/galler.de\\\/fr\\\/\",\"name\":\"Galler\",\"description\":\"Galler Lager und Regaltechnik\",\"publisher\":{\"@id\":\"https:\\\/\\\/galler.de\\\/fr\\\/#organization\"},\"potentialAction\":[{\"@type\":\"SearchAction\",\"target\":{\"@type\":\"EntryPoint\",\"urlTemplate\":\"https:\\\/\\\/galler.de\\\/fr\\\/?s={search_term_string}\"},\"query-input\":{\"@type\":\"PropertyValueSpecification\",\"valueRequired\":true,\"valueName\":\"search_term_string\"}}],\"inLanguage\":\"fr-FR\"},{\"@type\":\"Organization\",\"@id\":\"https:\\\/\\\/galler.de\\\/fr\\\/#organization\",\"name\":\"Galler\",\"url\":\"https:\\\/\\\/galler.de\\\/fr\\\/\",\"logo\":{\"@type\":\"ImageObject\",\"inLanguage\":\"fr-FR\",\"@id\":\"https:\\\/\\\/galler.de\\\/fr\\\/#\\\/schema\\\/logo\\\/image\\\/\",\"url\":\"https:\\\/\\\/galler.de\\\/wp-content\\\/uploads\\\/2021\\\/07\\\/logo_galler.png\",\"contentUrl\":\"https:\\\/\\\/galler.de\\\/wp-content\\\/uploads\\\/2021\\\/07\\\/logo_galler.png\",\"width\":320,\"height\":77,\"caption\":\"Galler\"},\"image\":{\"@id\":\"https:\\\/\\\/galler.de\\\/fr\\\/#\\\/schema\\\/logo\\\/image\\\/\"},\"sameAs\":[\"https:\\\/\\\/www.linkedin.com\\\/company\\\/galler-lager\\\/\"]}]}<\/script>\n<!-- \/ Yoast SEO plugin. -->","yoast_head_json":{"title":"Mentions l\u00e9gales - Galler","robots":{"index":"index","follow":"follow","max-snippet":"max-snippet:-1","max-image-preview":"max-image-preview:large","max-video-preview":"max-video-preview:-1"},"canonical":"https:\/\/galler.de\/fr\/mentions-legales\/","og_locale":"fr_FR","og_type":"article","og_title":"Mentions l\u00e9gales - Galler","og_url":"https:\/\/galler.de\/fr\/mentions-legales\/","og_site_name":"Galler","article_modified_time":"2026-02-25T07:43:21+00:00","twitter_card":"summary_large_image","twitter_misc":{"Dur\u00e9e de lecture estim\u00e9e":"1 minute"},"schema":{"@context":"https:\/\/schema.org","@graph":[{"@type":"WebPage","@id":"https:\/\/galler.de\/fr\/mentions-legales\/","url":"https:\/\/galler.de\/fr\/mentions-legales\/","name":"Mentions l\u00e9gales - Galler","isPartOf":{"@id":"https:\/\/galler.de\/fr\/#website"},"datePublished":"2021-08-18T10:44:07+00:00","dateModified":"2026-02-25T07:43:21+00:00","breadcrumb":{"@id":"https:\/\/galler.de\/fr\/mentions-legales\/#breadcrumb"},"inLanguage":"fr-FR","potentialAction":[{"@type":"ReadAction","target":["https:\/\/galler.de\/fr\/mentions-legales\/"]}]},{"@type":"BreadcrumbList","@id":"https:\/\/galler.de\/fr\/mentions-legales\/#breadcrumb","itemListElement":[{"@type":"ListItem","position":1,"name":"Startseite","item":"https:\/\/galler.de\/fr\/"},{"@type":"ListItem","position":2,"name":"Mentions l\u00e9gales"}]},{"@type":"WebSite","@id":"https:\/\/galler.de\/fr\/#website","url":"https:\/\/galler.de\/fr\/","name":"Galler","description":"Galler Lager und Regaltechnik","publisher":{"@id":"https:\/\/galler.de\/fr\/#organization"},"potentialAction":[{"@type":"SearchAction","target":{"@type":"EntryPoint","urlTemplate":"https:\/\/galler.de\/fr\/?s={search_term_string}"},"query-input":{"@type":"PropertyValueSpecification","valueRequired":true,"valueName":"search_term_string"}}],"inLanguage":"fr-FR"},{"@type":"Organization","@id":"https:\/\/galler.de\/fr\/#organization","name":"Galler","url":"https:\/\/galler.de\/fr\/","logo":{"@type":"ImageObject","inLanguage":"fr-FR","@id":"https:\/\/galler.de\/fr\/#\/schema\/logo\/image\/","url":"https:\/\/galler.de\/wp-content\/uploads\/2021\/07\/logo_galler.png","contentUrl":"https:\/\/galler.de\/wp-content\/uploads\/2021\/07\/logo_galler.png","width":320,"height":77,"caption":"Galler"},"image":{"@id":"https:\/\/galler.de\/fr\/#\/schema\/logo\/image\/"},"sameAs":["https:\/\/www.linkedin.com\/company\/galler-lager\/"]}]}},"_links":{"self":[{"href":"https:\/\/galler.de\/fr\/wp-json\/wp\/v2\/pages\/27121","targetHints":{"allow":["GET"]}}],"collection":[{"href":"https:\/\/galler.de\/fr\/wp-json\/wp\/v2\/pages"}],"about":[{"href":"https:\/\/galler.de\/fr\/wp-json\/wp\/v2\/types\/page"}],"author":[{"embeddable":true,"href":"https:\/\/galler.de\/fr\/wp-json\/wp\/v2\/users\/5"}],"replies":[{"embeddable":true,"href":"https:\/\/galler.de\/fr\/wp-json\/wp\/v2\/comments?post=27121"}],"version-history":[{"count":4,"href":"https:\/\/galler.de\/fr\/wp-json\/wp\/v2\/pages\/27121\/revisions"}],"predecessor-version":[{"id":37014,"href":"https:\/\/galler.de\/fr\/wp-json\/wp\/v2\/pages\/27121\/revisions\/37014"}],"wp:attachment":[{"href":"https:\/\/galler.de\/fr\/wp-json\/wp\/v2\/media?parent=27121"}],"curies":[{"name":"wp","href":"https:\/\/api.w.org\/{rel}","templated":true}]}}